{"id":10449,"date":"2024-06-24T22:00:32","date_gmt":"2024-06-24T22:00:32","guid":{"rendered":"https:\/\/afuegotravel.com\/?page_id=10449"},"modified":"2025-10-05T00:18:04","modified_gmt":"2025-10-05T00:18:04","slug":"bike-rent","status":"publish","type":"page","link":"https:\/\/afuegotravel.com\/index.php\/bike-rent\/","title":{"rendered":"BIKE RENT"},"content":{"rendered":"\t\t<div data-elementor-type=\"wp-page\" data-elementor-id=\"10449\" class=\"elementor elementor-10449\">\n\t\t\t\t\t\t<section class=\"elementor-section elementor-top-section elementor-element elementor-element-a406d69 elementor-section-boxed elementor-section-height-default elementor-section-height-default wpr-particle-no wpr-jarallax-no wpr-parallax-no wpr-sticky-section-no wpr-equal-height-no\" data-id=\"a406d69\" data-element_type=\"section\" data-e-type=\"section\">\n\t\t\t\t\t\t<div class=\"elementor-container elementor-column-gap-default\">\n\t\t\t\t\t<div class=\"elementor-column elementor-col-100 elementor-top-column elementor-element elementor-element-ba3a36c\" data-id=\"ba3a36c\" data-element_type=\"column\" data-e-type=\"column\">\n\t\t\t<div class=\"elementor-widget-wrap elementor-element-populated\">\n\t\t\t\t\t\t<div class=\"elementor-element elementor-element-41df564 elementor-widget-divider--view-line elementor-widget elementor-widget-divider\" data-id=\"41df564\" data-element_type=\"widget\" data-e-type=\"widget\" data-widget_type=\"divider.default\">\n\t\t\t\t<div class=\"elementor-widget-container\">\n\t\t\t\t\t\t\t<div class=\"elementor-divider\">\n\t\t\t<span class=\"elementor-divider-separator\">\n\t\t\t\t\t\t<\/span>\n\t\t<\/div>\n\t\t\t\t\t\t<\/div>\n\t\t\t\t<\/div>\n\t\t\t\t<div class=\"elementor-element elementor-element-2c59b50 elementor-widget elementor-widget-heading\" data-id=\"2c59b50\" data-element_type=\"widget\" data-e-type=\"widget\" data-widget_type=\"heading.default\">\n\t\t\t\t<div class=\"elementor-widget-container\">\n\t\t\t\t\t<h2 class=\"elementor-heading-title elementor-size-default\">BICI EN RENTA<\/h2>\t\t\t\t<\/div>\n\t\t\t\t<\/div>\n\t\t\t\t\t<\/div>\n\t\t<\/div>\n\t\t\t\t\t<\/div>\n\t\t<\/section>\n\t\t\t\t<section class=\"elementor-section elementor-top-section elementor-element elementor-element-def479a elementor-section-boxed elementor-section-height-default elementor-section-height-default wpr-particle-no wpr-jarallax-no wpr-parallax-no wpr-sticky-section-no wpr-equal-height-no\" data-id=\"def479a\" data-element_type=\"section\" data-e-type=\"section\">\n\t\t\t\t\t\t<div class=\"elementor-container elementor-column-gap-default\">\n\t\t\t\t\t<div class=\"elementor-column elementor-col-50 elementor-top-column elementor-element elementor-element-b9aab86\" data-id=\"b9aab86\" data-element_type=\"column\" data-e-type=\"column\">\n\t\t\t<div class=\"elementor-widget-wrap elementor-element-populated\">\n\t\t\t\t\t\t<div class=\"elementor-element elementor-element-f584dfb elementor-widget elementor-widget-heading\" data-id=\"f584dfb\" data-element_type=\"widget\" data-e-type=\"widget\" data-widget_type=\"heading.default\">\n\t\t\t\t<div class=\"elementor-widget-container\">\n\t\t\t\t\t<h2 class=\"elementor-heading-title elementor-size-default\">Road Bike<\/h2>\t\t\t\t<\/div>\n\t\t\t\t<\/div>\n\t\t\t\t<div class=\"elementor-element elementor-element-b9300a4 elementor-widget elementor-widget-text-editor\" data-id=\"b9300a4\" data-element_type=\"widget\" data-e-type=\"widget\" data-widget_type=\"text-editor.default\">\n\t\t\t\t<div class=\"elementor-widget-container\">\n\t\t\t\t\t\t\t\t\t<p>Las im\u00e1genes de las bicicletas son solo un ejemplo. Seg\u00fan el viaje, te informaremos sobre los modelos disponibles y sus precios.<\/p>\t\t\t\t\t\t\t\t<\/div>\n\t\t\t\t<\/div>\n\t\t\t\t<div class=\"elementor-element elementor-element-d366f04 elementor-widget elementor-widget-image\" data-id=\"d366f04\" data-element_type=\"widget\" data-e-type=\"widget\" data-widget_type=\"image.default\">\n\t\t\t\t<div class=\"elementor-widget-container\">\n\t\t\t\t\t\t\t\t\t\t\t\t\t\t\t<img fetchpriority=\"high\" decoding=\"async\" width=\"300\" height=\"192\" src=\"https:\/\/afuegotravel.com\/wp-content\/uploads\/2023\/08\/COLNAGOVR4S-300x192.jpg\" class=\"attachment-medium size-medium wp-image-9689\" alt=\"\" srcset=\"https:\/\/afuegotravel.com\/wp-content\/uploads\/2023\/08\/COLNAGOVR4S-300x192.jpg 300w, https:\/\/afuegotravel.com\/wp-content\/uploads\/2023\/08\/COLNAGOVR4S-768x492.jpg 768w, https:\/\/afuegotravel.com\/wp-content\/uploads\/2023\/08\/COLNAGOVR4S-450x288.jpg 450w, https:\/\/afuegotravel.com\/wp-content\/uploads\/2023\/08\/COLNAGOVR4S.jpg 1024w\" sizes=\"(max-width: 300px) 100vw, 300px\" \/>\t\t\t\t\t\t\t\t\t\t\t\t\t\t\t<\/div>\n\t\t\t\t<\/div>\n\t\t\t\t<div class=\"elementor-element elementor-element-a067955 elementor-widget elementor-widget-image\" data-id=\"a067955\" data-element_type=\"widget\" data-e-type=\"widget\" data-widget_type=\"image.default\">\n\t\t\t\t<div class=\"elementor-widget-container\">\n\t\t\t\t\t\t\t\t\t\t\t\t\t\t\t<img decoding=\"async\" width=\"300\" height=\"192\" src=\"https:\/\/afuegotravel.com\/wp-content\/uploads\/2023\/08\/pinarello-dogma-f-disk-summitwhi-300x192.jpg\" class=\"attachment-medium size-medium wp-image-9692\" alt=\"\" srcset=\"https:\/\/afuegotravel.com\/wp-content\/uploads\/2023\/08\/pinarello-dogma-f-disk-summitwhi-300x192.jpg 300w, https:\/\/afuegotravel.com\/wp-content\/uploads\/2023\/08\/pinarello-dogma-f-disk-summitwhi-768x492.jpg 768w, https:\/\/afuegotravel.com\/wp-content\/uploads\/2023\/08\/pinarello-dogma-f-disk-summitwhi-450x288.jpg 450w, https:\/\/afuegotravel.com\/wp-content\/uploads\/2023\/08\/pinarello-dogma-f-disk-summitwhi.jpg 1024w\" sizes=\"(max-width: 300px) 100vw, 300px\" \/>\t\t\t\t\t\t\t\t\t\t\t\t\t\t\t<\/div>\n\t\t\t\t<\/div>\n\t\t\t\t<div class=\"elementor-element elementor-element-b055c1d elementor-widget elementor-widget-image\" data-id=\"b055c1d\" data-element_type=\"widget\" data-e-type=\"widget\" data-widget_type=\"image.default\">\n\t\t\t\t<div class=\"elementor-widget-container\">\n\t\t\t\t\t\t\t\t\t\t\t\t\t\t\t<img decoding=\"async\" width=\"300\" height=\"192\" src=\"https:\/\/afuegotravel.com\/wp-content\/uploads\/2023\/08\/3-Astra-Ultegra-Di2-2022-MRlite-300x192.jpg\" class=\"attachment-medium size-medium wp-image-9688\" alt=\"\" srcset=\"https:\/\/afuegotravel.com\/wp-content\/uploads\/2023\/08\/3-Astra-Ultegra-Di2-2022-MRlite-300x192.jpg 300w, https:\/\/afuegotravel.com\/wp-content\/uploads\/2023\/08\/3-Astra-Ultegra-Di2-2022-MRlite-768x492.jpg 768w, https:\/\/afuegotravel.com\/wp-content\/uploads\/2023\/08\/3-Astra-Ultegra-Di2-2022-MRlite-450x288.jpg 450w, https:\/\/afuegotravel.com\/wp-content\/uploads\/2023\/08\/3-Astra-Ultegra-Di2-2022-MRlite.jpg 1024w\" sizes=\"(max-width: 300px) 100vw, 300px\" \/>\t\t\t\t\t\t\t\t\t\t\t\t\t\t\t<\/div>\n\t\t\t\t<\/div>\n\t\t\t\t<div class=\"elementor-element elementor-element-ce93e66 elementor-widget elementor-widget-image\" data-id=\"ce93e66\" data-element_type=\"widget\" data-e-type=\"widget\" data-widget_type=\"image.default\">\n\t\t\t\t<div class=\"elementor-widget-container\">\n\t\t\t\t\t\t\t\t\t\t\t\t\t\t\t<img loading=\"lazy\" decoding=\"async\" width=\"300\" height=\"192\" src=\"https:\/\/afuegotravel.com\/wp-content\/uploads\/2023\/08\/Pulsium5.0DiscCover_2048x2048_40-300x192.jpg\" class=\"attachment-medium size-medium wp-image-9694\" alt=\"\" srcset=\"https:\/\/afuegotravel.com\/wp-content\/uploads\/2023\/08\/Pulsium5.0DiscCover_2048x2048_40-300x192.jpg 300w, https:\/\/afuegotravel.com\/wp-content\/uploads\/2023\/08\/Pulsium5.0DiscCover_2048x2048_40-768x492.jpg 768w, https:\/\/afuegotravel.com\/wp-content\/uploads\/2023\/08\/Pulsium5.0DiscCover_2048x2048_40-450x288.jpg 450w, https:\/\/afuegotravel.com\/wp-content\/uploads\/2023\/08\/Pulsium5.0DiscCover_2048x2048_40.jpg 1024w\" sizes=\"(max-width: 300px) 100vw, 300px\" \/>\t\t\t\t\t\t\t\t\t\t\t\t\t\t\t<\/div>\n\t\t\t\t<\/div>\n\t\t\t\t<div class=\"elementor-element elementor-element-7cc15e1 elementor-widget-divider--view-line elementor-widget elementor-widget-divider\" data-id=\"7cc15e1\" data-element_type=\"widget\" data-e-type=\"widget\" data-widget_type=\"divider.default\">\n\t\t\t\t<div class=\"elementor-widget-container\">\n\t\t\t\t\t\t\t<div class=\"elementor-divider\">\n\t\t\t<span class=\"elementor-divider-separator\">\n\t\t\t\t\t\t<\/span>\n\t\t<\/div>\n\t\t\t\t\t\t<\/div>\n\t\t\t\t<\/div>\n\t\t\t\t<div class=\"elementor-element elementor-element-e121884 elementor-widget elementor-widget-heading\" data-id=\"e121884\" data-element_type=\"widget\" data-e-type=\"widget\" data-widget_type=\"heading.default\">\n\t\t\t\t<div class=\"elementor-widget-container\">\n\t\t\t\t\t<h2 class=\"elementor-heading-title elementor-size-default\">E-Bike<\/h2>\t\t\t\t<\/div>\n\t\t\t\t<\/div>\n\t\t\t\t<div class=\"elementor-element elementor-element-1cfcc00 elementor-widget elementor-widget-image\" data-id=\"1cfcc00\" data-element_type=\"widget\" data-e-type=\"widget\" data-widget_type=\"image.default\">\n\t\t\t\t<div class=\"elementor-widget-container\">\n\t\t\t\t\t\t\t\t\t\t\t\t\t\t\t<img loading=\"lazy\" decoding=\"async\" width=\"300\" height=\"192\" src=\"https:\/\/afuegotravel.com\/wp-content\/uploads\/2023\/08\/pinarello-nytro-e5-disk-2023-300x192.jpg\" class=\"attachment-medium size-medium wp-image-9693\" alt=\"\" srcset=\"https:\/\/afuegotravel.com\/wp-content\/uploads\/2023\/08\/pinarello-nytro-e5-disk-2023-300x192.jpg 300w, https:\/\/afuegotravel.com\/wp-content\/uploads\/2023\/08\/pinarello-nytro-e5-disk-2023-768x492.jpg 768w, https:\/\/afuegotravel.com\/wp-content\/uploads\/2023\/08\/pinarello-nytro-e5-disk-2023-450x288.jpg 450w, https:\/\/afuegotravel.com\/wp-content\/uploads\/2023\/08\/pinarello-nytro-e5-disk-2023.jpg 1024w\" sizes=\"(max-width: 300px) 100vw, 300px\" \/>\t\t\t\t\t\t\t\t\t\t\t\t\t\t\t<\/div>\n\t\t\t\t<\/div>\n\t\t\t\t\t<\/div>\n\t\t<\/div>\n\t\t\t\t<div class=\"elementor-column elementor-col-50 elementor-top-column elementor-element elementor-element-651b252\" data-id=\"651b252\" data-element_type=\"column\" data-e-type=\"column\">\n\t\t\t<div class=\"elementor-widget-wrap elementor-element-populated\">\n\t\t\t\t\t\t<div class=\"elementor-element elementor-element-f024c56 elementor-widget elementor-widget-text-editor\" data-id=\"f024c56\" data-element_type=\"widget\" data-e-type=\"widget\" data-widget_type=\"text-editor.default\">\n\t\t\t\t<div class=\"elementor-widget-container\">\n\t\t\t\t\t\t\t\t\t<p class=\"\" data-start=\"138\" data-end=\"309\">Si prefieres no viajar con tu bicicleta, te ofrecemos la posibilidad de <strong data-start=\"210\" data-end=\"262\">rentar una bicicleta de ruta, el\u00e9ctrica o gravel<\/strong>, con diferentes modelos y rangos de precios.<\/p><p class=\"\" data-start=\"311\" data-end=\"621\"><strong data-start=\"314\" data-end=\"346\">1. \u00bfC\u00f3mo reservar tu bicicleta?<\/strong><br data-start=\"346\" data-end=\"349\" \/>Ind\u00edcanos tu <strong data-start=\"362\" data-end=\"386\">talla y altura en cm<\/strong>, y nos comunicaremos contigo para enviarte las opciones disponibles. El alquiler se asigna <strong data-start=\"478\" data-end=\"504\">por orden de solicitud<\/strong>, por lo que te recomendamos <strong data-start=\"533\" data-end=\"587\">reservar tu bicicleta al mismo tiempo que tu viaje<\/strong> para garantizar disponibilidad.<\/p><p class=\"\" data-start=\"623\" data-end=\"790\"><strong data-start=\"626\" data-end=\"648\">2. Costo del alquiler<\/strong><br data-start=\"648\" data-end=\"651\" \/>El precio var\u00eda seg\u00fan el <strong data-start=\"676\" data-end=\"748\">modelo de bicicleta, la duraci\u00f3n del alquiler y las fechas del viaje<\/strong>. Cont\u00e1ctanos para conocer los detalles.<\/p><p class=\"\" data-start=\"792\" data-end=\"825\"><strong data-start=\"795\" data-end=\"823\">3. Condiciones del alquiler<\/strong><\/p><ul data-start=\"826\" data-end=\"1185\"><li class=\"\" data-start=\"826\" data-end=\"949\"><p class=\"\" data-start=\"828\" data-end=\"949\">Las bicicletas <strong data-start=\"843\" data-end=\"886\">no est\u00e1n aseguradas contra da\u00f1os o robo<\/strong>. Cada ciclista ser\u00e1 responsable de cualquier da\u00f1o o p\u00e9rdida.<\/p><\/li><li class=\"\" data-start=\"950\" data-end=\"1089\"><p class=\"\" data-start=\"952\" data-end=\"1089\">No dejes la bicicleta <strong data-start=\"974\" data-end=\"989\">desatendida<\/strong>. Te recomendamos verificar si tu seguro de viaje <strong data-start=\"1039\" data-end=\"1086\">cubre da\u00f1os a terceros o equipos alquilados<\/strong>.<\/p><\/li><li class=\"\" data-start=\"1090\" data-end=\"1185\"><p class=\"\" data-start=\"1092\" data-end=\"1185\">Cualquier problema mec\u00e1nico ser\u00e1 atendido directamente por nuestro proveedor de bicicletas.<\/p><\/li><\/ul><p class=\"\" data-start=\"1187\" data-end=\"1431\">\u26a0\ufe0f <strong data-start=\"1190\" data-end=\"1204\">IMPORTANTE<\/strong>: La disponibilidad de bicicletas es limitada y se agota r\u00e1pidamente. Cont\u00e1ctanos lo antes posible para <strong data-start=\"1308\" data-end=\"1332\">confirmar la reserva<\/strong>. Si tu modelo preferido no est\u00e1 disponible, te ofreceremos una alternativa de <strong data-start=\"1411\" data-end=\"1428\">nivel similar<\/strong>.<\/p><p class=\"\" data-start=\"1433\" data-end=\"1505\">\ud83d\udce9 <strong data-start=\"1436\" data-end=\"1495\">Reserva tu bicicleta ahora y pedalea sin preocupaciones<\/strong> \ud83d\udeb4\u200d\u2642\ufe0f\ud83d\udd25<\/p>\t\t\t\t\t\t\t\t<\/div>\n\t\t\t\t<\/div>\n\t\t\t\t\t<\/div>\n\t\t<\/div>\n\t\t\t\t\t<\/div>\n\t\t<\/section>\n\t\t\t\t<section class=\"elementor-section elementor-top-section elementor-element elementor-element-086fb6b elementor-section-boxed elementor-section-height-default elementor-section-height-default wpr-particle-no wpr-jarallax-no wpr-parallax-no wpr-sticky-section-no wpr-equal-height-no\" data-id=\"086fb6b\" data-element_type=\"section\" data-e-type=\"section\">\n\t\t\t\t\t\t<div class=\"elementor-container elementor-column-gap-default\">\n\t\t\t\t\t<div class=\"elementor-column elementor-col-100 elementor-top-column elementor-element elementor-element-c029302\" data-id=\"c029302\" data-element_type=\"column\" data-e-type=\"column\">\n\t\t\t<div class=\"elementor-widget-wrap elementor-element-populated\">\n\t\t\t\t\t\t<div class=\"elementor-element elementor-element-24c41af elementor-widget-divider--view-line elementor-widget elementor-widget-divider\" data-id=\"24c41af\" data-element_type=\"widget\" data-e-type=\"widget\" data-widget_type=\"divider.default\">\n\t\t\t\t<div class=\"elementor-widget-container\">\n\t\t\t\t\t\t\t<div class=\"elementor-divider\">\n\t\t\t<span class=\"elementor-divider-separator\">\n\t\t\t\t\t\t<\/span>\n\t\t<\/div>\n\t\t\t\t\t\t<\/div>\n\t\t\t\t<\/div>\n\t\t\t\t\t<\/div>\n\t\t<\/div>\n\t\t\t\t\t<\/div>\n\t\t<\/section>\n\t\t\t\t<\/div>\n\t\t","protected":false},"excerpt":{"rendered":"<p>BICI EN RENTA Road Bike Las im\u00e1genes de las bicicletas son solo un ejemplo. Seg\u00fan el viaje, te informaremos sobre los modelos disponibles y sus precios. E-Bike Si prefieres no viajar con tu bicicleta, te ofrecemos la posibilidad de rentar una bicicleta de ruta, el\u00e9ctrica o gravel, con diferentes modelos y rangos de precios. 1. \u00bfC\u00f3mo reservar tu bicicleta?Ind\u00edcanos tu talla y altura en cm, y nos comunicaremos contigo para enviarte las opciones disponibles. El alquiler se asigna por orden de solicitud, por lo que te recomendamos reservar tu bicicleta al mismo tiempo que tu viaje para garantizar disponibilidad. 2. Costo del alquilerEl precio var\u00eda seg\u00fan el modelo de bicicleta, la duraci\u00f3n del alquiler y las fechas del viaje. Cont\u00e1ctanos para conocer los detalles. 3. Condiciones del alquiler Las bicicletas no est\u00e1n aseguradas contra da\u00f1os o robo. Cada ciclista ser\u00e1 responsable de cualquier da\u00f1o o p\u00e9rdida. No dejes la bicicleta desatendida. Te recomendamos verificar si tu seguro de viaje cubre da\u00f1os a terceros o equipos alquilados. Cualquier problema mec\u00e1nico ser\u00e1 atendido directamente por nuestro proveedor de bicicletas. \u26a0\ufe0f IMPORTANTE: La disponibilidad de bicicletas es limitada y se agota r\u00e1pidamente. Cont\u00e1ctanos lo antes posible para confirmar la reserva. Si tu modelo preferido no est\u00e1 disponible, te ofreceremos una alternativa de nivel similar. \ud83d\udce9 Reserva tu bicicleta ahora y pedalea sin preocupaciones \ud83d\udeb4\u200d\u2642\ufe0f\ud83d\udd25<\/p>\n","protected":false},"author":1,"featured_media":0,"parent":0,"menu_order":0,"comment_status":"closed","ping_status":"closed","template":"","meta":{"_monsterinsights_skip_tracking":false,"_monsterinsights_sitenote_active":false,"_monsterinsights_sitenote_note":"","_monsterinsights_sitenote_category":0,"footnotes":""},"class_list":["post-10449","page","type-page","status-publish","hentry"],"aioseo_notices":[],"_links":{"self":[{"href":"https:\/\/afuegotravel.com\/index.php\/wp-json\/wp\/v2\/pages\/10449","targetHints":{"allow":["GET"]}}],"collection":[{"href":"https:\/\/afuegotravel.com\/index.php\/wp-json\/wp\/v2\/pages"}],"about":[{"href":"https:\/\/afuegotravel.com\/index.php\/wp-json\/wp\/v2\/types\/page"}],"author":[{"embeddable":true,"href":"https:\/\/afuegotravel.com\/index.php\/wp-json\/wp\/v2\/users\/1"}],"replies":[{"embeddable":true,"href":"https:\/\/afuegotravel.com\/index.php\/wp-json\/wp\/v2\/comments?post=10449"}],"version-history":[{"count":0,"href":"https:\/\/afuegotravel.com\/index.php\/wp-json\/wp\/v2\/pages\/10449\/revisions"}],"wp:attachment":[{"href":"https:\/\/afuegotravel.com\/index.php\/wp-json\/wp\/v2\/media?parent=10449"}],"curies":[{"name":"wp","href":"https:\/\/api.w.org\/{rel}","templated":true}]}}