{"id":11028,"date":"2024-07-02T18:04:21","date_gmt":"2024-07-02T18:04:21","guid":{"rendered":"https:\/\/afuegotravel.com\/?page_id=11028"},"modified":"2025-10-01T16:37:41","modified_gmt":"2025-10-01T16:37:41","slug":"giro-italia-mayo-2025","status":"publish","type":"page","link":"https:\/\/afuegotravel.com\/index.php\/giro-italia-mayo-2025\/","title":{"rendered":"Giro Italia Mayo 2025"},"content":{"rendered":"\t\t<div data-elementor-type=\"wp-page\" data-elementor-id=\"11028\" class=\"elementor elementor-11028\">\n\t\t\t\t\t\t<section class=\"elementor-section elementor-top-section elementor-element elementor-element-f8e716d elementor-section-full_width elementor-section-height-default elementor-section-height-default wpr-particle-no wpr-jarallax-no wpr-parallax-no wpr-sticky-section-no wpr-equal-height-no\" data-id=\"f8e716d\" data-element_type=\"section\" data-e-type=\"section\">\n\t\t\t\t\t\t<div class=\"elementor-container elementor-column-gap-default\">\n\t\t\t\t\t<div class=\"elementor-column elementor-col-100 elementor-top-column elementor-element elementor-element-9afb8f4\" data-id=\"9afb8f4\" data-element_type=\"column\" data-e-type=\"column\">\n\t\t\t<div class=\"elementor-widget-wrap elementor-element-populated\">\n\t\t\t\t\t\t<div class=\"elementor-element elementor-element-f02c488 elementor-widget elementor-widget-shortcode\" data-id=\"f02c488\" data-element_type=\"widget\" data-e-type=\"widget\" data-widget_type=\"shortcode.default\">\n\t\t\t\t<div class=\"elementor-widget-container\">\n\t\t\t\t\t\t\t<div class=\"elementor-shortcode\"><\/div>\n\t\t\t\t\t\t<\/div>\n\t\t\t\t<\/div>\n\t\t\t\t\t<\/div>\n\t\t<\/div>\n\t\t\t\t\t<\/div>\n\t\t<\/section>\n\t\t\t\t<section class=\"elementor-section elementor-top-section elementor-element elementor-element-9d3cf1a elementor-section-boxed elementor-section-height-default elementor-section-height-default wpr-particle-no wpr-jarallax-no wpr-parallax-no wpr-sticky-section-no wpr-equal-height-no\" data-id=\"9d3cf1a\" data-element_type=\"section\" data-e-type=\"section\">\n\t\t\t\t\t\t<div class=\"elementor-container elementor-column-gap-default\">\n\t\t\t\t\t<div class=\"elementor-column elementor-col-100 elementor-top-column elementor-element elementor-element-ed3e4d2\" data-id=\"ed3e4d2\" data-element_type=\"column\" data-e-type=\"column\">\n\t\t\t<div class=\"elementor-widget-wrap elementor-element-populated\">\n\t\t\t\t\t\t<div class=\"elementor-element elementor-element-6517a74 elementor-widget elementor-widget-heading\" data-id=\"6517a74\" data-element_type=\"widget\" data-e-type=\"widget\" data-widget_type=\"heading.default\">\n\t\t\t\t<div class=\"elementor-widget-container\">\n\t\t\t\t\t<h3 class=\"elementor-heading-title elementor-size-default\">22 - 29&nbsp;Mayo 2025<\/h3>\t\t\t\t<\/div>\n\t\t\t\t<\/div>\n\t\t\t\t<div class=\"elementor-element elementor-element-ea13afd elementor-widget elementor-widget-heading\" data-id=\"ea13afd\" data-element_type=\"widget\" data-e-type=\"widget\" data-widget_type=\"heading.default\">\n\t\t\t\t<div class=\"elementor-widget-container\">\n\t\t\t\t\t<h2 class=\"elementor-heading-title elementor-size-default\">GIRO D\u2019ITALIA 2025 <\/h2>\t\t\t\t<\/div>\n\t\t\t\t<\/div>\n\t\t\t\t<div class=\"elementor-element elementor-element-599ea18 elementor-widget elementor-widget-text-editor\" data-id=\"599ea18\" data-element_type=\"widget\" data-e-type=\"widget\" data-widget_type=\"text-editor.default\">\n\t\t\t\t<div class=\"elementor-widget-container\">\n\t\t\t\t\t\t\t\t\t<p><b>8 dias &#8211; 7 noches<\/b><\/p><p class=\"\" data-start=\"76\" data-end=\"345\">Italia, cuna del Giro de Italia, nos ofrece la oportunidad de vivir de cerca la emoci\u00f3n de este Grand Tour legendario. Gracias a nuestra experiencia en la carrera, organizamos viajes perfectamente planificados para que disfrutes cada momento de este evento \u00fanico.<\/p><p class=\"\" data-start=\"347\" data-end=\"720\">Del <strong data-start=\"351\" data-end=\"379\">22 al 29 de mayo de 2025<\/strong>, nuestro tour <em data-start=\"394\" data-end=\"416\">\u201cGiro d\u2019Italia 2025\u201d<\/em> te llevar\u00e1 a recorrer las impresionantes regiones de <strong data-start=\"470\" data-end=\"510\">Venecia, Trentino y el Lago di Garda<\/strong>. Durante el viaje, tendremos la oportunidad de vivir <strong data-start=\"564\" data-end=\"589\">cinco etapas del Giro<\/strong>, disfrutando de la emoci\u00f3n de salidas y llegadas, mientras rodamos un promedio de <strong data-start=\"672\" data-end=\"689\">85 km diarios<\/strong> por paisajes espectaculares.<\/p><p><strong>Recorrido medio diario: 85 km<\/strong><\/p><p><strong>Desnivel medio acumulado diario: 1090 mt<\/strong><\/p>\t\t\t\t\t\t\t\t<\/div>\n\t\t\t\t<\/div>\n\t\t\t\t\t<\/div>\n\t\t<\/div>\n\t\t\t\t\t<\/div>\n\t\t<\/section>\n\t\t\t\t<section class=\"elementor-section elementor-top-section elementor-element elementor-element-53c3d60 elementor-section-boxed elementor-section-height-default elementor-section-height-default wpr-particle-no wpr-jarallax-no wpr-parallax-no wpr-sticky-section-no wpr-equal-height-no\" data-id=\"53c3d60\" data-element_type=\"section\" data-e-type=\"section\">\n\t\t\t\t\t\t<div class=\"elementor-container elementor-column-gap-default\">\n\t\t\t\t\t<div class=\"elementor-column elementor-col-100 elementor-top-column elementor-element elementor-element-26a8a84\" data-id=\"26a8a84\" data-element_type=\"column\" data-e-type=\"column\">\n\t\t\t<div class=\"elementor-widget-wrap elementor-element-populated\">\n\t\t\t\t\t\t<div class=\"elementor-element elementor-element-2a40dd7 elementor-widget-divider--view-line elementor-widget elementor-widget-divider\" data-id=\"2a40dd7\" data-element_type=\"widget\" data-e-type=\"widget\" data-widget_type=\"divider.default\">\n\t\t\t\t<div class=\"elementor-widget-container\">\n\t\t\t\t\t\t\t<div class=\"elementor-divider\">\n\t\t\t<span class=\"elementor-divider-separator\">\n\t\t\t\t\t\t<\/span>\n\t\t<\/div>\n\t\t\t\t\t\t<\/div>\n\t\t\t\t<\/div>\n\t\t\t\t\t<\/div>\n\t\t<\/div>\n\t\t\t\t\t<\/div>\n\t\t<\/section>\n\t\t\t\t<section class=\"elementor-section elementor-top-section elementor-element elementor-element-0861e50 elementor-section-boxed elementor-section-height-default elementor-section-height-default wpr-particle-no wpr-jarallax-no wpr-parallax-no wpr-sticky-section-no wpr-equal-height-no\" data-id=\"0861e50\" data-element_type=\"section\" data-e-type=\"section\">\n\t\t\t\t\t\t<div class=\"elementor-container elementor-column-gap-default\">\n\t\t\t\t\t<div class=\"elementor-column elementor-col-50 elementor-top-column elementor-element elementor-element-6d557b6\" data-id=\"6d557b6\" data-element_type=\"column\" data-e-type=\"column\">\n\t\t\t<div class=\"elementor-widget-wrap elementor-element-populated\">\n\t\t\t\t\t\t<div class=\"elementor-element elementor-element-fbf21ac elementor-widget elementor-widget-text-editor\" data-id=\"fbf21ac\" data-element_type=\"widget\" data-e-type=\"widget\" data-widget_type=\"text-editor.default\">\n\t\t\t\t<div class=\"elementor-widget-container\">\n\t\t\t\t\t\t\t\t\t<p class=\" colorActive nd_options_first_font \"><b>El Paquete Incluye:<\/b><\/p>\t\t\t\t\t\t\t\t<\/div>\n\t\t\t\t<\/div>\n\t\t\t\t<div class=\"elementor-element elementor-element-094547b elementor-icon-list--layout-traditional elementor-list-item-link-full_width elementor-widget elementor-widget-icon-list\" data-id=\"094547b\" data-element_type=\"widget\" data-e-type=\"widget\" data-widget_type=\"icon-list.default\">\n\t\t\t\t<div class=\"elementor-widget-container\">\n\t\t\t\t\t\t\t<ul class=\"elementor-icon-list-items\">\n\t\t\t\t\t\t\t<li class=\"elementor-icon-list-item\">\n\t\t\t\t\t\t\t\t\t\t\t<span class=\"elementor-icon-list-icon\">\n\t\t\t\t\t\t\t<i aria-hidden=\"true\" class=\"fas fa-hotel\"><\/i>\t\t\t\t\t\t<\/span>\n\t\t\t\t\t\t\t\t\t\t<span class=\"elementor-icon-list-text\">Hotel con desayuno y cena (bebidas de la cena no incluidas)<\/span>\n\t\t\t\t\t\t\t\t\t<\/li>\n\t\t\t\t\t\t\t\t<li class=\"elementor-icon-list-item\">\n\t\t\t\t\t\t\t\t\t\t\t<span class=\"elementor-icon-list-icon\">\n\t\t\t\t\t\t\t<i aria-hidden=\"true\" class=\"fas fa-wine-glass-alt\"><\/i>\t\t\t\t\t\t<\/span>\n\t\t\t\t\t\t\t\t\t\t<span class=\"elementor-icon-list-text\">1 Cata de vino<\/span>\n\t\t\t\t\t\t\t\t\t<\/li>\n\t\t\t\t\t\t\t\t<li class=\"elementor-icon-list-item\">\n\t\t\t\t\t\t\t\t\t\t\t<span class=\"elementor-icon-list-icon\">\n\t\t\t\t\t\t\t<i aria-hidden=\"true\" class=\"fas fa-wine-glass\"><\/i>\t\t\t\t\t\t<\/span>\n\t\t\t\t\t\t\t\t\t\t<span class=\"elementor-icon-list-text\">1 Visita Museo de la Grappa y degustaci\u00f3n<\/span>\n\t\t\t\t\t\t\t\t\t<\/li>\n\t\t\t\t\t\t\t\t<li class=\"elementor-icon-list-item\">\n\t\t\t\t\t\t\t\t\t\t\t<span class=\"elementor-icon-list-icon\">\n\t\t\t\t\t\t\t<i aria-hidden=\"true\" class=\"fas fa-house-damage\"><\/i>\t\t\t\t\t\t<\/span>\n\t\t\t\t\t\t\t\t\t\t<span class=\"elementor-icon-list-text\">Visita Casa Museo Francesco Moser<\/span>\n\t\t\t\t\t\t\t\t\t<\/li>\n\t\t\t\t\t\t\t\t<li class=\"elementor-icon-list-item\">\n\t\t\t\t\t\t\t\t\t\t\t<span class=\"elementor-icon-list-icon\">\n\t\t\t\t\t\t\t<i aria-hidden=\"true\" class=\"fas fa-bus\"><\/i>\t\t\t\t\t\t<\/span>\n\t\t\t\t\t\t\t\t\t\t<span class=\"elementor-icon-list-text\">Traslados (ver detalles del tour)<\/span>\n\t\t\t\t\t\t\t\t\t<\/li>\n\t\t\t\t\t\t\t\t<li class=\"elementor-icon-list-item\">\n\t\t\t\t\t\t\t\t\t\t\t<span class=\"elementor-icon-list-icon\">\n\t\t\t\t\t\t\t<i aria-hidden=\"true\" class=\"fas fa-bicycle\"><\/i>\t\t\t\t\t\t<\/span>\n\t\t\t\t\t\t\t\t\t\t<span class=\"elementor-icon-list-text\">Rodadas con guia <\/span>\n\t\t\t\t\t\t\t\t\t<\/li>\n\t\t\t\t\t\t\t\t<li class=\"elementor-icon-list-item\">\n\t\t\t\t\t\t\t\t\t\t\t<span class=\"elementor-icon-list-icon\">\n\t\t\t\t\t\t\t<i aria-hidden=\"true\" class=\"fas fa-wine-bottle\"><\/i>\t\t\t\t\t\t<\/span>\n\t\t\t\t\t\t\t\t\t\t<span class=\"elementor-icon-list-text\">Abastecimiento durante las rodadas<\/span>\n\t\t\t\t\t\t\t\t\t<\/li>\n\t\t\t\t\t\t\t\t<li class=\"elementor-icon-list-item\">\n\t\t\t\t\t\t\t\t\t\t\t<span class=\"elementor-icon-list-icon\">\n\t\t\t\t\t\t\t<i aria-hidden=\"true\" class=\"fas fa-shuttle-van\"><\/i>\t\t\t\t\t\t<\/span>\n\t\t\t\t\t\t\t\t\t\t<span class=\"elementor-icon-list-text\">Van de apoyo y servicio t\u00e9cnico basico<\/span>\n\t\t\t\t\t\t\t\t\t<\/li>\n\t\t\t\t\t\t\t\t<li class=\"elementor-icon-list-item\">\n\t\t\t\t\t\t\t\t\t\t\t<span class=\"elementor-icon-list-icon\">\n\t\t\t\t\t\t\t<i aria-hidden=\"true\" class=\"fas fa-tools\"><\/i>\t\t\t\t\t\t<\/span>\n\t\t\t\t\t\t\t\t\t\t<span class=\"elementor-icon-list-text\">Taller para bicicleta<\/span>\n\t\t\t\t\t\t\t\t\t<\/li>\n\t\t\t\t\t\t\t\t<li class=\"elementor-icon-list-item\">\n\t\t\t\t\t\t\t\t\t\t\t<span class=\"elementor-icon-list-icon\">\n\t\t\t\t\t\t\t<i aria-hidden=\"true\" class=\"fas fa-home\"><\/i>\t\t\t\t\t\t<\/span>\n\t\t\t\t\t\t\t\t\t\t<span class=\"elementor-icon-list-text\">Garage bike<\/span>\n\t\t\t\t\t\t\t\t\t<\/li>\n\t\t\t\t\t\t\t\t<li class=\"elementor-icon-list-item\">\n\t\t\t\t\t\t\t\t\t\t\t<span class=\"elementor-icon-list-icon\">\n\t\t\t\t\t\t\t<i aria-hidden=\"true\" class=\"fas fa-gift\"><\/i>\t\t\t\t\t\t<\/span>\n\t\t\t\t\t\t\t\t\t\t<span class=\"elementor-icon-list-text\">Welcome kit <\/span>\n\t\t\t\t\t\t\t\t\t<\/li>\n\t\t\t\t\t\t\t\t<li class=\"elementor-icon-list-item\">\n\t\t\t\t\t\t\t\t\t\t\t<span class=\"elementor-icon-list-icon\">\n\t\t\t\t\t\t\t<i aria-hidden=\"true\" class=\"fas fa-info\"><\/i>\t\t\t\t\t\t<\/span>\n\t\t\t\t\t\t\t\t\t\t<span class=\"elementor-icon-list-text\">Informaciones sobre los recorridos, rutas en GPX<\/span>\n\t\t\t\t\t\t\t\t\t<\/li>\n\t\t\t\t\t\t\t\t<li class=\"elementor-icon-list-item\">\n\t\t\t\t\t\t\t\t\t\t\t<span class=\"elementor-icon-list-icon\">\n\t\t\t\t\t\t\t<i aria-hidden=\"true\" class=\"fas fa-comment\"><\/i>\t\t\t\t\t\t<\/span>\n\t\t\t\t\t\t\t\t\t\t<span class=\"elementor-icon-list-text\">Asistencia en italiano y espa\u00f1ol<\/span>\n\t\t\t\t\t\t\t\t\t<\/li>\n\t\t\t\t\t\t<\/ul>\n\t\t\t\t\t\t<\/div>\n\t\t\t\t<\/div>\n\t\t\t\t\t<\/div>\n\t\t<\/div>\n\t\t\t\t<div class=\"elementor-column elementor-col-50 elementor-top-column elementor-element elementor-element-b08357a\" data-id=\"b08357a\" data-element_type=\"column\" data-e-type=\"column\">\n\t\t\t<div class=\"elementor-widget-wrap elementor-element-populated\">\n\t\t\t\t\t\t<div class=\"elementor-element elementor-element-0f80af5 elementor-widget elementor-widget-text-editor\" data-id=\"0f80af5\" data-element_type=\"widget\" data-e-type=\"widget\" data-widget_type=\"text-editor.default\">\n\t\t\t\t<div class=\"elementor-widget-container\">\n\t\t\t\t\t\t\t\t\t<p class=\" colorActive nd_options_first_font \"><strong>El Paquete NO Incluye:<\/strong><\/p>\t\t\t\t\t\t\t\t<\/div>\n\t\t\t\t<\/div>\n\t\t\t\t<div class=\"elementor-element elementor-element-a8599d3 elementor-widget__width-initial elementor-icon-list--layout-traditional elementor-list-item-link-full_width elementor-widget elementor-widget-icon-list\" data-id=\"a8599d3\" data-element_type=\"widget\" data-e-type=\"widget\" data-widget_type=\"icon-list.default\">\n\t\t\t\t<div class=\"elementor-widget-container\">\n\t\t\t\t\t\t\t<ul class=\"elementor-icon-list-items\">\n\t\t\t\t\t\t\t<li class=\"elementor-icon-list-item\">\n\t\t\t\t\t\t\t\t\t\t\t<span class=\"elementor-icon-list-icon\">\n\t\t\t\t\t\t\t<i aria-hidden=\"true\" class=\"fas fa-times\"><\/i>\t\t\t\t\t\t<\/span>\n\t\t\t\t\t\t\t\t\t\t<span class=\"elementor-icon-list-text\">Boleto de avi\u00f3n<\/span>\n\t\t\t\t\t\t\t\t\t<\/li>\n\t\t\t\t\t\t\t\t<li class=\"elementor-icon-list-item\">\n\t\t\t\t\t\t\t\t\t\t\t<span class=\"elementor-icon-list-icon\">\n\t\t\t\t\t\t\t<i aria-hidden=\"true\" class=\"fas fa-times\"><\/i>\t\t\t\t\t\t<\/span>\n\t\t\t\t\t\t\t\t\t\t<span class=\"elementor-icon-list-text\">Seguro de viaje<\/span>\n\t\t\t\t\t\t\t\t\t<\/li>\n\t\t\t\t\t\t\t\t<li class=\"elementor-icon-list-item\">\n\t\t\t\t\t\t\t\t\t\t\t<span class=\"elementor-icon-list-icon\">\n\t\t\t\t\t\t\t<i aria-hidden=\"true\" class=\"fas fa-times\"><\/i>\t\t\t\t\t\t<\/span>\n\t\t\t\t\t\t\t\t\t\t<span class=\"elementor-icon-list-text\">Renta de bicicleta opcional <\/span>\n\t\t\t\t\t\t\t\t\t<\/li>\n\t\t\t\t\t\t\t\t<li class=\"elementor-icon-list-item\">\n\t\t\t\t\t\t\t\t\t\t\t<span class=\"elementor-icon-list-icon\">\n\t\t\t\t\t\t\t<i aria-hidden=\"true\" class=\"fas fa-times\"><\/i>\t\t\t\t\t\t<\/span>\n\t\t\t\t\t\t\t\t\t\t<span class=\"elementor-icon-list-text\">Gastos personales y servicios no especificados<\/span>\n\t\t\t\t\t\t\t\t\t<\/li>\n\t\t\t\t\t\t<\/ul>\n\t\t\t\t\t\t<\/div>\n\t\t\t\t<\/div>\n\t\t\t\t\t<\/div>\n\t\t<\/div>\n\t\t\t\t\t<\/div>\n\t\t<\/section>\n\t\t\t\t<section class=\"elementor-section elementor-top-section elementor-element elementor-element-9efd079 elementor-section-boxed elementor-section-height-default elementor-section-height-default wpr-particle-no wpr-jarallax-no wpr-parallax-no wpr-sticky-section-no wpr-equal-height-no\" data-id=\"9efd079\" data-element_type=\"section\" data-e-type=\"section\">\n\t\t\t\t\t\t<div class=\"elementor-container elementor-column-gap-default\">\n\t\t\t\t\t<div class=\"elementor-column elementor-col-100 elementor-top-column elementor-element elementor-element-13313bb\" data-id=\"13313bb\" data-element_type=\"column\" data-e-type=\"column\">\n\t\t\t<div class=\"elementor-widget-wrap elementor-element-populated\">\n\t\t\t\t\t\t<div class=\"elementor-element elementor-element-e12683a elementor-widget-divider--view-line elementor-widget elementor-widget-divider\" data-id=\"e12683a\" data-element_type=\"widget\" data-e-type=\"widget\" data-widget_type=\"divider.default\">\n\t\t\t\t<div class=\"elementor-widget-container\">\n\t\t\t\t\t\t\t<div class=\"elementor-divider\">\n\t\t\t<span class=\"elementor-divider-separator\">\n\t\t\t\t\t\t<\/span>\n\t\t<\/div>\n\t\t\t\t\t\t<\/div>\n\t\t\t\t<\/div>\n\t\t\t\t<div class=\"elementor-element elementor-element-1aed9ef elementor-arrows-position-inside elementor-pagination-position-outside elementor-widget elementor-widget-image-carousel\" data-id=\"1aed9ef\" data-element_type=\"widget\" data-e-type=\"widget\" data-settings=\"{&quot;slides_to_show&quot;:&quot;2&quot;,&quot;navigation&quot;:&quot;both&quot;,&quot;autoplay&quot;:&quot;yes&quot;,&quot;pause_on_hover&quot;:&quot;yes&quot;,&quot;pause_on_interaction&quot;:&quot;yes&quot;,&quot;autoplay_speed&quot;:5000,&quot;infinite&quot;:&quot;yes&quot;,&quot;speed&quot;:500}\" data-widget_type=\"image-carousel.default\">\n\t\t\t\t<div class=\"elementor-widget-container\">\n\t\t\t\t\t\t\t<div class=\"elementor-image-carousel-wrapper swiper\" role=\"region\" aria-roledescription=\"carousel\" aria-label=\"Image Carousel\" dir=\"ltr\">\n\t\t\t<div class=\"elementor-image-carousel swiper-wrapper\" aria-live=\"off\">\n\t\t\t\t\t\t\t\t<div class=\"swiper-slide\" role=\"group\" aria-roledescription=\"slide\" aria-label=\"1 of 7\"><figure class=\"swiper-slide-inner\"><img decoding=\"async\" class=\"swiper-slide-image\" src=\"https:\/\/afuegotravel.com\/wp-content\/uploads\/2024\/07\/giro2.jpg\" alt=\"giro2\" \/><\/figure><\/div><div class=\"swiper-slide\" role=\"group\" aria-roledescription=\"slide\" aria-label=\"2 of 7\"><figure class=\"swiper-slide-inner\"><img decoding=\"async\" class=\"swiper-slide-image\" src=\"https:\/\/afuegotravel.com\/wp-content\/uploads\/2024\/07\/giro5.jpg\" alt=\"giro5\" \/><\/figure><\/div><div class=\"swiper-slide\" role=\"group\" aria-roledescription=\"slide\" aria-label=\"3 of 7\"><figure class=\"swiper-slide-inner\"><img decoding=\"async\" class=\"swiper-slide-image\" src=\"https:\/\/afuegotravel.com\/wp-content\/uploads\/2024\/07\/giro4.jpg\" alt=\"giro4\" \/><\/figure><\/div><div class=\"swiper-slide\" role=\"group\" aria-roledescription=\"slide\" aria-label=\"4 of 7\"><figure class=\"swiper-slide-inner\"><img decoding=\"async\" class=\"swiper-slide-image\" src=\"https:\/\/afuegotravel.com\/wp-content\/uploads\/2024\/07\/giro3.jpg\" alt=\"giro3\" \/><\/figure><\/div><div class=\"swiper-slide\" role=\"group\" aria-roledescription=\"slide\" aria-label=\"5 of 7\"><figure class=\"swiper-slide-inner\"><img decoding=\"async\" class=\"swiper-slide-image\" src=\"https:\/\/afuegotravel.com\/wp-content\/uploads\/2024\/07\/giro6.jpg\" alt=\"giro6\" \/><\/figure><\/div><div class=\"swiper-slide\" role=\"group\" aria-roledescription=\"slide\" aria-label=\"6 of 7\"><figure class=\"swiper-slide-inner\"><img decoding=\"async\" class=\"swiper-slide-image\" src=\"https:\/\/afuegotravel.com\/wp-content\/uploads\/2024\/07\/giro1.jpg\" alt=\"giro1\" \/><\/figure><\/div><div class=\"swiper-slide\" role=\"group\" aria-roledescription=\"slide\" aria-label=\"7 of 7\"><figure class=\"swiper-slide-inner\"><img decoding=\"async\" class=\"swiper-slide-image\" src=\"https:\/\/afuegotravel.com\/wp-content\/uploads\/2024\/07\/giro7.jpg\" alt=\"giro7\" \/><\/figure><\/div>\t\t\t<\/div>\n\t\t\t\t\t\t\t\t\t\t\t\t<div class=\"elementor-swiper-button elementor-swiper-button-prev\" role=\"button\" tabindex=\"0\">\n\t\t\t\t\t\t<i aria-hidden=\"true\" class=\"eicon-chevron-left\"><\/i>\t\t\t\t\t<\/div>\n\t\t\t\t\t<div class=\"elementor-swiper-button elementor-swiper-button-next\" role=\"button\" tabindex=\"0\">\n\t\t\t\t\t\t<i aria-hidden=\"true\" class=\"eicon-chevron-right\"><\/i>\t\t\t\t\t<\/div>\n\t\t\t\t\n\t\t\t\t\t\t\t\t\t<div class=\"swiper-pagination\"><\/div>\n\t\t\t\t\t\t\t\t\t<\/div>\n\t\t\t\t\t\t<\/div>\n\t\t\t\t<\/div>\n\t\t\t\t\t<\/div>\n\t\t<\/div>\n\t\t\t\t\t<\/div>\n\t\t<\/section>\n\t\t\t\t<section class=\"elementor-section elementor-top-section elementor-element elementor-element-37bd8f0 elementor-section-boxed elementor-section-height-default elementor-section-height-default wpr-particle-no wpr-jarallax-no wpr-parallax-no wpr-sticky-section-no wpr-equal-height-no\" data-id=\"37bd8f0\" data-element_type=\"section\" data-e-type=\"section\">\n\t\t\t\t\t\t<div class=\"elementor-container elementor-column-gap-default\">\n\t\t\t\t\t<div class=\"elementor-column elementor-col-100 elementor-top-column elementor-element elementor-element-0b1b8be\" data-id=\"0b1b8be\" data-element_type=\"column\" data-e-type=\"column\">\n\t\t\t<div class=\"elementor-widget-wrap elementor-element-populated\">\n\t\t\t\t\t\t<div class=\"elementor-element elementor-element-efd3684 elementor-widget elementor-widget-heading\" data-id=\"efd3684\" data-element_type=\"widget\" data-e-type=\"widget\" data-widget_type=\"heading.default\">\n\t\t\t\t<div class=\"elementor-widget-container\">\n\t\t\t\t\t<h2 class=\"elementor-heading-title elementor-size-default\">PROGRAMA<\/h2>\t\t\t\t<\/div>\n\t\t\t\t<\/div>\n\t\t\t\t<div class=\"elementor-element elementor-element-1a8b8ef elementor-widget-divider--view-line elementor-widget elementor-widget-divider\" data-id=\"1a8b8ef\" data-element_type=\"widget\" data-e-type=\"widget\" data-widget_type=\"divider.default\">\n\t\t\t\t<div class=\"elementor-widget-container\">\n\t\t\t\t\t\t\t<div class=\"elementor-divider\">\n\t\t\t<span class=\"elementor-divider-separator\">\n\t\t\t\t\t\t<\/span>\n\t\t<\/div>\n\t\t\t\t\t\t<\/div>\n\t\t\t\t<\/div>\n\t\t\t\t\t<\/div>\n\t\t<\/div>\n\t\t\t\t\t<\/div>\n\t\t<\/section>\n\t\t\t\t<section class=\"elementor-section elementor-top-section elementor-element elementor-element-64c65d8 elementor-section-boxed elementor-section-height-default elementor-section-height-default wpr-particle-no wpr-jarallax-no wpr-parallax-no wpr-sticky-section-no wpr-equal-height-no\" data-id=\"64c65d8\" data-element_type=\"section\" data-e-type=\"section\">\n\t\t\t\t\t\t<div class=\"elementor-container elementor-column-gap-default\">\n\t\t\t\t\t<div class=\"elementor-column elementor-col-100 elementor-top-column elementor-element elementor-element-7a89260\" data-id=\"7a89260\" data-element_type=\"column\" data-e-type=\"column\">\n\t\t\t<div class=\"elementor-widget-wrap elementor-element-populated\">\n\t\t\t\t\t\t<div class=\"elementor-element elementor-element-398014e elementor-widget elementor-widget-text-editor\" data-id=\"398014e\" data-element_type=\"widget\" data-e-type=\"widget\" data-widget_type=\"text-editor.default\">\n\t\t\t\t<div class=\"elementor-widget-container\">\n\t\t\t\t\t\t\t\t\t<p><strong>D\u00eda 1 &#8211;\u00a022 Mayo\u00a0<\/strong><\/p><p>Nuestro equipo te encontrar\u00e1 en la tarde\/noche\u00a0en el\u00a0<b>aeropuerto Marco Polo de<\/b>\u00a0<b>Venecia.<\/b>\u00a0Traslado en la tarde\/noche al Bike Hotel , alojamiento y cena. (nuestro equipo puede organizar tu traslado desde un aeropuerto o lugar diferente con costo extra).<\/p>\t\t\t\t\t\t\t\t<\/div>\n\t\t\t\t<\/div>\n\t\t\t\t\t<\/div>\n\t\t<\/div>\n\t\t\t\t\t<\/div>\n\t\t<\/section>\n\t\t\t\t<section class=\"elementor-section elementor-top-section elementor-element elementor-element-7ba31ac elementor-section-boxed elementor-section-height-default elementor-section-height-default wpr-particle-no wpr-jarallax-no wpr-parallax-no wpr-sticky-section-no wpr-equal-height-no\" data-id=\"7ba31ac\" data-element_type=\"section\" data-e-type=\"section\">\n\t\t\t\t\t\t<div class=\"elementor-container elementor-column-gap-default\">\n\t\t\t\t\t<div class=\"elementor-column elementor-col-100 elementor-top-column elementor-element elementor-element-cd288e5\" data-id=\"cd288e5\" data-element_type=\"column\" data-e-type=\"column\">\n\t\t\t<div class=\"elementor-widget-wrap elementor-element-populated\">\n\t\t\t\t\t\t<div class=\"elementor-element elementor-element-121f7d9 elementor-widget elementor-widget-text-editor\" data-id=\"121f7d9\" data-element_type=\"widget\" data-e-type=\"widget\" data-widget_type=\"text-editor.default\">\n\t\t\t\t<div class=\"elementor-widget-container\">\n\t\t\t\t\t\t\t\t\t<p><strong>D\u00eda 2 &#8211;\u00a023 mayo<\/strong><\/p><p class=\"\" data-start=\"103\" data-end=\"231\">Tras el desayuno, tendremos una reuni\u00f3n matutina donde entregaremos el <strong data-start=\"174\" data-end=\"189\">welcome kit<\/strong> y repasaremos el programa de la semana.<\/p><p class=\"\" data-start=\"233\" data-end=\"569\">Por la tarde, comenzaremos nuestra <strong data-start=\"268\" data-end=\"286\">primera rodada<\/strong> rumbo a <strong data-start=\"295\" data-end=\"306\">Vicenza<\/strong>, donde presenciaremos la llegada de la <strong data-start=\"346\" data-end=\"377\">13\u00aa etapa del Giro d\u2019Italia<\/strong>. Vicenza, ciudad <strong data-start=\"395\" data-end=\"439\">Patrimonio de la Humanidad por la UNESCO<\/strong>, es famosa por sus elegantes edificios dise\u00f1ados por <strong data-start=\"493\" data-end=\"512\">Andrea Palladio<\/strong>, uno de los arquitectos m\u00e1s influyentes del siglo XVI.<\/p><ul data-start=\"571\" data-end=\"656\"><li class=\"\" data-start=\"571\" data-end=\"596\"><p class=\"\" data-start=\"573\" data-end=\"596\"><strong data-start=\"573\" data-end=\"588\">Dificultad:<\/strong> Media<\/p><\/li><li class=\"\" data-start=\"597\" data-end=\"622\"><p class=\"\" data-start=\"599\" data-end=\"622\"><strong data-start=\"599\" data-end=\"613\">Distancia:<\/strong> 104 km<\/p><\/li><li class=\"\" data-start=\"623\" data-end=\"656\"><p class=\"\" data-start=\"625\" data-end=\"656\"><strong data-start=\"625\" data-end=\"648\">Desnivel acumulado:<\/strong> 550 m<\/p><\/li><\/ul>\t\t\t\t\t\t\t\t<\/div>\n\t\t\t\t<\/div>\n\t\t\t\t<div class=\"elementor-element elementor-element-31f411c elementor-arrows-position-inside elementor-pagination-position-outside elementor-widget elementor-widget-image-carousel\" data-id=\"31f411c\" data-element_type=\"widget\" data-e-type=\"widget\" data-settings=\"{&quot;slides_to_show&quot;:&quot;2&quot;,&quot;navigation&quot;:&quot;both&quot;,&quot;autoplay&quot;:&quot;yes&quot;,&quot;pause_on_hover&quot;:&quot;yes&quot;,&quot;pause_on_interaction&quot;:&quot;yes&quot;,&quot;autoplay_speed&quot;:5000,&quot;infinite&quot;:&quot;yes&quot;,&quot;speed&quot;:500}\" data-widget_type=\"image-carousel.default\">\n\t\t\t\t<div class=\"elementor-widget-container\">\n\t\t\t\t\t\t\t<div class=\"elementor-image-carousel-wrapper swiper\" role=\"region\" aria-roledescription=\"carousel\" aria-label=\"Image Carousel\" dir=\"ltr\">\n\t\t\t<div class=\"elementor-image-carousel swiper-wrapper\" aria-live=\"off\">\n\t\t\t\t\t\t\t\t<div class=\"swiper-slide\" role=\"group\" aria-roledescription=\"slide\" aria-label=\"1 of 4\"><figure class=\"swiper-slide-inner\"><img decoding=\"async\" class=\"swiper-slide-image\" src=\"https:\/\/afuegotravel.com\/wp-content\/uploads\/2025\/01\/Vicenza_3.jpg\" alt=\"Vicenza_3\" \/><\/figure><\/div><div class=\"swiper-slide\" role=\"group\" aria-roledescription=\"slide\" aria-label=\"2 of 4\"><figure class=\"swiper-slide-inner\"><img decoding=\"async\" class=\"swiper-slide-image\" src=\"https:\/\/afuegotravel.com\/wp-content\/uploads\/2025\/01\/vicenza_4.jpg\" alt=\"Foto Marco Alpozzi \/ LaPresse 07 Maggio 2023 - Teramo, Italia - Sport - Ciclismo - Giro d\u2019Italia 2023 - Edizione 106 - Tappa 2 - Teramo - San Salvo Nella foto:  May 07, 2023 Teramo, Italy - Sport - Cycling - Giro d\u2019Italia 2023 - 106th Edition - Stage 2- Teramo - San Salvo In the pic:\" \/><\/figure><\/div><div class=\"swiper-slide\" role=\"group\" aria-roledescription=\"slide\" aria-label=\"3 of 4\"><figure class=\"swiper-slide-inner\"><img decoding=\"async\" class=\"swiper-slide-image\" src=\"https:\/\/afuegotravel.com\/wp-content\/uploads\/2025\/01\/vicenza.jpg\" alt=\"Panorama della citt\" \/><\/figure><\/div><div class=\"swiper-slide\" role=\"group\" aria-roledescription=\"slide\" aria-label=\"4 of 4\"><figure class=\"swiper-slide-inner\"><img decoding=\"async\" class=\"swiper-slide-image\" src=\"https:\/\/afuegotravel.com\/wp-content\/uploads\/2025\/01\/vicenza_2.jpg\" alt=\"vicenza_2\" \/><\/figure><\/div>\t\t\t<\/div>\n\t\t\t\t\t\t\t\t\t\t\t\t<div class=\"elementor-swiper-button elementor-swiper-button-prev\" role=\"button\" tabindex=\"0\">\n\t\t\t\t\t\t<i aria-hidden=\"true\" class=\"eicon-chevron-left\"><\/i>\t\t\t\t\t<\/div>\n\t\t\t\t\t<div class=\"elementor-swiper-button elementor-swiper-button-next\" role=\"button\" tabindex=\"0\">\n\t\t\t\t\t\t<i aria-hidden=\"true\" class=\"eicon-chevron-right\"><\/i>\t\t\t\t\t<\/div>\n\t\t\t\t\n\t\t\t\t\t\t\t\t\t<div class=\"swiper-pagination\"><\/div>\n\t\t\t\t\t\t\t\t\t<\/div>\n\t\t\t\t\t\t<\/div>\n\t\t\t\t<\/div>\n\t\t\t\t\t<\/div>\n\t\t<\/div>\n\t\t\t\t\t<\/div>\n\t\t<\/section>\n\t\t\t\t<section class=\"elementor-section elementor-top-section elementor-element elementor-element-a1c9a81 elementor-section-boxed elementor-section-height-default elementor-section-height-default wpr-particle-no wpr-jarallax-no wpr-parallax-no wpr-sticky-section-no wpr-equal-height-no\" data-id=\"a1c9a81\" data-element_type=\"section\" data-e-type=\"section\">\n\t\t\t\t\t\t<div class=\"elementor-container elementor-column-gap-default\">\n\t\t\t\t\t<div class=\"elementor-column elementor-col-100 elementor-top-column elementor-element elementor-element-2826082\" data-id=\"2826082\" data-element_type=\"column\" data-e-type=\"column\">\n\t\t\t<div class=\"elementor-widget-wrap elementor-element-populated\">\n\t\t\t\t\t\t<div class=\"elementor-element elementor-element-7d9424a elementor-widget elementor-widget-text-editor\" data-id=\"7d9424a\" data-element_type=\"widget\" data-e-type=\"widget\" data-widget_type=\"text-editor.default\">\n\t\t\t\t<div class=\"elementor-widget-container\">\n\t\t\t\t\t\t\t\t\t<p><strong>D\u00eda 3 &#8211;\u00a024 mayo\u00a0<\/strong><\/p><p class=\"\" data-start=\"103\" data-end=\"368\">Rodaremos hacia <strong data-start=\"119\" data-end=\"130\">Treviso<\/strong>, donde presenciaremos la salida de la <strong data-start=\"169\" data-end=\"200\">14\u00aa etapa del Giro d\u2019Italia<\/strong>. En esta segunda jornada, pedalearemos a trav\u00e9s de <strong data-start=\"252\" data-end=\"310\">villas hist\u00f3ricas y encantadores pueblos renacentistas<\/strong>, disfrutando del paisaje \u00fanico de la regi\u00f3n del V\u00e9neto.<\/p><p class=\"\" data-start=\"370\" data-end=\"636\">Una vez en <strong data-start=\"381\" data-end=\"392\">Treviso<\/strong>, ciudad rodeada de murallas y canales con un rico legado hist\u00f3rico, visitaremos el <strong data-start=\"476\" data-end=\"503\">\u201cGiro d\u2019Italia Village\u201d<\/strong>. All\u00ed tendremos la oportunidad de conocer a los equipos mientras se preparan para la etapa, antes de continuar con nuestra rodada.<\/p><ul data-start=\"638\" data-end=\"722\"><li class=\"\" data-start=\"638\" data-end=\"663\"><p class=\"\" data-start=\"640\" data-end=\"663\"><strong data-start=\"640\" data-end=\"655\">Dificultad:<\/strong> Media<\/p><\/li><li class=\"\" data-start=\"664\" data-end=\"688\"><p class=\"\" data-start=\"666\" data-end=\"688\"><strong data-start=\"666\" data-end=\"680\">Distancia:<\/strong> 81 km<\/p><\/li><li class=\"\" data-start=\"689\" data-end=\"722\"><p class=\"\" data-start=\"691\" data-end=\"722\"><strong data-start=\"691\" data-end=\"714\">Desnivel acumulado:<\/strong> 380 m<\/p><\/li><\/ul>\t\t\t\t\t\t\t\t<\/div>\n\t\t\t\t<\/div>\n\t\t\t\t<div class=\"elementor-element elementor-element-be81867 elementor-arrows-position-inside elementor-pagination-position-outside elementor-widget elementor-widget-image-carousel\" data-id=\"be81867\" data-element_type=\"widget\" data-e-type=\"widget\" data-settings=\"{&quot;slides_to_show&quot;:&quot;2&quot;,&quot;navigation&quot;:&quot;both&quot;,&quot;autoplay&quot;:&quot;yes&quot;,&quot;pause_on_hover&quot;:&quot;yes&quot;,&quot;pause_on_interaction&quot;:&quot;yes&quot;,&quot;autoplay_speed&quot;:5000,&quot;infinite&quot;:&quot;yes&quot;,&quot;speed&quot;:500}\" data-widget_type=\"image-carousel.default\">\n\t\t\t\t<div class=\"elementor-widget-container\">\n\t\t\t\t\t\t\t<div class=\"elementor-image-carousel-wrapper swiper\" role=\"region\" aria-roledescription=\"carousel\" aria-label=\"Image Carousel\" dir=\"ltr\">\n\t\t\t<div class=\"elementor-image-carousel swiper-wrapper\" aria-live=\"off\">\n\t\t\t\t\t\t\t\t<div class=\"swiper-slide\" role=\"group\" aria-roledescription=\"slide\" aria-label=\"1 of 4\"><figure class=\"swiper-slide-inner\"><img decoding=\"async\" class=\"swiper-slide-image\" src=\"https:\/\/afuegotravel.com\/wp-content\/uploads\/2025\/01\/treviso_2a.jpg\" alt=\"treviso_2a\" \/><\/figure><\/div><div class=\"swiper-slide\" role=\"group\" aria-roledescription=\"slide\" aria-label=\"2 of 4\"><figure class=\"swiper-slide-inner\"><img decoding=\"async\" class=\"swiper-slide-image\" src=\"https:\/\/afuegotravel.com\/wp-content\/uploads\/2025\/01\/Treviso.jpg\" alt=\"Treviso\" \/><\/figure><\/div><div class=\"swiper-slide\" role=\"group\" aria-roledescription=\"slide\" aria-label=\"3 of 4\"><figure class=\"swiper-slide-inner\"><img decoding=\"async\" class=\"swiper-slide-image\" src=\"https:\/\/afuegotravel.com\/wp-content\/uploads\/2025\/01\/treviso_3.jpg\" alt=\"treviso_3\" \/><\/figure><\/div><div class=\"swiper-slide\" role=\"group\" aria-roledescription=\"slide\" aria-label=\"4 of 4\"><figure class=\"swiper-slide-inner\"><img decoding=\"async\" class=\"swiper-slide-image\" src=\"https:\/\/afuegotravel.com\/wp-content\/uploads\/2025\/01\/vicenza_4.jpg\" alt=\"Foto Marco Alpozzi \/ LaPresse 07 Maggio 2023 - Teramo, Italia - Sport - Ciclismo - Giro d\u2019Italia 2023 - Edizione 106 - Tappa 2 - Teramo - San Salvo Nella foto:  May 07, 2023 Teramo, Italy - Sport - Cycling - Giro d\u2019Italia 2023 - 106th Edition - Stage 2- Teramo - San Salvo In the pic:\" \/><\/figure><\/div>\t\t\t<\/div>\n\t\t\t\t\t\t\t\t\t\t\t\t<div class=\"elementor-swiper-button elementor-swiper-button-prev\" role=\"button\" tabindex=\"0\">\n\t\t\t\t\t\t<i aria-hidden=\"true\" class=\"eicon-chevron-left\"><\/i>\t\t\t\t\t<\/div>\n\t\t\t\t\t<div class=\"elementor-swiper-button elementor-swiper-button-next\" role=\"button\" tabindex=\"0\">\n\t\t\t\t\t\t<i aria-hidden=\"true\" class=\"eicon-chevron-right\"><\/i>\t\t\t\t\t<\/div>\n\t\t\t\t\n\t\t\t\t\t\t\t\t\t<div class=\"swiper-pagination\"><\/div>\n\t\t\t\t\t\t\t\t\t<\/div>\n\t\t\t\t\t\t<\/div>\n\t\t\t\t<\/div>\n\t\t\t\t\t<\/div>\n\t\t<\/div>\n\t\t\t\t\t<\/div>\n\t\t<\/section>\n\t\t\t\t<section class=\"elementor-section elementor-top-section elementor-element elementor-element-7500657 elementor-section-boxed elementor-section-height-default elementor-section-height-default wpr-particle-no wpr-jarallax-no wpr-parallax-no wpr-sticky-section-no wpr-equal-height-no\" data-id=\"7500657\" data-element_type=\"section\" data-e-type=\"section\">\n\t\t\t\t\t\t<div class=\"elementor-container elementor-column-gap-default\">\n\t\t\t\t\t<div class=\"elementor-column elementor-col-100 elementor-top-column elementor-element elementor-element-487147c\" data-id=\"487147c\" data-element_type=\"column\" data-e-type=\"column\">\n\t\t\t<div class=\"elementor-widget-wrap elementor-element-populated\">\n\t\t\t\t\t\t<div class=\"elementor-element elementor-element-7c70dda elementor-widget elementor-widget-text-editor\" data-id=\"7c70dda\" data-element_type=\"widget\" data-e-type=\"widget\" data-widget_type=\"text-editor.default\">\n\t\t\t\t<div class=\"elementor-widget-container\">\n\t\t\t\t\t\t\t\t\t<p><strong>D\u00eda 4 &#8211;\u00a025 mayo<\/strong><\/p><p class=\"\" data-start=\"118\" data-end=\"284\">Nuestra <strong data-start=\"126\" data-end=\"144\">tercera rodada<\/strong> nos llevar\u00e1 a vivir un momento \u00e9pico del <strong data-start=\"186\" data-end=\"203\">Giro d\u2019Italia<\/strong>: el paso de los ciclistas en la exigente subida al <strong data-start=\"255\" data-end=\"271\">Monte Grappa<\/strong> (1.775 m).<\/p><p class=\"\" data-start=\"286\" data-end=\"597\">El <strong data-start=\"289\" data-end=\"305\">Monte Grappa<\/strong> es una monta\u00f1a ic\u00f3nica tanto por su <strong data-start=\"342\" data-end=\"361\">valor hist\u00f3rico<\/strong> como por su desaf\u00edo ciclista. Fue escenario de intensas batallas entre italianos y austr\u00edacos durante la <strong data-start=\"467\" data-end=\"482\">Gran Guerra<\/strong>, y en su cumbre se erige el imponente <strong data-start=\"521\" data-end=\"550\">Sacrario del Monte Grappa<\/strong>, en memoria de los miles de soldados ca\u00eddos.<\/p><p class=\"\" data-start=\"599\" data-end=\"711\">Para los amantes de las grandes escaladas, esta es una <strong data-start=\"654\" data-end=\"674\">cima obligatoria<\/strong> en el curr\u00edculum de todo ciclista.<\/p><ul data-start=\"713\" data-end=\"799\"><li class=\"\" data-start=\"713\" data-end=\"738\"><p class=\"\" data-start=\"715\" data-end=\"738\"><strong data-start=\"715\" data-end=\"730\">Dificultad:<\/strong> Media\/Dif\u00edcil<\/p><\/li><li class=\"\" data-start=\"739\" data-end=\"763\"><p class=\"\" data-start=\"741\" data-end=\"763\"><strong data-start=\"741\" data-end=\"755\">Distancia:<\/strong> 57 km<\/p><\/li><li class=\"\" data-start=\"764\" data-end=\"799\"><p class=\"\" data-start=\"766\" data-end=\"799\"><strong data-start=\"766\" data-end=\"789\">Desnivel acumulado:<\/strong> 1.710 m<\/p><\/li><\/ul>\t\t\t\t\t\t\t\t<\/div>\n\t\t\t\t<\/div>\n\t\t\t\t<div class=\"elementor-element elementor-element-fc7e91a elementor-arrows-position-inside elementor-pagination-position-outside elementor-widget elementor-widget-image-carousel\" data-id=\"fc7e91a\" data-element_type=\"widget\" data-e-type=\"widget\" data-settings=\"{&quot;slides_to_show&quot;:&quot;2&quot;,&quot;navigation&quot;:&quot;both&quot;,&quot;autoplay&quot;:&quot;yes&quot;,&quot;pause_on_hover&quot;:&quot;yes&quot;,&quot;pause_on_interaction&quot;:&quot;yes&quot;,&quot;autoplay_speed&quot;:5000,&quot;infinite&quot;:&quot;yes&quot;,&quot;speed&quot;:500}\" data-widget_type=\"image-carousel.default\">\n\t\t\t\t<div class=\"elementor-widget-container\">\n\t\t\t\t\t\t\t<div class=\"elementor-image-carousel-wrapper swiper\" role=\"region\" aria-roledescription=\"carousel\" aria-label=\"Image Carousel\" dir=\"ltr\">\n\t\t\t<div class=\"elementor-image-carousel swiper-wrapper\" aria-live=\"off\">\n\t\t\t\t\t\t\t\t<div class=\"swiper-slide\" role=\"group\" aria-roledescription=\"slide\" aria-label=\"1 of 4\"><figure class=\"swiper-slide-inner\"><img decoding=\"async\" class=\"swiper-slide-image\" src=\"https:\/\/afuegotravel.com\/wp-content\/uploads\/2025\/01\/Monte-Grappa.jpg\" alt=\"Monte-Grappa\" \/><\/figure><\/div><div class=\"swiper-slide\" role=\"group\" aria-roledescription=\"slide\" aria-label=\"2 of 4\"><figure class=\"swiper-slide-inner\"><img decoding=\"async\" class=\"swiper-slide-image\" src=\"https:\/\/afuegotravel.com\/wp-content\/uploads\/2025\/01\/grappa.jpg\" alt=\"grappa\" \/><\/figure><\/div><div class=\"swiper-slide\" role=\"group\" aria-roledescription=\"slide\" aria-label=\"3 of 4\"><figure class=\"swiper-slide-inner\"><img decoding=\"async\" class=\"swiper-slide-image\" src=\"https:\/\/afuegotravel.com\/wp-content\/uploads\/2025\/01\/grappa_2.jpg\" alt=\"grappa_2\" \/><\/figure><\/div><div class=\"swiper-slide\" role=\"group\" aria-roledescription=\"slide\" aria-label=\"4 of 4\"><figure class=\"swiper-slide-inner\"><img decoding=\"async\" class=\"swiper-slide-image\" src=\"https:\/\/afuegotravel.com\/wp-content\/uploads\/2025\/01\/bassano.jpg\" alt=\"bassano\" \/><\/figure><\/div>\t\t\t<\/div>\n\t\t\t\t\t\t\t\t\t\t\t\t<div class=\"elementor-swiper-button elementor-swiper-button-prev\" role=\"button\" tabindex=\"0\">\n\t\t\t\t\t\t<i aria-hidden=\"true\" class=\"eicon-chevron-left\"><\/i>\t\t\t\t\t<\/div>\n\t\t\t\t\t<div class=\"elementor-swiper-button elementor-swiper-button-next\" role=\"button\" tabindex=\"0\">\n\t\t\t\t\t\t<i aria-hidden=\"true\" class=\"eicon-chevron-right\"><\/i>\t\t\t\t\t<\/div>\n\t\t\t\t\n\t\t\t\t\t\t\t\t\t<div class=\"swiper-pagination\"><\/div>\n\t\t\t\t\t\t\t\t\t<\/div>\n\t\t\t\t\t\t<\/div>\n\t\t\t\t<\/div>\n\t\t\t\t\t<\/div>\n\t\t<\/div>\n\t\t\t\t\t<\/div>\n\t\t<\/section>\n\t\t\t\t<section class=\"elementor-section elementor-top-section elementor-element elementor-element-151dd66 elementor-section-boxed elementor-section-height-default elementor-section-height-default wpr-particle-no wpr-jarallax-no wpr-parallax-no wpr-sticky-section-no wpr-equal-height-no\" data-id=\"151dd66\" data-element_type=\"section\" data-e-type=\"section\">\n\t\t\t\t\t\t<div class=\"elementor-container elementor-column-gap-default\">\n\t\t\t\t\t<div class=\"elementor-column elementor-col-100 elementor-top-column elementor-element elementor-element-a04a781\" data-id=\"a04a781\" data-element_type=\"column\" data-e-type=\"column\">\n\t\t\t<div class=\"elementor-widget-wrap\">\n\t\t\t\t\t\t\t<\/div>\n\t\t<\/div>\n\t\t\t\t\t<\/div>\n\t\t<\/section>\n\t\t\t\t<section class=\"elementor-section elementor-top-section elementor-element elementor-element-292928d elementor-section-boxed elementor-section-height-default elementor-section-height-default wpr-particle-no wpr-jarallax-no wpr-parallax-no wpr-sticky-section-no wpr-equal-height-no\" data-id=\"292928d\" data-element_type=\"section\" data-e-type=\"section\">\n\t\t\t\t\t\t<div class=\"elementor-container elementor-column-gap-default\">\n\t\t\t\t\t<div class=\"elementor-column elementor-col-100 elementor-top-column elementor-element elementor-element-fa2e8a5\" data-id=\"fa2e8a5\" data-element_type=\"column\" data-e-type=\"column\">\n\t\t\t<div class=\"elementor-widget-wrap elementor-element-populated\">\n\t\t\t\t\t\t<div class=\"elementor-element elementor-element-4baf8b7 elementor-widget elementor-widget-text-editor\" data-id=\"4baf8b7\" data-element_type=\"widget\" data-e-type=\"widget\" data-widget_type=\"text-editor.default\">\n\t\t\t\t<div class=\"elementor-widget-container\">\n\t\t\t\t\t\t\t\t\t<p><strong>D\u00eda 5 &#8211;\u00a026 mayo<\/strong><\/p><p class=\"\" data-start=\"103\" data-end=\"464\">En nuestro <strong data-start=\"114\" data-end=\"134\">cuarto recorrido<\/strong>, pedalearemos hacia el impresionante <strong data-start=\"172\" data-end=\"189\">Lago de Garda<\/strong>, atravesando una <strong data-start=\"207\" data-end=\"246\">ciclopista inmersa en la naturaleza<\/strong>. Este espectacular camino recibi\u00f3 el prestigioso premio <strong data-start=\"303\" data-end=\"341\">&#8220;Carreteras Verdes Italianas 2020&#8221;<\/strong>, considerado el <strong data-start=\"358\" data-end=\"384\">Oscar del cicloturismo<\/strong> en Italia, que cada a\u00f1o reconoce las rutas m\u00e1s bellas y sostenibles del pa\u00eds.<\/p><p class=\"\" data-start=\"466\" data-end=\"600\">Disfrutaremos de un recorrido panor\u00e1mico inolvidable, combinando deporte, paisajes impresionantes y la belleza \u00fanica de esta regi\u00f3n.<\/p><ul data-start=\"602\" data-end=\"689\"><li class=\"\" data-start=\"602\" data-end=\"627\"><p class=\"\" data-start=\"604\" data-end=\"627\"><strong data-start=\"604\" data-end=\"619\">Dificultad:<\/strong> Media<\/p><\/li><li class=\"\" data-start=\"628\" data-end=\"653\"><p class=\"\" data-start=\"630\" data-end=\"653\"><strong data-start=\"630\" data-end=\"644\">Distancia:<\/strong> 113 km<\/p><\/li><li class=\"\" data-start=\"654\" data-end=\"689\"><p class=\"\" data-start=\"656\" data-end=\"689\"><strong data-start=\"656\" data-end=\"679\">Desnivel acumulado:<\/strong> 1.420 m<\/p><\/li><\/ul>\t\t\t\t\t\t\t\t<\/div>\n\t\t\t\t<\/div>\n\t\t\t\t<div class=\"elementor-element elementor-element-d6ad188 elementor-arrows-position-inside elementor-pagination-position-outside elementor-widget elementor-widget-image-carousel\" data-id=\"d6ad188\" data-element_type=\"widget\" data-e-type=\"widget\" data-settings=\"{&quot;slides_to_show&quot;:&quot;2&quot;,&quot;navigation&quot;:&quot;both&quot;,&quot;autoplay&quot;:&quot;yes&quot;,&quot;pause_on_hover&quot;:&quot;yes&quot;,&quot;pause_on_interaction&quot;:&quot;yes&quot;,&quot;autoplay_speed&quot;:5000,&quot;infinite&quot;:&quot;yes&quot;,&quot;speed&quot;:500}\" data-widget_type=\"image-carousel.default\">\n\t\t\t\t<div class=\"elementor-widget-container\">\n\t\t\t\t\t\t\t<div class=\"elementor-image-carousel-wrapper swiper\" role=\"region\" aria-roledescription=\"carousel\" aria-label=\"Image Carousel\" dir=\"ltr\">\n\t\t\t<div class=\"elementor-image-carousel swiper-wrapper\" aria-live=\"off\">\n\t\t\t\t\t\t\t\t<div class=\"swiper-slide\" role=\"group\" aria-roledescription=\"slide\" aria-label=\"1 of 4\"><figure class=\"swiper-slide-inner\"><img decoding=\"async\" class=\"swiper-slide-image\" src=\"https:\/\/afuegotravel.com\/wp-content\/uploads\/2023\/10\/manerba.jpeg\" alt=\"manerba\" \/><\/figure><\/div><div class=\"swiper-slide\" role=\"group\" aria-roledescription=\"slide\" aria-label=\"2 of 4\"><figure class=\"swiper-slide-inner\"><img decoding=\"async\" class=\"swiper-slide-image\" src=\"https:\/\/afuegotravel.com\/wp-content\/uploads\/2025\/01\/valsugana_2.jpg\" alt=\"valsugana_2\" \/><\/figure><\/div><div class=\"swiper-slide\" role=\"group\" aria-roledescription=\"slide\" aria-label=\"3 of 4\"><figure class=\"swiper-slide-inner\"><img decoding=\"async\" class=\"swiper-slide-image\" src=\"https:\/\/afuegotravel.com\/wp-content\/uploads\/2025\/01\/valsugana.jpg\" alt=\"valsugana\" \/><\/figure><\/div><div class=\"swiper-slide\" role=\"group\" aria-roledescription=\"slide\" aria-label=\"4 of 4\"><figure class=\"swiper-slide-inner\"><img decoding=\"async\" class=\"swiper-slide-image\" src=\"https:\/\/afuegotravel.com\/wp-content\/uploads\/2025\/01\/valsugana_3.jpg\" alt=\"valsugana_3\" \/><\/figure><\/div>\t\t\t<\/div>\n\t\t\t\t\t\t\t\t\t\t\t\t<div class=\"elementor-swiper-button elementor-swiper-button-prev\" role=\"button\" tabindex=\"0\">\n\t\t\t\t\t\t<i aria-hidden=\"true\" class=\"eicon-chevron-left\"><\/i>\t\t\t\t\t<\/div>\n\t\t\t\t\t<div class=\"elementor-swiper-button elementor-swiper-button-next\" role=\"button\" tabindex=\"0\">\n\t\t\t\t\t\t<i aria-hidden=\"true\" class=\"eicon-chevron-right\"><\/i>\t\t\t\t\t<\/div>\n\t\t\t\t\n\t\t\t\t\t\t\t\t\t<div class=\"swiper-pagination\"><\/div>\n\t\t\t\t\t\t\t\t\t<\/div>\n\t\t\t\t\t\t<\/div>\n\t\t\t\t<\/div>\n\t\t\t\t\t<\/div>\n\t\t<\/div>\n\t\t\t\t\t<\/div>\n\t\t<\/section>\n\t\t\t\t<section class=\"elementor-section elementor-top-section elementor-element elementor-element-f0183d7 elementor-section-boxed elementor-section-height-default elementor-section-height-default wpr-particle-no wpr-jarallax-no wpr-parallax-no wpr-sticky-section-no wpr-equal-height-no\" data-id=\"f0183d7\" data-element_type=\"section\" data-e-type=\"section\">\n\t\t\t\t\t\t<div class=\"elementor-container elementor-column-gap-default\">\n\t\t\t\t\t<div class=\"elementor-column elementor-col-100 elementor-top-column elementor-element elementor-element-be28171\" data-id=\"be28171\" data-element_type=\"column\" data-e-type=\"column\">\n\t\t\t<div class=\"elementor-widget-wrap elementor-element-populated\">\n\t\t\t\t\t\t<div class=\"elementor-element elementor-element-915f6d8 elementor-widget elementor-widget-text-editor\" data-id=\"915f6d8\" data-element_type=\"widget\" data-e-type=\"widget\" data-widget_type=\"text-editor.default\">\n\t\t\t\t<div class=\"elementor-widget-container\">\n\t\t\t\t\t\t\t\t\t<p><strong>D\u00eda 6 &#8211; 27 mayo\u00a0<\/strong><\/p><p class=\"\" data-start=\"103\" data-end=\"273\">Nuestra <strong data-start=\"111\" data-end=\"128\">quinta rodada<\/strong> nos llevar\u00e1 a la llegada de la <strong data-start=\"160\" data-end=\"191\">16\u00aa etapa del Giro d\u2019Italia<\/strong>, en el <strong data-start=\"199\" data-end=\"222\">Passo San Valentino<\/strong>, tambi\u00e9n conocido como el <strong data-start=\"249\" data-end=\"270\">\u201cPeque\u00f1o Stelvio\u201d<\/strong>.<\/p><p class=\"\" data-start=\"275\" data-end=\"532\">Disfrutaremos de un recorrido circular que nos llevar\u00e1 hasta los <strong data-start=\"340\" data-end=\"367\">1.315 metros de altitud<\/strong>, ascendiendo por una subida espectacular en el coraz\u00f3n del <strong data-start=\"427\" data-end=\"442\">Monte Baldo<\/strong>, un entorno natural impresionante que har\u00e1 de esta jornada una experiencia inolvidable.<\/p><ul data-start=\"534\" data-end=\"620\"><li class=\"\" data-start=\"534\" data-end=\"559\"><p class=\"\" data-start=\"536\" data-end=\"559\"><strong data-start=\"536\" data-end=\"551\">Dificultad:<\/strong> Media\/Dif\u00edcil<\/p><\/li><li class=\"\" data-start=\"560\" data-end=\"584\"><p class=\"\" data-start=\"562\" data-end=\"584\"><strong data-start=\"562\" data-end=\"576\">Distancia:<\/strong> 72 km<\/p><\/li><li class=\"\" data-start=\"585\" data-end=\"620\"><p class=\"\" data-start=\"587\" data-end=\"620\"><strong data-start=\"587\" data-end=\"610\">Desnivel acumulado:<\/strong> 1.700 m<\/p><\/li><\/ul>\t\t\t\t\t\t\t\t<\/div>\n\t\t\t\t<\/div>\n\t\t\t\t<div class=\"elementor-element elementor-element-01a23d3 elementor-arrows-position-inside elementor-pagination-position-outside elementor-widget elementor-widget-image-carousel\" data-id=\"01a23d3\" data-element_type=\"widget\" data-e-type=\"widget\" data-settings=\"{&quot;slides_to_show&quot;:&quot;2&quot;,&quot;navigation&quot;:&quot;both&quot;,&quot;autoplay&quot;:&quot;yes&quot;,&quot;pause_on_hover&quot;:&quot;yes&quot;,&quot;pause_on_interaction&quot;:&quot;yes&quot;,&quot;autoplay_speed&quot;:5000,&quot;infinite&quot;:&quot;yes&quot;,&quot;speed&quot;:500}\" data-widget_type=\"image-carousel.default\">\n\t\t\t\t<div class=\"elementor-widget-container\">\n\t\t\t\t\t\t\t<div class=\"elementor-image-carousel-wrapper swiper\" role=\"region\" aria-roledescription=\"carousel\" aria-label=\"Image Carousel\" dir=\"ltr\">\n\t\t\t<div class=\"elementor-image-carousel swiper-wrapper\" aria-live=\"off\">\n\t\t\t\t\t\t\t\t<div class=\"swiper-slide\" role=\"group\" aria-roledescription=\"slide\" aria-label=\"1 of 4\"><figure class=\"swiper-slide-inner\"><img decoding=\"async\" class=\"swiper-slide-image\" src=\"https:\/\/afuegotravel.com\/wp-content\/uploads\/2025\/01\/valentino3.jpg\" alt=\"valentino3\" \/><\/figure><\/div><div class=\"swiper-slide\" role=\"group\" aria-roledescription=\"slide\" aria-label=\"2 of 4\"><figure class=\"swiper-slide-inner\"><img decoding=\"async\" class=\"swiper-slide-image\" src=\"https:\/\/afuegotravel.com\/wp-content\/uploads\/2025\/01\/valentino4.jpg\" alt=\"valentino4\" \/><\/figure><\/div><div class=\"swiper-slide\" role=\"group\" aria-roledescription=\"slide\" aria-label=\"3 of 4\"><figure class=\"swiper-slide-inner\"><img decoding=\"async\" class=\"swiper-slide-image\" src=\"https:\/\/afuegotravel.com\/wp-content\/uploads\/2025\/01\/valentino.jpg\" alt=\"valentino\" \/><\/figure><\/div><div class=\"swiper-slide\" role=\"group\" aria-roledescription=\"slide\" aria-label=\"4 of 4\"><figure class=\"swiper-slide-inner\"><img decoding=\"async\" class=\"swiper-slide-image\" src=\"https:\/\/afuegotravel.com\/wp-content\/uploads\/2025\/01\/valentino2.jpg\" alt=\"valentino2\" \/><\/figure><\/div>\t\t\t<\/div>\n\t\t\t\t\t\t\t\t\t\t\t\t<div class=\"elementor-swiper-button elementor-swiper-button-prev\" role=\"button\" tabindex=\"0\">\n\t\t\t\t\t\t<i aria-hidden=\"true\" class=\"eicon-chevron-left\"><\/i>\t\t\t\t\t<\/div>\n\t\t\t\t\t<div class=\"elementor-swiper-button elementor-swiper-button-next\" role=\"button\" tabindex=\"0\">\n\t\t\t\t\t\t<i aria-hidden=\"true\" class=\"eicon-chevron-right\"><\/i>\t\t\t\t\t<\/div>\n\t\t\t\t\n\t\t\t\t\t\t\t\t\t<div class=\"swiper-pagination\"><\/div>\n\t\t\t\t\t\t\t\t\t<\/div>\n\t\t\t\t\t\t<\/div>\n\t\t\t\t<\/div>\n\t\t\t\t\t<\/div>\n\t\t<\/div>\n\t\t\t\t\t<\/div>\n\t\t<\/section>\n\t\t\t\t<section class=\"elementor-section elementor-top-section elementor-element elementor-element-f682fad elementor-section-boxed elementor-section-height-default elementor-section-height-default wpr-particle-no wpr-jarallax-no wpr-parallax-no wpr-sticky-section-no wpr-equal-height-no\" data-id=\"f682fad\" data-element_type=\"section\" data-e-type=\"section\">\n\t\t\t\t\t\t<div class=\"elementor-container elementor-column-gap-default\">\n\t\t\t\t\t<div class=\"elementor-column elementor-col-100 elementor-top-column elementor-element elementor-element-cfac6e4\" data-id=\"cfac6e4\" data-element_type=\"column\" data-e-type=\"column\">\n\t\t\t<div class=\"elementor-widget-wrap elementor-element-populated\">\n\t\t\t\t\t\t<div class=\"elementor-element elementor-element-d6d5162 elementor-widget elementor-widget-text-editor\" data-id=\"d6d5162\" data-element_type=\"widget\" data-e-type=\"widget\" data-widget_type=\"text-editor.default\">\n\t\t\t\t<div class=\"elementor-widget-container\">\n\t\t\t\t\t\t\t\t\t<p><strong>D\u00eda 7 &#8211;\u00a028 mayo<\/strong><\/p><p class=\"\" data-start=\"103\" data-end=\"346\">En nuestra <strong data-start=\"114\" data-end=\"130\">sexta rodada<\/strong>, nos dirigiremos a <strong data-start=\"150\" data-end=\"175\">San Michele all\u2019Adige<\/strong> para presenciar la salida de la <strong data-start=\"208\" data-end=\"239\">17\u00aa etapa del Giro d\u2019Italia<\/strong>. Recorreremos una hermosa ruta entre naturaleza y vi\u00f1edos, disfrutando del encanto \u00fanico de esta regi\u00f3n.<\/p><p class=\"\" data-start=\"348\" data-end=\"657\">En el camino de regreso, haremos una parada especial en <strong data-start=\"404\" data-end=\"414\">Trento<\/strong> para visitar la casa de <strong data-start=\"439\" data-end=\"458\">Francesco Moser<\/strong>, uno de los ciclistas italianos m\u00e1s victoriosos de la historia. Moser estableci\u00f3 en <strong data-start=\"543\" data-end=\"608\">1984 el r\u00e9cord de la hora en Ciudad de M\u00e9xico con 51.151 km\/h<\/strong>, dejando una huella imborrable en el ciclismo.<\/p><p class=\"\" data-start=\"659\" data-end=\"861\">En su museo, podremos ver algunas de sus <strong data-start=\"700\" data-end=\"734\">bicicletas, maillots y trofeos<\/strong>, adem\u00e1s de disfrutar de una degustaci\u00f3n de los vinos que el campe\u00f3n ha producido desde su retirada del ciclismo profesional.<\/p><ul data-start=\"863\" data-end=\"948\"><li class=\"\" data-start=\"863\" data-end=\"888\"><p class=\"\" data-start=\"865\" data-end=\"888\"><strong data-start=\"865\" data-end=\"880\">Dificultad:<\/strong> Media<\/p><\/li><li class=\"\" data-start=\"889\" data-end=\"914\"><p class=\"\" data-start=\"891\" data-end=\"914\"><strong data-start=\"891\" data-end=\"905\">Distancia:<\/strong> 118 km<\/p><\/li><li class=\"\" data-start=\"915\" data-end=\"948\"><p class=\"\" data-start=\"917\" data-end=\"948\"><strong data-start=\"917\" data-end=\"940\">Desnivel acumulado:<\/strong> 870 m<\/p><\/li><\/ul>\t\t\t\t\t\t\t\t<\/div>\n\t\t\t\t<\/div>\n\t\t\t\t<div class=\"elementor-element elementor-element-fde4b26 elementor-arrows-position-inside elementor-pagination-position-outside elementor-widget elementor-widget-image-carousel\" data-id=\"fde4b26\" data-element_type=\"widget\" data-e-type=\"widget\" data-settings=\"{&quot;slides_to_show&quot;:&quot;2&quot;,&quot;navigation&quot;:&quot;both&quot;,&quot;autoplay&quot;:&quot;yes&quot;,&quot;pause_on_hover&quot;:&quot;yes&quot;,&quot;pause_on_interaction&quot;:&quot;yes&quot;,&quot;autoplay_speed&quot;:5000,&quot;infinite&quot;:&quot;yes&quot;,&quot;speed&quot;:500}\" data-widget_type=\"image-carousel.default\">\n\t\t\t\t<div class=\"elementor-widget-container\">\n\t\t\t\t\t\t\t<div class=\"elementor-image-carousel-wrapper swiper\" role=\"region\" aria-roledescription=\"carousel\" aria-label=\"Image Carousel\" dir=\"ltr\">\n\t\t\t<div class=\"elementor-image-carousel swiper-wrapper\" aria-live=\"off\">\n\t\t\t\t\t\t\t\t<div class=\"swiper-slide\" role=\"group\" aria-roledescription=\"slide\" aria-label=\"1 of 4\"><figure class=\"swiper-slide-inner\"><img decoding=\"async\" class=\"swiper-slide-image\" src=\"https:\/\/afuegotravel.com\/wp-content\/uploads\/2025\/01\/Treviso.jpg\" alt=\"Treviso\" \/><\/figure><\/div><div class=\"swiper-slide\" role=\"group\" aria-roledescription=\"slide\" aria-label=\"2 of 4\"><figure class=\"swiper-slide-inner\"><img decoding=\"async\" class=\"swiper-slide-image\" src=\"https:\/\/afuegotravel.com\/wp-content\/uploads\/2023\/10\/moser_2.jpg\" alt=\"moser_2\" \/><\/figure><\/div><div class=\"swiper-slide\" role=\"group\" aria-roledescription=\"slide\" aria-label=\"3 of 4\"><figure class=\"swiper-slide-inner\"><img decoding=\"async\" class=\"swiper-slide-image\" src=\"https:\/\/afuegotravel.com\/wp-content\/uploads\/2023\/10\/moser_3.jpg\" alt=\"moser_3\" \/><\/figure><\/div><div class=\"swiper-slide\" role=\"group\" aria-roledescription=\"slide\" aria-label=\"4 of 4\"><figure class=\"swiper-slide-inner\"><img decoding=\"async\" class=\"swiper-slide-image\" src=\"https:\/\/afuegotravel.com\/wp-content\/uploads\/2023\/10\/moser_1.jpg\" alt=\"moser_1\" \/><\/figure><\/div>\t\t\t<\/div>\n\t\t\t\t\t\t\t\t\t\t\t\t<div class=\"elementor-swiper-button elementor-swiper-button-prev\" role=\"button\" tabindex=\"0\">\n\t\t\t\t\t\t<i aria-hidden=\"true\" class=\"eicon-chevron-left\"><\/i>\t\t\t\t\t<\/div>\n\t\t\t\t\t<div class=\"elementor-swiper-button elementor-swiper-button-next\" role=\"button\" tabindex=\"0\">\n\t\t\t\t\t\t<i aria-hidden=\"true\" class=\"eicon-chevron-right\"><\/i>\t\t\t\t\t<\/div>\n\t\t\t\t\n\t\t\t\t\t\t\t\t\t<div class=\"swiper-pagination\"><\/div>\n\t\t\t\t\t\t\t\t\t<\/div>\n\t\t\t\t\t\t<\/div>\n\t\t\t\t<\/div>\n\t\t\t\t\t<\/div>\n\t\t<\/div>\n\t\t\t\t\t<\/div>\n\t\t<\/section>\n\t\t\t\t<section class=\"elementor-section elementor-top-section elementor-element elementor-element-6a59b96 elementor-section-boxed elementor-section-height-default elementor-section-height-default wpr-particle-no wpr-jarallax-no wpr-parallax-no wpr-sticky-section-no wpr-equal-height-no\" data-id=\"6a59b96\" data-element_type=\"section\" data-e-type=\"section\">\n\t\t\t\t\t\t<div class=\"elementor-container elementor-column-gap-default\">\n\t\t\t\t\t<div class=\"elementor-column elementor-col-100 elementor-top-column elementor-element elementor-element-6f31148\" data-id=\"6f31148\" data-element_type=\"column\" data-e-type=\"column\">\n\t\t\t<div class=\"elementor-widget-wrap\">\n\t\t\t\t\t\t\t<\/div>\n\t\t<\/div>\n\t\t\t\t\t<\/div>\n\t\t<\/section>\n\t\t\t\t<section class=\"elementor-section elementor-top-section elementor-element elementor-element-55918ca elementor-section-boxed elementor-section-height-default elementor-section-height-default wpr-particle-no wpr-jarallax-no wpr-parallax-no wpr-sticky-section-no wpr-equal-height-no\" data-id=\"55918ca\" data-element_type=\"section\" data-e-type=\"section\">\n\t\t\t\t\t\t<div class=\"elementor-container elementor-column-gap-default\">\n\t\t\t\t\t<div class=\"elementor-column elementor-col-100 elementor-top-column elementor-element elementor-element-b8e2022\" data-id=\"b8e2022\" data-element_type=\"column\" data-e-type=\"column\">\n\t\t\t<div class=\"elementor-widget-wrap elementor-element-populated\">\n\t\t\t\t\t\t<div class=\"elementor-element elementor-element-aac5fd5 elementor-widget__width-initial elementor-widget elementor-widget-text-editor\" data-id=\"aac5fd5\" data-element_type=\"widget\" data-e-type=\"widget\" data-widget_type=\"text-editor.default\">\n\t\t\t\t<div class=\"elementor-widget-container\">\n\t\t\t\t\t\t\t\t\t<p><strong>D\u00eda 8 &#8211; 29 mayo <\/strong><\/p><p class=\"\" data-start=\"101\" data-end=\"284\">Despu\u00e9s del desayuno, nuestro equipo te llevar\u00e1 al <strong data-start=\"152\" data-end=\"177\">aeropuerto de Venecia<\/strong>, con llegada estimada a la <strong data-start=\"205\" data-end=\"218\">1:00 p.m.<\/strong>. Te recomendamos planificar tu vuelo de salida en consecuencia.<\/p><p class=\"\" data-start=\"286\" data-end=\"438\">\u26a0\ufe0f <strong data-start=\"289\" data-end=\"298\">Nota:<\/strong> Las rutas previstas pueden estar sujetas a cambios debido a condiciones meteorol\u00f3gicas u otros imprevistos fuera de nuestra organizaci\u00f3n.<\/p>\t\t\t\t\t\t\t\t<\/div>\n\t\t\t\t<\/div>\n\t\t\t\t\t<\/div>\n\t\t<\/div>\n\t\t\t\t\t<\/div>\n\t\t<\/section>\n\t\t\t\t<section class=\"elementor-section elementor-top-section elementor-element elementor-element-d7bbb89 elementor-section-boxed elementor-section-height-default elementor-section-height-default wpr-particle-no wpr-jarallax-no wpr-parallax-no wpr-sticky-section-no wpr-equal-height-no\" data-id=\"d7bbb89\" data-element_type=\"section\" data-e-type=\"section\">\n\t\t\t\t\t\t<div class=\"elementor-container elementor-column-gap-default\">\n\t\t\t\t\t<div class=\"elementor-column elementor-col-100 elementor-top-column elementor-element elementor-element-6a04b17\" data-id=\"6a04b17\" data-element_type=\"column\" data-e-type=\"column\">\n\t\t\t<div class=\"elementor-widget-wrap elementor-element-populated\">\n\t\t\t\t\t\t<div class=\"elementor-element elementor-element-2aaf4a1 elementor-widget elementor-widget-text-editor\" data-id=\"2aaf4a1\" data-element_type=\"widget\" data-e-type=\"widget\" data-widget_type=\"text-editor.default\">\n\t\t\t\t<div class=\"elementor-widget-container\">\n\t\t\t\t\t\t\t\t\t<p style=\"text-align: center;\"><a title=\"TERMINOS Y CONDICIONES AFUEGO TRAVEL\" href=\"https:\/\/afuegotravel.com\/index.php\/terminos-y-condiciones-afuego-travel\/\" target=\"_blank\" rel=\"noopener\">T\u00e9rminos y condiciones<\/a><\/p>\t\t\t\t\t\t\t\t<\/div>\n\t\t\t\t<\/div>\n\t\t\t\t\t<\/div>\n\t\t<\/div>\n\t\t\t\t\t<\/div>\n\t\t<\/section>\n\t\t\t\t<\/div>\n\t\t","protected":false},"excerpt":{"rendered":"<p>22 &#8211; 29&nbsp;Mayo 2025 GIRO D\u2019ITALIA 2025 8 dias &#8211; 7 noches Italia, cuna del Giro de Italia, nos ofrece la oportunidad de vivir de cerca la emoci\u00f3n de este Grand Tour legendario. Gracias a nuestra experiencia en la carrera, organizamos viajes perfectamente planificados para que disfrutes cada momento de este evento \u00fanico. Del 22 al 29 de mayo de 2025, nuestro tour \u201cGiro d\u2019Italia 2025\u201d te llevar\u00e1 a recorrer las impresionantes regiones de Venecia, Trentino y el Lago di Garda. Durante el viaje, tendremos la oportunidad de vivir cinco etapas del Giro, disfrutando de la emoci\u00f3n de salidas y llegadas, mientras rodamos un promedio de 85 km diarios por paisajes espectaculares. Recorrido medio diario: 85 km Desnivel medio acumulado diario: 1090 mt El Paquete Incluye: Hotel con desayuno y cena (bebidas de la cena no incluidas) 1 Cata de vino 1 Visita Museo de la Grappa y degustaci\u00f3n Visita Casa Museo Francesco Moser Traslados (ver detalles del tour) Rodadas con guia Abastecimiento durante las rodadas Van de apoyo y servicio t\u00e9cnico basico Taller para bicicleta Garage bike Welcome kit Informaciones sobre los recorridos, rutas en GPX Asistencia en italiano y espa\u00f1ol El Paquete NO Incluye: Boleto de avi\u00f3n Seguro de viaje Renta de bicicleta opcional Gastos personales y servicios no especificados PROGRAMA D\u00eda 1 &#8211;\u00a022 Mayo\u00a0 Nuestro equipo te encontrar\u00e1 en la tarde\/noche\u00a0en el\u00a0aeropuerto Marco Polo de\u00a0Venecia.\u00a0Traslado en la tarde\/noche al Bike Hotel , alojamiento y cena. (nuestro equipo puede organizar tu traslado desde un aeropuerto o lugar diferente con costo extra). D\u00eda 2 &#8211;\u00a023 mayo Tras el desayuno, tendremos una reuni\u00f3n matutina donde entregaremos el welcome kit y repasaremos el programa de la semana. Por la tarde, comenzaremos nuestra primera rodada rumbo a Vicenza, donde presenciaremos la llegada de la 13\u00aa etapa del Giro d\u2019Italia. Vicenza, ciudad Patrimonio de la Humanidad por la UNESCO, es famosa por sus elegantes edificios dise\u00f1ados por Andrea Palladio, uno de los arquitectos m\u00e1s influyentes del siglo XVI. Dificultad: Media Distancia: 104 km Desnivel acumulado: 550 m D\u00eda 3 &#8211;\u00a024 mayo\u00a0 Rodaremos hacia Treviso, donde presenciaremos la salida de la 14\u00aa etapa del Giro d\u2019Italia. En esta segunda jornada, pedalearemos a trav\u00e9s de villas hist\u00f3ricas y encantadores pueblos renacentistas, disfrutando del paisaje \u00fanico de la regi\u00f3n del V\u00e9neto. Una vez en Treviso, ciudad rodeada de murallas y canales con un rico legado hist\u00f3rico, visitaremos el \u201cGiro d\u2019Italia Village\u201d. All\u00ed tendremos la oportunidad de conocer a los equipos mientras se preparan para la etapa, antes de continuar con nuestra rodada. Dificultad: Media Distancia: 81 km Desnivel acumulado: 380 m D\u00eda 4 &#8211;\u00a025 mayo Nuestra tercera rodada nos llevar\u00e1 a vivir un momento \u00e9pico del Giro d\u2019Italia: el paso de los ciclistas en la exigente subida al Monte Grappa (1.775 m). El Monte Grappa es una monta\u00f1a ic\u00f3nica tanto por su valor hist\u00f3rico como por su desaf\u00edo ciclista. Fue escenario de intensas batallas entre italianos y austr\u00edacos durante la Gran Guerra, y en su cumbre se erige el imponente Sacrario del Monte Grappa, en memoria de los miles de soldados ca\u00eddos. Para los amantes de las grandes escaladas, esta es una cima obligatoria en el curr\u00edculum de todo ciclista. Dificultad: Media\/Dif\u00edcil Distancia: 57 km Desnivel acumulado: 1.710 m D\u00eda 5 &#8211;\u00a026 mayo En nuestro cuarto recorrido, pedalearemos hacia el impresionante Lago de Garda, atravesando una ciclopista inmersa en la naturaleza. Este espectacular camino recibi\u00f3 el prestigioso premio &#8220;Carreteras Verdes Italianas 2020&#8221;, considerado el Oscar del cicloturismo en Italia, que cada a\u00f1o reconoce las rutas m\u00e1s bellas y sostenibles del pa\u00eds. Disfrutaremos de un recorrido panor\u00e1mico inolvidable, combinando deporte, paisajes impresionantes y la belleza \u00fanica de esta regi\u00f3n. Dificultad: Media Distancia: 113 km Desnivel acumulado: 1.420 m D\u00eda 6 &#8211; 27 mayo\u00a0 Nuestra quinta rodada nos llevar\u00e1 a la llegada de la 16\u00aa etapa del Giro d\u2019Italia, en el Passo San Valentino, tambi\u00e9n conocido como el \u201cPeque\u00f1o Stelvio\u201d. Disfrutaremos de un recorrido circular que nos llevar\u00e1 hasta los 1.315 metros de altitud, ascendiendo por una subida espectacular en el coraz\u00f3n del Monte Baldo, un entorno natural impresionante que har\u00e1 de esta jornada una experiencia inolvidable. Dificultad: Media\/Dif\u00edcil Distancia: 72 km Desnivel acumulado: 1.700 m D\u00eda 7 &#8211;\u00a028 mayo En nuestra sexta rodada, nos dirigiremos a San Michele all\u2019Adige para presenciar la salida de la 17\u00aa etapa del Giro d\u2019Italia. Recorreremos una hermosa ruta entre naturaleza y vi\u00f1edos, disfrutando del encanto \u00fanico de esta regi\u00f3n. En el camino de regreso, haremos una parada especial en Trento para visitar la casa de Francesco Moser, uno de los ciclistas italianos m\u00e1s victoriosos de la historia. Moser estableci\u00f3 en 1984 el r\u00e9cord de la hora en Ciudad de M\u00e9xico con 51.151 km\/h, dejando una huella imborrable en el ciclismo. En su museo, podremos ver algunas de sus bicicletas, maillots y trofeos, adem\u00e1s de disfrutar de una degustaci\u00f3n de los vinos que el campe\u00f3n ha producido desde su retirada del ciclismo profesional. Dificultad: Media Distancia: 118 km Desnivel acumulado: 870 m D\u00eda 8 &#8211; 29 mayo Despu\u00e9s del desayuno, nuestro equipo te llevar\u00e1 al aeropuerto de Venecia, con llegada estimada a la 1:00 p.m.. Te recomendamos planificar tu vuelo de salida en consecuencia. \u26a0\ufe0f Nota: Las rutas previstas pueden estar sujetas a cambios debido a condiciones meteorol\u00f3gicas u otros imprevistos fuera de nuestra organizaci\u00f3n. T\u00e9rminos y condiciones<\/p>\n","protected":false},"author":1,"featured_media":0,"parent":0,"menu_order":0,"comment_status":"closed","ping_status":"closed","template":"","meta":{"_monsterinsights_skip_tracking":false,"_monsterinsights_sitenote_active":false,"_monsterinsights_sitenote_note":"","_monsterinsights_sitenote_category":0,"footnotes":""},"class_list":["post-11028","page","type-page","status-publish","hentry"],"aioseo_notices":[],"_links":{"self":[{"href":"https:\/\/afuegotravel.com\/index.php\/wp-json\/wp\/v2\/pages\/11028","targetHints":{"allow":["GET"]}}],"collection":[{"href":"https:\/\/afuegotravel.com\/index.php\/wp-json\/wp\/v2\/pages"}],"about":[{"href":"https:\/\/afuegotravel.com\/index.php\/wp-json\/wp\/v2\/types\/page"}],"author":[{"embeddable":true,"href":"https:\/\/afuegotravel.com\/index.php\/wp-json\/wp\/v2\/users\/1"}],"replies":[{"embeddable":true,"href":"https:\/\/afuegotravel.com\/index.php\/wp-json\/wp\/v2\/comments?post=11028"}],"version-history":[{"count":0,"href":"https:\/\/afuegotravel.com\/index.php\/wp-json\/wp\/v2\/pages\/11028\/revisions"}],"wp:attachment":[{"href":"https:\/\/afuegotravel.com\/index.php\/wp-json\/wp\/v2\/media?parent=11028"}],"curies":[{"name":"wp","href":"https:\/\/api.w.org\/{rel}","templated":true}]}}