{"id":12994,"date":"2025-07-22T23:30:41","date_gmt":"2025-07-22T23:30:41","guid":{"rendered":"https:\/\/afuegotravel.com\/?page_id=12994"},"modified":"2026-04-28T19:32:00","modified_gmt":"2026-04-28T19:32:00","slug":"dolomitas-julio-2026","status":"publish","type":"page","link":"https:\/\/afuegotravel.com\/index.php\/dolomitas-julio-2026\/","title":{"rendered":"Dolomitas Julio 2026"},"content":{"rendered":"\t\t<div data-elementor-type=\"wp-page\" data-elementor-id=\"12994\" class=\"elementor elementor-12994\">\n\t\t\t\t\t\t<section class=\"elementor-section elementor-top-section elementor-element elementor-element-f8e716d elementor-section-full_width elementor-section-height-default elementor-section-height-default wpr-particle-no wpr-jarallax-no wpr-parallax-no wpr-sticky-section-no wpr-equal-height-no\" data-id=\"f8e716d\" data-element_type=\"section\" data-e-type=\"section\">\n\t\t\t\t\t\t<div class=\"elementor-container elementor-column-gap-default\">\n\t\t\t\t\t<div class=\"elementor-column elementor-col-100 elementor-top-column elementor-element elementor-element-9afb8f4\" data-id=\"9afb8f4\" data-element_type=\"column\" data-e-type=\"column\">\n\t\t\t<div class=\"elementor-widget-wrap elementor-element-populated\">\n\t\t\t\t\t\t<div class=\"elementor-element elementor-element-f02c488 elementor-widget elementor-widget-shortcode\" data-id=\"f02c488\" data-element_type=\"widget\" data-e-type=\"widget\" data-widget_type=\"shortcode.default\">\n\t\t\t\t<div class=\"elementor-widget-container\">\n\t\t\t\t\t\t\t<div class=\"elementor-shortcode\"><\/div>\n\t\t\t\t\t\t<\/div>\n\t\t\t\t<\/div>\n\t\t\t\t\t<\/div>\n\t\t<\/div>\n\t\t\t\t\t<\/div>\n\t\t<\/section>\n\t\t\t\t<section class=\"elementor-section elementor-top-section elementor-element elementor-element-9d3cf1a elementor-section-boxed elementor-section-height-default elementor-section-height-default wpr-particle-no wpr-jarallax-no wpr-parallax-no wpr-sticky-section-no wpr-equal-height-no\" data-id=\"9d3cf1a\" data-element_type=\"section\" data-e-type=\"section\">\n\t\t\t\t\t\t<div class=\"elementor-container elementor-column-gap-default\">\n\t\t\t\t\t<div class=\"elementor-column elementor-col-100 elementor-top-column elementor-element elementor-element-ed3e4d2\" data-id=\"ed3e4d2\" data-element_type=\"column\" data-e-type=\"column\">\n\t\t\t<div class=\"elementor-widget-wrap elementor-element-populated\">\n\t\t\t\t\t\t<div class=\"elementor-element elementor-element-6517a74 elementor-widget elementor-widget-heading\" data-id=\"6517a74\" data-element_type=\"widget\" data-e-type=\"widget\" data-widget_type=\"heading.default\">\n\t\t\t\t<div class=\"elementor-widget-container\">\n\t\t\t\t\t<h3 class=\"elementor-heading-title elementor-size-default\">08 - 15&nbsp;JULIO 2026<\/h3>\t\t\t\t<\/div>\n\t\t\t\t<\/div>\n\t\t\t\t<div class=\"elementor-element elementor-element-ea13afd elementor-widget elementor-widget-heading\" data-id=\"ea13afd\" data-element_type=\"widget\" data-e-type=\"widget\" data-widget_type=\"heading.default\">\n\t\t\t\t<div class=\"elementor-widget-container\">\n\t\t\t\t\t<h2 class=\"elementor-heading-title elementor-size-default\">STELVIO Y LAS DOLOMITAS<\/h2>\t\t\t\t<\/div>\n\t\t\t\t<\/div>\n\t\t\t\t<div class=\"elementor-element elementor-element-599ea18 elementor-widget elementor-widget-text-editor\" data-id=\"599ea18\" data-element_type=\"widget\" data-e-type=\"widget\" data-widget_type=\"text-editor.default\">\n\t\t\t\t<div class=\"elementor-widget-container\">\n\t\t\t\t\t\t\t\t\t<p>En el noreste de Italia, cerca de la frontera con Austria, las <strong>Dolomitas<\/strong> ejemplifican una belleza alpina sobrenatural. Esta cadena monta\u00f1osa cuenta con 18 cumbres que se yerguen a m\u00e1s de 3.000 metros de altura. El sitio inscrito en la Lista del Patrimonio Mundial, es uno de los paisajes de monta\u00f1a m\u00e1s bellos del mundo, caracterizado por la presencia de paredes verticales, farallones cortados a pico y una gran densidad de valles angostos, profundos y largos.<\/p><p>El\u00a0<b>Paso Stelvio<\/b>\u00a0 a 2.757\u00a0mt es el puerto de monta\u00f1a\u00a0pavimentado de mayor elevaci\u00f3n de los\u00a0Alpes orientales, y el segundo m\u00e1s alto de los\u00a0Alpes. Debe parte de su fama a ser uno de los puertos m\u00e1s duros de unas de las competiciones\u00a0m\u00e1s importante del mundo, el Giro d\u2019Italia.<\/p><p><strong>Informaci\u00f3n de viaje<\/strong><\/p><p><b>8 dias &#8211; 7 noches<\/b><\/p><p><strong>7,500 metros<\/strong> de desnivel \ud83d\udeb4\u200d\u2640\ufe0f &#8211; 350 km en total .<\/p><p><strong>8 puertos<\/strong> a conquistar : Stelvio &#8211; Pordoi &#8211; Sella &#8211; Campolongo &#8211; Gardena &#8211; Valparola &#8211; Falzarego &#8211; Erbe\u00a0<\/p><p>Recorrido medio diario: 64 km<\/p><p>Desnivel medio acumulado diario: 1485 mt<\/p>\t\t\t\t\t\t\t\t<\/div>\n\t\t\t\t<\/div>\n\t\t\t\t\t<\/div>\n\t\t<\/div>\n\t\t\t\t\t<\/div>\n\t\t<\/section>\n\t\t\t\t<section class=\"elementor-section elementor-top-section elementor-element elementor-element-41f218e elementor-section-boxed elementor-section-height-default elementor-section-height-default wpr-particle-no wpr-jarallax-no wpr-parallax-no wpr-sticky-section-no wpr-equal-height-no\" data-id=\"41f218e\" data-element_type=\"section\" data-e-type=\"section\">\n\t\t\t\t\t\t<div class=\"elementor-container elementor-column-gap-default\">\n\t\t\t\t\t<div class=\"elementor-column elementor-col-33 elementor-top-column elementor-element elementor-element-4c21d0b\" data-id=\"4c21d0b\" data-element_type=\"column\" data-e-type=\"column\">\n\t\t\t<div class=\"elementor-widget-wrap\">\n\t\t\t\t\t\t\t<\/div>\n\t\t<\/div>\n\t\t\t\t<div class=\"elementor-column elementor-col-33 elementor-top-column elementor-element elementor-element-144ebdb\" data-id=\"144ebdb\" data-element_type=\"column\" data-e-type=\"column\">\n\t\t\t<div class=\"elementor-widget-wrap elementor-element-populated\">\n\t\t\t\t\t\t<div class=\"elementor-element elementor-element-4fcb90f elementor-widget elementor-widget-html\" data-id=\"4fcb90f\" data-element_type=\"widget\" data-e-type=\"widget\" data-widget_type=\"html.default\">\n\t\t\t\t<div class=\"elementor-widget-container\">\n\t\t\t\t\t<div style=\"text-align: center;\"><button class=\"wtrvl-checkout_button\" id=\"wetravel_button_widget\" data-env=\"https:\/\/www.wetravel.com\" data-version=\"v0.4\" data-uid=\"1197951\" data-uuid=\"58339453\" href=\"https:\/\/www.wetravel.com\/checkout_embed?uuid=58339453\" style=\"background-color:#ee7121;color:#ffffff;border: 0px;border-radius: 5px;font-family: 'Poppins', sans-serif;font-weight: 400;font-size: 14px;-webkit-font-smoothing: antialiased;text-transform: capitalize;padding: 13px 24px;text-decoration: none;text-align: center;line-height: 14px;display: inline-block; cursor: pointer;\">RESERVAR<\/button><\/div> <link href=\"https:\/\/fonts.googleapis.com\/css?family=Poppins\" rel=\"stylesheet\"> <script src=\"https:\/\/cdn.wetravel.com\/widgets\/embed_checkout.js\"><\/script>\t\t\t\t<\/div>\n\t\t\t\t<\/div>\n\t\t\t\t\t<\/div>\n\t\t<\/div>\n\t\t\t\t<div class=\"elementor-column elementor-col-33 elementor-top-column elementor-element elementor-element-31c6ec8\" data-id=\"31c6ec8\" data-element_type=\"column\" data-e-type=\"column\">\n\t\t\t<div class=\"elementor-widget-wrap\">\n\t\t\t\t\t\t\t<\/div>\n\t\t<\/div>\n\t\t\t\t\t<\/div>\n\t\t<\/section>\n\t\t\t\t<section class=\"elementor-section elementor-top-section elementor-element elementor-element-53c3d60 elementor-section-boxed elementor-section-height-default elementor-section-height-default wpr-particle-no wpr-jarallax-no wpr-parallax-no wpr-sticky-section-no wpr-equal-height-no\" data-id=\"53c3d60\" data-element_type=\"section\" data-e-type=\"section\">\n\t\t\t\t\t\t<div class=\"elementor-container elementor-column-gap-default\">\n\t\t\t\t\t<div class=\"elementor-column elementor-col-100 elementor-top-column elementor-element elementor-element-26a8a84\" data-id=\"26a8a84\" data-element_type=\"column\" data-e-type=\"column\">\n\t\t\t<div class=\"elementor-widget-wrap elementor-element-populated\">\n\t\t\t\t\t\t<div class=\"elementor-element elementor-element-2a40dd7 elementor-widget-divider--view-line elementor-widget elementor-widget-divider\" data-id=\"2a40dd7\" data-element_type=\"widget\" data-e-type=\"widget\" data-widget_type=\"divider.default\">\n\t\t\t\t<div class=\"elementor-widget-container\">\n\t\t\t\t\t\t\t<div class=\"elementor-divider\">\n\t\t\t<span class=\"elementor-divider-separator\">\n\t\t\t\t\t\t<\/span>\n\t\t<\/div>\n\t\t\t\t\t\t<\/div>\n\t\t\t\t<\/div>\n\t\t\t\t\t<\/div>\n\t\t<\/div>\n\t\t\t\t\t<\/div>\n\t\t<\/section>\n\t\t\t\t<section class=\"elementor-section elementor-top-section elementor-element elementor-element-0861e50 elementor-section-boxed elementor-section-height-default elementor-section-height-default wpr-particle-no wpr-jarallax-no wpr-parallax-no wpr-sticky-section-no wpr-equal-height-no\" data-id=\"0861e50\" data-element_type=\"section\" data-e-type=\"section\">\n\t\t\t\t\t\t<div class=\"elementor-container elementor-column-gap-default\">\n\t\t\t\t\t<div class=\"elementor-column elementor-col-50 elementor-top-column elementor-element elementor-element-6d557b6\" data-id=\"6d557b6\" data-element_type=\"column\" data-e-type=\"column\">\n\t\t\t<div class=\"elementor-widget-wrap elementor-element-populated\">\n\t\t\t\t\t\t<div class=\"elementor-element elementor-element-fbf21ac elementor-widget elementor-widget-text-editor\" data-id=\"fbf21ac\" data-element_type=\"widget\" data-e-type=\"widget\" data-widget_type=\"text-editor.default\">\n\t\t\t\t<div class=\"elementor-widget-container\">\n\t\t\t\t\t\t\t\t\t<p class=\" colorActive nd_options_first_font \"><b>El Paquete Incluye:<\/b><\/p>\t\t\t\t\t\t\t\t<\/div>\n\t\t\t\t<\/div>\n\t\t\t\t<div class=\"elementor-element elementor-element-094547b elementor-icon-list--layout-traditional elementor-list-item-link-full_width elementor-widget elementor-widget-icon-list\" data-id=\"094547b\" data-element_type=\"widget\" data-e-type=\"widget\" data-widget_type=\"icon-list.default\">\n\t\t\t\t<div class=\"elementor-widget-container\">\n\t\t\t\t\t\t\t<ul class=\"elementor-icon-list-items\">\n\t\t\t\t\t\t\t<li class=\"elementor-icon-list-item\">\n\t\t\t\t\t\t\t\t\t\t\t<span class=\"elementor-icon-list-icon\">\n\t\t\t\t\t\t\t<i aria-hidden=\"true\" class=\"fas fa-hotel\"><\/i>\t\t\t\t\t\t<\/span>\n\t\t\t\t\t\t\t\t\t\t<span class=\"elementor-icon-list-text\">Bike Hotel con desayuno y cena (bebidas de la cena no incluidas)<\/span>\n\t\t\t\t\t\t\t\t\t<\/li>\n\t\t\t\t\t\t\t\t<li class=\"elementor-icon-list-item\">\n\t\t\t\t\t\t\t\t\t\t\t<span class=\"elementor-icon-list-icon\">\n\t\t\t\t\t\t\t<i aria-hidden=\"true\" class=\"fas fa-hands-wash\"><\/i>\t\t\t\t\t\t<\/span>\n\t\t\t\t\t\t\t\t\t\t<span class=\"elementor-icon-list-text\">Lavado de ropa de bici<\/span>\n\t\t\t\t\t\t\t\t\t<\/li>\n\t\t\t\t\t\t\t\t<li class=\"elementor-icon-list-item\">\n\t\t\t\t\t\t\t\t\t\t\t<span class=\"elementor-icon-list-icon\">\n\t\t\t\t\t\t\t<i aria-hidden=\"true\" class=\"fas fa-bus\"><\/i>\t\t\t\t\t\t<\/span>\n\t\t\t\t\t\t\t\t\t\t<span class=\"elementor-icon-list-text\">Traslados (ver detalles del tour)<\/span>\n\t\t\t\t\t\t\t\t\t<\/li>\n\t\t\t\t\t\t\t\t<li class=\"elementor-icon-list-item\">\n\t\t\t\t\t\t\t\t\t\t\t<span class=\"elementor-icon-list-icon\">\n\t\t\t\t\t\t\t<i aria-hidden=\"true\" class=\"fas fa-bicycle\"><\/i>\t\t\t\t\t\t<\/span>\n\t\t\t\t\t\t\t\t\t\t<span class=\"elementor-icon-list-text\">Rodadas con guia<\/span>\n\t\t\t\t\t\t\t\t\t<\/li>\n\t\t\t\t\t\t\t\t<li class=\"elementor-icon-list-item\">\n\t\t\t\t\t\t\t\t\t\t\t<span class=\"elementor-icon-list-icon\">\n\t\t\t\t\t\t\t<i aria-hidden=\"true\" class=\"fas fa-people-arrows\"><\/i>\t\t\t\t\t\t<\/span>\n\t\t\t\t\t\t\t\t\t\t<span class=\"elementor-icon-list-text\">Staff ratio:\u00a01 staff x 4 clientes\u00a0<\/span>\n\t\t\t\t\t\t\t\t\t<\/li>\n\t\t\t\t\t\t\t\t<li class=\"elementor-icon-list-item\">\n\t\t\t\t\t\t\t\t\t\t\t<span class=\"elementor-icon-list-icon\">\n\t\t\t\t\t\t\t<i aria-hidden=\"true\" class=\"fas fa-camera\"><\/i>\t\t\t\t\t\t<\/span>\n\t\t\t\t\t\t\t\t\t\t<span class=\"elementor-icon-list-text\">Fotografo profesional<\/span>\n\t\t\t\t\t\t\t\t\t<\/li>\n\t\t\t\t\t\t\t\t<li class=\"elementor-icon-list-item\">\n\t\t\t\t\t\t\t\t\t\t\t<span class=\"elementor-icon-list-icon\">\n\t\t\t\t\t\t\t<i aria-hidden=\"true\" class=\"fas fa-wine-bottle\"><\/i>\t\t\t\t\t\t<\/span>\n\t\t\t\t\t\t\t\t\t\t<span class=\"elementor-icon-list-text\">Abastecimiento durante las rodadas (snack, refrigerio)<\/span>\n\t\t\t\t\t\t\t\t\t<\/li>\n\t\t\t\t\t\t\t\t<li class=\"elementor-icon-list-item\">\n\t\t\t\t\t\t\t\t\t\t\t<span class=\"elementor-icon-list-icon\">\n\t\t\t\t\t\t\t<i aria-hidden=\"true\" class=\"fas fa-hamburger\"><\/i>\t\t\t\t\t\t<\/span>\n\t\t\t\t\t\t\t\t\t\t<span class=\"elementor-icon-list-text\">Light lunch<\/span>\n\t\t\t\t\t\t\t\t\t<\/li>\n\t\t\t\t\t\t\t\t<li class=\"elementor-icon-list-item\">\n\t\t\t\t\t\t\t\t\t\t\t<span class=\"elementor-icon-list-icon\">\n\t\t\t\t\t\t\t<i aria-hidden=\"true\" class=\"fas fa-shuttle-van\"><\/i>\t\t\t\t\t\t<\/span>\n\t\t\t\t\t\t\t\t\t\t<span class=\"elementor-icon-list-text\">Van de apoyo y servicio t\u00e9cnico basico<\/span>\n\t\t\t\t\t\t\t\t\t<\/li>\n\t\t\t\t\t\t\t\t<li class=\"elementor-icon-list-item\">\n\t\t\t\t\t\t\t\t\t\t\t<span class=\"elementor-icon-list-icon\">\n\t\t\t\t\t\t\t<i aria-hidden=\"true\" class=\"fas fa-tools\"><\/i>\t\t\t\t\t\t<\/span>\n\t\t\t\t\t\t\t\t\t\t<span class=\"elementor-icon-list-text\">Taller para bicicleta<\/span>\n\t\t\t\t\t\t\t\t\t<\/li>\n\t\t\t\t\t\t\t\t<li class=\"elementor-icon-list-item\">\n\t\t\t\t\t\t\t\t\t\t\t<span class=\"elementor-icon-list-icon\">\n\t\t\t\t\t\t\t<i aria-hidden=\"true\" class=\"fas fa-home\"><\/i>\t\t\t\t\t\t<\/span>\n\t\t\t\t\t\t\t\t\t\t<span class=\"elementor-icon-list-text\">Garage bike<\/span>\n\t\t\t\t\t\t\t\t\t<\/li>\n\t\t\t\t\t\t\t\t<li class=\"elementor-icon-list-item\">\n\t\t\t\t\t\t\t\t\t\t\t<span class=\"elementor-icon-list-icon\">\n\t\t\t\t\t\t\t<i aria-hidden=\"true\" class=\"fas fa-gift\"><\/i>\t\t\t\t\t\t<\/span>\n\t\t\t\t\t\t\t\t\t\t<span class=\"elementor-icon-list-text\">Welcome kit valor 200 EUR<\/span>\n\t\t\t\t\t\t\t\t\t<\/li>\n\t\t\t\t\t\t\t\t<li class=\"elementor-icon-list-item\">\n\t\t\t\t\t\t\t\t\t\t\t<span class=\"elementor-icon-list-icon\">\n\t\t\t\t\t\t\t<i aria-hidden=\"true\" class=\"fas fa-money-check-alt\"><\/i>\t\t\t\t\t\t<\/span>\n\t\t\t\t\t\t\t\t\t\t<span class=\"elementor-icon-list-text\">Impuestos locales<\/span>\n\t\t\t\t\t\t\t\t\t<\/li>\n\t\t\t\t\t\t\t\t<li class=\"elementor-icon-list-item\">\n\t\t\t\t\t\t\t\t\t\t\t<span class=\"elementor-icon-list-icon\">\n\t\t\t\t\t\t\t<i aria-hidden=\"true\" class=\"fas fa-info\"><\/i>\t\t\t\t\t\t<\/span>\n\t\t\t\t\t\t\t\t\t\t<span class=\"elementor-icon-list-text\">Informaciones sobre los recorridos, Rutas en GPX<\/span>\n\t\t\t\t\t\t\t\t\t<\/li>\n\t\t\t\t\t\t\t\t<li class=\"elementor-icon-list-item\">\n\t\t\t\t\t\t\t\t\t\t\t<span class=\"elementor-icon-list-icon\">\n\t\t\t\t\t\t\t<i aria-hidden=\"true\" class=\"fas fa-comment\"><\/i>\t\t\t\t\t\t<\/span>\n\t\t\t\t\t\t\t\t\t\t<span class=\"elementor-icon-list-text\">Asistencia en italiano y espa\u00f1ol<\/span>\n\t\t\t\t\t\t\t\t\t<\/li>\n\t\t\t\t\t\t<\/ul>\n\t\t\t\t\t\t<\/div>\n\t\t\t\t<\/div>\n\t\t\t\t\t<\/div>\n\t\t<\/div>\n\t\t\t\t<div class=\"elementor-column elementor-col-50 elementor-top-column elementor-element elementor-element-b08357a\" data-id=\"b08357a\" data-element_type=\"column\" data-e-type=\"column\">\n\t\t\t<div class=\"elementor-widget-wrap elementor-element-populated\">\n\t\t\t\t\t\t<div class=\"elementor-element elementor-element-0f80af5 elementor-widget elementor-widget-text-editor\" data-id=\"0f80af5\" data-element_type=\"widget\" data-e-type=\"widget\" data-widget_type=\"text-editor.default\">\n\t\t\t\t<div class=\"elementor-widget-container\">\n\t\t\t\t\t\t\t\t\t<p class=\" colorActive nd_options_first_font \"><strong>El Paquete NO Incluye:<\/strong><\/p>\t\t\t\t\t\t\t\t<\/div>\n\t\t\t\t<\/div>\n\t\t\t\t<div class=\"elementor-element elementor-element-a8599d3 elementor-icon-list--layout-traditional elementor-list-item-link-full_width elementor-widget elementor-widget-icon-list\" data-id=\"a8599d3\" data-element_type=\"widget\" data-e-type=\"widget\" data-widget_type=\"icon-list.default\">\n\t\t\t\t<div class=\"elementor-widget-container\">\n\t\t\t\t\t\t\t<ul class=\"elementor-icon-list-items\">\n\t\t\t\t\t\t\t<li class=\"elementor-icon-list-item\">\n\t\t\t\t\t\t\t\t\t\t\t<span class=\"elementor-icon-list-icon\">\n\t\t\t\t\t\t\t<i aria-hidden=\"true\" class=\"fas fa-times\"><\/i>\t\t\t\t\t\t<\/span>\n\t\t\t\t\t\t\t\t\t\t<span class=\"elementor-icon-list-text\">Boleto de avi\u00f3n<\/span>\n\t\t\t\t\t\t\t\t\t<\/li>\n\t\t\t\t\t\t\t\t<li class=\"elementor-icon-list-item\">\n\t\t\t\t\t\t\t\t\t\t\t<span class=\"elementor-icon-list-icon\">\n\t\t\t\t\t\t\t<i aria-hidden=\"true\" class=\"fas fa-times\"><\/i>\t\t\t\t\t\t<\/span>\n\t\t\t\t\t\t\t\t\t\t<span class=\"elementor-icon-list-text\">Seguro de viaje<\/span>\n\t\t\t\t\t\t\t\t\t<\/li>\n\t\t\t\t\t\t\t\t<li class=\"elementor-icon-list-item\">\n\t\t\t\t\t\t\t\t\t\t\t<span class=\"elementor-icon-list-icon\">\n\t\t\t\t\t\t\t<i aria-hidden=\"true\" class=\"fas fa-times\"><\/i>\t\t\t\t\t\t<\/span>\n\t\t\t\t\t\t\t\t\t\t<span class=\"elementor-icon-list-text\">Renta de bicicleta <\/span>\n\t\t\t\t\t\t\t\t\t<\/li>\n\t\t\t\t\t\t\t\t<li class=\"elementor-icon-list-item\">\n\t\t\t\t\t\t\t\t\t\t\t<span class=\"elementor-icon-list-icon\">\n\t\t\t\t\t\t\t<i aria-hidden=\"true\" class=\"fas fa-times\"><\/i>\t\t\t\t\t\t<\/span>\n\t\t\t\t\t\t\t\t\t\t<span class=\"elementor-icon-list-text\">Gastos personales y servicios no especificados<\/span>\n\t\t\t\t\t\t\t\t\t<\/li>\n\t\t\t\t\t\t<\/ul>\n\t\t\t\t\t\t<\/div>\n\t\t\t\t<\/div>\n\t\t\t\t\t<\/div>\n\t\t<\/div>\n\t\t\t\t\t<\/div>\n\t\t<\/section>\n\t\t\t\t<section class=\"elementor-section elementor-top-section elementor-element elementor-element-9efd079 elementor-section-boxed elementor-section-height-default elementor-section-height-default wpr-particle-no wpr-jarallax-no wpr-parallax-no wpr-sticky-section-no wpr-equal-height-no\" data-id=\"9efd079\" data-element_type=\"section\" data-e-type=\"section\">\n\t\t\t\t\t\t<div class=\"elementor-container elementor-column-gap-default\">\n\t\t\t\t\t<div class=\"elementor-column elementor-col-100 elementor-top-column elementor-element elementor-element-13313bb\" data-id=\"13313bb\" data-element_type=\"column\" data-e-type=\"column\">\n\t\t\t<div class=\"elementor-widget-wrap elementor-element-populated\">\n\t\t\t\t\t\t<div class=\"elementor-element elementor-element-e12683a elementor-widget-divider--view-line elementor-widget elementor-widget-divider\" data-id=\"e12683a\" data-element_type=\"widget\" data-e-type=\"widget\" data-widget_type=\"divider.default\">\n\t\t\t\t<div class=\"elementor-widget-container\">\n\t\t\t\t\t\t\t<div class=\"elementor-divider\">\n\t\t\t<span class=\"elementor-divider-separator\">\n\t\t\t\t\t\t<\/span>\n\t\t<\/div>\n\t\t\t\t\t\t<\/div>\n\t\t\t\t<\/div>\n\t\t\t\t<div class=\"elementor-element elementor-element-5a905a2 elementor-arrows-position-inside elementor-pagination-position-outside elementor-widget elementor-widget-image-carousel\" data-id=\"5a905a2\" data-element_type=\"widget\" data-e-type=\"widget\" data-settings=\"{&quot;slides_to_show&quot;:&quot;2&quot;,&quot;navigation&quot;:&quot;both&quot;,&quot;autoplay&quot;:&quot;yes&quot;,&quot;pause_on_hover&quot;:&quot;yes&quot;,&quot;pause_on_interaction&quot;:&quot;yes&quot;,&quot;autoplay_speed&quot;:5000,&quot;infinite&quot;:&quot;yes&quot;,&quot;speed&quot;:500}\" data-widget_type=\"image-carousel.default\">\n\t\t\t\t<div class=\"elementor-widget-container\">\n\t\t\t\t\t\t\t<div class=\"elementor-image-carousel-wrapper swiper\" role=\"region\" aria-roledescription=\"carousel\" aria-label=\"Image Carousel\" dir=\"ltr\">\n\t\t\t<div class=\"elementor-image-carousel swiper-wrapper swiper-image-stretch\" aria-live=\"off\">\n\t\t\t\t\t\t\t\t<div class=\"swiper-slide\" role=\"group\" aria-roledescription=\"slide\" aria-label=\"1 of 5\"><figure class=\"swiper-slide-inner\"><img decoding=\"async\" class=\"swiper-slide-image\" src=\"https:\/\/afuegotravel.com\/wp-content\/uploads\/2023\/10\/sanpellegrino5.jpg\" alt=\"sanpellegrino5\" \/><\/figure><\/div><div class=\"swiper-slide\" role=\"group\" aria-roledescription=\"slide\" aria-label=\"2 of 5\"><figure class=\"swiper-slide-inner\"><img decoding=\"async\" class=\"swiper-slide-image\" src=\"https:\/\/afuegotravel.com\/wp-content\/uploads\/2023\/10\/sanpellegrino4.jpeg\" alt=\"sanpellegrino4\" \/><\/figure><\/div><div class=\"swiper-slide\" role=\"group\" aria-roledescription=\"slide\" aria-label=\"3 of 5\"><figure class=\"swiper-slide-inner\"><img decoding=\"async\" class=\"swiper-slide-image\" src=\"https:\/\/afuegotravel.com\/wp-content\/uploads\/2023\/10\/sella5.jpg\" alt=\"sella5\" \/><\/figure><\/div><div class=\"swiper-slide\" role=\"group\" aria-roledescription=\"slide\" aria-label=\"4 of 5\"><figure class=\"swiper-slide-inner\"><img decoding=\"async\" class=\"swiper-slide-image\" src=\"https:\/\/afuegotravel.com\/wp-content\/uploads\/2023\/10\/sella4.jpeg\" alt=\"sella4\" \/><\/figure><\/div><div class=\"swiper-slide\" role=\"group\" aria-roledescription=\"slide\" aria-label=\"5 of 5\"><figure class=\"swiper-slide-inner\"><img decoding=\"async\" class=\"swiper-slide-image\" src=\"https:\/\/afuegotravel.com\/wp-content\/uploads\/2023\/10\/sella2.jpg\" alt=\"sella2\" \/><\/figure><\/div>\t\t\t<\/div>\n\t\t\t\t\t\t\t\t\t\t\t\t<div class=\"elementor-swiper-button elementor-swiper-button-prev\" role=\"button\" tabindex=\"0\">\n\t\t\t\t\t\t<i aria-hidden=\"true\" class=\"eicon-chevron-left\"><\/i>\t\t\t\t\t<\/div>\n\t\t\t\t\t<div class=\"elementor-swiper-button elementor-swiper-button-next\" role=\"button\" tabindex=\"0\">\n\t\t\t\t\t\t<i aria-hidden=\"true\" class=\"eicon-chevron-right\"><\/i>\t\t\t\t\t<\/div>\n\t\t\t\t\n\t\t\t\t\t\t\t\t\t<div class=\"swiper-pagination\"><\/div>\n\t\t\t\t\t\t\t\t\t<\/div>\n\t\t\t\t\t\t<\/div>\n\t\t\t\t<\/div>\n\t\t\t\t\t<\/div>\n\t\t<\/div>\n\t\t\t\t\t<\/div>\n\t\t<\/section>\n\t\t\t\t<section class=\"elementor-section elementor-top-section elementor-element elementor-element-238d188 elementor-section-boxed elementor-section-height-default elementor-section-height-default wpr-particle-no wpr-jarallax-no wpr-parallax-no wpr-sticky-section-no wpr-equal-height-no\" data-id=\"238d188\" data-element_type=\"section\" data-e-type=\"section\">\n\t\t\t\t\t\t<div class=\"elementor-container elementor-column-gap-default\">\n\t\t\t\t\t<div class=\"elementor-column elementor-col-100 elementor-top-column elementor-element elementor-element-e66c0c3\" data-id=\"e66c0c3\" data-element_type=\"column\" data-e-type=\"column\">\n\t\t\t<div class=\"elementor-widget-wrap elementor-element-populated\">\n\t\t\t\t\t\t<div class=\"elementor-element elementor-element-1aa0c49 elementor-widget elementor-widget-heading\" data-id=\"1aa0c49\" data-element_type=\"widget\" data-e-type=\"widget\" data-widget_type=\"heading.default\">\n\t\t\t\t<div class=\"elementor-widget-container\">\n\t\t\t\t\t<h2 class=\"elementor-heading-title elementor-size-default\">PROGRAMA\/ITINERARIO<\/h2>\t\t\t\t<\/div>\n\t\t\t\t<\/div>\n\t\t\t\t<div class=\"elementor-element elementor-element-1609386 elementor-widget-divider--view-line elementor-widget elementor-widget-divider\" data-id=\"1609386\" data-element_type=\"widget\" data-e-type=\"widget\" data-widget_type=\"divider.default\">\n\t\t\t\t<div class=\"elementor-widget-container\">\n\t\t\t\t\t\t\t<div class=\"elementor-divider\">\n\t\t\t<span class=\"elementor-divider-separator\">\n\t\t\t\t\t\t<\/span>\n\t\t<\/div>\n\t\t\t\t\t\t<\/div>\n\t\t\t\t<\/div>\n\t\t\t\t\t<\/div>\n\t\t<\/div>\n\t\t\t\t\t<\/div>\n\t\t<\/section>\n\t\t\t\t<section class=\"elementor-section elementor-top-section elementor-element elementor-element-75f1cf4 elementor-section-boxed elementor-section-height-default elementor-section-height-default wpr-particle-no wpr-jarallax-no wpr-parallax-no wpr-sticky-section-no wpr-equal-height-no\" data-id=\"75f1cf4\" data-element_type=\"section\" data-e-type=\"section\">\n\t\t\t\t\t\t<div class=\"elementor-container elementor-column-gap-default\">\n\t\t\t\t\t<div class=\"elementor-column elementor-col-100 elementor-top-column elementor-element elementor-element-5b5b189\" data-id=\"5b5b189\" data-element_type=\"column\" data-e-type=\"column\">\n\t\t\t<div class=\"elementor-widget-wrap elementor-element-populated\">\n\t\t\t\t\t\t<div class=\"elementor-element elementor-element-164db25 elementor-widget elementor-widget-text-editor\" data-id=\"164db25\" data-element_type=\"widget\" data-e-type=\"widget\" data-widget_type=\"text-editor.default\">\n\t\t\t\t<div class=\"elementor-widget-container\">\n\t\t\t\t\t\t\t\t\t<p style=\"outline-color: #ee7121; color: #000000;\"><span style=\"outline-color: #ee7121; color: #ff6600;\"><span style=\"outline-color: #ee7121; font-weight: bold;\">D\u00eda 1 &#8211; Miercoles 08\/07<\/span><\/span><\/p><p style=\"outline-color: #ee7121; color: #000000;\">Nuestro equipo te encontrar\u00e1 al\u00a0<span style=\"outline-color: #ee7121; font-weight: bolder;\">mediod\u00eda<\/span>\u00a0en el\u00a0<span style=\"outline-color: #ee7121; font-weight: bolder;\">aeropuerto de<\/span>\u00a0<span style=\"outline-color: #ee7121; font-weight: bolder;\">Venecia.<\/span>\u00a0Traslado al mediodia al Bike Hotel\u00a0 (Dolomiti, Val Badia), alojamiento y cena. (nuestro equipo puede organizar tu traslado desde un aeropuerto o lugar diferente con costo extra).<\/p>\t\t\t\t\t\t\t\t<\/div>\n\t\t\t\t<\/div>\n\t\t\t\t\t<\/div>\n\t\t<\/div>\n\t\t\t\t\t<\/div>\n\t\t<\/section>\n\t\t\t\t<section class=\"elementor-section elementor-top-section elementor-element elementor-element-6437ae2 elementor-section-boxed elementor-section-height-default elementor-section-height-default wpr-particle-no wpr-jarallax-no wpr-parallax-no wpr-sticky-section-no wpr-equal-height-no\" data-id=\"6437ae2\" data-element_type=\"section\" data-e-type=\"section\">\n\t\t\t\t\t\t<div class=\"elementor-container elementor-column-gap-default\">\n\t\t\t\t\t<div class=\"elementor-column elementor-col-100 elementor-top-column elementor-element elementor-element-d6780a6\" data-id=\"d6780a6\" data-element_type=\"column\" data-e-type=\"column\">\n\t\t\t<div class=\"elementor-widget-wrap elementor-element-populated\">\n\t\t\t\t\t\t<div class=\"elementor-element elementor-element-26ea136 elementor-widget elementor-widget-text-editor\" data-id=\"26ea136\" data-element_type=\"widget\" data-e-type=\"widget\" data-widget_type=\"text-editor.default\">\n\t\t\t\t<div class=\"elementor-widget-container\">\n\t\t\t\t\t\t\t\t\t<p style=\"outline-color: #ee7121; color: #000000;\"><span style=\"outline-color: #ee7121; color: #ff6600;\"><span style=\"outline-color: #ee7121; font-weight: bold;\">D\u00eda 2 &#8211; Jueves 09\/07 &#8211; 1\u00b0 rodada -Rifugio Peder\u00fc<\/span><\/span><\/p><p style=\"outline-color: #ee7121; color: #000000;\" data-pm-slice=\"1 3 []\">Nuestra primera salida nos llevar\u00e1 a descubrir la belleza de la Val Badia y sus impresionantes paisajes. Pedalearemos hasta el refugio Peder\u00fc, en la entrada del Parque Natural Fanes-Senes-Braies.<\/p><ul style=\"outline-color: #ee7121; color: #000000;\" data-spread=\"false\"><li style=\"outline-color: #ee7121;\"><p style=\"outline-color: #ee7121;\"><span style=\"outline-color: #ee7121; font-weight: bolder;\">Dificultad:<\/span>\u00a0Media<\/p><\/li><\/ul>\t\t\t\t\t\t\t\t<\/div>\n\t\t\t\t<\/div>\n\t\t\t\t\t<\/div>\n\t\t<\/div>\n\t\t\t\t\t<\/div>\n\t\t<\/section>\n\t\t\t\t<section class=\"elementor-section elementor-top-section elementor-element elementor-element-d97f6e4 elementor-section-boxed elementor-section-height-default elementor-section-height-default wpr-particle-no wpr-jarallax-no wpr-parallax-no wpr-sticky-section-no wpr-equal-height-no\" data-id=\"d97f6e4\" data-element_type=\"section\" data-e-type=\"section\">\n\t\t\t\t\t\t<div class=\"elementor-container elementor-column-gap-default\">\n\t\t\t\t\t<div class=\"elementor-column elementor-col-100 elementor-top-column elementor-element elementor-element-eef21cf\" data-id=\"eef21cf\" data-element_type=\"column\" data-e-type=\"column\">\n\t\t\t<div class=\"elementor-widget-wrap elementor-element-populated\">\n\t\t\t\t\t\t<div class=\"elementor-element elementor-element-0384bbe elementor-widget elementor-widget-html\" data-id=\"0384bbe\" data-element_type=\"widget\" data-e-type=\"widget\" data-widget_type=\"html.default\">\n\t\t\t\t<div class=\"elementor-widget-container\">\n\t\t\t\t\t<iframe src=\"https:\/\/www.komoot.com\/es-es\/tour\/1617494680\/embed?share_token=a7Tb59hiMwKASQoFlk2myadx0vnquCCRZys9WHB2hqJsf57li6&profile=1\" width=\"100%\" height=\"700\" frameborder=\"0\" scrolling=\"no\"><\/iframe>\t\t\t\t<\/div>\n\t\t\t\t<\/div>\n\t\t\t\t\t<\/div>\n\t\t<\/div>\n\t\t\t\t\t<\/div>\n\t\t<\/section>\n\t\t\t\t<section class=\"elementor-section elementor-top-section elementor-element elementor-element-871885c elementor-section-boxed elementor-section-height-default elementor-section-height-default wpr-particle-no wpr-jarallax-no wpr-parallax-no wpr-sticky-section-no wpr-equal-height-no\" data-id=\"871885c\" data-element_type=\"section\" data-e-type=\"section\">\n\t\t\t\t\t\t<div class=\"elementor-container elementor-column-gap-default\">\n\t\t\t\t\t<div class=\"elementor-column elementor-col-100 elementor-top-column elementor-element elementor-element-e15f950\" data-id=\"e15f950\" data-element_type=\"column\" data-e-type=\"column\">\n\t\t\t<div class=\"elementor-widget-wrap elementor-element-populated\">\n\t\t\t\t\t\t<div class=\"elementor-element elementor-element-cf13dc8 elementor-widget elementor-widget-text-editor\" data-id=\"cf13dc8\" data-element_type=\"widget\" data-e-type=\"widget\" data-widget_type=\"text-editor.default\">\n\t\t\t\t<div class=\"elementor-widget-container\">\n\t\t\t\t\t\t\t\t\t<p style=\"outline-color: #ee7121; color: #000000;\"><span style=\"outline-color: #ee7121; color: #ff6600;\"><span style=\"outline-color: #ee7121; font-weight: bold;\">D\u00eda 3 &#8211; Viernes 10\/07 &#8211; 2\u00b0 rodada &#8211;\u00a0 Passo Erbe y Bressanone<\/span><\/span><\/p><p style=\"outline-color: #ee7121; color: #000000;\" data-pm-slice=\"1 1 []\">Un recorrido espectacular a trav\u00e9s de los paisajes m\u00e1s evocadores de las Dolomitas. Cruzaremos verdes prados y majestuosos picos mientras nos dirigimos a la hist\u00f3rica ciudad de Bressanone. La subida al Passo delle Erbe incluye curvas desafiantes y rampas de hasta un 16%.<\/p><ul style=\"outline-color: #ee7121; color: #000000;\" data-spread=\"false\"><li style=\"outline-color: #ee7121;\"><p style=\"outline-color: #ee7121;\"><span style=\"outline-color: #ee7121; font-weight: bolder;\">Dificultad:<\/span>\u00a0Media<\/p><\/li><li style=\"outline-color: #ee7121;\"><p style=\"outline-color: #ee7121;\"><span style=\"outline-color: #ee7121; font-weight: bolder;\">Subida Passo Erbe:<\/span>\u00a028,8 km &#8211; Pendiente media: 6,6% &#8211; M\u00e1xima: 12,1%<\/p><\/li><\/ul>\t\t\t\t\t\t\t\t<\/div>\n\t\t\t\t<\/div>\n\t\t\t\t\t<\/div>\n\t\t<\/div>\n\t\t\t\t\t<\/div>\n\t\t<\/section>\n\t\t\t\t<section class=\"elementor-section elementor-top-section elementor-element elementor-element-86e02d4 elementor-section-boxed elementor-section-height-default elementor-section-height-default wpr-particle-no wpr-jarallax-no wpr-parallax-no wpr-sticky-section-no wpr-equal-height-no\" data-id=\"86e02d4\" data-element_type=\"section\" data-e-type=\"section\">\n\t\t\t\t\t\t<div class=\"elementor-container elementor-column-gap-default\">\n\t\t\t\t\t<div class=\"elementor-column elementor-col-100 elementor-top-column elementor-element elementor-element-4e83437\" data-id=\"4e83437\" data-element_type=\"column\" data-e-type=\"column\">\n\t\t\t<div class=\"elementor-widget-wrap elementor-element-populated\">\n\t\t\t\t\t\t<div class=\"elementor-element elementor-element-33325be elementor-widget elementor-widget-html\" data-id=\"33325be\" data-element_type=\"widget\" data-e-type=\"widget\" data-widget_type=\"html.default\">\n\t\t\t\t<div class=\"elementor-widget-container\">\n\t\t\t\t\t<iframe src=\"https:\/\/www.komoot.com\/es-es\/tour\/2369031524\/embed?share_token=aKr29tJf66ZM6KF6pdDhHlumQFv8pNOuKer4JrLNwBZRVCo0E4&profile=1\" width=\"100%\" height=\"700\" frameborder=\"0\" scrolling=\"no\"><\/iframe>\t\t\t\t<\/div>\n\t\t\t\t<\/div>\n\t\t\t\t\t<\/div>\n\t\t<\/div>\n\t\t\t\t\t<\/div>\n\t\t<\/section>\n\t\t\t\t<section class=\"elementor-section elementor-top-section elementor-element elementor-element-c9e1584 elementor-section-boxed elementor-section-height-default elementor-section-height-default wpr-particle-no wpr-jarallax-no wpr-parallax-no wpr-sticky-section-no wpr-equal-height-no\" data-id=\"c9e1584\" data-element_type=\"section\" data-e-type=\"section\">\n\t\t\t\t\t\t<div class=\"elementor-container elementor-column-gap-default\">\n\t\t\t\t\t<div class=\"elementor-column elementor-col-100 elementor-top-column elementor-element elementor-element-ae123c2\" data-id=\"ae123c2\" data-element_type=\"column\" data-e-type=\"column\">\n\t\t\t<div class=\"elementor-widget-wrap elementor-element-populated\">\n\t\t\t\t\t\t<div class=\"elementor-element elementor-element-ce4d0b1 elementor-widget elementor-widget-text-editor\" data-id=\"ce4d0b1\" data-element_type=\"widget\" data-e-type=\"widget\" data-widget_type=\"text-editor.default\">\n\t\t\t\t<div class=\"elementor-widget-container\">\n\t\t\t\t\t\t\t\t\t<p style=\"outline-color: #ee7121; color: #000000;\">\u00a0<span style=\"outline-color: #ee7121; color: #ff6600;\"><span style=\"outline-color: #ee7121; font-weight: bold;\">D\u00eda 4 &#8211; Sabado 11\/07 &#8211; 3\u00b0 rodada &#8211; Sella Ronda<\/span><\/span><\/p><p style=\"outline-color: #ee7121; color: #000000;\" data-pm-slice=\"1 3 []\">Uno de los recorridos m\u00e1s ic\u00f3nicos del mundo ciclista. El Sella Ronda atraviesa cuatro legendarios puertos de monta\u00f1a: Campolongo, Pordoi, Sella y Gardena. Un desaf\u00edo impresionante en pleno coraz\u00f3n de las Dolomitas, Patrimonio de la Humanidad por la UNESCO.<\/p><ul style=\"outline-color: #ee7121; color: #000000;\" data-spread=\"false\"><li style=\"outline-color: #ee7121;\"><p style=\"outline-color: #ee7121;\"><span style=\"outline-color: #ee7121; font-weight: bolder;\">Dificultad:<\/span>\u00a0Media<\/p><\/li><\/ul><p style=\"outline-color: #ee7121; color: #000000;\"><span style=\"outline-color: #ee7121; font-weight: bolder;\">Detalles de las subidas:<\/span><\/p><ul style=\"outline-color: #ee7121; color: #000000;\" data-spread=\"false\"><li style=\"outline-color: #ee7121;\"><p style=\"outline-color: #ee7121;\"><span style=\"outline-color: #ee7121; font-weight: bolder;\">Passo Gardena:<\/span>\u00a08,3 km &#8211; Pendiente media: 6,6% &#8211; M\u00e1xima: 7,6%<\/p><\/li><li style=\"outline-color: #ee7121;\"><p style=\"outline-color: #ee7121;\"><span style=\"outline-color: #ee7121; font-weight: bolder;\">Passo Sella:<\/span>\u00a05,3 km &#8211; Pendiente media: 6,8% &#8211; M\u00e1xima: 8,2%<\/p><\/li><li style=\"outline-color: #ee7121;\"><p style=\"outline-color: #ee7121;\"><span style=\"outline-color: #ee7121; font-weight: bolder;\">Passo Pordoi:<\/span>\u00a06,2 km &#8211; Pendiente media: 6,8% &#8211; M\u00e1xima: 8,3%<\/p><\/li><li style=\"outline-color: #ee7121;\"><p style=\"outline-color: #ee7121;\"><span style=\"outline-color: #ee7121; font-weight: bolder;\">Passo Campolongo:<\/span>\u00a03,9 km &#8211; Pendiente media: 7% &#8211; M\u00e1xima: 10%<\/p><\/li><\/ul>\t\t\t\t\t\t\t\t<\/div>\n\t\t\t\t<\/div>\n\t\t\t\t\t<\/div>\n\t\t<\/div>\n\t\t\t\t\t<\/div>\n\t\t<\/section>\n\t\t\t\t<section class=\"elementor-section elementor-top-section elementor-element elementor-element-7916c2a elementor-section-boxed elementor-section-height-default elementor-section-height-default wpr-particle-no wpr-jarallax-no wpr-parallax-no wpr-sticky-section-no wpr-equal-height-no\" data-id=\"7916c2a\" data-element_type=\"section\" data-e-type=\"section\">\n\t\t\t\t\t\t<div class=\"elementor-container elementor-column-gap-default\">\n\t\t\t\t\t<div class=\"elementor-column elementor-col-100 elementor-top-column elementor-element elementor-element-9b23e93\" data-id=\"9b23e93\" data-element_type=\"column\" data-e-type=\"column\">\n\t\t\t<div class=\"elementor-widget-wrap elementor-element-populated\">\n\t\t\t\t\t\t<div class=\"elementor-element elementor-element-f5acf0b elementor-widget elementor-widget-html\" data-id=\"f5acf0b\" data-element_type=\"widget\" data-e-type=\"widget\" data-widget_type=\"html.default\">\n\t\t\t\t<div class=\"elementor-widget-container\">\n\t\t\t\t\t<iframe src=\"https:\/\/www.komoot.com\/es-es\/tour\/1477026407\/embed?share_token=a8cildOYxLyCq3FqT950sAX6v9o353gWYj3kx6vanAEq1PWLE3&profile=1\" width=\"100%\" height=\"700\" frameborder=\"0\" scrolling=\"no\"><\/iframe>\t\t\t\t<\/div>\n\t\t\t\t<\/div>\n\t\t\t\t\t<\/div>\n\t\t<\/div>\n\t\t\t\t\t<\/div>\n\t\t<\/section>\n\t\t\t\t<section class=\"elementor-section elementor-top-section elementor-element elementor-element-c2e65ed elementor-section-boxed elementor-section-height-default elementor-section-height-default wpr-particle-no wpr-jarallax-no wpr-parallax-no wpr-sticky-section-no wpr-equal-height-no\" data-id=\"c2e65ed\" data-element_type=\"section\" data-e-type=\"section\">\n\t\t\t\t\t\t<div class=\"elementor-container elementor-column-gap-default\">\n\t\t\t\t\t<div class=\"elementor-column elementor-col-100 elementor-top-column elementor-element elementor-element-e6e3cdb\" data-id=\"e6e3cdb\" data-element_type=\"column\" data-e-type=\"column\">\n\t\t\t<div class=\"elementor-widget-wrap elementor-element-populated\">\n\t\t\t\t\t\t<div class=\"elementor-element elementor-element-53162e4 elementor-widget elementor-widget-text-editor\" data-id=\"53162e4\" data-element_type=\"widget\" data-e-type=\"widget\" data-widget_type=\"text-editor.default\">\n\t\t\t\t<div class=\"elementor-widget-container\">\n\t\t\t\t\t\t\t\t\t<p style=\"outline-color: #ee7121; color: #000000;\">\u00a0<span style=\"outline-color: #ee7121; color: #ff6600;\"><span style=\"outline-color: #ee7121; font-weight: bold;\">D\u00eda 5 &#8211; Domingo 12\/07\u00a0 &#8211; 4\u00b0 rodada &#8211; Fodom Tour<\/span><\/span><\/p><p style=\"outline-color: #ee7121; color: #000000;\" data-pm-slice=\"1 3 []\">Un desaf\u00edo en un entorno \u00fanico. Subiremos tres ic\u00f3nicos puertos: Campolongo, Falzarego y Valparola. El paso Falzarego, con vistas al Sass de Stria y Lagazuoi, fue escenario de la Gran Guerra. El Valparola nos sorprender\u00e1 con sus paisajes y una exigente pendiente final del 8-9%.<\/p><ul style=\"outline-color: #ee7121; color: #000000;\" data-spread=\"false\"><li style=\"outline-color: #ee7121;\"><p style=\"outline-color: #ee7121;\"><span style=\"outline-color: #ee7121; font-weight: bolder;\">Dificultad:<\/span>\u00a0Media<\/p><\/li><\/ul><p style=\"outline-color: #ee7121; color: #000000;\"><span style=\"outline-color: #ee7121; font-weight: bolder;\">Detalles de las subidas:<\/span><\/p><ul style=\"outline-color: #ee7121; color: #000000;\" data-spread=\"false\"><li style=\"outline-color: #ee7121;\"><p style=\"outline-color: #ee7121;\"><span style=\"outline-color: #ee7121; font-weight: bolder;\">Passo Falzarego:<\/span>\u00a011 km &#8211; Pendiente media: 6,5% &#8211; M\u00e1xima: 10%<\/p><\/li><li style=\"outline-color: #ee7121;\"><p style=\"outline-color: #ee7121;\"><span style=\"outline-color: #ee7121; font-weight: bolder;\">Passo Valparola:<\/span>\u00a01,5 km &#8211; Pendiente media: 7% &#8211; M\u00e1xima: 13%<\/p><\/li><\/ul>\t\t\t\t\t\t\t\t<\/div>\n\t\t\t\t<\/div>\n\t\t\t\t\t<\/div>\n\t\t<\/div>\n\t\t\t\t\t<\/div>\n\t\t<\/section>\n\t\t\t\t<section class=\"elementor-section elementor-top-section elementor-element elementor-element-e4ffc4e elementor-section-boxed elementor-section-height-default elementor-section-height-default wpr-particle-no wpr-jarallax-no wpr-parallax-no wpr-sticky-section-no wpr-equal-height-no\" data-id=\"e4ffc4e\" data-element_type=\"section\" data-e-type=\"section\">\n\t\t\t\t\t\t<div class=\"elementor-container elementor-column-gap-default\">\n\t\t\t\t\t<div class=\"elementor-column elementor-col-100 elementor-top-column elementor-element elementor-element-5599bd9\" data-id=\"5599bd9\" data-element_type=\"column\" data-e-type=\"column\">\n\t\t\t<div class=\"elementor-widget-wrap elementor-element-populated\">\n\t\t\t\t\t\t<div class=\"elementor-element elementor-element-6f89bf7 elementor-widget elementor-widget-html\" data-id=\"6f89bf7\" data-element_type=\"widget\" data-e-type=\"widget\" data-widget_type=\"html.default\">\n\t\t\t\t<div class=\"elementor-widget-container\">\n\t\t\t\t\t<iframe src=\"https:\/\/www.komoot.com\/es-es\/tour\/1619079233\/embed?share_token=aXRdDTyQotJtrNj1IvBB7jghHX38gG3jtkGkLYw1hgvZezi5cq&profile=1\" width=\"100%\" height=\"700\" frameborder=\"0\" scrolling=\"no\"><\/iframe>\t\t\t\t<\/div>\n\t\t\t\t<\/div>\n\t\t\t\t\t<\/div>\n\t\t<\/div>\n\t\t\t\t\t<\/div>\n\t\t<\/section>\n\t\t\t\t<section class=\"elementor-section elementor-top-section elementor-element elementor-element-d43ddfa elementor-section-boxed elementor-section-height-default elementor-section-height-default wpr-particle-no wpr-jarallax-no wpr-parallax-no wpr-sticky-section-no wpr-equal-height-no\" data-id=\"d43ddfa\" data-element_type=\"section\" data-e-type=\"section\">\n\t\t\t\t\t\t<div class=\"elementor-container elementor-column-gap-default\">\n\t\t\t\t\t<div class=\"elementor-column elementor-col-100 elementor-top-column elementor-element elementor-element-488996a\" data-id=\"488996a\" data-element_type=\"column\" data-e-type=\"column\">\n\t\t\t<div class=\"elementor-widget-wrap elementor-element-populated\">\n\t\t\t\t\t\t<div class=\"elementor-element elementor-element-119454e elementor-widget elementor-widget-text-editor\" data-id=\"119454e\" data-element_type=\"widget\" data-e-type=\"widget\" data-widget_type=\"text-editor.default\">\n\t\t\t\t<div class=\"elementor-widget-container\">\n\t\t\t\t\t\t\t\t\t<p style=\"outline-color: #ee7121; color: #000000;\"><span style=\"outline-color: #ee7121; color: #ff6600;\"><span style=\"outline-color: #ee7121; font-weight: bold;\">D\u00eda 6 &#8211; Lunes 13\/07 &#8211; 5\u00b0 rodada &#8211; Passo dello Stelvio<\/span><\/span><\/p><p style=\"outline-color: #ee7121; color: #000000;\" data-pm-slice=\"1 3 []\">Uno de los puertos m\u00e1s legendarios del ciclismo mundial. El Stelvio es un desaf\u00edo ic\u00f3nico, con paisajes imponentes y 48 curvas que lo han convertido en un mito del Giro d&#8217;Italia.<\/p><p style=\"outline-color: #ee7121; color: #000000;\"><span style=\"outline-color: #ee7121; font-weight: bolder;\">Itinerario:<\/span><\/p><ul style=\"outline-color: #ee7121; color: #000000;\" data-spread=\"true\"><li style=\"outline-color: #ee7121;\"><p style=\"outline-color: #ee7121;\">Traslado del hotel a la Val Venosta<\/p><\/li><li style=\"outline-color: #ee7121;\"><p style=\"outline-color: #ee7121;\">Ascenso desde Prato dello Stelvio hasta la cima<\/p><\/li><li style=\"outline-color: #ee7121;\"><p style=\"outline-color: #ee7121;\">Descanso y almuerzo en la cumbre<\/p><\/li><li style=\"outline-color: #ee7121;\"><p style=\"outline-color: #ee7121;\">Descenso por Santa Maria (Suiza) y regreso a Prato dello Stelvio<\/p><\/li><li style=\"outline-color: #ee7121;\"><p style=\"outline-color: #ee7121;\">Traslado al hotel<\/p><\/li><li style=\"outline-color: #ee7121;\"><p style=\"outline-color: #ee7121;\"><span style=\"outline-color: #ee7121; font-weight: bolder;\">Dificultad:<\/span>\u00a0Media\/Dif\u00edcil<\/p><\/li><li style=\"outline-color: #ee7121;\"><p style=\"outline-color: #ee7121;\"><span style=\"outline-color: #ee7121; font-weight: bolder;\">Passo Stelvio:<\/span>\u00a024,5 km &#8211; Pendiente media: 7,5% &#8211; M\u00e1xima: 9,5%<\/p><\/li><\/ul>\t\t\t\t\t\t\t\t<\/div>\n\t\t\t\t<\/div>\n\t\t\t\t\t<\/div>\n\t\t<\/div>\n\t\t\t\t\t<\/div>\n\t\t<\/section>\n\t\t\t\t<section class=\"elementor-section elementor-top-section elementor-element elementor-element-f420c62 elementor-section-boxed elementor-section-height-default elementor-section-height-default wpr-particle-no wpr-jarallax-no wpr-parallax-no wpr-sticky-section-no wpr-equal-height-no\" data-id=\"f420c62\" data-element_type=\"section\" data-e-type=\"section\">\n\t\t\t\t\t\t<div class=\"elementor-container elementor-column-gap-default\">\n\t\t\t\t\t<div class=\"elementor-column elementor-col-100 elementor-top-column elementor-element elementor-element-34bc7ff\" data-id=\"34bc7ff\" data-element_type=\"column\" data-e-type=\"column\">\n\t\t\t<div class=\"elementor-widget-wrap elementor-element-populated\">\n\t\t\t\t\t\t<div class=\"elementor-element elementor-element-59e0441 elementor-widget elementor-widget-html\" data-id=\"59e0441\" data-element_type=\"widget\" data-e-type=\"widget\" data-widget_type=\"html.default\">\n\t\t\t\t<div class=\"elementor-widget-container\">\n\t\t\t\t\t<iframe src=\"https:\/\/www.komoot.com\/es-es\/tour\/1486790799\/embed?share_token=aDcwbeCl6pxoB4xyYXeRk4HRyAiddVNflc6DaUDrEmDbj7zCm2&profile=1\" width=\"100%\" height=\"700\" frameborder=\"0\" scrolling=\"no\"><\/iframe>\t\t\t\t<\/div>\n\t\t\t\t<\/div>\n\t\t\t\t\t<\/div>\n\t\t<\/div>\n\t\t\t\t\t<\/div>\n\t\t<\/section>\n\t\t\t\t<section class=\"elementor-section elementor-top-section elementor-element elementor-element-991a964 elementor-section-boxed elementor-section-height-default elementor-section-height-default wpr-particle-no wpr-jarallax-no wpr-parallax-no wpr-sticky-section-no wpr-equal-height-no\" data-id=\"991a964\" data-element_type=\"section\" data-e-type=\"section\">\n\t\t\t\t\t\t<div class=\"elementor-container elementor-column-gap-default\">\n\t\t\t\t\t<div class=\"elementor-column elementor-col-100 elementor-top-column elementor-element elementor-element-53d448d\" data-id=\"53d448d\" data-element_type=\"column\" data-e-type=\"column\">\n\t\t\t<div class=\"elementor-widget-wrap elementor-element-populated\">\n\t\t\t\t\t\t<div class=\"elementor-element elementor-element-b51b10a elementor-widget elementor-widget-text-editor\" data-id=\"b51b10a\" data-element_type=\"widget\" data-e-type=\"widget\" data-widget_type=\"text-editor.default\">\n\t\t\t\t<div class=\"elementor-widget-container\">\n\t\t\t\t\t\t\t\t\t<p style=\"outline-color: #ee7121; color: #000000;\">\u00a0<span style=\"outline-color: #ee7121; color: #ff6600;\"><span style=\"outline-color: #ee7121; font-weight: bold;\">D\u00eda 7 &#8211; Martes 14\/07 &#8211; 6\u00b0 rodada &#8211; Descubriendo la Val Badia<\/span><\/span><\/p><p style=\"outline-color: #ee7121; color: #000000;\" data-pm-slice=\"1 3 []\">Un paseo relajante por carreteras secundarias con poco tr\u00e1fico. Este recorrido nos permitir\u00e1 disfrutar de la belleza del valle, admirar sus fincas tradicionales y recuperar energ\u00eda tras los desaf\u00edos de los d\u00edas anteriores.<\/p><ul style=\"outline-color: #ee7121; color: #000000;\" data-spread=\"false\"><li style=\"outline-color: #ee7121;\"><p style=\"outline-color: #ee7121;\"><span style=\"outline-color: #ee7121; font-weight: bolder;\">Dificultad:<\/span>\u00a0F\u00e1cil<\/p><\/li><\/ul>\t\t\t\t\t\t\t\t<\/div>\n\t\t\t\t<\/div>\n\t\t\t\t\t<\/div>\n\t\t<\/div>\n\t\t\t\t\t<\/div>\n\t\t<\/section>\n\t\t\t\t<section class=\"elementor-section elementor-top-section elementor-element elementor-element-824b49f elementor-section-boxed elementor-section-height-default elementor-section-height-default wpr-particle-no wpr-jarallax-no wpr-parallax-no wpr-sticky-section-no wpr-equal-height-no\" data-id=\"824b49f\" data-element_type=\"section\" data-e-type=\"section\">\n\t\t\t\t\t\t<div class=\"elementor-container elementor-column-gap-default\">\n\t\t\t\t\t<div class=\"elementor-column elementor-col-100 elementor-top-column elementor-element elementor-element-79d093f\" data-id=\"79d093f\" data-element_type=\"column\" data-e-type=\"column\">\n\t\t\t<div class=\"elementor-widget-wrap elementor-element-populated\">\n\t\t\t\t\t\t<div class=\"elementor-element elementor-element-dfe7697 elementor-widget elementor-widget-html\" data-id=\"dfe7697\" data-element_type=\"widget\" data-e-type=\"widget\" data-widget_type=\"html.default\">\n\t\t\t\t<div class=\"elementor-widget-container\">\n\t\t\t\t\t<iframe src=\"https:\/\/www.komoot.com\/es-es\/tour\/1617497255\/embed?share_token=aNgbsI1pAADFX6q0ModvUvNF8QDFVgoPzKGcGmo34AFbr3Rm1w&profile=1\" width=\"100%\" height=\"700\" frameborder=\"0\" scrolling=\"no\"><\/iframe>\t\t\t\t<\/div>\n\t\t\t\t<\/div>\n\t\t\t\t\t<\/div>\n\t\t<\/div>\n\t\t\t\t\t<\/div>\n\t\t<\/section>\n\t\t\t\t<section class=\"elementor-section elementor-top-section elementor-element elementor-element-be30217 elementor-section-boxed elementor-section-height-default elementor-section-height-default wpr-particle-no wpr-jarallax-no wpr-parallax-no wpr-sticky-section-no wpr-equal-height-no\" data-id=\"be30217\" data-element_type=\"section\" data-e-type=\"section\">\n\t\t\t\t\t\t<div class=\"elementor-container elementor-column-gap-default\">\n\t\t\t\t\t<div class=\"elementor-column elementor-col-100 elementor-top-column elementor-element elementor-element-cb2a9d6\" data-id=\"cb2a9d6\" data-element_type=\"column\" data-e-type=\"column\">\n\t\t\t<div class=\"elementor-widget-wrap elementor-element-populated\">\n\t\t\t\t\t\t<div class=\"elementor-element elementor-element-f99a5ab elementor-widget elementor-widget-text-editor\" data-id=\"f99a5ab\" data-element_type=\"widget\" data-e-type=\"widget\" data-widget_type=\"text-editor.default\">\n\t\t\t\t<div class=\"elementor-widget-container\">\n\t\t\t\t\t\t\t\t\t<p>&nbsp;<span style=\"color: #ff6600;\"><b>D\u00eda 8 &#8211; Miercoles 15\/07<\/b><\/span><\/p>\n<p data-pm-slice=\"1 1 []\">Tras el desayuno, nuestro equipo te trasladar\u00e1 al aeropuerto de Venecia. La llegada est\u00e1 prevista para la 1:00 p.m., por lo que te recomendamos planificar tu vuelo de salida en consecuencia.<\/p>\n<p data-pm-slice=\"1 1 []\"><strong>Nota:<\/strong> Los itinerarios pueden modificarse por razones meteorol\u00f3gicas o imprevistos ajenos a la organizaci\u00f3n.<\/p>\t\t\t\t\t\t\t\t<\/div>\n\t\t\t\t<\/div>\n\t\t\t\t\t<\/div>\n\t\t<\/div>\n\t\t\t\t\t<\/div>\n\t\t<\/section>\n\t\t\t\t<section class=\"elementor-section elementor-top-section elementor-element elementor-element-b714104 elementor-section-boxed elementor-section-height-default elementor-section-height-default wpr-particle-no wpr-jarallax-no wpr-parallax-no wpr-sticky-section-no wpr-equal-height-no\" data-id=\"b714104\" data-element_type=\"section\" data-e-type=\"section\">\n\t\t\t\t\t\t<div class=\"elementor-container elementor-column-gap-default\">\n\t\t\t\t\t<div class=\"elementor-column elementor-col-100 elementor-top-column elementor-element elementor-element-53ebd6a\" data-id=\"53ebd6a\" data-element_type=\"column\" data-e-type=\"column\">\n\t\t\t<div class=\"elementor-widget-wrap elementor-element-populated\">\n\t\t\t\t\t\t<div class=\"elementor-element elementor-element-653d4f1 elementor-widget-divider--view-line elementor-widget elementor-widget-divider\" data-id=\"653d4f1\" data-element_type=\"widget\" data-e-type=\"widget\" data-widget_type=\"divider.default\">\n\t\t\t\t<div class=\"elementor-widget-container\">\n\t\t\t\t\t\t\t<div class=\"elementor-divider\">\n\t\t\t<span class=\"elementor-divider-separator\">\n\t\t\t\t\t\t<\/span>\n\t\t<\/div>\n\t\t\t\t\t\t<\/div>\n\t\t\t\t<\/div>\n\t\t\t\t<div class=\"elementor-element elementor-element-1a64a8e elementor-widget elementor-widget-heading\" data-id=\"1a64a8e\" data-element_type=\"widget\" data-e-type=\"widget\" data-widget_type=\"heading.default\">\n\t\t\t\t<div class=\"elementor-widget-container\">\n\t\t\t\t\t<h2 class=\"elementor-heading-title elementor-size-default\">PRECIO<\/h2>\t\t\t\t<\/div>\n\t\t\t\t<\/div>\n\t\t\t\t<div class=\"elementor-element elementor-element-1166c50 elementor-widget-divider--view-line elementor-widget elementor-widget-divider\" data-id=\"1166c50\" data-element_type=\"widget\" data-e-type=\"widget\" data-widget_type=\"divider.default\">\n\t\t\t\t<div class=\"elementor-widget-container\">\n\t\t\t\t\t\t\t<div class=\"elementor-divider\">\n\t\t\t<span class=\"elementor-divider-separator\">\n\t\t\t\t\t\t<\/span>\n\t\t<\/div>\n\t\t\t\t\t\t<\/div>\n\t\t\t\t<\/div>\n\t\t\t\t<div class=\"elementor-element elementor-element-755f68c elementor-widget elementor-widget-text-editor\" data-id=\"755f68c\" data-element_type=\"widget\" data-e-type=\"widget\" data-widget_type=\"text-editor.default\">\n\t\t\t\t<div class=\"elementor-widget-container\">\n\t\t\t\t\t\t\t\t\t<p><b>Precio:<\/b>&nbsp;2,950 EUR*<\/p>\n<p>* Precios por ciclista en habitaci\u00f3n doble compartida.<\/p>\n<p>A caso que prefieras una habitaci\u00f3n individual:&nbsp; + 390 EUR<\/p>\n<p>Precio acompa\u00f1ante en habitaci\u00f3n doble ( ciclista + acompa\u00f1ante ) : 2,100 EUR<\/p>\n<p><strong>\u00a1 APARTA TU LUGAR!<\/strong><br>Aparta tu lugar en Stelvio&amp;Dolomitas Afuego Tour 2026 ( 8-15 julio 2026 ) con 350 EUR y paga el resto 2,600 EUR&nbsp; antes del 30 de mayo 2026:<\/p>\n<p>50% = 1,300 EUR dentro del 30 marzo 2026<\/p>\n<p>50% = 1,300 EUR dentro del 30 mayo 2026<\/p>\n<p class=\"p1\">Aceptamos pagos con transferencias bancarias y tarjetas de credito, o contactanos para definir un plan de pago. afuegotravel@gmail.com o por WhatsApp: (+52) 2214105969.<\/p>\n<p><strong>Cancelaciones:<\/strong><br>\u2022 Cancelaciones antes del 30 marzo, se cobra el costo de inscripci\u00f3n (350 EUR ), y te devolveremos lo dem\u00e1s pagado.<br>\u2022 Cancelaciones posteriores al 30 marzo, se revisar\u00e1n de manera personal<br>\u2022 No hay cancelaciones a partir del 30 de mayo<\/p>\n<p>En caso que no se llegue al n\u00famero m\u00ednimo de participantes dentro del 30 de mayo te devolveremos el anticipo y lo&nbsp;dem\u00e1s pagado. Te sugerimos contratar un seguro de viaje.<\/p>\t\t\t\t\t\t\t\t<\/div>\n\t\t\t\t<\/div>\n\t\t\t\t\t<\/div>\n\t\t<\/div>\n\t\t\t\t\t<\/div>\n\t\t<\/section>\n\t\t\t\t<section class=\"elementor-section elementor-top-section elementor-element elementor-element-05c8fd2 elementor-section-boxed elementor-section-height-default elementor-section-height-default wpr-particle-no wpr-jarallax-no wpr-parallax-no wpr-sticky-section-no wpr-equal-height-no\" data-id=\"05c8fd2\" data-element_type=\"section\" data-e-type=\"section\">\n\t\t\t\t\t\t<div class=\"elementor-container elementor-column-gap-default\">\n\t\t\t\t\t<div class=\"elementor-column elementor-col-33 elementor-top-column elementor-element elementor-element-abb7b3e\" data-id=\"abb7b3e\" data-element_type=\"column\" data-e-type=\"column\">\n\t\t\t<div class=\"elementor-widget-wrap\">\n\t\t\t\t\t\t\t<\/div>\n\t\t<\/div>\n\t\t\t\t<div class=\"elementor-column elementor-col-33 elementor-top-column elementor-element elementor-element-6cdf978\" data-id=\"6cdf978\" data-element_type=\"column\" data-e-type=\"column\">\n\t\t\t<div class=\"elementor-widget-wrap elementor-element-populated\">\n\t\t\t\t\t\t<div class=\"elementor-element elementor-element-c404280 elementor-widget elementor-widget-html\" data-id=\"c404280\" data-element_type=\"widget\" data-e-type=\"widget\" data-widget_type=\"html.default\">\n\t\t\t\t<div class=\"elementor-widget-container\">\n\t\t\t\t\t<div style=\"text-align: center;\"><button class=\"wtrvl-checkout_button\" id=\"wetravel_button_widget\" data-env=\"https:\/\/www.wetravel.com\" data-version=\"v0.4\" data-uid=\"1197951\" data-uuid=\"58339453\" href=\"https:\/\/www.wetravel.com\/checkout_embed?uuid=58339453\" style=\"background-color:#ee7121;color:#ffffff;border: 0px;border-radius: 5px;font-family: 'Poppins', sans-serif;font-weight: 400;font-size: 14px;-webkit-font-smoothing: antialiased;text-transform: capitalize;padding: 13px 24px;text-decoration: none;text-align: center;line-height: 14px;display: inline-block; cursor: pointer;\">RESERVAR<\/button><\/div> <link href=\"https:\/\/fonts.googleapis.com\/css?family=Poppins\" rel=\"stylesheet\"> <script src=\"https:\/\/cdn.wetravel.com\/widgets\/embed_checkout.js\"><\/script>\t\t\t\t<\/div>\n\t\t\t\t<\/div>\n\t\t\t\t\t<\/div>\n\t\t<\/div>\n\t\t\t\t<div class=\"elementor-column elementor-col-33 elementor-top-column elementor-element elementor-element-e427789\" data-id=\"e427789\" data-element_type=\"column\" data-e-type=\"column\">\n\t\t\t<div class=\"elementor-widget-wrap\">\n\t\t\t\t\t\t\t<\/div>\n\t\t<\/div>\n\t\t\t\t\t<\/div>\n\t\t<\/section>\n\t\t\t\t<section class=\"elementor-section elementor-top-section elementor-element elementor-element-b5c466c elementor-section-boxed elementor-section-height-default elementor-section-height-default wpr-particle-no wpr-jarallax-no wpr-parallax-no wpr-sticky-section-no wpr-equal-height-no\" data-id=\"b5c466c\" data-element_type=\"section\" data-e-type=\"section\">\n\t\t\t\t\t\t<div class=\"elementor-container elementor-column-gap-default\">\n\t\t\t\t\t<div class=\"elementor-column elementor-col-100 elementor-top-column elementor-element elementor-element-eae327b\" data-id=\"eae327b\" data-element_type=\"column\" data-e-type=\"column\">\n\t\t\t<div class=\"elementor-widget-wrap elementor-element-populated\">\n\t\t\t\t\t\t<div class=\"elementor-element elementor-element-5792d22 elementor-widget elementor-widget-text-editor\" data-id=\"5792d22\" data-element_type=\"widget\" data-e-type=\"widget\" data-widget_type=\"text-editor.default\">\n\t\t\t\t<div class=\"elementor-widget-container\">\n\t\t\t\t\t\t\t\t\t<p style=\"text-align: center;\"><a title=\"TERMINOS Y CONDICIONES AFUEGO TRAVEL\" href=\"https:\/\/afuegotravel.com\/index.php\/terminos-y-condiciones-afuego-travel\/\" target=\"_blank\" rel=\"noopener\">T\u00e9rminos y condiciones<\/a><\/p>\t\t\t\t\t\t\t\t<\/div>\n\t\t\t\t<\/div>\n\t\t\t\t\t<\/div>\n\t\t<\/div>\n\t\t\t\t\t<\/div>\n\t\t<\/section>\n\t\t\t\t<\/div>\n\t\t","protected":false},"excerpt":{"rendered":"<p>08 &#8211; 15&nbsp;JULIO 2026 STELVIO Y LAS DOLOMITAS En el noreste de Italia, cerca de la frontera con Austria, las Dolomitas ejemplifican una belleza alpina sobrenatural. Esta cadena monta\u00f1osa cuenta con 18 cumbres que se yerguen a m\u00e1s de 3.000 metros de altura. El sitio inscrito en la Lista del Patrimonio Mundial, es uno de los paisajes de monta\u00f1a m\u00e1s bellos del mundo, caracterizado por la presencia de paredes verticales, farallones cortados a pico y una gran densidad de valles angostos, profundos y largos. El\u00a0Paso Stelvio\u00a0 a 2.757\u00a0mt es el puerto de monta\u00f1a\u00a0pavimentado de mayor elevaci\u00f3n de los\u00a0Alpes orientales, y el segundo m\u00e1s alto de los\u00a0Alpes. Debe parte de su fama a ser uno de los puertos m\u00e1s duros de unas de las competiciones\u00a0m\u00e1s importante del mundo, el Giro d\u2019Italia. Informaci\u00f3n de viaje 8 dias &#8211; 7 noches 7,500 metros de desnivel \ud83d\udeb4\u200d\u2640\ufe0f &#8211; 350 km en total . 8 puertos a conquistar : Stelvio &#8211; Pordoi &#8211; Sella &#8211; Campolongo &#8211; Gardena &#8211; Valparola &#8211; Falzarego &#8211; Erbe\u00a0 Recorrido medio diario: 64 km Desnivel medio acumulado diario: 1485 mt RESERVAR El Paquete Incluye: Bike Hotel con desayuno y cena (bebidas de la cena no incluidas) Lavado de ropa de bici Traslados (ver detalles del tour) Rodadas con guia Staff ratio:\u00a01 staff x 4 clientes\u00a0 Fotografo profesional Abastecimiento durante las rodadas (snack, refrigerio) Light lunch Van de apoyo y servicio t\u00e9cnico basico Taller para bicicleta Garage bike Welcome kit valor 200 EUR Impuestos locales Informaciones sobre los recorridos, Rutas en GPX Asistencia en italiano y espa\u00f1ol El Paquete NO Incluye: Boleto de avi\u00f3n Seguro de viaje Renta de bicicleta Gastos personales y servicios no especificados PROGRAMA\/ITINERARIO D\u00eda 1 &#8211; Miercoles 08\/07 Nuestro equipo te encontrar\u00e1 al\u00a0mediod\u00eda\u00a0en el\u00a0aeropuerto de\u00a0Venecia.\u00a0Traslado al mediodia al Bike Hotel\u00a0 (Dolomiti, Val Badia), alojamiento y cena. (nuestro equipo puede organizar tu traslado desde un aeropuerto o lugar diferente con costo extra). D\u00eda 2 &#8211; Jueves 09\/07 &#8211; 1\u00b0 rodada -Rifugio Peder\u00fc Nuestra primera salida nos llevar\u00e1 a descubrir la belleza de la Val Badia y sus impresionantes paisajes. Pedalearemos hasta el refugio Peder\u00fc, en la entrada del Parque Natural Fanes-Senes-Braies. Dificultad:\u00a0Media D\u00eda 3 &#8211; Viernes 10\/07 &#8211; 2\u00b0 rodada &#8211;\u00a0 Passo Erbe y Bressanone Un recorrido espectacular a trav\u00e9s de los paisajes m\u00e1s evocadores de las Dolomitas. Cruzaremos verdes prados y majestuosos picos mientras nos dirigimos a la hist\u00f3rica ciudad de Bressanone. La subida al Passo delle Erbe incluye curvas desafiantes y rampas de hasta un 16%. Dificultad:\u00a0Media Subida Passo Erbe:\u00a028,8 km &#8211; Pendiente media: 6,6% &#8211; M\u00e1xima: 12,1% \u00a0D\u00eda 4 &#8211; Sabado 11\/07 &#8211; 3\u00b0 rodada &#8211; Sella Ronda Uno de los recorridos m\u00e1s ic\u00f3nicos del mundo ciclista. El Sella Ronda atraviesa cuatro legendarios puertos de monta\u00f1a: Campolongo, Pordoi, Sella y Gardena. Un desaf\u00edo impresionante en pleno coraz\u00f3n de las Dolomitas, Patrimonio de la Humanidad por la UNESCO. Dificultad:\u00a0Media Detalles de las subidas: Passo Gardena:\u00a08,3 km &#8211; Pendiente media: 6,6% &#8211; M\u00e1xima: 7,6% Passo Sella:\u00a05,3 km &#8211; Pendiente media: 6,8% &#8211; M\u00e1xima: 8,2% Passo Pordoi:\u00a06,2 km &#8211; Pendiente media: 6,8% &#8211; M\u00e1xima: 8,3% Passo Campolongo:\u00a03,9 km &#8211; Pendiente media: 7% &#8211; M\u00e1xima: 10% \u00a0D\u00eda 5 &#8211; Domingo 12\/07\u00a0 &#8211; 4\u00b0 rodada &#8211; Fodom Tour Un desaf\u00edo en un entorno \u00fanico. Subiremos tres ic\u00f3nicos puertos: Campolongo, Falzarego y Valparola. El paso Falzarego, con vistas al Sass de Stria y Lagazuoi, fue escenario de la Gran Guerra. El Valparola nos sorprender\u00e1 con sus paisajes y una exigente pendiente final del 8-9%. Dificultad:\u00a0Media Detalles de las subidas: Passo Falzarego:\u00a011 km &#8211; Pendiente media: 6,5% &#8211; M\u00e1xima: 10% Passo Valparola:\u00a01,5 km &#8211; Pendiente media: 7% &#8211; M\u00e1xima: 13% D\u00eda 6 &#8211; Lunes 13\/07 &#8211; 5\u00b0 rodada &#8211; Passo dello Stelvio Uno de los puertos m\u00e1s legendarios del ciclismo mundial. El Stelvio es un desaf\u00edo ic\u00f3nico, con paisajes imponentes y 48 curvas que lo han convertido en un mito del Giro d&#8217;Italia. Itinerario: Traslado del hotel a la Val Venosta Ascenso desde Prato dello Stelvio hasta la cima Descanso y almuerzo en la cumbre Descenso por Santa Maria (Suiza) y regreso a Prato dello Stelvio Traslado al hotel Dificultad:\u00a0Media\/Dif\u00edcil Passo Stelvio:\u00a024,5 km &#8211; Pendiente media: 7,5% &#8211; M\u00e1xima: 9,5% \u00a0D\u00eda 7 &#8211; Martes 14\/07 &#8211; 6\u00b0 rodada &#8211; Descubriendo la Val Badia Un paseo relajante por carreteras secundarias con poco tr\u00e1fico. Este recorrido nos permitir\u00e1 disfrutar de la belleza del valle, admirar sus fincas tradicionales y recuperar energ\u00eda tras los desaf\u00edos de los d\u00edas anteriores. Dificultad:\u00a0F\u00e1cil &nbsp;D\u00eda 8 &#8211; Miercoles 15\/07 Tras el desayuno, nuestro equipo te trasladar\u00e1 al aeropuerto de Venecia. La llegada est\u00e1 prevista para la 1:00 p.m., por lo que te recomendamos planificar tu vuelo de salida en consecuencia. Nota: Los itinerarios pueden modificarse por razones meteorol\u00f3gicas o imprevistos ajenos a la organizaci\u00f3n. PRECIO Precio:&nbsp;2,950 EUR* * Precios por ciclista en habitaci\u00f3n doble compartida. A caso que prefieras una habitaci\u00f3n individual:&nbsp; + 390 EUR Precio acompa\u00f1ante en habitaci\u00f3n doble ( ciclista + acompa\u00f1ante ) : 2,100 EUR \u00a1 APARTA TU LUGAR!Aparta tu lugar en Stelvio&amp;Dolomitas Afuego Tour 2026 ( 8-15 julio 2026 ) con 350 EUR y paga el resto 2,600 EUR&nbsp; antes del 30 de mayo 2026: 50% = 1,300 EUR dentro del 30 marzo 2026 50% = 1,300 EUR dentro del 30 mayo 2026 Aceptamos pagos con transferencias bancarias y tarjetas de credito, o contactanos para definir un plan de pago. afuegotravel@gmail.com o por WhatsApp: (+52) 2214105969. Cancelaciones:\u2022 Cancelaciones antes del 30 marzo, se cobra el costo de inscripci\u00f3n (350 EUR ), y te devolveremos lo dem\u00e1s pagado.\u2022 Cancelaciones posteriores al 30 marzo, se revisar\u00e1n de manera personal\u2022 No hay cancelaciones a partir del 30 de mayo En caso que no se llegue al n\u00famero m\u00ednimo de participantes dentro del 30 de mayo te devolveremos el anticipo y lo&nbsp;dem\u00e1s pagado. Te sugerimos contratar un seguro de viaje. RESERVAR T\u00e9rminos y condiciones<\/p>\n","protected":false},"author":1,"featured_media":0,"parent":0,"menu_order":0,"comment_status":"closed","ping_status":"closed","template":"","meta":{"_monsterinsights_skip_tracking":false,"_monsterinsights_sitenote_active":false,"_monsterinsights_sitenote_note":"","_monsterinsights_sitenote_category":0,"footnotes":""},"class_list":["post-12994","page","type-page","status-publish","hentry"],"aioseo_notices":[],"_links":{"self":[{"href":"https:\/\/afuegotravel.com\/index.php\/wp-json\/wp\/v2\/pages\/12994","targetHints":{"allow":["GET"]}}],"collection":[{"href":"https:\/\/afuegotravel.com\/index.php\/wp-json\/wp\/v2\/pages"}],"about":[{"href":"https:\/\/afuegotravel.com\/index.php\/wp-json\/wp\/v2\/types\/page"}],"author":[{"embeddable":true,"href":"https:\/\/afuegotravel.com\/index.php\/wp-json\/wp\/v2\/users\/1"}],"replies":[{"embeddable":true,"href":"https:\/\/afuegotravel.com\/index.php\/wp-json\/wp\/v2\/comments?post=12994"}],"version-history":[{"count":18,"href":"https:\/\/afuegotravel.com\/index.php\/wp-json\/wp\/v2\/pages\/12994\/revisions"}],"predecessor-version":[{"id":14032,"href":"https:\/\/afuegotravel.com\/index.php\/wp-json\/wp\/v2\/pages\/12994\/revisions\/14032"}],"wp:attachment":[{"href":"https:\/\/afuegotravel.com\/index.php\/wp-json\/wp\/v2\/media?parent=12994"}],"curies":[{"name":"wp","href":"https:\/\/api.w.org\/{rel}","templated":true}]}}