{"id":13059,"date":"2025-07-23T01:03:50","date_gmt":"2025-07-23T01:03:50","guid":{"rendered":"https:\/\/afuegotravel.com\/?page_id=13059"},"modified":"2026-04-22T20:51:28","modified_gmt":"2026-04-22T20:51:28","slug":"toscana-lazio-2026","status":"publish","type":"page","link":"https:\/\/afuegotravel.com\/index.php\/toscana-lazio-2026\/","title":{"rendered":"Toscana Lazio 2026"},"content":{"rendered":"\t\t<div data-elementor-type=\"wp-page\" data-elementor-id=\"13059\" class=\"elementor elementor-13059\">\n\t\t\t\t\t\t<section class=\"elementor-section elementor-top-section elementor-element elementor-element-f8e716d elementor-section-full_width elementor-section-height-default elementor-section-height-default wpr-particle-no wpr-jarallax-no wpr-parallax-no wpr-sticky-section-no wpr-equal-height-no\" data-id=\"f8e716d\" data-element_type=\"section\" data-e-type=\"section\">\n\t\t\t\t\t\t<div class=\"elementor-container elementor-column-gap-default\">\n\t\t\t\t\t<div class=\"elementor-column elementor-col-100 elementor-top-column elementor-element elementor-element-9afb8f4\" data-id=\"9afb8f4\" data-element_type=\"column\" data-e-type=\"column\">\n\t\t\t<div class=\"elementor-widget-wrap elementor-element-populated\">\n\t\t\t\t\t\t<div class=\"elementor-element elementor-element-f02c488 elementor-widget elementor-widget-shortcode\" data-id=\"f02c488\" data-element_type=\"widget\" data-e-type=\"widget\" data-widget_type=\"shortcode.default\">\n\t\t\t\t<div class=\"elementor-widget-container\">\n\t\t\t\t\t\t\t<div class=\"elementor-shortcode\"><\/div>\n\t\t\t\t\t\t<\/div>\n\t\t\t\t<\/div>\n\t\t\t\t\t<\/div>\n\t\t<\/div>\n\t\t\t\t\t<\/div>\n\t\t<\/section>\n\t\t\t\t<section class=\"elementor-section elementor-top-section elementor-element elementor-element-dec573c elementor-section-boxed elementor-section-height-default elementor-section-height-default wpr-particle-no wpr-jarallax-no wpr-parallax-no wpr-sticky-section-no wpr-equal-height-no\" data-id=\"dec573c\" data-element_type=\"section\" data-e-type=\"section\">\n\t\t\t\t\t\t<div class=\"elementor-container elementor-column-gap-default\">\n\t\t\t\t\t<div class=\"elementor-column elementor-col-100 elementor-top-column elementor-element elementor-element-9a9431e\" data-id=\"9a9431e\" data-element_type=\"column\" data-e-type=\"column\">\n\t\t\t<div class=\"elementor-widget-wrap elementor-element-populated\">\n\t\t\t\t\t\t<div class=\"elementor-element elementor-element-6517a74 elementor-widget elementor-widget-heading\" data-id=\"6517a74\" data-element_type=\"widget\" data-e-type=\"widget\" data-widget_type=\"heading.default\">\n\t\t\t\t<div class=\"elementor-widget-container\">\n\t\t\t\t\t<h3 class=\"elementor-heading-title elementor-size-default\">23 &nbsp;Septiembre - 1 Octubre 2026<\/h3>\t\t\t\t<\/div>\n\t\t\t\t<\/div>\n\t\t\t\t<div class=\"elementor-element elementor-element-ea13afd elementor-widget elementor-widget-heading\" data-id=\"ea13afd\" data-element_type=\"widget\" data-e-type=\"widget\" data-widget_type=\"heading.default\">\n\t\t\t\t<div class=\"elementor-widget-container\">\n\t\t\t\t\t<h2 class=\"elementor-heading-title elementor-size-default\">de ROMA a FLORENCIA<\/h2>\t\t\t\t<\/div>\n\t\t\t\t<\/div>\n\t\t\t\t\t<\/div>\n\t\t<\/div>\n\t\t\t\t\t<\/div>\n\t\t<\/section>\n\t\t\t\t<section class=\"elementor-section elementor-top-section elementor-element elementor-element-e8a17b9 elementor-section-boxed elementor-section-height-default elementor-section-height-default wpr-particle-no wpr-jarallax-no wpr-parallax-no wpr-sticky-section-no wpr-equal-height-no\" data-id=\"e8a17b9\" data-element_type=\"section\" data-e-type=\"section\">\n\t\t\t\t\t\t<div class=\"elementor-container elementor-column-gap-default\">\n\t\t\t\t\t<div class=\"elementor-column elementor-col-100 elementor-top-column elementor-element elementor-element-668fad8\" data-id=\"668fad8\" data-element_type=\"column\" data-e-type=\"column\">\n\t\t\t<div class=\"elementor-widget-wrap elementor-element-populated\">\n\t\t\t\t\t\t<div class=\"elementor-element elementor-element-599ea18 elementor-widget elementor-widget-text-editor\" data-id=\"599ea18\" data-element_type=\"widget\" data-e-type=\"widget\" data-widget_type=\"text-editor.default\">\n\t\t\t\t<div class=\"elementor-widget-container\">\n\t\t\t\t\t\t\t\t\t<p data-start=\"226\" data-end=\"293\"><strong data-start=\"226\" data-end=\"293\">Un viaje en bici por el coraz\u00f3n de Italia<\/strong><\/p><p data-start=\"295\" data-end=\"508\">Pedalea desde la cuna del Renacimiento hasta la Ciudad Eterna. Este viaje itinerante entre agosto y septiembre te lleva por paisajes de postal, pueblos medievales y colinas ba\u00f1adas de historia, arte y buen vivir.<\/p><p data-start=\"510\" data-end=\"747\">Desde Roma hasta Florencia, pasando por los paisajes secretos del Lazio, la magia de la Toscana, y los sabores de Umbr\u00eda y . Cada d\u00eda, una nueva etapa. Cada kil\u00f3metro, una emoci\u00f3n. Una experiencia \u00fanica para descubrir Italia a ritmo de bici.<\/p>\t\t\t\t\t\t\t\t<\/div>\n\t\t\t\t<\/div>\n\t\t\t\t\t<\/div>\n\t\t<\/div>\n\t\t\t\t\t<\/div>\n\t\t<\/section>\n\t\t\t\t<section class=\"elementor-section elementor-top-section elementor-element elementor-element-9d3cf1a elementor-section-boxed elementor-section-height-default elementor-section-height-default wpr-particle-no wpr-jarallax-no wpr-parallax-no wpr-sticky-section-no wpr-equal-height-no\" data-id=\"9d3cf1a\" data-element_type=\"section\" data-e-type=\"section\">\n\t\t\t\t\t\t<div class=\"elementor-container elementor-column-gap-default\">\n\t\t\t\t\t<div class=\"elementor-column elementor-col-100 elementor-top-column elementor-element elementor-element-ed3e4d2\" data-id=\"ed3e4d2\" data-element_type=\"column\" data-e-type=\"column\">\n\t\t\t<div class=\"elementor-widget-wrap elementor-element-populated\">\n\t\t\t\t\t\t<div class=\"elementor-element elementor-element-dbf3a1f elementor-widget elementor-widget-text-editor\" data-id=\"dbf3a1f\" data-element_type=\"widget\" data-e-type=\"widget\" data-widget_type=\"text-editor.default\">\n\t\t\t\t<div class=\"elementor-widget-container\">\n\t\t\t\t\t\t\t\t\t<p><strong>Informaci\u00f3n de viaje<\/strong><\/p><p class=\"p1\"><b>9 dias &#8211; 8 noches<\/b><\/p><p><strong>3,860 metros<\/strong> de desnivel \ud83d\udeb4\u200d\u2640\ufe0f \u2013 <strong>345 km<\/strong> en total .<\/p><p class=\"p1\">Recorrido medio diario: 50 km<\/p><p class=\"p1\">Desnivel medio acumulado diario: 550 mt<\/p>\t\t\t\t\t\t\t\t<\/div>\n\t\t\t\t<\/div>\n\t\t\t\t<div class=\"elementor-element elementor-element-e8ffd1b elementor-widget-divider--view-line elementor-widget elementor-widget-divider\" data-id=\"e8ffd1b\" data-element_type=\"widget\" data-e-type=\"widget\" data-widget_type=\"divider.default\">\n\t\t\t\t<div class=\"elementor-widget-container\">\n\t\t\t\t\t\t\t<div class=\"elementor-divider\">\n\t\t\t<span class=\"elementor-divider-separator\">\n\t\t\t\t\t\t<\/span>\n\t\t<\/div>\n\t\t\t\t\t\t<\/div>\n\t\t\t\t<\/div>\n\t\t\t\t\t<\/div>\n\t\t<\/div>\n\t\t\t\t\t<\/div>\n\t\t<\/section>\n\t\t\t\t<section class=\"elementor-section elementor-top-section elementor-element elementor-element-999e937 elementor-section-boxed elementor-section-height-default elementor-section-height-default wpr-particle-no wpr-jarallax-no wpr-parallax-no wpr-sticky-section-no wpr-equal-height-no\" data-id=\"999e937\" data-element_type=\"section\" data-e-type=\"section\">\n\t\t\t\t\t\t<div class=\"elementor-container elementor-column-gap-default\">\n\t\t\t\t\t<div class=\"elementor-column elementor-col-33 elementor-top-column elementor-element elementor-element-ea66068\" data-id=\"ea66068\" data-element_type=\"column\" data-e-type=\"column\">\n\t\t\t<div class=\"elementor-widget-wrap\">\n\t\t\t\t\t\t\t<\/div>\n\t\t<\/div>\n\t\t\t\t<div class=\"elementor-column elementor-col-33 elementor-top-column elementor-element elementor-element-720dec2\" data-id=\"720dec2\" data-element_type=\"column\" data-e-type=\"column\">\n\t\t\t<div class=\"elementor-widget-wrap elementor-element-populated\">\n\t\t\t\t\t\t<div class=\"elementor-element elementor-element-3bc0265 elementor-widget elementor-widget-html\" data-id=\"3bc0265\" data-element_type=\"widget\" data-e-type=\"widget\" data-widget_type=\"html.default\">\n\t\t\t\t<div class=\"elementor-widget-container\">\n\t\t\t\t\t<div style=\"text-align: center;\"><button class=\"wtrvl-checkout_button\" id=\"wetravel_button_widget\" data-env=\"https:\/\/www.wetravel.com\" data-version=\"v0.4\" data-uid=\"1197951\" data-uuid=\"49655177\" href=\"https:\/\/www.wetravel.com\/checkout_embed?uuid=49655177\" style=\"background-color:#ee7121;color:#ffffff;border: 0px;border-radius: 5px;font-family: 'Poppins', sans-serif;font-weight: 400;font-size: 14px;-webkit-font-smoothing: antialiased;text-transform: capitalize;padding: 13px 24px;text-decoration: none;text-align: center;line-height: 14px;display: inline-block; cursor: pointer;\">RESERVAR<\/button><\/div> <link href=\"https:\/\/fonts.googleapis.com\/css?family=Poppins\" rel=\"stylesheet\"> <script src=\"https:\/\/cdn.wetravel.com\/widgets\/embed_checkout.js\"><\/script>\t\t\t\t<\/div>\n\t\t\t\t<\/div>\n\t\t\t\t\t<\/div>\n\t\t<\/div>\n\t\t\t\t<div class=\"elementor-column elementor-col-33 elementor-top-column elementor-element elementor-element-0518b8c\" data-id=\"0518b8c\" data-element_type=\"column\" data-e-type=\"column\">\n\t\t\t<div class=\"elementor-widget-wrap\">\n\t\t\t\t\t\t\t<\/div>\n\t\t<\/div>\n\t\t\t\t\t<\/div>\n\t\t<\/section>\n\t\t\t\t<section class=\"elementor-section elementor-top-section elementor-element elementor-element-0861e50 elementor-section-boxed elementor-section-height-default elementor-section-height-default wpr-particle-no wpr-jarallax-no wpr-parallax-no wpr-sticky-section-no wpr-equal-height-no\" data-id=\"0861e50\" data-element_type=\"section\" data-e-type=\"section\">\n\t\t\t\t\t\t<div class=\"elementor-container elementor-column-gap-default\">\n\t\t\t\t\t<div class=\"elementor-column elementor-col-50 elementor-top-column elementor-element elementor-element-6d557b6\" data-id=\"6d557b6\" data-element_type=\"column\" data-e-type=\"column\">\n\t\t\t<div class=\"elementor-widget-wrap elementor-element-populated\">\n\t\t\t\t\t\t<div class=\"elementor-element elementor-element-fbf21ac elementor-widget elementor-widget-text-editor\" data-id=\"fbf21ac\" data-element_type=\"widget\" data-e-type=\"widget\" data-widget_type=\"text-editor.default\">\n\t\t\t\t<div class=\"elementor-widget-container\">\n\t\t\t\t\t\t\t\t\t<p class=\" colorActive nd_options_first_font \"><b>El Paquete Incluye:<\/b><\/p>\t\t\t\t\t\t\t\t<\/div>\n\t\t\t\t<\/div>\n\t\t\t\t<div class=\"elementor-element elementor-element-094547b elementor-icon-list--layout-traditional elementor-list-item-link-full_width elementor-widget elementor-widget-icon-list\" data-id=\"094547b\" data-element_type=\"widget\" data-e-type=\"widget\" data-widget_type=\"icon-list.default\">\n\t\t\t\t<div class=\"elementor-widget-container\">\n\t\t\t\t\t\t\t<ul class=\"elementor-icon-list-items\">\n\t\t\t\t\t\t\t<li class=\"elementor-icon-list-item\">\n\t\t\t\t\t\t\t\t\t\t\t<span class=\"elementor-icon-list-icon\">\n\t\t\t\t\t\t\t<i aria-hidden=\"true\" class=\"fas fa-hotel\"><\/i>\t\t\t\t\t\t<\/span>\n\t\t\t\t\t\t\t\t\t\t<span class=\"elementor-icon-list-text\">Hoteles con desayuno y cena<\/span>\n\t\t\t\t\t\t\t\t\t<\/li>\n\t\t\t\t\t\t\t\t<li class=\"elementor-icon-list-item\">\n\t\t\t\t\t\t\t\t\t\t\t<span class=\"elementor-icon-list-icon\">\n\t\t\t\t\t\t\t<i aria-hidden=\"true\" class=\"fas fa-bus\"><\/i>\t\t\t\t\t\t<\/span>\n\t\t\t\t\t\t\t\t\t\t<span class=\"elementor-icon-list-text\">Traslados <span>(<\/span><span>ver detalles del tour)<\/span><\/span>\n\t\t\t\t\t\t\t\t\t<\/li>\n\t\t\t\t\t\t\t\t<li class=\"elementor-icon-list-item\">\n\t\t\t\t\t\t\t\t\t\t\t<span class=\"elementor-icon-list-icon\">\n\t\t\t\t\t\t\t<i aria-hidden=\"true\" class=\"fas fa-bus\"><\/i>\t\t\t\t\t\t<\/span>\n\t\t\t\t\t\t\t\t\t\t<span class=\"elementor-icon-list-text\">Traslados de equiaje <span>(<\/span><span>1 bulto por persona)<\/span><\/span>\n\t\t\t\t\t\t\t\t\t<\/li>\n\t\t\t\t\t\t\t\t<li class=\"elementor-icon-list-item\">\n\t\t\t\t\t\t\t\t\t\t\t<span class=\"elementor-icon-list-icon\">\n\t\t\t\t\t\t\t<i aria-hidden=\"true\" class=\"fas fa-biking\"><\/i>\t\t\t\t\t\t<\/span>\n\t\t\t\t\t\t\t\t\t\t<span class=\"elementor-icon-list-text\">renta Bici MTB front o GRAVEL<\/span>\n\t\t\t\t\t\t\t\t\t<\/li>\n\t\t\t\t\t\t\t\t<li class=\"elementor-icon-list-item\">\n\t\t\t\t\t\t\t\t\t\t\t<span class=\"elementor-icon-list-icon\">\n\t\t\t\t\t\t\t<i aria-hidden=\"true\" class=\"fas fa-bicycle\"><\/i>\t\t\t\t\t\t<\/span>\n\t\t\t\t\t\t\t\t\t\t<span class=\"elementor-icon-list-text\">Rodadas con guia <\/span>\n\t\t\t\t\t\t\t\t\t<\/li>\n\t\t\t\t\t\t\t\t<li class=\"elementor-icon-list-item\">\n\t\t\t\t\t\t\t\t\t\t\t<span class=\"elementor-icon-list-icon\">\n\t\t\t\t\t\t\t<i aria-hidden=\"true\" class=\"fas fa-shuttle-van\"><\/i>\t\t\t\t\t\t<\/span>\n\t\t\t\t\t\t\t\t\t\t<span class=\"elementor-icon-list-text\">Van de apoyo y servicio t\u00e9cnico basico<\/span>\n\t\t\t\t\t\t\t\t\t<\/li>\n\t\t\t\t\t\t\t\t<li class=\"elementor-icon-list-item\">\n\t\t\t\t\t\t\t\t\t\t\t<span class=\"elementor-icon-list-icon\">\n\t\t\t\t\t\t\t<i aria-hidden=\"true\" class=\"fas fa-wine-bottle\"><\/i>\t\t\t\t\t\t<\/span>\n\t\t\t\t\t\t\t\t\t\t<span class=\"elementor-icon-list-text\">Abastecimiento durante las rodadas (refrigerio, snacks, fruta)<\/span>\n\t\t\t\t\t\t\t\t\t<\/li>\n\t\t\t\t\t\t\t\t<li class=\"elementor-icon-list-item\">\n\t\t\t\t\t\t\t\t\t\t\t<span class=\"elementor-icon-list-icon\">\n\t\t\t\t\t\t\t<i aria-hidden=\"true\" class=\"fas fa-hamburger\"><\/i>\t\t\t\t\t\t<\/span>\n\t\t\t\t\t\t\t\t\t\t<span class=\"elementor-icon-list-text\">Light lunch<\/span>\n\t\t\t\t\t\t\t\t\t<\/li>\n\t\t\t\t\t\t\t\t<li class=\"elementor-icon-list-item\">\n\t\t\t\t\t\t\t\t\t\t\t<span class=\"elementor-icon-list-icon\">\n\t\t\t\t\t\t\t<i aria-hidden=\"true\" class=\"fas fa-camera\"><\/i>\t\t\t\t\t\t<\/span>\n\t\t\t\t\t\t\t\t\t\t<span class=\"elementor-icon-list-text\">Fotografo<\/span>\n\t\t\t\t\t\t\t\t\t<\/li>\n\t\t\t\t\t\t\t\t<li class=\"elementor-icon-list-item\">\n\t\t\t\t\t\t\t\t\t\t\t<span class=\"elementor-icon-list-icon\">\n\t\t\t\t\t\t\t<i aria-hidden=\"true\" class=\"fas fa-wine-glass-alt\"><\/i>\t\t\t\t\t\t<\/span>\n\t\t\t\t\t\t\t\t\t\t<span class=\"elementor-icon-list-text\">Degustaci\u00f3nes<\/span>\n\t\t\t\t\t\t\t\t\t<\/li>\n\t\t\t\t\t\t\t\t<li class=\"elementor-icon-list-item\">\n\t\t\t\t\t\t\t\t\t\t\t<span class=\"elementor-icon-list-icon\">\n\t\t\t\t\t\t\t<i aria-hidden=\"true\" class=\"fas fa-gift\"><\/i>\t\t\t\t\t\t<\/span>\n\t\t\t\t\t\t\t\t\t\t<span class=\"elementor-icon-list-text\">Welcome kit  valor 200 EUR<\/span>\n\t\t\t\t\t\t\t\t\t<\/li>\n\t\t\t\t\t\t\t\t<li class=\"elementor-icon-list-item\">\n\t\t\t\t\t\t\t\t\t\t\t<span class=\"elementor-icon-list-icon\">\n\t\t\t\t\t\t\t<i aria-hidden=\"true\" class=\"fas fa-money-check-alt\"><\/i>\t\t\t\t\t\t<\/span>\n\t\t\t\t\t\t\t\t\t\t<span class=\"elementor-icon-list-text\">Impuestos locales<\/span>\n\t\t\t\t\t\t\t\t\t<\/li>\n\t\t\t\t\t\t\t\t<li class=\"elementor-icon-list-item\">\n\t\t\t\t\t\t\t\t\t\t\t<span class=\"elementor-icon-list-icon\">\n\t\t\t\t\t\t\t<i aria-hidden=\"true\" class=\"fas fa-info\"><\/i>\t\t\t\t\t\t<\/span>\n\t\t\t\t\t\t\t\t\t\t<span class=\"elementor-icon-list-text\">Informaciones sobre los recorridos, Rutas en GPX<\/span>\n\t\t\t\t\t\t\t\t\t<\/li>\n\t\t\t\t\t\t\t\t<li class=\"elementor-icon-list-item\">\n\t\t\t\t\t\t\t\t\t\t\t<span class=\"elementor-icon-list-icon\">\n\t\t\t\t\t\t\t<i aria-hidden=\"true\" class=\"fas fa-comment\"><\/i>\t\t\t\t\t\t<\/span>\n\t\t\t\t\t\t\t\t\t\t<span class=\"elementor-icon-list-text\">Asistencia en italiano y espa\u00f1ol<\/span>\n\t\t\t\t\t\t\t\t\t<\/li>\n\t\t\t\t\t\t<\/ul>\n\t\t\t\t\t\t<\/div>\n\t\t\t\t<\/div>\n\t\t\t\t\t<\/div>\n\t\t<\/div>\n\t\t\t\t<div class=\"elementor-column elementor-col-50 elementor-top-column elementor-element elementor-element-b08357a\" data-id=\"b08357a\" data-element_type=\"column\" data-e-type=\"column\">\n\t\t\t<div class=\"elementor-widget-wrap elementor-element-populated\">\n\t\t\t\t\t\t<div class=\"elementor-element elementor-element-0f80af5 elementor-widget elementor-widget-text-editor\" data-id=\"0f80af5\" data-element_type=\"widget\" data-e-type=\"widget\" data-widget_type=\"text-editor.default\">\n\t\t\t\t<div class=\"elementor-widget-container\">\n\t\t\t\t\t\t\t\t\t<p class=\" colorActive nd_options_first_font \"><strong>El Paquete NO Incluye:<\/strong><\/p>\t\t\t\t\t\t\t\t<\/div>\n\t\t\t\t<\/div>\n\t\t\t\t<div class=\"elementor-element elementor-element-a8599d3 elementor-icon-list--layout-traditional elementor-list-item-link-full_width elementor-widget elementor-widget-icon-list\" data-id=\"a8599d3\" data-element_type=\"widget\" data-e-type=\"widget\" data-widget_type=\"icon-list.default\">\n\t\t\t\t<div class=\"elementor-widget-container\">\n\t\t\t\t\t\t\t<ul class=\"elementor-icon-list-items\">\n\t\t\t\t\t\t\t<li class=\"elementor-icon-list-item\">\n\t\t\t\t\t\t\t\t\t\t\t<span class=\"elementor-icon-list-icon\">\n\t\t\t\t\t\t\t<i aria-hidden=\"true\" class=\"fas fa-times\"><\/i>\t\t\t\t\t\t<\/span>\n\t\t\t\t\t\t\t\t\t\t<span class=\"elementor-icon-list-text\">Boleto de avi\u00f3n<\/span>\n\t\t\t\t\t\t\t\t\t<\/li>\n\t\t\t\t\t\t\t\t<li class=\"elementor-icon-list-item\">\n\t\t\t\t\t\t\t\t\t\t\t<span class=\"elementor-icon-list-icon\">\n\t\t\t\t\t\t\t<i aria-hidden=\"true\" class=\"fas fa-times\"><\/i>\t\t\t\t\t\t<\/span>\n\t\t\t\t\t\t\t\t\t\t<span class=\"elementor-icon-list-text\">Seguro de viaje<\/span>\n\t\t\t\t\t\t\t\t\t<\/li>\n\t\t\t\t\t\t\t\t<li class=\"elementor-icon-list-item\">\n\t\t\t\t\t\t\t\t\t\t\t<span class=\"elementor-icon-list-icon\">\n\t\t\t\t\t\t\t<i aria-hidden=\"true\" class=\"fas fa-times\"><\/i>\t\t\t\t\t\t<\/span>\n\t\t\t\t\t\t\t\t\t\t<span class=\"elementor-icon-list-text\"><span>Gastos personales y servicios no especificados<\/span><\/span>\n\t\t\t\t\t\t\t\t\t<\/li>\n\t\t\t\t\t\t<\/ul>\n\t\t\t\t\t\t<\/div>\n\t\t\t\t<\/div>\n\t\t\t\t\t<\/div>\n\t\t<\/div>\n\t\t\t\t\t<\/div>\n\t\t<\/section>\n\t\t\t\t<section class=\"elementor-section elementor-top-section elementor-element elementor-element-9efd079 elementor-section-boxed elementor-section-height-default elementor-section-height-default wpr-particle-no wpr-jarallax-no wpr-parallax-no wpr-sticky-section-no wpr-equal-height-no\" data-id=\"9efd079\" data-element_type=\"section\" data-e-type=\"section\">\n\t\t\t\t\t\t<div class=\"elementor-container elementor-column-gap-default\">\n\t\t\t\t\t<div class=\"elementor-column elementor-col-100 elementor-top-column elementor-element elementor-element-13313bb\" data-id=\"13313bb\" data-element_type=\"column\" data-e-type=\"column\">\n\t\t\t<div class=\"elementor-widget-wrap elementor-element-populated\">\n\t\t\t\t\t\t<div class=\"elementor-element elementor-element-e12683a elementor-widget-divider--view-line elementor-widget elementor-widget-divider\" data-id=\"e12683a\" data-element_type=\"widget\" data-e-type=\"widget\" data-widget_type=\"divider.default\">\n\t\t\t\t<div class=\"elementor-widget-container\">\n\t\t\t\t\t\t\t<div class=\"elementor-divider\">\n\t\t\t<span class=\"elementor-divider-separator\">\n\t\t\t\t\t\t<\/span>\n\t\t<\/div>\n\t\t\t\t\t\t<\/div>\n\t\t\t\t<\/div>\n\t\t\t\t\t<\/div>\n\t\t<\/div>\n\t\t\t\t\t<\/div>\n\t\t<\/section>\n\t\t\t\t<section class=\"elementor-section elementor-top-section elementor-element elementor-element-eb6369d elementor-section-boxed elementor-section-height-default elementor-section-height-default wpr-particle-no wpr-jarallax-no wpr-parallax-no wpr-sticky-section-no wpr-equal-height-no\" data-id=\"eb6369d\" data-element_type=\"section\" data-e-type=\"section\">\n\t\t\t\t\t\t<div class=\"elementor-container elementor-column-gap-default\">\n\t\t\t\t\t<div class=\"elementor-column elementor-col-100 elementor-top-column elementor-element elementor-element-c65e102\" data-id=\"c65e102\" data-element_type=\"column\" data-e-type=\"column\">\n\t\t\t<div class=\"elementor-widget-wrap elementor-element-populated\">\n\t\t\t\t\t\t<div class=\"elementor-element elementor-element-231d0ea elementor-arrows-position-inside elementor-pagination-position-outside elementor-widget elementor-widget-image-carousel\" data-id=\"231d0ea\" data-element_type=\"widget\" data-e-type=\"widget\" data-settings=\"{&quot;slides_to_show&quot;:&quot;2&quot;,&quot;navigation&quot;:&quot;both&quot;,&quot;autoplay&quot;:&quot;yes&quot;,&quot;pause_on_hover&quot;:&quot;yes&quot;,&quot;pause_on_interaction&quot;:&quot;yes&quot;,&quot;autoplay_speed&quot;:5000,&quot;infinite&quot;:&quot;yes&quot;,&quot;speed&quot;:500}\" data-widget_type=\"image-carousel.default\">\n\t\t\t\t<div class=\"elementor-widget-container\">\n\t\t\t\t\t\t\t<div class=\"elementor-image-carousel-wrapper swiper\" role=\"region\" aria-roledescription=\"carousel\" aria-label=\"Image Carousel\" dir=\"ltr\">\n\t\t\t<div class=\"elementor-image-carousel swiper-wrapper\" aria-live=\"off\">\n\t\t\t\t\t\t\t\t<div class=\"swiper-slide\" role=\"group\" aria-roledescription=\"slide\" aria-label=\"1 of 12\"><figure class=\"swiper-slide-inner\"><img decoding=\"async\" class=\"swiper-slide-image\" src=\"https:\/\/afuegotravel.com\/wp-content\/uploads\/2024\/07\/prosecco1a.jpg\" alt=\"prosecco1a\" \/><\/figure><\/div><div class=\"swiper-slide\" role=\"group\" aria-roledescription=\"slide\" aria-label=\"2 of 12\"><figure class=\"swiper-slide-inner\"><img decoding=\"async\" class=\"swiper-slide-image\" src=\"https:\/\/afuegotravel.com\/wp-content\/uploads\/2025\/07\/15.png\" alt=\"15\" \/><\/figure><\/div><div class=\"swiper-slide\" role=\"group\" aria-roledescription=\"slide\" aria-label=\"3 of 12\"><figure class=\"swiper-slide-inner\"><img decoding=\"async\" class=\"swiper-slide-image\" src=\"https:\/\/afuegotravel.com\/wp-content\/uploads\/2025\/07\/PXL_20241012_093512052.MP_.jpg\" alt=\"PXL_20241012_093512052.MP\" \/><\/figure><\/div><div class=\"swiper-slide\" role=\"group\" aria-roledescription=\"slide\" aria-label=\"4 of 12\"><figure class=\"swiper-slide-inner\"><img decoding=\"async\" class=\"swiper-slide-image\" src=\"https:\/\/afuegotravel.com\/wp-content\/uploads\/2025\/07\/16.png\" alt=\"16\" \/><\/figure><\/div><div class=\"swiper-slide\" role=\"group\" aria-roledescription=\"slide\" aria-label=\"5 of 12\"><figure class=\"swiper-slide-inner\"><img decoding=\"async\" class=\"swiper-slide-image\" src=\"https:\/\/afuegotravel.com\/wp-content\/uploads\/2025\/07\/17.png\" alt=\"17\" \/><\/figure><\/div><div class=\"swiper-slide\" role=\"group\" aria-roledescription=\"slide\" aria-label=\"6 of 12\"><figure class=\"swiper-slide-inner\"><img decoding=\"async\" class=\"swiper-slide-image\" src=\"https:\/\/afuegotravel.com\/wp-content\/uploads\/2025\/07\/18.png\" alt=\"18\" \/><\/figure><\/div><div class=\"swiper-slide\" role=\"group\" aria-roledescription=\"slide\" aria-label=\"7 of 12\"><figure class=\"swiper-slide-inner\"><img decoding=\"async\" class=\"swiper-slide-image\" src=\"https:\/\/afuegotravel.com\/wp-content\/uploads\/2025\/07\/PXL_20241012_071739658.jpg\" alt=\"PXL_20241012_071739658\" \/><\/figure><\/div><div class=\"swiper-slide\" role=\"group\" aria-roledescription=\"slide\" aria-label=\"8 of 12\"><figure class=\"swiper-slide-inner\"><img decoding=\"async\" class=\"swiper-slide-image\" src=\"https:\/\/afuegotravel.com\/wp-content\/uploads\/2025\/07\/19.png\" alt=\"19\" \/><\/figure><\/div><div class=\"swiper-slide\" role=\"group\" aria-roledescription=\"slide\" aria-label=\"9 of 12\"><figure class=\"swiper-slide-inner\"><img decoding=\"async\" class=\"swiper-slide-image\" src=\"https:\/\/afuegotravel.com\/wp-content\/uploads\/2024\/07\/prosecco3a.jpg\" alt=\"prosecco3a\" \/><\/figure><\/div><div class=\"swiper-slide\" role=\"group\" aria-roledescription=\"slide\" aria-label=\"10 of 12\"><figure class=\"swiper-slide-inner\"><img decoding=\"async\" class=\"swiper-slide-image\" src=\"https:\/\/afuegotravel.com\/wp-content\/uploads\/2024\/07\/prosecco5a.jpg\" alt=\"prosecco5a\" \/><\/figure><\/div><div class=\"swiper-slide\" role=\"group\" aria-roledescription=\"slide\" aria-label=\"11 of 12\"><figure class=\"swiper-slide-inner\"><img decoding=\"async\" class=\"swiper-slide-image\" src=\"https:\/\/afuegotravel.com\/wp-content\/uploads\/2023\/06\/tour_octubre3.jpg\" alt=\"tour_octubre3\" \/><\/figure><\/div><div class=\"swiper-slide\" role=\"group\" aria-roledescription=\"slide\" aria-label=\"12 of 12\"><figure class=\"swiper-slide-inner\"><img decoding=\"async\" class=\"swiper-slide-image\" src=\"https:\/\/afuegotravel.com\/wp-content\/uploads\/2025\/03\/trattoria.jpg\" alt=\"trattoria\" \/><\/figure><\/div>\t\t\t<\/div>\n\t\t\t\t\t\t\t\t\t\t\t\t<div class=\"elementor-swiper-button elementor-swiper-button-prev\" role=\"button\" tabindex=\"0\">\n\t\t\t\t\t\t<i aria-hidden=\"true\" class=\"eicon-chevron-left\"><\/i>\t\t\t\t\t<\/div>\n\t\t\t\t\t<div class=\"elementor-swiper-button elementor-swiper-button-next\" role=\"button\" tabindex=\"0\">\n\t\t\t\t\t\t<i aria-hidden=\"true\" class=\"eicon-chevron-right\"><\/i>\t\t\t\t\t<\/div>\n\t\t\t\t\n\t\t\t\t\t\t\t\t\t<div class=\"swiper-pagination\"><\/div>\n\t\t\t\t\t\t\t\t\t<\/div>\n\t\t\t\t\t\t<\/div>\n\t\t\t\t<\/div>\n\t\t\t\t\t<\/div>\n\t\t<\/div>\n\t\t\t\t\t<\/div>\n\t\t<\/section>\n\t\t\t\t<section class=\"elementor-section elementor-top-section elementor-element elementor-element-75c2c3b elementor-section-boxed elementor-section-height-default elementor-section-height-default wpr-particle-no wpr-jarallax-no wpr-parallax-no wpr-sticky-section-no wpr-equal-height-no\" data-id=\"75c2c3b\" data-element_type=\"section\" data-e-type=\"section\">\n\t\t\t\t\t\t<div class=\"elementor-container elementor-column-gap-default\">\n\t\t\t\t\t<div class=\"elementor-column elementor-col-100 elementor-top-column elementor-element elementor-element-7695551\" data-id=\"7695551\" data-element_type=\"column\" data-e-type=\"column\">\n\t\t\t<div class=\"elementor-widget-wrap elementor-element-populated\">\n\t\t\t\t\t\t<div class=\"elementor-element elementor-element-1aa0c49 elementor-widget elementor-widget-heading\" data-id=\"1aa0c49\" data-element_type=\"widget\" data-e-type=\"widget\" data-widget_type=\"heading.default\">\n\t\t\t\t<div class=\"elementor-widget-container\">\n\t\t\t\t\t<h2 class=\"elementor-heading-title elementor-size-default\">PROGRAMA\/ITINERARIO<\/h2>\t\t\t\t<\/div>\n\t\t\t\t<\/div>\n\t\t\t\t<div class=\"elementor-element elementor-element-cb3eb3b elementor-widget elementor-widget-text-editor\" data-id=\"cb3eb3b\" data-element_type=\"widget\" data-e-type=\"widget\" data-widget_type=\"text-editor.default\">\n\t\t\t\t<div class=\"elementor-widget-container\">\n\t\t\t\t\t\t\t\t\t<p><i>Las rutas previstas pueden variar por condiciones meteorol\u00f3gicas u otros <\/i><i>imprevistos independientes de la organizaci\u00f3n.<\/i><\/p>\t\t\t\t\t\t\t\t<\/div>\n\t\t\t\t<\/div>\n\t\t\t\t<div class=\"elementor-element elementor-element-1609386 elementor-widget-divider--view-line elementor-widget elementor-widget-divider\" data-id=\"1609386\" data-element_type=\"widget\" data-e-type=\"widget\" data-widget_type=\"divider.default\">\n\t\t\t\t<div class=\"elementor-widget-container\">\n\t\t\t\t\t\t\t<div class=\"elementor-divider\">\n\t\t\t<span class=\"elementor-divider-separator\">\n\t\t\t\t\t\t<\/span>\n\t\t<\/div>\n\t\t\t\t\t\t<\/div>\n\t\t\t\t<\/div>\n\t\t\t\t\t<\/div>\n\t\t<\/div>\n\t\t\t\t\t<\/div>\n\t\t<\/section>\n\t\t\t\t<section class=\"elementor-section elementor-top-section elementor-element elementor-element-c116403 elementor-section-boxed elementor-section-height-default elementor-section-height-default wpr-particle-no wpr-jarallax-no wpr-parallax-no wpr-sticky-section-no wpr-equal-height-no\" data-id=\"c116403\" data-element_type=\"section\" data-e-type=\"section\">\n\t\t\t\t\t\t<div class=\"elementor-container elementor-column-gap-default\">\n\t\t\t\t\t<div class=\"elementor-column elementor-col-100 elementor-top-column elementor-element elementor-element-5ebbbff\" data-id=\"5ebbbff\" data-element_type=\"column\" data-e-type=\"column\">\n\t\t\t<div class=\"elementor-widget-wrap elementor-element-populated\">\n\t\t\t\t\t\t<div class=\"elementor-element elementor-element-2573616 elementor-widget elementor-widget-text-editor\" data-id=\"2573616\" data-element_type=\"widget\" data-e-type=\"widget\" data-widget_type=\"text-editor.default\">\n\t\t\t\t<div class=\"elementor-widget-container\">\n\t\t\t\t\t\t\t\t\t<p style=\"outline-color: #ee7121; color: #000000;\"><span style=\"outline-color: #ee7121; color: #ff6600;\"><span style=\"outline-color: #ee7121;\">D\u00eda<\/span><span style=\"outline-color: #ee7121; font-weight: bold;\"> 1 &#8211; Miercoles 23\/09<\/span><\/span><\/p><p data-start=\"167\" data-end=\"570\">Nuestro viaje comienza alrededor del mediod\u00eda, cuando nos encontraremos en el <strong>aeropuerto de Roma Fiumicino<\/strong> para dar la bienvenida al grupo. Desde all\u00ed, un transfer privado nos llevar\u00e1 c\u00f3modamente hasta nuestro hotel en Roma.<\/p><p data-start=\"368\" data-end=\"611\">Ser\u00e1 el primer momento para conocernos, compartir expectativas y comenzar a respirar el ambiente del viaje. En el hotel revisaremos las bicicletas, ajustaremos los \u00faltimos detalles y nos prepararemos para los d\u00edas de pedaleo que nos esperan.<\/p><p data-start=\"613\" data-end=\"751\">Un inicio tranquilo y organizado, pensado para empezar esta aventura con calma, ilusi\u00f3n y la emoci\u00f3n de descubrir Italia sobre dos ruedas.<\/p>\t\t\t\t\t\t\t\t<\/div>\n\t\t\t\t<\/div>\n\t\t\t\t\t<\/div>\n\t\t<\/div>\n\t\t\t\t\t<\/div>\n\t\t<\/section>\n\t\t\t\t<section class=\"elementor-section elementor-top-section elementor-element elementor-element-15ee952 elementor-section-boxed elementor-section-height-default elementor-section-height-default wpr-particle-no wpr-jarallax-no wpr-parallax-no wpr-sticky-section-no wpr-equal-height-no\" data-id=\"15ee952\" data-element_type=\"section\" data-e-type=\"section\">\n\t\t\t\t\t\t<div class=\"elementor-container elementor-column-gap-default\">\n\t\t\t\t\t<div class=\"elementor-column elementor-col-100 elementor-top-column elementor-element elementor-element-820db59\" data-id=\"820db59\" data-element_type=\"column\" data-e-type=\"column\">\n\t\t\t<div class=\"elementor-widget-wrap elementor-element-populated\">\n\t\t\t\t\t\t<div class=\"elementor-element elementor-element-c800f7a elementor-widget elementor-widget-text-editor\" data-id=\"c800f7a\" data-element_type=\"widget\" data-e-type=\"widget\" data-widget_type=\"text-editor.default\">\n\t\t\t\t<div class=\"elementor-widget-container\">\n\t\t\t\t\t\t\t\t\t<p style=\"outline-color: #ee7121; color: #000000;\"><span style=\"outline-color: #ee7121; color: #ff6600;\"><strong><span style=\"outline-color: #ee7121;\">D\u00eda<\/span><\/strong><span style=\"outline-color: #ee7121; font-weight: bold;\"> 2 &#8211; Jueves 24\/09 &#8211; Roma &#8211; Lago di Bracciano<\/span><\/span><\/p><p data-start=\"140\" data-end=\"453\"><span style=\"color: #000000;\">Dejamos atr\u00e1s el ritmo vibrante de Roma para adentrarnos, poco a poco, en paisajes m\u00e1s tranquilos y verdes. Pedaleamos entre caminos secundarios y tramos naturales que nos conducen hacia el norte, descubriendo una cara m\u00e1s aut\u00e9ntica del Lacio, lejos de las multitudes.<\/span><\/p><p data-start=\"455\" data-end=\"768\"><span style=\"color: #000000;\">El recorrido nos regala colinas suaves, peque\u00f1os pueblos y amplias vistas sobre el campo romano, hasta que, casi sin darnos cuenta, aparece ante nosotros el azul intenso del Lago de Bracciano. La llegada a sus orillas es un momento especial: calma, naturaleza y la sensaci\u00f3n de haber iniciado una gran aventura.<\/span><\/p><p data-start=\"770\" data-end=\"958\"><span style=\"color: #000000;\">Tiempo para relajarnos, pasear junto al lago y disfrutar de la gastronom\u00eda local, celebrando el comienzo de este viaje que nos llevar\u00e1, pedalada a pedalada, hasta el coraz\u00f3n de la Toscana. <\/span><span style=\"color: #000000;\">Cena y alojamiento en el hotel.<\/span><\/p><p style=\"outline-color: #ee7121; color: #000000;\"><span style=\"outline-color: #ee7121; font-weight: bolder;\">Dificultad:<\/span> F\u00e1cil\/Media &#8211; <strong>Kil\u00f3metros recorridos<\/strong>: 65 \u2013 <strong>Desnivel acumulado<\/strong>: 580 mt<\/p>\t\t\t\t\t\t\t\t<\/div>\n\t\t\t\t<\/div>\n\t\t\t\t\t<\/div>\n\t\t<\/div>\n\t\t\t\t\t<\/div>\n\t\t<\/section>\n\t\t\t\t<section class=\"elementor-section elementor-top-section elementor-element elementor-element-326b639 elementor-section-boxed elementor-section-height-default elementor-section-height-default wpr-particle-no wpr-jarallax-no wpr-parallax-no wpr-sticky-section-no wpr-equal-height-no\" data-id=\"326b639\" data-element_type=\"section\" data-e-type=\"section\">\n\t\t\t\t\t\t<div class=\"elementor-container elementor-column-gap-default\">\n\t\t\t\t\t<div class=\"elementor-column elementor-col-100 elementor-top-column elementor-element elementor-element-27f2040\" data-id=\"27f2040\" data-element_type=\"column\" data-e-type=\"column\">\n\t\t\t<div class=\"elementor-widget-wrap elementor-element-populated\">\n\t\t\t\t\t\t<div class=\"elementor-element elementor-element-9799525 elementor-widget elementor-widget-text-editor\" data-id=\"9799525\" data-element_type=\"widget\" data-e-type=\"widget\" data-widget_type=\"text-editor.default\">\n\t\t\t\t<div class=\"elementor-widget-container\">\n\t\t\t\t\t\t\t\t\t<p style=\"outline-color: #ee7121; color: #000000;\"><span style=\"outline-color: #ee7121; color: #ff6600;\"><span style=\"outline-color: #ee7121; font-weight: bold;\">D\u00eda 3 &#8211; Viernes 25\/09 &#8211; Lago di Bracciano &#8211; Viterbo<\/span><\/span><\/p><p data-start=\"106\" data-end=\"454\">Nos despedimos del Lago de Bracciano pedaleando entre paisajes volc\u00e1nicos y caminos rurales que atraviesan bosques, praderas y peque\u00f1as localidades llenas de encanto. La ruta transcurre por una zona rica en historia y tradiciones, donde cada kil\u00f3metro invita a bajar el ritmo y disfrutar del entorno.<\/p><p data-start=\"456\" data-end=\"698\">A lo largo del d\u00eda nos acompa\u00f1an suaves ondulaciones, tramos solitarios y vistas abiertas sobre el campo del norte del Lacio, hasta acercarnos progresivamente a Viterbo, ciudad medieval famosa por su casco hist\u00f3rico y sus antiguas murallas.<\/p><p data-start=\"700\" data-end=\"947\">La llegada a Viterbo nos transporta en el tiempo: calles empedradas, plazas tranquilas y la atm\u00f3sfera \u00fanica de una ciudad que ha sabido conservar su esencia. Un final perfecto para otra jornada de pedaleo, entre naturaleza, cultura y autenticidad. Cena y alojamiento en el hotel.<\/p><p style=\"outline-color: #ee7121;\"><span style=\"outline-color: #ee7121; font-weight: bolder;\">Dificultad:<\/span> F\u00e1cil &#8211; <strong>Kil\u00f3metros recorridos<\/strong>: 52 \u2013 <strong>Desnivel acumulado<\/strong>: 690 mt<\/p>\t\t\t\t\t\t\t\t<\/div>\n\t\t\t\t<\/div>\n\t\t\t\t\t<\/div>\n\t\t<\/div>\n\t\t\t\t\t<\/div>\n\t\t<\/section>\n\t\t\t\t<section class=\"elementor-section elementor-top-section elementor-element elementor-element-85bbe49 elementor-section-boxed elementor-section-height-default elementor-section-height-default wpr-particle-no wpr-jarallax-no wpr-parallax-no wpr-sticky-section-no wpr-equal-height-no\" data-id=\"85bbe49\" data-element_type=\"section\" data-e-type=\"section\">\n\t\t\t\t\t\t<div class=\"elementor-container elementor-column-gap-default\">\n\t\t\t\t\t<div class=\"elementor-column elementor-col-100 elementor-top-column elementor-element elementor-element-fab6674\" data-id=\"fab6674\" data-element_type=\"column\" data-e-type=\"column\">\n\t\t\t<div class=\"elementor-widget-wrap elementor-element-populated\">\n\t\t\t\t\t\t<div class=\"elementor-element elementor-element-be219ca elementor-widget elementor-widget-text-editor\" data-id=\"be219ca\" data-element_type=\"widget\" data-e-type=\"widget\" data-widget_type=\"text-editor.default\">\n\t\t\t\t<div class=\"elementor-widget-container\">\n\t\t\t\t\t\t\t\t\t<p style=\"outline-color: #ee7121; color: #000000;\"><span style=\"outline-color: #ee7121; color: #ff6600;\"><span style=\"outline-color: #ee7121; font-weight: bold;\">D\u00eda 4 &#8211; Sabado 26\/09 &#8211; Viterbo &#8211; Acquapendiente<\/span><\/span><\/p><p data-start=\"107\" data-end=\"442\"><span style=\"color: #000000;\">Salimos de Viterbo inmersos en el coraz\u00f3n de la Tuscia, pedaleando entre colinas, campos cultivados y paisajes que parecen sacados de una postal. El recorrido sigue antiguos caminos cargados de historia, muchos de ellos vinculados a la legendaria V\u00eda Franc\u00edgena, ruta milenaria de peregrinos.<\/span><\/p><p data-start=\"444\" data-end=\"705\"><span style=\"color: #000000;\">La jornada ofrece un pedaleo constante y agradable, entre peque\u00f1os pueblos, bosques y amplios panoramas rurales que transmiten una profunda sensaci\u00f3n de calma. Cada tramo invita a disfrutar del silencio, del ritmo tranquilo y de la conexi\u00f3n con el territorio.<\/span><\/p><p data-start=\"707\" data-end=\"916\"><span style=\"color: #000000;\">La llegada a Acquapendente, con su marcado car\u00e1cter medieval y su posici\u00f3n estrat\u00e9gica en lo alto de una colina, marca la entrada simb\u00f3lica en una nueva etapa del viaje, acerc\u00e1ndonos cada vez m\u00e1s a la Toscana. Cena y alojamiento en el hotel.<\/span><\/p><p class=\"p1\" style=\"outline-color: #ee7121; color: #000000;\"><strong>Dificultad<\/strong>:\u00a0F\u00e1cil &#8211;\u00a0<strong>Kil\u00f3metros recorridos<\/strong>: 54 \u2013\u00a0<strong>Desnivel acumulado<\/strong>: 470 mt<\/p>\t\t\t\t\t\t\t\t<\/div>\n\t\t\t\t<\/div>\n\t\t\t\t\t<\/div>\n\t\t<\/div>\n\t\t\t\t\t<\/div>\n\t\t<\/section>\n\t\t\t\t<section class=\"elementor-section elementor-top-section elementor-element elementor-element-1926cc3 elementor-section-boxed elementor-section-height-default elementor-section-height-default wpr-particle-no wpr-jarallax-no wpr-parallax-no wpr-sticky-section-no wpr-equal-height-no\" data-id=\"1926cc3\" data-element_type=\"section\" data-e-type=\"section\">\n\t\t\t\t\t\t<div class=\"elementor-container elementor-column-gap-default\">\n\t\t\t\t\t<div class=\"elementor-column elementor-col-100 elementor-top-column elementor-element elementor-element-ba64bfb\" data-id=\"ba64bfb\" data-element_type=\"column\" data-e-type=\"column\">\n\t\t\t<div class=\"elementor-widget-wrap elementor-element-populated\">\n\t\t\t\t\t\t<div class=\"elementor-element elementor-element-aed12ab elementor-widget elementor-widget-text-editor\" data-id=\"aed12ab\" data-element_type=\"widget\" data-e-type=\"widget\" data-widget_type=\"text-editor.default\">\n\t\t\t\t<div class=\"elementor-widget-container\">\n\t\t\t\t\t\t\t\t\t<p style=\"outline-color: #ee7121; color: #000000;\">\u00a0<span style=\"outline-color: #ee7121; color: #ff6600;\"><span style=\"outline-color: #ee7121; font-weight: bold;\">D\u00eda 5 &#8211; Domingo 27\/09 &#8211; Acquapendiente &#8211; San Quirico d&#8217;Orcia<\/span><\/span><\/p><p data-start=\"117\" data-end=\"439\">Dejamos atr\u00e1s el Lacio para cruzar la frontera natural con la Toscana, entrando en uno de los territorios m\u00e1s emblem\u00e1ticos del viaje. El paisaje cambia gradualmente y nos regala colinas suaves, caminos blancos y pueblos de piedra que parecen suspendidos en el tiempo.<\/p><p data-start=\"441\" data-end=\"735\">Pedaleamos entre vi\u00f1edos, olivares y campos dorados, siguiendo tramos hist\u00f3ricos de la V\u00eda Franc\u00edgena, en una jornada que combina belleza esc\u00e9nica y emoci\u00f3n. Cada curva abre nuevas perspectivas sobre el Val d\u2019Orcia, Patrimonio de la Humanidad, con sus colinas onduladas y cipreses solitarios.<\/p><p data-start=\"737\" data-end=\"941\">La llegada a San Quirico d\u2019Orcia es simplemente m\u00e1gica: un peque\u00f1o borgo toscano lleno de encanto, donde celebramos una jornada inolvidable rodeados de algunos de los paisajes m\u00e1s fotografiados de Italia. Cena y alojamiento en el hotel.<\/p><p style=\"outline-color: #ee7121;\"><strong>Dificultad<\/strong>: Media &#8211;\u00a0<strong>Kil\u00f3metros recorridos<\/strong>: 55 \u2013\u00a0<strong>Desnivel acumulado<\/strong>: 830 mt<\/p>\t\t\t\t\t\t\t\t<\/div>\n\t\t\t\t<\/div>\n\t\t\t\t\t<\/div>\n\t\t<\/div>\n\t\t\t\t\t<\/div>\n\t\t<\/section>\n\t\t\t\t<section class=\"elementor-section elementor-top-section elementor-element elementor-element-346aca6 elementor-section-boxed elementor-section-height-default elementor-section-height-default wpr-particle-no wpr-jarallax-no wpr-parallax-no wpr-sticky-section-no wpr-equal-height-no\" data-id=\"346aca6\" data-element_type=\"section\" data-e-type=\"section\">\n\t\t\t\t\t\t<div class=\"elementor-container elementor-column-gap-default\">\n\t\t\t\t\t<div class=\"elementor-column elementor-col-100 elementor-top-column elementor-element elementor-element-e4149cc\" data-id=\"e4149cc\" data-element_type=\"column\" data-e-type=\"column\">\n\t\t\t<div class=\"elementor-widget-wrap elementor-element-populated\">\n\t\t\t\t\t\t<div class=\"elementor-element elementor-element-4a381b7 elementor-widget elementor-widget-text-editor\" data-id=\"4a381b7\" data-element_type=\"widget\" data-e-type=\"widget\" data-widget_type=\"text-editor.default\">\n\t\t\t\t<div class=\"elementor-widget-container\">\n\t\t\t\t\t\t\t\t\t<p style=\"outline-color: #ee7121; color: #000000;\">\u00a0<span style=\"outline-color: #ee7121; color: #ff6600;\"><span style=\"outline-color: #ee7121; font-weight: bold;\">D\u00eda 6 &#8211; Lunes 28\/09 &#8211; San Quirico d&#8217;Orcia &#8211; Siena<\/span><\/span><\/p><p data-start=\"102\" data-end=\"455\">Salimos de San Quirico d\u2019Orcia atravesando el coraz\u00f3n del Val d\u2019Orcia, pedaleando entre colinas infinitas, caminos blancos y panoramas que definen la esencia de la Toscana. El recorrido es una sucesi\u00f3n de postales: cipreses, vi\u00f1edos, pueblos medievales y largas rectas donde el paisaje parece no tener fin.<\/p><p data-start=\"457\" data-end=\"730\">La ruta nos conduce progresivamente hacia el territorio de las Crete Senesi, con sus formas suaves y sus tonos cambiantes, creando un contraste fascinante con los d\u00edas anteriores. Es una jornada para disfrutar del pedaleo, del silencio y de la belleza simple del entorno.<\/p><p data-start=\"732\" data-end=\"954\">La llegada a Siena, con su impresionante centro hist\u00f3rico y su famosa Piazza del Campo, es uno de los grandes momentos del viaje. Entrar en esta ciudad legendaria en bicicleta es una experiencia que dif\u00edcilmente se olvida. Cena y alojamiento en el hotel.<\/p><p style=\"outline-color: #ee7121;\"><strong>Dificultad<\/strong>:\u00a0F\u00e1cil &#8211;\u00a0<strong>Kil\u00f3metros recorridos<\/strong>: 50 \u2013\u00a0<strong>Desnivel acumulado<\/strong>: 460 mt<\/p>\t\t\t\t\t\t\t\t<\/div>\n\t\t\t\t<\/div>\n\t\t\t\t\t<\/div>\n\t\t<\/div>\n\t\t\t\t\t<\/div>\n\t\t<\/section>\n\t\t\t\t<section class=\"elementor-section elementor-top-section elementor-element elementor-element-fe445e7 elementor-section-boxed elementor-section-height-default elementor-section-height-default wpr-particle-no wpr-jarallax-no wpr-parallax-no wpr-sticky-section-no wpr-equal-height-no\" data-id=\"fe445e7\" data-element_type=\"section\" data-e-type=\"section\">\n\t\t\t\t\t\t<div class=\"elementor-container elementor-column-gap-default\">\n\t\t\t\t\t<div class=\"elementor-column elementor-col-100 elementor-top-column elementor-element elementor-element-bd53800\" data-id=\"bd53800\" data-element_type=\"column\" data-e-type=\"column\">\n\t\t\t<div class=\"elementor-widget-wrap elementor-element-populated\">\n\t\t\t\t\t\t<div class=\"elementor-element elementor-element-449dd83 elementor-widget elementor-widget-text-editor\" data-id=\"449dd83\" data-element_type=\"widget\" data-e-type=\"widget\" data-widget_type=\"text-editor.default\">\n\t\t\t\t<div class=\"elementor-widget-container\">\n\t\t\t\t\t\t\t\t\t<p style=\"outline-color: #ee7121; color: #000000;\"><span style=\"outline-color: #ee7121; color: #ff6600;\"><span style=\"outline-color: #ee7121; font-weight: bold;\">D\u00eda 7\u00a0 &#8211; Martes 29\/09 &#8211; Siena &#8211; Tavernelle<\/span><\/span><\/p><p data-start=\"116\" data-end=\"419\">Dejamos Siena pedaleando entre colinas suaves y carreteras secundarias que nos adentran en el coraz\u00f3n del Chianti. El paisaje se transforma en una armon\u00eda de vi\u00f1edos, olivares, bosques y peque\u00f1os pueblos, donde cada detalle habla de tradici\u00f3n y cultura.<\/p><p data-start=\"421\" data-end=\"657\">La jornada es un continuo susurro de subidas y bajadas, siempre acompa\u00f1ado por vistas abiertas y escenarios t\u00edpicamente toscanos. Pedaleamos por caminos que invitan a disfrutar del ritmo, del entorno y del placer de viajar sin prisas.<\/p><p data-start=\"659\" data-end=\"908\">La llegada a Tavarnelle Val di Pesa nos recibe con la atm\u00f3sfera c\u00e1lida de un pueblo inmerso entre colinas y vi\u00f1edos, en una de las zonas vin\u00edcolas m\u00e1s prestigiosas de Italia. Un final perfecto para una jornada marcada por la belleza y el equilibrio. Cena y alojamiento en el hotel<\/p><p style=\"outline-color: #ee7121;\"><strong>Dificultad<\/strong>:\u00a0F\u00e1cil &#8211;\u00a0<strong>Kil\u00f3metros recorridos<\/strong>: 39 \u2013\u00a0<strong>Desnivel acumulado<\/strong>: 470 mt<\/p>\t\t\t\t\t\t\t\t<\/div>\n\t\t\t\t<\/div>\n\t\t\t\t\t<\/div>\n\t\t<\/div>\n\t\t\t\t\t<\/div>\n\t\t<\/section>\n\t\t\t\t<section class=\"elementor-section elementor-top-section elementor-element elementor-element-be30217 elementor-section-boxed elementor-section-height-default elementor-section-height-default wpr-particle-no wpr-jarallax-no wpr-parallax-no wpr-sticky-section-no wpr-equal-height-no\" data-id=\"be30217\" data-element_type=\"section\" data-e-type=\"section\">\n\t\t\t\t\t\t<div class=\"elementor-container elementor-column-gap-default\">\n\t\t\t\t\t<div class=\"elementor-column elementor-col-100 elementor-top-column elementor-element elementor-element-cb2a9d6\" data-id=\"cb2a9d6\" data-element_type=\"column\" data-e-type=\"column\">\n\t\t\t<div class=\"elementor-widget-wrap elementor-element-populated\">\n\t\t\t\t\t\t<div class=\"elementor-element elementor-element-f99a5ab elementor-widget elementor-widget-text-editor\" data-id=\"f99a5ab\" data-element_type=\"widget\" data-e-type=\"widget\" data-widget_type=\"text-editor.default\">\n\t\t\t\t<div class=\"elementor-widget-container\">\n\t\t\t\t\t\t\t\t\t<p>\u00a0<span style=\"color: #ff6600;\"><b>D\u00eda 8\u00a0 &#8211; Miercoles 30\/09 &#8211; Tavernelle &#8211; Firenze<\/b><\/span><\/p><p data-start=\"123\" data-end=\"460\">La \u00faltima jornada del viaje nos lleva a pedalear entre las colinas del Chianti rumbo a Florencia, atravesando vi\u00f1edos, caminos rurales y peque\u00f1os pueblos que resumen la esencia de la Toscana. Es un recorrido que combina belleza, emoci\u00f3n y la satisfacci\u00f3n de acercarnos al gran final.<\/p><p data-start=\"462\" data-end=\"661\">A medida que avanzamos, el paisaje se abre y comienzan a aparecer las primeras vistas sobre el valle del Arno, se\u00f1al inequ\u00edvoca de que estamos llegando a una de las ciudades m\u00e1s ic\u00f3nicas de Italia.<\/p><p data-start=\"663\" data-end=\"925\">Entrar en Florencia en bicicleta es un momento especial: una mezcla de orgullo, alegr\u00eda y emoci\u00f3n tras varios d\u00edas de pedaleo. Celebramos el final de esta gran traves\u00eda rodeados de arte, historia y belleza, con la sensaci\u00f3n de haber vivido una experiencia \u00fanica. Cena y alojamiento en el hotel.<\/p><p data-start=\"184\" data-end=\"388\"><strong>Dificultad<\/strong>: F\u00e1cil &#8211; <strong>Kil\u00f3metros recorridos<\/strong>: 30 \u2013\u00a0<strong>Desnivel acumulado<\/strong>: 360 mt<\/p>\t\t\t\t\t\t\t\t<\/div>\n\t\t\t\t<\/div>\n\t\t\t\t\t<\/div>\n\t\t<\/div>\n\t\t\t\t\t<\/div>\n\t\t<\/section>\n\t\t\t\t<section class=\"elementor-section elementor-top-section elementor-element elementor-element-9e41a67 elementor-section-boxed elementor-section-height-default elementor-section-height-default wpr-particle-no wpr-jarallax-no wpr-parallax-no wpr-sticky-section-no wpr-equal-height-no\" data-id=\"9e41a67\" data-element_type=\"section\" data-e-type=\"section\">\n\t\t\t\t\t\t<div class=\"elementor-container elementor-column-gap-default\">\n\t\t\t\t\t<div class=\"elementor-column elementor-col-100 elementor-top-column elementor-element elementor-element-ee1671c\" data-id=\"ee1671c\" data-element_type=\"column\" data-e-type=\"column\">\n\t\t\t<div class=\"elementor-widget-wrap elementor-element-populated\">\n\t\t\t\t\t\t<div class=\"elementor-element elementor-element-f3fde2e elementor-widget elementor-widget-text-editor\" data-id=\"f3fde2e\" data-element_type=\"widget\" data-e-type=\"widget\" data-widget_type=\"text-editor.default\">\n\t\t\t\t<div class=\"elementor-widget-container\">\n\t\t\t\t\t\t\t\t\t<p>\u00a0<span style=\"color: #ff6600;\"><b>D\u00eda 9\u00a0 &#8211; Jueves 01\/10<\/b><\/span><\/p><p data-start=\"3181\" data-end=\"3465\">Tras el desayuno, nos despedimos. Para quienes deciden quedarse un poco m\u00e1s, Florencia ofrece infinitos tesoros por descubrir. Un viaje termina, pero los recuerdos \u2014como las buenas rutas\u2014 no se olvidan nunca.<\/p><p class=\"\" data-start=\"184\" data-end=\"388\">\u00a1Gracias por haber sido parte de esta aventura! <em data-start=\"520\" data-end=\"534\">Arrivederci.<\/em><\/p>\t\t\t\t\t\t\t\t<\/div>\n\t\t\t\t<\/div>\n\t\t\t\t\t<\/div>\n\t\t<\/div>\n\t\t\t\t\t<\/div>\n\t\t<\/section>\n\t\t\t\t<section class=\"elementor-section elementor-top-section elementor-element elementor-element-eb94176 elementor-section-boxed elementor-section-height-default elementor-section-height-default wpr-particle-no wpr-jarallax-no wpr-parallax-no wpr-sticky-section-no wpr-equal-height-no\" data-id=\"eb94176\" data-element_type=\"section\" data-e-type=\"section\">\n\t\t\t\t\t\t<div class=\"elementor-container elementor-column-gap-default\">\n\t\t\t\t\t<div class=\"elementor-column elementor-col-100 elementor-top-column elementor-element elementor-element-a0750cc\" data-id=\"a0750cc\" data-element_type=\"column\" data-e-type=\"column\">\n\t\t\t<div class=\"elementor-widget-wrap elementor-element-populated\">\n\t\t\t\t\t\t<div class=\"elementor-element elementor-element-66f062b elementor-widget elementor-widget-image\" data-id=\"66f062b\" data-element_type=\"widget\" data-e-type=\"widget\" data-widget_type=\"image.default\">\n\t\t\t\t<div class=\"elementor-widget-container\">\n\t\t\t\t\t\t\t\t\t\t\t\t\t\t\t<img fetchpriority=\"high\" decoding=\"async\" width=\"1600\" height=\"600\" src=\"https:\/\/afuegotravel.com\/wp-content\/uploads\/2025\/07\/PXL_20241012_092548672.jpg\" class=\"attachment-full size-full wp-image-12876\" alt=\"\" srcset=\"https:\/\/afuegotravel.com\/wp-content\/uploads\/2025\/07\/PXL_20241012_092548672.jpg 1600w, https:\/\/afuegotravel.com\/wp-content\/uploads\/2025\/07\/PXL_20241012_092548672-300x113.jpg 300w, https:\/\/afuegotravel.com\/wp-content\/uploads\/2025\/07\/PXL_20241012_092548672-1024x384.jpg 1024w, https:\/\/afuegotravel.com\/wp-content\/uploads\/2025\/07\/PXL_20241012_092548672-768x288.jpg 768w, https:\/\/afuegotravel.com\/wp-content\/uploads\/2025\/07\/PXL_20241012_092548672-1536x576.jpg 1536w\" sizes=\"(max-width: 1600px) 100vw, 1600px\" \/>\t\t\t\t\t\t\t\t\t\t\t\t\t\t\t<\/div>\n\t\t\t\t<\/div>\n\t\t\t\t\t<\/div>\n\t\t<\/div>\n\t\t\t\t\t<\/div>\n\t\t<\/section>\n\t\t\t\t<section class=\"elementor-section elementor-top-section elementor-element elementor-element-0b79cf0 elementor-section-boxed elementor-section-height-default elementor-section-height-default wpr-particle-no wpr-jarallax-no wpr-parallax-no wpr-sticky-section-no wpr-equal-height-no\" data-id=\"0b79cf0\" data-element_type=\"section\" data-e-type=\"section\">\n\t\t\t\t\t\t<div class=\"elementor-container elementor-column-gap-default\">\n\t\t\t\t\t<div class=\"elementor-column elementor-col-50 elementor-top-column elementor-element elementor-element-9b18b2d\" data-id=\"9b18b2d\" data-element_type=\"column\" data-e-type=\"column\">\n\t\t\t<div class=\"elementor-widget-wrap elementor-element-populated\">\n\t\t\t\t\t\t<div class=\"elementor-element elementor-element-8729cae elementor-widget elementor-widget-image\" data-id=\"8729cae\" data-element_type=\"widget\" data-e-type=\"widget\" data-widget_type=\"image.default\">\n\t\t\t\t<div class=\"elementor-widget-container\">\n\t\t\t\t\t\t\t\t\t\t\t\t\t\t\t<img decoding=\"async\" width=\"1024\" height=\"384\" src=\"https:\/\/afuegotravel.com\/wp-content\/uploads\/2025\/07\/PXL_20241012_100627185-1024x384.jpg\" class=\"attachment-large size-large wp-image-12874\" alt=\"\" srcset=\"https:\/\/afuegotravel.com\/wp-content\/uploads\/2025\/07\/PXL_20241012_100627185-1024x384.jpg 1024w, https:\/\/afuegotravel.com\/wp-content\/uploads\/2025\/07\/PXL_20241012_100627185-300x113.jpg 300w, https:\/\/afuegotravel.com\/wp-content\/uploads\/2025\/07\/PXL_20241012_100627185-768x288.jpg 768w, https:\/\/afuegotravel.com\/wp-content\/uploads\/2025\/07\/PXL_20241012_100627185-1536x576.jpg 1536w, https:\/\/afuegotravel.com\/wp-content\/uploads\/2025\/07\/PXL_20241012_100627185.jpg 1599w\" sizes=\"(max-width: 1024px) 100vw, 1024px\" \/>\t\t\t\t\t\t\t\t\t\t\t\t\t\t\t<\/div>\n\t\t\t\t<\/div>\n\t\t\t\t\t<\/div>\n\t\t<\/div>\n\t\t\t\t<div class=\"elementor-column elementor-col-50 elementor-top-column elementor-element elementor-element-5f020da\" data-id=\"5f020da\" data-element_type=\"column\" data-e-type=\"column\">\n\t\t\t<div class=\"elementor-widget-wrap elementor-element-populated\">\n\t\t\t\t\t\t<div class=\"elementor-element elementor-element-2434301 elementor-widget elementor-widget-image\" data-id=\"2434301\" data-element_type=\"widget\" data-e-type=\"widget\" data-widget_type=\"image.default\">\n\t\t\t\t<div class=\"elementor-widget-container\">\n\t\t\t\t\t\t\t\t\t\t\t\t\t\t\t<img decoding=\"async\" width=\"1024\" height=\"384\" src=\"https:\/\/afuegotravel.com\/wp-content\/uploads\/2025\/07\/PXL_20241012_113825499-1024x384.jpg\" class=\"attachment-large size-large wp-image-12878\" alt=\"\" srcset=\"https:\/\/afuegotravel.com\/wp-content\/uploads\/2025\/07\/PXL_20241012_113825499-1024x384.jpg 1024w, https:\/\/afuegotravel.com\/wp-content\/uploads\/2025\/07\/PXL_20241012_113825499-300x113.jpg 300w, https:\/\/afuegotravel.com\/wp-content\/uploads\/2025\/07\/PXL_20241012_113825499-768x288.jpg 768w, https:\/\/afuegotravel.com\/wp-content\/uploads\/2025\/07\/PXL_20241012_113825499-1536x576.jpg 1536w, https:\/\/afuegotravel.com\/wp-content\/uploads\/2025\/07\/PXL_20241012_113825499.jpg 1600w\" sizes=\"(max-width: 1024px) 100vw, 1024px\" \/>\t\t\t\t\t\t\t\t\t\t\t\t\t\t\t<\/div>\n\t\t\t\t<\/div>\n\t\t\t\t\t<\/div>\n\t\t<\/div>\n\t\t\t\t\t<\/div>\n\t\t<\/section>\n\t\t\t\t<section class=\"elementor-section elementor-top-section elementor-element elementor-element-b714104 elementor-section-boxed elementor-section-height-default elementor-section-height-default wpr-particle-no wpr-jarallax-no wpr-parallax-no wpr-sticky-section-no wpr-equal-height-no\" data-id=\"b714104\" data-element_type=\"section\" data-e-type=\"section\">\n\t\t\t\t\t\t<div class=\"elementor-container elementor-column-gap-default\">\n\t\t\t\t\t<div class=\"elementor-column elementor-col-100 elementor-top-column elementor-element elementor-element-53ebd6a\" data-id=\"53ebd6a\" data-element_type=\"column\" data-e-type=\"column\">\n\t\t\t<div class=\"elementor-widget-wrap elementor-element-populated\">\n\t\t\t\t\t\t<div class=\"elementor-element elementor-element-653d4f1 elementor-widget-divider--view-line elementor-widget elementor-widget-divider\" data-id=\"653d4f1\" data-element_type=\"widget\" data-e-type=\"widget\" data-widget_type=\"divider.default\">\n\t\t\t\t<div class=\"elementor-widget-container\">\n\t\t\t\t\t\t\t<div class=\"elementor-divider\">\n\t\t\t<span class=\"elementor-divider-separator\">\n\t\t\t\t\t\t<\/span>\n\t\t<\/div>\n\t\t\t\t\t\t<\/div>\n\t\t\t\t<\/div>\n\t\t\t\t<div class=\"elementor-element elementor-element-1a64a8e elementor-widget elementor-widget-heading\" data-id=\"1a64a8e\" data-element_type=\"widget\" data-e-type=\"widget\" data-widget_type=\"heading.default\">\n\t\t\t\t<div class=\"elementor-widget-container\">\n\t\t\t\t\t<h2 class=\"elementor-heading-title elementor-size-default\">PRECIO<\/h2>\t\t\t\t<\/div>\n\t\t\t\t<\/div>\n\t\t\t\t<div class=\"elementor-element elementor-element-1166c50 elementor-widget-divider--view-line elementor-widget elementor-widget-divider\" data-id=\"1166c50\" data-element_type=\"widget\" data-e-type=\"widget\" data-widget_type=\"divider.default\">\n\t\t\t\t<div class=\"elementor-widget-container\">\n\t\t\t\t\t\t\t<div class=\"elementor-divider\">\n\t\t\t<span class=\"elementor-divider-separator\">\n\t\t\t\t\t\t<\/span>\n\t\t<\/div>\n\t\t\t\t\t\t<\/div>\n\t\t\t\t<\/div>\n\t\t\t\t<div class=\"elementor-element elementor-element-755f68c elementor-widget elementor-widget-text-editor\" data-id=\"755f68c\" data-element_type=\"widget\" data-e-type=\"widget\" data-widget_type=\"text-editor.default\">\n\t\t\t\t<div class=\"elementor-widget-container\">\n\t\t\t\t\t\t\t\t\t<p><b>Precio<\/b> &#8211; 3,100 EUR*<\/p><p>* Precios por ciclista en habitaci\u00f3n doble compartida. Renta de bici incluida bici : MTB front o GRAVEL<\/p><p>A caso que prefieras una habitaci\u00f3n individual: + 550 EUR<\/p><p><strong>\u00a1 APARTA TU LUGAR!<\/strong><br \/>Aparta tu lugar en &#8220;de Florencia a Roma 2026&#8221;\u00a0 con 500 EUR y paga el resto 2,600 EUR antes 30 Junio del 2026 :<\/p><p>50% 1,300 EUR dentro del 30 abril 2026<\/p><p>50% 1,300 EUR dentro del 30 junio 2026<\/p><p class=\"p1\">Aceptamos pagos con transferencias bancarias y tarjetas de credito, o contactanos para definir un plan de pago. afuegotravel@gmail.com o por WhatsApp: (+52) 2214105969.<\/p><p><strong>Cancelaciones:<\/strong><br \/>\u2022 Cancelaciones antes del 30 abril 2026\u00a0 , se cobra el costo de inscripci\u00f3n (500 EUR), y te devolveremos lo dem\u00e1s pagado.<br \/>\u2022 Cancelaciones posteriores al 30 abril 2026, se revisar\u00e1n de manera personal<br \/>\u2022 No hay cancelaciones a partir del 30 junio 2026<\/p><p>En caso que no se llegue al n\u00famero m\u00ednimo de participantes dentro del\u00a0 30 de junio\u00a0 te devolveremos el anticipo y lo dem\u00e1s pagado.<\/p><p>Te sugerimos contratar un seguro de viaje.<\/p>\t\t\t\t\t\t\t\t<\/div>\n\t\t\t\t<\/div>\n\t\t\t\t\t<\/div>\n\t\t<\/div>\n\t\t\t\t\t<\/div>\n\t\t<\/section>\n\t\t\t\t<section class=\"elementor-section elementor-top-section elementor-element elementor-element-d9ef33b elementor-section-boxed elementor-section-height-default elementor-section-height-default wpr-particle-no wpr-jarallax-no wpr-parallax-no wpr-sticky-section-no wpr-equal-height-no\" data-id=\"d9ef33b\" data-element_type=\"section\" data-e-type=\"section\">\n\t\t\t\t\t\t<div class=\"elementor-container elementor-column-gap-default\">\n\t\t\t\t\t<div class=\"elementor-column elementor-col-33 elementor-top-column elementor-element elementor-element-65d00b9\" data-id=\"65d00b9\" data-element_type=\"column\" data-e-type=\"column\">\n\t\t\t<div class=\"elementor-widget-wrap\">\n\t\t\t\t\t\t\t<\/div>\n\t\t<\/div>\n\t\t\t\t<div class=\"elementor-column elementor-col-33 elementor-top-column elementor-element elementor-element-a94837e\" data-id=\"a94837e\" data-element_type=\"column\" data-e-type=\"column\">\n\t\t\t<div class=\"elementor-widget-wrap elementor-element-populated\">\n\t\t\t\t\t\t<div class=\"elementor-element elementor-element-08ef8e6 elementor-widget elementor-widget-html\" data-id=\"08ef8e6\" data-element_type=\"widget\" data-e-type=\"widget\" data-widget_type=\"html.default\">\n\t\t\t\t<div class=\"elementor-widget-container\">\n\t\t\t\t\t<div style=\"text-align: center;\"><button class=\"wtrvl-checkout_button\" id=\"wetravel_button_widget\" data-env=\"https:\/\/www.wetravel.com\" data-version=\"v0.4\" data-uid=\"1197951\" data-uuid=\"49655177\" href=\"https:\/\/www.wetravel.com\/checkout_embed?uuid=49655177\" style=\"background-color:#ee7121;color:#ffffff;border: 0px;border-radius: 5px;font-family: 'Poppins', sans-serif;font-weight: 400;font-size: 14px;-webkit-font-smoothing: antialiased;text-transform: capitalize;padding: 13px 24px;text-decoration: none;text-align: center;line-height: 14px;display: inline-block; cursor: pointer;\">RESERVAR<\/button><\/div> <link href=\"https:\/\/fonts.googleapis.com\/css?family=Poppins\" rel=\"stylesheet\"> <script src=\"https:\/\/cdn.wetravel.com\/widgets\/embed_checkout.js\"><\/script>\t\t\t\t<\/div>\n\t\t\t\t<\/div>\n\t\t\t\t\t<\/div>\n\t\t<\/div>\n\t\t\t\t<div class=\"elementor-column elementor-col-33 elementor-top-column elementor-element elementor-element-a192da5\" data-id=\"a192da5\" data-element_type=\"column\" data-e-type=\"column\">\n\t\t\t<div class=\"elementor-widget-wrap\">\n\t\t\t\t\t\t\t<\/div>\n\t\t<\/div>\n\t\t\t\t\t<\/div>\n\t\t<\/section>\n\t\t\t\t<section class=\"elementor-section elementor-top-section elementor-element elementor-element-df86a51 elementor-section-boxed elementor-section-height-default elementor-section-height-default wpr-particle-no wpr-jarallax-no wpr-parallax-no wpr-sticky-section-no wpr-equal-height-no\" data-id=\"df86a51\" data-element_type=\"section\" data-e-type=\"section\">\n\t\t\t\t\t\t<div class=\"elementor-container elementor-column-gap-default\">\n\t\t\t\t\t<div class=\"elementor-column elementor-col-100 elementor-top-column elementor-element elementor-element-91aeba4\" data-id=\"91aeba4\" data-element_type=\"column\" data-e-type=\"column\">\n\t\t\t<div class=\"elementor-widget-wrap elementor-element-populated\">\n\t\t\t\t\t\t<div class=\"elementor-element elementor-element-239412e elementor-widget elementor-widget-text-editor\" data-id=\"239412e\" data-element_type=\"widget\" data-e-type=\"widget\" data-widget_type=\"text-editor.default\">\n\t\t\t\t<div class=\"elementor-widget-container\">\n\t\t\t\t\t\t\t\t\t<p style=\"text-align: center;\"><a title=\"TERMINOS Y CONDICIONES AFUEGO TRAVEL\" href=\"https:\/\/afuegotravel.com\/index.php\/terminos-y-condiciones-afuego-travel\/\" target=\"_blank\" rel=\"noopener\">T\u00e9rminos y condiciones<\/a><\/p>\t\t\t\t\t\t\t\t<\/div>\n\t\t\t\t<\/div>\n\t\t\t\t<div class=\"elementor-element elementor-element-a0c05d0 elementor-widget-divider--view-line elementor-widget elementor-widget-divider\" data-id=\"a0c05d0\" data-element_type=\"widget\" data-e-type=\"widget\" data-widget_type=\"divider.default\">\n\t\t\t\t<div class=\"elementor-widget-container\">\n\t\t\t\t\t\t\t<div class=\"elementor-divider\">\n\t\t\t<span class=\"elementor-divider-separator\">\n\t\t\t\t\t\t<\/span>\n\t\t<\/div>\n\t\t\t\t\t\t<\/div>\n\t\t\t\t<\/div>\n\t\t\t\t<div class=\"elementor-element elementor-element-415dc94 elementor-widget elementor-widget-heading\" data-id=\"415dc94\" data-element_type=\"widget\" data-e-type=\"widget\" data-widget_type=\"heading.default\">\n\t\t\t\t<div class=\"elementor-widget-container\">\n\t\t\t\t\t<h2 class=\"elementor-heading-title elementor-size-default\">BICICLETAS INCLUIDA EN EL VIAJE<\/h2>\t\t\t\t<\/div>\n\t\t\t\t<\/div>\n\t\t\t\t<div class=\"elementor-element elementor-element-e9e7845 elementor-widget-divider--view-line elementor-widget elementor-widget-divider\" data-id=\"e9e7845\" data-element_type=\"widget\" data-e-type=\"widget\" data-widget_type=\"divider.default\">\n\t\t\t\t<div class=\"elementor-widget-container\">\n\t\t\t\t\t\t\t<div class=\"elementor-divider\">\n\t\t\t<span class=\"elementor-divider-separator\">\n\t\t\t\t\t\t<\/span>\n\t\t<\/div>\n\t\t\t\t\t\t<\/div>\n\t\t\t\t<\/div>\n\t\t\t\t\t<\/div>\n\t\t<\/div>\n\t\t\t\t\t<\/div>\n\t\t<\/section>\n\t\t\t\t<section class=\"elementor-section elementor-top-section elementor-element elementor-element-ab3c1fe elementor-section-boxed elementor-section-height-default elementor-section-height-default wpr-particle-no wpr-jarallax-no wpr-parallax-no wpr-sticky-section-no wpr-equal-height-no\" data-id=\"ab3c1fe\" data-element_type=\"section\" data-e-type=\"section\">\n\t\t\t\t\t\t<div class=\"elementor-container elementor-column-gap-default\">\n\t\t\t\t\t<div class=\"elementor-column elementor-col-50 elementor-top-column elementor-element elementor-element-4484796\" data-id=\"4484796\" data-element_type=\"column\" data-e-type=\"column\">\n\t\t\t<div class=\"elementor-widget-wrap elementor-element-populated\">\n\t\t\t\t\t\t<div class=\"elementor-element elementor-element-7c72fc9 elementor-widget elementor-widget-image\" data-id=\"7c72fc9\" data-element_type=\"widget\" data-e-type=\"widget\" data-widget_type=\"image.default\">\n\t\t\t\t<div class=\"elementor-widget-container\">\n\t\t\t\t\t\t\t\t\t\t\t\t\t\t\t<img loading=\"lazy\" decoding=\"async\" width=\"600\" height=\"400\" src=\"https:\/\/afuegotravel.com\/wp-content\/uploads\/2025\/07\/MTB_FIRENZE_ROMA.png\" class=\"attachment-large size-large wp-image-13123\" alt=\"\" srcset=\"https:\/\/afuegotravel.com\/wp-content\/uploads\/2025\/07\/MTB_FIRENZE_ROMA.png 600w, https:\/\/afuegotravel.com\/wp-content\/uploads\/2025\/07\/MTB_FIRENZE_ROMA-300x200.png 300w\" sizes=\"(max-width: 600px) 100vw, 600px\" \/>\t\t\t\t\t\t\t\t\t\t\t\t\t\t\t<\/div>\n\t\t\t\t<\/div>\n\t\t\t\t\t<\/div>\n\t\t<\/div>\n\t\t\t\t<div class=\"elementor-column elementor-col-50 elementor-top-column elementor-element elementor-element-df3c82a\" data-id=\"df3c82a\" data-element_type=\"column\" data-e-type=\"column\">\n\t\t\t<div class=\"elementor-widget-wrap elementor-element-populated\">\n\t\t\t\t\t\t<div class=\"elementor-element elementor-element-d1b2608 elementor-widget elementor-widget-text-editor\" data-id=\"d1b2608\" data-element_type=\"widget\" data-e-type=\"widget\" data-widget_type=\"text-editor.default\">\n\t\t\t\t<div class=\"elementor-widget-container\">\n\t\t\t\t\t\t\t\t\t<p class=\"p1\" style=\"text-align: center;\"><strong>MTB: Cube Aim SLX slateblack&#8217;n&#8217; black<\/strong><\/p>\t\t\t\t\t\t\t\t<\/div>\n\t\t\t\t<\/div>\n\t\t\t\t<div class=\"elementor-element elementor-element-f2e807d elementor-widget elementor-widget-text-editor\" data-id=\"f2e807d\" data-element_type=\"widget\" data-e-type=\"widget\" data-widget_type=\"text-editor.default\">\n\t\t\t\t<div class=\"elementor-widget-container\">\n\t\t\t\t\t\t\t\t\t<p class=\"p1\">Frame: Aluminium Lite<\/p><p class=\"p1\">Size Split: 27.5: XS, S &#8211; 29: M, L, XL, XXL<\/p><p>Brake system:\u00a0 Disc Brake<\/p><p>Crankset Prowheel CC10Y-NW, 32T<\/p><p>Cassette Shimano Cues CS-LG400, 11-50T<\/p>\t\t\t\t\t\t\t\t<\/div>\n\t\t\t\t<\/div>\n\t\t\t\t\t<\/div>\n\t\t<\/div>\n\t\t\t\t\t<\/div>\n\t\t<\/section>\n\t\t\t\t<section class=\"elementor-section elementor-top-section elementor-element elementor-element-a16e749 elementor-section-boxed elementor-section-height-default elementor-section-height-default wpr-particle-no wpr-jarallax-no wpr-parallax-no wpr-sticky-section-no wpr-equal-height-no\" data-id=\"a16e749\" data-element_type=\"section\" data-e-type=\"section\">\n\t\t\t\t\t\t<div class=\"elementor-container elementor-column-gap-default\">\n\t\t\t\t\t<div class=\"elementor-column elementor-col-50 elementor-top-column elementor-element elementor-element-1e07638\" data-id=\"1e07638\" data-element_type=\"column\" data-e-type=\"column\">\n\t\t\t<div class=\"elementor-widget-wrap elementor-element-populated\">\n\t\t\t\t\t\t<div class=\"elementor-element elementor-element-efc091c elementor-widget elementor-widget-image\" data-id=\"efc091c\" data-element_type=\"widget\" data-e-type=\"widget\" data-widget_type=\"image.default\">\n\t\t\t\t<div class=\"elementor-widget-container\">\n\t\t\t\t\t\t\t\t\t\t\t\t\t\t\t<img loading=\"lazy\" decoding=\"async\" width=\"600\" height=\"400\" src=\"https:\/\/afuegotravel.com\/wp-content\/uploads\/2025\/07\/gravel.png\" class=\"attachment-large size-large wp-image-13129\" alt=\"\" srcset=\"https:\/\/afuegotravel.com\/wp-content\/uploads\/2025\/07\/gravel.png 600w, https:\/\/afuegotravel.com\/wp-content\/uploads\/2025\/07\/gravel-300x200.png 300w\" sizes=\"(max-width: 600px) 100vw, 600px\" \/>\t\t\t\t\t\t\t\t\t\t\t\t\t\t\t<\/div>\n\t\t\t\t<\/div>\n\t\t\t\t\t<\/div>\n\t\t<\/div>\n\t\t\t\t<div class=\"elementor-column elementor-col-50 elementor-top-column elementor-element elementor-element-6003643\" data-id=\"6003643\" data-element_type=\"column\" data-e-type=\"column\">\n\t\t\t<div class=\"elementor-widget-wrap elementor-element-populated\">\n\t\t\t\t\t\t<div class=\"elementor-element elementor-element-07558a2 elementor-widget elementor-widget-text-editor\" data-id=\"07558a2\" data-element_type=\"widget\" data-e-type=\"widget\" data-widget_type=\"text-editor.default\">\n\t\t\t\t<div class=\"elementor-widget-container\">\n\t\t\t\t\t\t\t\t\t<p class=\"p1\" style=\"text-align: center;\"><strong>GRAVEL: Specialized Diverge Comp Carbon<\/strong><\/p>\t\t\t\t\t\t\t\t<\/div>\n\t\t\t\t<\/div>\n\t\t\t\t<div class=\"elementor-element elementor-element-3b1ee6a elementor-widget elementor-widget-text-editor\" data-id=\"3b1ee6a\" data-element_type=\"widget\" data-e-type=\"widget\" data-widget_type=\"text-editor.default\">\n\t\t\t\t<div class=\"elementor-widget-container\">\n\t\t\t\t\t\t\t\t\t<p class=\"p1\">Brake system:\u00a0 Disc Brake<\/p><p>Cassette: Shimano Ultegra, 11-speed, 11-34t<\/p><p>Crankset: 48\/32T<\/p>\t\t\t\t\t\t\t\t<\/div>\n\t\t\t\t<\/div>\n\t\t\t\t\t<\/div>\n\t\t<\/div>\n\t\t\t\t\t<\/div>\n\t\t<\/section>\n\t\t\t\t<section class=\"elementor-section elementor-top-section elementor-element elementor-element-5fb14d6 elementor-section-boxed elementor-section-height-default elementor-section-height-default wpr-particle-no wpr-jarallax-no wpr-parallax-no wpr-sticky-section-no wpr-equal-height-no\" data-id=\"5fb14d6\" data-element_type=\"section\" data-e-type=\"section\">\n\t\t\t\t\t\t<div class=\"elementor-container elementor-column-gap-default\">\n\t\t\t\t\t<div class=\"elementor-column elementor-col-100 elementor-top-column elementor-element elementor-element-7de4c39\" data-id=\"7de4c39\" data-element_type=\"column\" data-e-type=\"column\">\n\t\t\t<div class=\"elementor-widget-wrap elementor-element-populated\">\n\t\t\t\t\t\t<div class=\"elementor-element elementor-element-5fc9fc3 elementor-widget elementor-widget-heading\" data-id=\"5fc9fc3\" data-element_type=\"widget\" data-e-type=\"widget\" data-widget_type=\"heading.default\">\n\t\t\t\t<div class=\"elementor-widget-container\">\n\t\t\t\t\t<h2 class=\"elementor-heading-title elementor-size-default\">BICICLETAS OPCIONALES CON COSTO ADICIONAL<\/h2>\t\t\t\t<\/div>\n\t\t\t\t<\/div>\n\t\t\t\t<div class=\"elementor-element elementor-element-e9f732c elementor-widget-divider--view-line elementor-widget elementor-widget-divider\" data-id=\"e9f732c\" data-element_type=\"widget\" data-e-type=\"widget\" data-widget_type=\"divider.default\">\n\t\t\t\t<div class=\"elementor-widget-container\">\n\t\t\t\t\t\t\t<div class=\"elementor-divider\">\n\t\t\t<span class=\"elementor-divider-separator\">\n\t\t\t\t\t\t<\/span>\n\t\t<\/div>\n\t\t\t\t\t\t<\/div>\n\t\t\t\t<\/div>\n\t\t\t\t\t<\/div>\n\t\t<\/div>\n\t\t\t\t\t<\/div>\n\t\t<\/section>\n\t\t\t\t<section class=\"elementor-section elementor-top-section elementor-element elementor-element-bb9ace2 elementor-section-boxed elementor-section-height-default elementor-section-height-default wpr-particle-no wpr-jarallax-no wpr-parallax-no wpr-sticky-section-no wpr-equal-height-no\" data-id=\"bb9ace2\" data-element_type=\"section\" data-e-type=\"section\">\n\t\t\t\t\t\t<div class=\"elementor-container elementor-column-gap-default\">\n\t\t\t\t\t<div class=\"elementor-column elementor-col-33 elementor-top-column elementor-element elementor-element-0278936\" data-id=\"0278936\" data-element_type=\"column\" data-e-type=\"column\">\n\t\t\t<div class=\"elementor-widget-wrap elementor-element-populated\">\n\t\t\t\t\t\t<div class=\"elementor-element elementor-element-d5174f2 elementor-widget elementor-widget-image\" data-id=\"d5174f2\" data-element_type=\"widget\" data-e-type=\"widget\" data-widget_type=\"image.default\">\n\t\t\t\t<div class=\"elementor-widget-container\">\n\t\t\t\t\t\t\t\t\t\t\t\t\t\t\t<img loading=\"lazy\" decoding=\"async\" width=\"600\" height=\"400\" src=\"https:\/\/afuegotravel.com\/wp-content\/uploads\/2025\/07\/ebike_1.png\" class=\"attachment-large size-large wp-image-13127\" alt=\"\" srcset=\"https:\/\/afuegotravel.com\/wp-content\/uploads\/2025\/07\/ebike_1.png 600w, https:\/\/afuegotravel.com\/wp-content\/uploads\/2025\/07\/ebike_1-300x200.png 300w\" sizes=\"(max-width: 600px) 100vw, 600px\" \/>\t\t\t\t\t\t\t\t\t\t\t\t\t\t\t<\/div>\n\t\t\t\t<\/div>\n\t\t\t\t<div class=\"elementor-element elementor-element-b26a6ea elementor-widget elementor-widget-text-editor\" data-id=\"b26a6ea\" data-element_type=\"widget\" data-e-type=\"widget\" data-widget_type=\"text-editor.default\">\n\t\t\t\t<div class=\"elementor-widget-container\">\n\t\t\t\t\t\t\t\t\t<p style=\"text-align: center;\">E-BIKE MTB: <b>+200 EUR<\/b><\/p><p style=\"text-align: center;\">Haibike HARDNINE 6 &#8211; Aluminium<\/p><p>Brake system:\u00a0 Disc Brake<\/p><p>Cassette: Shimano CSM4100, 11-42 teeth<\/p><p>Crankset: 38T STEEL<\/p><p>Battery pack: InTube 630Wh<\/p>\t\t\t\t\t\t\t\t<\/div>\n\t\t\t\t<\/div>\n\t\t\t\t\t<\/div>\n\t\t<\/div>\n\t\t\t\t<div class=\"elementor-column elementor-col-33 elementor-top-column elementor-element elementor-element-27794ec\" data-id=\"27794ec\" data-element_type=\"column\" data-e-type=\"column\">\n\t\t\t<div class=\"elementor-widget-wrap elementor-element-populated\">\n\t\t\t\t\t\t<div class=\"elementor-element elementor-element-a7496d5 elementor-widget elementor-widget-image\" data-id=\"a7496d5\" data-element_type=\"widget\" data-e-type=\"widget\" data-widget_type=\"image.default\">\n\t\t\t\t<div class=\"elementor-widget-container\">\n\t\t\t\t\t\t\t\t\t\t\t\t\t\t\t<img loading=\"lazy\" decoding=\"async\" width=\"600\" height=\"400\" src=\"https:\/\/afuegotravel.com\/wp-content\/uploads\/2025\/07\/ebike_2.png\" class=\"attachment-large size-large wp-image-13128\" alt=\"\" srcset=\"https:\/\/afuegotravel.com\/wp-content\/uploads\/2025\/07\/ebike_2.png 600w, https:\/\/afuegotravel.com\/wp-content\/uploads\/2025\/07\/ebike_2-300x200.png 300w\" sizes=\"(max-width: 600px) 100vw, 600px\" \/>\t\t\t\t\t\t\t\t\t\t\t\t\t\t\t<\/div>\n\t\t\t\t<\/div>\n\t\t\t\t<div class=\"elementor-element elementor-element-1f62a64 elementor-widget elementor-widget-text-editor\" data-id=\"1f62a64\" data-element_type=\"widget\" data-e-type=\"widget\" data-widget_type=\"text-editor.default\">\n\t\t\t\t<div class=\"elementor-widget-container\">\n\t\t\t\t\t\t\t\t\t<p class=\"p1\" style=\"text-align: center;\">E-BIKE MTB: <b>+300 EUR<\/b>\u00a0<\/p><p class=\"p1\" style=\"text-align: center;\">Haibike ALLMTN 1 &#8211; Aluminium<\/p><p>Brake system:\u00a0 Disc Brake<\/p><p>Cassette: Shimano, M5100, 11 &#8211; 51 teeth<\/p><p>Crankset: 38T STEEL<\/p><p>Battery pack: InTube, 630 Wh<\/p>\t\t\t\t\t\t\t\t<\/div>\n\t\t\t\t<\/div>\n\t\t\t\t\t<\/div>\n\t\t<\/div>\n\t\t\t\t<div class=\"elementor-column elementor-col-33 elementor-top-column elementor-element elementor-element-c28f68c\" data-id=\"c28f68c\" data-element_type=\"column\" data-e-type=\"column\">\n\t\t\t<div class=\"elementor-widget-wrap elementor-element-populated\">\n\t\t\t\t\t\t<div class=\"elementor-element elementor-element-842ba4f elementor-widget elementor-widget-image\" data-id=\"842ba4f\" data-element_type=\"widget\" data-e-type=\"widget\" data-widget_type=\"image.default\">\n\t\t\t\t<div class=\"elementor-widget-container\">\n\t\t\t\t\t\t\t\t\t\t\t\t\t\t\t<img loading=\"lazy\" decoding=\"async\" width=\"600\" height=\"400\" src=\"https:\/\/afuegotravel.com\/wp-content\/uploads\/2026\/01\/e-graveml.png\" class=\"attachment-large size-large wp-image-13658\" alt=\"\" srcset=\"https:\/\/afuegotravel.com\/wp-content\/uploads\/2026\/01\/e-graveml.png 600w, https:\/\/afuegotravel.com\/wp-content\/uploads\/2026\/01\/e-graveml-300x200.png 300w\" sizes=\"(max-width: 600px) 100vw, 600px\" \/>\t\t\t\t\t\t\t\t\t\t\t\t\t\t\t<\/div>\n\t\t\t\t<\/div>\n\t\t\t\t<div class=\"elementor-element elementor-element-49a5b20 elementor-widget elementor-widget-text-editor\" data-id=\"49a5b20\" data-element_type=\"widget\" data-e-type=\"widget\" data-widget_type=\"text-editor.default\">\n\t\t\t\t<div class=\"elementor-widget-container\">\n\t\t\t\t\t\t\t\t\t<p class=\"p1\" style=\"text-align: center;\">E-BIKE GRAVEL: <b>+300 EUR<\/b>\u00a0<\/p><p class=\"p1\" style=\"text-align: center;\">XP All Road &#8211; Aluminium<\/p><p>Brake system:\u00a0 Disc Brake<\/p><p>Cassette: SRAM,11-42t<\/p><p>Crankset:Plato 46T<\/p><p>Battery pack: 540 Wh<\/p>\t\t\t\t\t\t\t\t<\/div>\n\t\t\t\t<\/div>\n\t\t\t\t\t<\/div>\n\t\t<\/div>\n\t\t\t\t\t<\/div>\n\t\t<\/section>\n\t\t\t\t<\/div>\n\t\t","protected":false},"excerpt":{"rendered":"<p>23 &nbsp;Septiembre &#8211; 1 Octubre 2026 de ROMA a FLORENCIA Un viaje en bici por el coraz\u00f3n de Italia Pedalea desde la cuna del Renacimiento hasta la Ciudad Eterna. Este viaje itinerante entre agosto y septiembre te lleva por paisajes de postal, pueblos medievales y colinas ba\u00f1adas de historia, arte y buen vivir. Desde Roma hasta Florencia, pasando por los paisajes secretos del Lazio, la magia de la Toscana, y los sabores de Umbr\u00eda y . Cada d\u00eda, una nueva etapa. Cada kil\u00f3metro, una emoci\u00f3n. Una experiencia \u00fanica para descubrir Italia a ritmo de bici. Informaci\u00f3n de viaje 9 dias &#8211; 8 noches 3,860 metros de desnivel \ud83d\udeb4\u200d\u2640\ufe0f \u2013 345 km en total . Recorrido medio diario: 50 km Desnivel medio acumulado diario: 550 mt RESERVAR El Paquete Incluye: Hoteles con desayuno y cena Traslados (ver detalles del tour) Traslados de equiaje (1 bulto por persona) renta Bici MTB front o GRAVEL Rodadas con guia Van de apoyo y servicio t\u00e9cnico basico Abastecimiento durante las rodadas (refrigerio, snacks, fruta) Light lunch Fotografo Degustaci\u00f3nes Welcome kit valor 200 EUR Impuestos locales Informaciones sobre los recorridos, Rutas en GPX Asistencia en italiano y espa\u00f1ol El Paquete NO Incluye: Boleto de avi\u00f3n Seguro de viaje Gastos personales y servicios no especificados PROGRAMA\/ITINERARIO Las rutas previstas pueden variar por condiciones meteorol\u00f3gicas u otros imprevistos independientes de la organizaci\u00f3n. D\u00eda 1 &#8211; Miercoles 23\/09 Nuestro viaje comienza alrededor del mediod\u00eda, cuando nos encontraremos en el aeropuerto de Roma Fiumicino para dar la bienvenida al grupo. Desde all\u00ed, un transfer privado nos llevar\u00e1 c\u00f3modamente hasta nuestro hotel en Roma. Ser\u00e1 el primer momento para conocernos, compartir expectativas y comenzar a respirar el ambiente del viaje. En el hotel revisaremos las bicicletas, ajustaremos los \u00faltimos detalles y nos prepararemos para los d\u00edas de pedaleo que nos esperan. Un inicio tranquilo y organizado, pensado para empezar esta aventura con calma, ilusi\u00f3n y la emoci\u00f3n de descubrir Italia sobre dos ruedas. D\u00eda 2 &#8211; Jueves 24\/09 &#8211; Roma &#8211; Lago di Bracciano Dejamos atr\u00e1s el ritmo vibrante de Roma para adentrarnos, poco a poco, en paisajes m\u00e1s tranquilos y verdes. Pedaleamos entre caminos secundarios y tramos naturales que nos conducen hacia el norte, descubriendo una cara m\u00e1s aut\u00e9ntica del Lacio, lejos de las multitudes. El recorrido nos regala colinas suaves, peque\u00f1os pueblos y amplias vistas sobre el campo romano, hasta que, casi sin darnos cuenta, aparece ante nosotros el azul intenso del Lago de Bracciano. La llegada a sus orillas es un momento especial: calma, naturaleza y la sensaci\u00f3n de haber iniciado una gran aventura. Tiempo para relajarnos, pasear junto al lago y disfrutar de la gastronom\u00eda local, celebrando el comienzo de este viaje que nos llevar\u00e1, pedalada a pedalada, hasta el coraz\u00f3n de la Toscana. Cena y alojamiento en el hotel. Dificultad: F\u00e1cil\/Media &#8211; Kil\u00f3metros recorridos: 65 \u2013 Desnivel acumulado: 580 mt D\u00eda 3 &#8211; Viernes 25\/09 &#8211; Lago di Bracciano &#8211; Viterbo Nos despedimos del Lago de Bracciano pedaleando entre paisajes volc\u00e1nicos y caminos rurales que atraviesan bosques, praderas y peque\u00f1as localidades llenas de encanto. La ruta transcurre por una zona rica en historia y tradiciones, donde cada kil\u00f3metro invita a bajar el ritmo y disfrutar del entorno. A lo largo del d\u00eda nos acompa\u00f1an suaves ondulaciones, tramos solitarios y vistas abiertas sobre el campo del norte del Lacio, hasta acercarnos progresivamente a Viterbo, ciudad medieval famosa por su casco hist\u00f3rico y sus antiguas murallas. La llegada a Viterbo nos transporta en el tiempo: calles empedradas, plazas tranquilas y la atm\u00f3sfera \u00fanica de una ciudad que ha sabido conservar su esencia. Un final perfecto para otra jornada de pedaleo, entre naturaleza, cultura y autenticidad. Cena y alojamiento en el hotel. Dificultad: F\u00e1cil &#8211; Kil\u00f3metros recorridos: 52 \u2013 Desnivel acumulado: 690 mt D\u00eda 4 &#8211; Sabado 26\/09 &#8211; Viterbo &#8211; Acquapendiente Salimos de Viterbo inmersos en el coraz\u00f3n de la Tuscia, pedaleando entre colinas, campos cultivados y paisajes que parecen sacados de una postal. El recorrido sigue antiguos caminos cargados de historia, muchos de ellos vinculados a la legendaria V\u00eda Franc\u00edgena, ruta milenaria de peregrinos. La jornada ofrece un pedaleo constante y agradable, entre peque\u00f1os pueblos, bosques y amplios panoramas rurales que transmiten una profunda sensaci\u00f3n de calma. Cada tramo invita a disfrutar del silencio, del ritmo tranquilo y de la conexi\u00f3n con el territorio. La llegada a Acquapendente, con su marcado car\u00e1cter medieval y su posici\u00f3n estrat\u00e9gica en lo alto de una colina, marca la entrada simb\u00f3lica en una nueva etapa del viaje, acerc\u00e1ndonos cada vez m\u00e1s a la Toscana. Cena y alojamiento en el hotel. Dificultad:\u00a0F\u00e1cil &#8211;\u00a0Kil\u00f3metros recorridos: 54 \u2013\u00a0Desnivel acumulado: 470 mt \u00a0D\u00eda 5 &#8211; Domingo 27\/09 &#8211; Acquapendiente &#8211; San Quirico d&#8217;Orcia Dejamos atr\u00e1s el Lacio para cruzar la frontera natural con la Toscana, entrando en uno de los territorios m\u00e1s emblem\u00e1ticos del viaje. El paisaje cambia gradualmente y nos regala colinas suaves, caminos blancos y pueblos de piedra que parecen suspendidos en el tiempo. Pedaleamos entre vi\u00f1edos, olivares y campos dorados, siguiendo tramos hist\u00f3ricos de la V\u00eda Franc\u00edgena, en una jornada que combina belleza esc\u00e9nica y emoci\u00f3n. Cada curva abre nuevas perspectivas sobre el Val d\u2019Orcia, Patrimonio de la Humanidad, con sus colinas onduladas y cipreses solitarios. La llegada a San Quirico d\u2019Orcia es simplemente m\u00e1gica: un peque\u00f1o borgo toscano lleno de encanto, donde celebramos una jornada inolvidable rodeados de algunos de los paisajes m\u00e1s fotografiados de Italia. Cena y alojamiento en el hotel. Dificultad: Media &#8211;\u00a0Kil\u00f3metros recorridos: 55 \u2013\u00a0Desnivel acumulado: 830 mt \u00a0D\u00eda 6 &#8211; Lunes 28\/09 &#8211; San Quirico d&#8217;Orcia &#8211; Siena Salimos de San Quirico d\u2019Orcia atravesando el coraz\u00f3n del Val d\u2019Orcia, pedaleando entre colinas infinitas, caminos blancos y panoramas que definen la esencia de la Toscana. El recorrido es una sucesi\u00f3n de postales: cipreses, vi\u00f1edos, pueblos medievales y largas rectas donde el paisaje parece no tener fin. La ruta nos conduce progresivamente hacia el territorio de las Crete Senesi, con sus formas suaves y sus tonos cambiantes, creando un contraste fascinante con los d\u00edas anteriores. Es una jornada<a class=\"more-link\" href=\"https:\/\/afuegotravel.com\/index.php\/toscana-lazio-2026\/\">Read more  &#10230;<\/a><\/p>\n","protected":false},"author":1,"featured_media":0,"parent":0,"menu_order":0,"comment_status":"closed","ping_status":"closed","template":"","meta":{"_monsterinsights_skip_tracking":false,"_monsterinsights_sitenote_active":false,"_monsterinsights_sitenote_note":"","_monsterinsights_sitenote_category":0,"footnotes":""},"class_list":["post-13059","page","type-page","status-publish","hentry"],"aioseo_notices":[],"_links":{"self":[{"href":"https:\/\/afuegotravel.com\/index.php\/wp-json\/wp\/v2\/pages\/13059","targetHints":{"allow":["GET"]}}],"collection":[{"href":"https:\/\/afuegotravel.com\/index.php\/wp-json\/wp\/v2\/pages"}],"about":[{"href":"https:\/\/afuegotravel.com\/index.php\/wp-json\/wp\/v2\/types\/page"}],"author":[{"embeddable":true,"href":"https:\/\/afuegotravel.com\/index.php\/wp-json\/wp\/v2\/users\/1"}],"replies":[{"embeddable":true,"href":"https:\/\/afuegotravel.com\/index.php\/wp-json\/wp\/v2\/comments?post=13059"}],"version-history":[{"count":27,"href":"https:\/\/afuegotravel.com\/index.php\/wp-json\/wp\/v2\/pages\/13059\/revisions"}],"predecessor-version":[{"id":13874,"href":"https:\/\/afuegotravel.com\/index.php\/wp-json\/wp\/v2\/pages\/13059\/revisions\/13874"}],"wp:attachment":[{"href":"https:\/\/afuegotravel.com\/index.php\/wp-json\/wp\/v2\/media?parent=13059"}],"curies":[{"name":"wp","href":"https:\/\/api.w.org\/{rel}","templated":true}]}}