{"id":13786,"date":"2026-04-22T17:47:06","date_gmt":"2026-04-22T17:47:06","guid":{"rendered":"https:\/\/afuegotravel.com\/?page_id=13786"},"modified":"2026-04-23T02:30:01","modified_gmt":"2026-04-23T02:30:01","slug":"mallorca-2027","status":"publish","type":"page","link":"https:\/\/afuegotravel.com\/index.php\/mallorca-2027\/","title":{"rendered":"Mallorca 2027"},"content":{"rendered":"\t\t<div data-elementor-type=\"wp-page\" data-elementor-id=\"13786\" class=\"elementor elementor-13786\">\n\t\t\t\t\t\t<section class=\"elementor-section elementor-top-section elementor-element elementor-element-f8e716d elementor-section-full_width elementor-section-height-default elementor-section-height-default wpr-particle-no wpr-jarallax-no wpr-parallax-no wpr-sticky-section-no wpr-equal-height-no\" data-id=\"f8e716d\" data-element_type=\"section\" data-e-type=\"section\">\n\t\t\t\t\t\t<div class=\"elementor-container elementor-column-gap-default\">\n\t\t\t\t\t<div class=\"elementor-column elementor-col-100 elementor-top-column elementor-element elementor-element-9afb8f4\" data-id=\"9afb8f4\" data-element_type=\"column\" data-e-type=\"column\">\n\t\t\t<div class=\"elementor-widget-wrap elementor-element-populated\">\n\t\t\t\t\t\t<div class=\"elementor-element elementor-element-f02c488 elementor-widget elementor-widget-shortcode\" data-id=\"f02c488\" data-element_type=\"widget\" data-e-type=\"widget\" data-widget_type=\"shortcode.default\">\n\t\t\t\t<div class=\"elementor-widget-container\">\n\t\t\t\t\t\t\t<div class=\"elementor-shortcode\"><\/div>\n\t\t\t\t\t\t<\/div>\n\t\t\t\t<\/div>\n\t\t\t\t\t<\/div>\n\t\t<\/div>\n\t\t\t\t\t<\/div>\n\t\t<\/section>\n\t\t\t\t<section class=\"elementor-section elementor-top-section elementor-element elementor-element-9d3cf1a elementor-section-boxed elementor-section-height-default elementor-section-height-default wpr-particle-no wpr-jarallax-no wpr-parallax-no wpr-sticky-section-no wpr-equal-height-no\" data-id=\"9d3cf1a\" data-element_type=\"section\" data-e-type=\"section\">\n\t\t\t\t\t\t<div class=\"elementor-container elementor-column-gap-default\">\n\t\t\t\t\t<div class=\"elementor-column elementor-col-100 elementor-top-column elementor-element elementor-element-ed3e4d2\" data-id=\"ed3e4d2\" data-element_type=\"column\" data-e-type=\"column\">\n\t\t\t<div class=\"elementor-widget-wrap elementor-element-populated\">\n\t\t\t\t\t\t<div class=\"elementor-element elementor-element-6517a74 elementor-widget elementor-widget-heading\" data-id=\"6517a74\" data-element_type=\"widget\" data-e-type=\"widget\" data-widget_type=\"heading.default\">\n\t\t\t\t<div class=\"elementor-widget-container\">\n\t\t\t\t\t<h3 class=\"elementor-heading-title elementor-size-default\">25 &nbsp;MARZO - 1 ABRIL 2027<\/h3>\t\t\t\t<\/div>\n\t\t\t\t<\/div>\n\t\t\t\t<div class=\"elementor-element elementor-element-ea13afd elementor-widget elementor-widget-heading\" data-id=\"ea13afd\" data-element_type=\"widget\" data-e-type=\"widget\" data-widget_type=\"heading.default\">\n\t\t\t\t<div class=\"elementor-widget-container\">\n\t\t\t\t\t<h2 class=\"elementor-heading-title elementor-size-default\">MALLORCA<\/h2>\t\t\t\t<\/div>\n\t\t\t\t<\/div>\n\t\t\t\t<div class=\"elementor-element elementor-element-599ea18 elementor-widget elementor-widget-text-editor\" data-id=\"599ea18\" data-element_type=\"widget\" data-e-type=\"widget\" data-widget_type=\"text-editor.default\">\n\t\t\t\t<div class=\"elementor-widget-container\">\n\t\t\t\t\t\t\t\t\t<p data-start=\"541\" data-end=\"585\"><strong data-start=\"541\" data-end=\"585\">Mallorca en bici: semana santa sobre dos ruedas<\/strong><\/p><p data-start=\"587\" data-end=\"813\">Del 25 de marzo al 1 de abril, esc\u00e1pate a uno de los destinos ciclistas m\u00e1s emblem\u00e1ticos de Europa. Mallorca te espera con sus carreteras suaves, paisajes mediterr\u00e1neos y puertos legendarios como Sa Calobra o Cap de Formentor.<\/p><p data-start=\"815\" data-end=\"1009\">Una semana de sol, mar y bicicleta, en la mejor \u00e9poca del a\u00f1o para rodar. Pedalearemos entre acantilados, campos en flor y pueblos llenos de encanto, combinando esfuerzo, relax y buena compa\u00f1\u00eda.<\/p><p data-start=\"1011\" data-end=\"1058\">Si te gusta el ciclismo, este viaje es para ti.<\/p><p><strong>Informaci\u00f3n de viaje<\/strong><\/p><p><b>8 dias &#8211; 7 noches<\/b><\/p><p><strong>6,160 metros<\/strong> de desnivel <img decoding=\"async\" class=\"emoji\" role=\"img\" draggable=\"false\" src=\"https:\/\/s.w.org\/images\/core\/emoji\/17.0.2\/svg\/1f6b4-200d-2640-fe0f.svg\" alt=\"\ud83d\udeb4\u200d\u2640\ufe0f\" \/> &#8211; 475 km en total .<\/p><p>Recorrido medio diario: 79 km<\/p><p>Desnivel medio acumulado diario: 1026 mt<\/p>\t\t\t\t\t\t\t\t<\/div>\n\t\t\t\t<\/div>\n\t\t\t\t\t<\/div>\n\t\t<\/div>\n\t\t\t\t\t<\/div>\n\t\t<\/section>\n\t\t\t\t<section class=\"elementor-section elementor-top-section elementor-element elementor-element-41f218e elementor-section-boxed elementor-section-height-default elementor-section-height-default wpr-particle-no wpr-jarallax-no wpr-parallax-no wpr-sticky-section-no wpr-equal-height-no\" data-id=\"41f218e\" data-element_type=\"section\" data-e-type=\"section\">\n\t\t\t\t\t\t<div class=\"elementor-container elementor-column-gap-default\">\n\t\t\t\t\t<div class=\"elementor-column elementor-col-33 elementor-top-column elementor-element elementor-element-4c21d0b\" data-id=\"4c21d0b\" data-element_type=\"column\" data-e-type=\"column\">\n\t\t\t<div class=\"elementor-widget-wrap\">\n\t\t\t\t\t\t\t<\/div>\n\t\t<\/div>\n\t\t\t\t<div class=\"elementor-column elementor-col-33 elementor-top-column elementor-element elementor-element-144ebdb\" data-id=\"144ebdb\" data-element_type=\"column\" data-e-type=\"column\">\n\t\t\t<div class=\"elementor-widget-wrap elementor-element-populated\">\n\t\t\t\t\t\t<div class=\"elementor-element elementor-element-4fcb90f elementor-widget elementor-widget-html\" data-id=\"4fcb90f\" data-element_type=\"widget\" data-e-type=\"widget\" data-widget_type=\"html.default\">\n\t\t\t\t<div class=\"elementor-widget-container\">\n\t\t\t\t\t<div style=\"text-align: center;\"><button class=\"wtrvl-checkout_button\" id=\"wetravel_button_widget\" data-env=\"https:\/\/www.wetravel.com\" data-version=\"v0.4\" data-uid=\"1197951\" data-uuid=\"4944299790\" href=\"https:\/\/www.wetravel.com\/checkout_embed?uuid=4944299790\" style=\"background-color:#ee7121;color:#ffffff;border: 0px;border-radius: 5px;font-family: 'Poppins', sans-serif;font-weight: 400;font-size: 14px;-webkit-font-smoothing: antialiased;text-transform: capitalize;padding: 13px 24px;text-decoration: none;text-align: center;line-height: 14px;display: inline-block; cursor: pointer;\">RESERVAR<\/button><\/div> <link href=\"https:\/\/fonts.googleapis.com\/css?family=Poppins\" rel=\"stylesheet\"> <script src=\"https:\/\/cdn.wetravel.com\/widgets\/embed_checkout.js\"><\/script>\t\t\t\t<\/div>\n\t\t\t\t<\/div>\n\t\t\t\t\t<\/div>\n\t\t<\/div>\n\t\t\t\t<div class=\"elementor-column elementor-col-33 elementor-top-column elementor-element elementor-element-31c6ec8\" data-id=\"31c6ec8\" data-element_type=\"column\" data-e-type=\"column\">\n\t\t\t<div class=\"elementor-widget-wrap\">\n\t\t\t\t\t\t\t<\/div>\n\t\t<\/div>\n\t\t\t\t\t<\/div>\n\t\t<\/section>\n\t\t\t\t<section class=\"elementor-section elementor-top-section elementor-element elementor-element-53c3d60 elementor-section-boxed elementor-section-height-default elementor-section-height-default wpr-particle-no wpr-jarallax-no wpr-parallax-no wpr-sticky-section-no wpr-equal-height-no\" data-id=\"53c3d60\" data-element_type=\"section\" data-e-type=\"section\">\n\t\t\t\t\t\t<div class=\"elementor-container elementor-column-gap-default\">\n\t\t\t\t\t<div class=\"elementor-column elementor-col-100 elementor-top-column elementor-element elementor-element-26a8a84\" data-id=\"26a8a84\" data-element_type=\"column\" data-e-type=\"column\">\n\t\t\t<div class=\"elementor-widget-wrap elementor-element-populated\">\n\t\t\t\t\t\t<div class=\"elementor-element elementor-element-2a40dd7 elementor-widget-divider--view-line elementor-widget elementor-widget-divider\" data-id=\"2a40dd7\" data-element_type=\"widget\" data-e-type=\"widget\" data-widget_type=\"divider.default\">\n\t\t\t\t<div class=\"elementor-widget-container\">\n\t\t\t\t\t\t\t<div class=\"elementor-divider\">\n\t\t\t<span class=\"elementor-divider-separator\">\n\t\t\t\t\t\t<\/span>\n\t\t<\/div>\n\t\t\t\t\t\t<\/div>\n\t\t\t\t<\/div>\n\t\t\t\t\t<\/div>\n\t\t<\/div>\n\t\t\t\t\t<\/div>\n\t\t<\/section>\n\t\t\t\t<section class=\"elementor-section elementor-top-section elementor-element elementor-element-0861e50 elementor-section-boxed elementor-section-height-default elementor-section-height-default wpr-particle-no wpr-jarallax-no wpr-parallax-no wpr-sticky-section-no wpr-equal-height-no\" data-id=\"0861e50\" data-element_type=\"section\" data-e-type=\"section\">\n\t\t\t\t\t\t<div class=\"elementor-container elementor-column-gap-default\">\n\t\t\t\t\t<div class=\"elementor-column elementor-col-50 elementor-top-column elementor-element elementor-element-6d557b6\" data-id=\"6d557b6\" data-element_type=\"column\" data-e-type=\"column\">\n\t\t\t<div class=\"elementor-widget-wrap elementor-element-populated\">\n\t\t\t\t\t\t<div class=\"elementor-element elementor-element-fbf21ac elementor-widget elementor-widget-text-editor\" data-id=\"fbf21ac\" data-element_type=\"widget\" data-e-type=\"widget\" data-widget_type=\"text-editor.default\">\n\t\t\t\t<div class=\"elementor-widget-container\">\n\t\t\t\t\t\t\t\t\t<p class=\" colorActive nd_options_first_font \"><b>El Paquete Incluye:<\/b><\/p>\t\t\t\t\t\t\t\t<\/div>\n\t\t\t\t<\/div>\n\t\t\t\t<div class=\"elementor-element elementor-element-094547b elementor-icon-list--layout-traditional elementor-list-item-link-full_width elementor-widget elementor-widget-icon-list\" data-id=\"094547b\" data-element_type=\"widget\" data-e-type=\"widget\" data-widget_type=\"icon-list.default\">\n\t\t\t\t<div class=\"elementor-widget-container\">\n\t\t\t\t\t\t\t<ul class=\"elementor-icon-list-items\">\n\t\t\t\t\t\t\t<li class=\"elementor-icon-list-item\">\n\t\t\t\t\t\t\t\t\t\t\t<span class=\"elementor-icon-list-icon\">\n\t\t\t\t\t\t\t<i aria-hidden=\"true\" class=\"fas fa-hotel\"><\/i>\t\t\t\t\t\t<\/span>\n\t\t\t\t\t\t\t\t\t\t<span class=\"elementor-icon-list-text\">Bike Hotel con All inclusive Premium <\/span>\n\t\t\t\t\t\t\t\t\t<\/li>\n\t\t\t\t\t\t\t\t<li class=\"elementor-icon-list-item\">\n\t\t\t\t\t\t\t\t\t\t\t<span class=\"elementor-icon-list-icon\">\n\t\t\t\t\t\t\t<i aria-hidden=\"true\" class=\"fas fa-bus\"><\/i>\t\t\t\t\t\t<\/span>\n\t\t\t\t\t\t\t\t\t\t<span class=\"elementor-icon-list-text\">Traslados (ver detalles del tour)<\/span>\n\t\t\t\t\t\t\t\t\t<\/li>\n\t\t\t\t\t\t\t\t<li class=\"elementor-icon-list-item\">\n\t\t\t\t\t\t\t\t\t\t\t<span class=\"elementor-icon-list-icon\">\n\t\t\t\t\t\t\t<i aria-hidden=\"true\" class=\"fas fa-bicycle\"><\/i>\t\t\t\t\t\t<\/span>\n\t\t\t\t\t\t\t\t\t\t<span class=\"elementor-icon-list-text\">Rodadas con guia<\/span>\n\t\t\t\t\t\t\t\t\t<\/li>\n\t\t\t\t\t\t\t\t<li class=\"elementor-icon-list-item\">\n\t\t\t\t\t\t\t\t\t\t\t<span class=\"elementor-icon-list-icon\">\n\t\t\t\t\t\t\t<i aria-hidden=\"true\" class=\"fas fa-people-arrows\"><\/i>\t\t\t\t\t\t<\/span>\n\t\t\t\t\t\t\t\t\t\t<span class=\"elementor-icon-list-text\">Staff ratio:\u00a01 staff x 4 clientes\u00a0<\/span>\n\t\t\t\t\t\t\t\t\t<\/li>\n\t\t\t\t\t\t\t\t<li class=\"elementor-icon-list-item\">\n\t\t\t\t\t\t\t\t\t\t\t<span class=\"elementor-icon-list-icon\">\n\t\t\t\t\t\t\t<i aria-hidden=\"true\" class=\"fas fa-wine-bottle\"><\/i>\t\t\t\t\t\t<\/span>\n\t\t\t\t\t\t\t\t\t\t<span class=\"elementor-icon-list-text\">Abastecimiento durante las rodadas (refrigerio, snacks, fruta)<\/span>\n\t\t\t\t\t\t\t\t\t<\/li>\n\t\t\t\t\t\t\t\t<li class=\"elementor-icon-list-item\">\n\t\t\t\t\t\t\t\t\t\t\t<span class=\"elementor-icon-list-icon\">\n\t\t\t\t\t\t\t<i aria-hidden=\"true\" class=\"fas fa-shuttle-van\"><\/i>\t\t\t\t\t\t<\/span>\n\t\t\t\t\t\t\t\t\t\t<span class=\"elementor-icon-list-text\">Veh\u00edculo de apoyo y servicio t\u00e9cnico basico<\/span>\n\t\t\t\t\t\t\t\t\t<\/li>\n\t\t\t\t\t\t\t\t<li class=\"elementor-icon-list-item\">\n\t\t\t\t\t\t\t\t\t\t\t<span class=\"elementor-icon-list-icon\">\n\t\t\t\t\t\t\t<i aria-hidden=\"true\" class=\"fas fa-camera\"><\/i>\t\t\t\t\t\t<\/span>\n\t\t\t\t\t\t\t\t\t\t<span class=\"elementor-icon-list-text\">Fotografo profesional<\/span>\n\t\t\t\t\t\t\t\t\t<\/li>\n\t\t\t\t\t\t\t\t<li class=\"elementor-icon-list-item\">\n\t\t\t\t\t\t\t\t\t\t\t<span class=\"elementor-icon-list-icon\">\n\t\t\t\t\t\t\t<i aria-hidden=\"true\" class=\"fas fa-gift\"><\/i>\t\t\t\t\t\t<\/span>\n\t\t\t\t\t\t\t\t\t\t<span class=\"elementor-icon-list-text\">Welcome kit valor 200 EUR<\/span>\n\t\t\t\t\t\t\t\t\t<\/li>\n\t\t\t\t\t\t\t\t<li class=\"elementor-icon-list-item\">\n\t\t\t\t\t\t\t\t\t\t\t<span class=\"elementor-icon-list-icon\">\n\t\t\t\t\t\t\t<i aria-hidden=\"true\" class=\"fas fa-info\"><\/i>\t\t\t\t\t\t<\/span>\n\t\t\t\t\t\t\t\t\t\t<span class=\"elementor-icon-list-text\">Informaciones sobre los recorridos, Rutas en GPX<\/span>\n\t\t\t\t\t\t\t\t\t<\/li>\n\t\t\t\t\t\t\t\t<li class=\"elementor-icon-list-item\">\n\t\t\t\t\t\t\t\t\t\t\t<span class=\"elementor-icon-list-icon\">\n\t\t\t\t\t\t\t<i aria-hidden=\"true\" class=\"fas fa-comment\"><\/i>\t\t\t\t\t\t<\/span>\n\t\t\t\t\t\t\t\t\t\t<span class=\"elementor-icon-list-text\">Asistencia en espa\u00f1ol<\/span>\n\t\t\t\t\t\t\t\t\t<\/li>\n\t\t\t\t\t\t\t\t<li class=\"elementor-icon-list-item\">\n\t\t\t\t\t\t\t\t\t\t\t<span class=\"elementor-icon-list-icon\">\n\t\t\t\t\t\t\t<i aria-hidden=\"true\" class=\"fas fa-check\"><\/i>\t\t\t\t\t\t<\/span>\n\t\t\t\t\t\t\t\t\t\t<span class=\"elementor-icon-list-text\">Seguro m\u00e9dico plan deportista<\/span>\n\t\t\t\t\t\t\t\t\t<\/li>\n\t\t\t\t\t\t<\/ul>\n\t\t\t\t\t\t<\/div>\n\t\t\t\t<\/div>\n\t\t\t\t\t<\/div>\n\t\t<\/div>\n\t\t\t\t<div class=\"elementor-column elementor-col-50 elementor-top-column elementor-element elementor-element-b08357a\" data-id=\"b08357a\" data-element_type=\"column\" data-e-type=\"column\">\n\t\t\t<div class=\"elementor-widget-wrap elementor-element-populated\">\n\t\t\t\t\t\t<div class=\"elementor-element elementor-element-0f80af5 elementor-widget elementor-widget-text-editor\" data-id=\"0f80af5\" data-element_type=\"widget\" data-e-type=\"widget\" data-widget_type=\"text-editor.default\">\n\t\t\t\t<div class=\"elementor-widget-container\">\n\t\t\t\t\t\t\t\t\t<p class=\" colorActive nd_options_first_font \"><strong>El Paquete NO Incluye:<\/strong><\/p>\t\t\t\t\t\t\t\t<\/div>\n\t\t\t\t<\/div>\n\t\t\t\t<div class=\"elementor-element elementor-element-a8599d3 elementor-icon-list--layout-traditional elementor-list-item-link-full_width elementor-widget elementor-widget-icon-list\" data-id=\"a8599d3\" data-element_type=\"widget\" data-e-type=\"widget\" data-widget_type=\"icon-list.default\">\n\t\t\t\t<div class=\"elementor-widget-container\">\n\t\t\t\t\t\t\t<ul class=\"elementor-icon-list-items\">\n\t\t\t\t\t\t\t<li class=\"elementor-icon-list-item\">\n\t\t\t\t\t\t\t\t\t\t\t<span class=\"elementor-icon-list-icon\">\n\t\t\t\t\t\t\t<i aria-hidden=\"true\" class=\"fas fa-times\"><\/i>\t\t\t\t\t\t<\/span>\n\t\t\t\t\t\t\t\t\t\t<span class=\"elementor-icon-list-text\">Boleto de avi\u00f3n<\/span>\n\t\t\t\t\t\t\t\t\t<\/li>\n\t\t\t\t\t\t\t\t<li class=\"elementor-icon-list-item\">\n\t\t\t\t\t\t\t\t\t\t\t<span class=\"elementor-icon-list-icon\">\n\t\t\t\t\t\t\t<i aria-hidden=\"true\" class=\"fas fa-times\"><\/i>\t\t\t\t\t\t<\/span>\n\t\t\t\t\t\t\t\t\t\t<span class=\"elementor-icon-list-text\">Renta de bicicleta <\/span>\n\t\t\t\t\t\t\t\t\t<\/li>\n\t\t\t\t\t\t\t\t<li class=\"elementor-icon-list-item\">\n\t\t\t\t\t\t\t\t\t\t\t<span class=\"elementor-icon-list-icon\">\n\t\t\t\t\t\t\t<i aria-hidden=\"true\" class=\"fas fa-times\"><\/i>\t\t\t\t\t\t<\/span>\n\t\t\t\t\t\t\t\t\t\t<span class=\"elementor-icon-list-text\">Gastos personales y servicios no especificados<\/span>\n\t\t\t\t\t\t\t\t\t<\/li>\n\t\t\t\t\t\t<\/ul>\n\t\t\t\t\t\t<\/div>\n\t\t\t\t<\/div>\n\t\t\t\t\t<\/div>\n\t\t<\/div>\n\t\t\t\t\t<\/div>\n\t\t<\/section>\n\t\t\t\t<section class=\"elementor-section elementor-top-section elementor-element elementor-element-9efd079 elementor-section-boxed elementor-section-height-default elementor-section-height-default wpr-particle-no wpr-jarallax-no wpr-parallax-no wpr-sticky-section-no wpr-equal-height-no\" data-id=\"9efd079\" data-element_type=\"section\" data-e-type=\"section\">\n\t\t\t\t\t\t<div class=\"elementor-container elementor-column-gap-default\">\n\t\t\t\t\t<div class=\"elementor-column elementor-col-100 elementor-top-column elementor-element elementor-element-13313bb\" data-id=\"13313bb\" data-element_type=\"column\" data-e-type=\"column\">\n\t\t\t<div class=\"elementor-widget-wrap elementor-element-populated\">\n\t\t\t\t\t\t<div class=\"elementor-element elementor-element-e12683a elementor-widget-divider--view-line elementor-widget elementor-widget-divider\" data-id=\"e12683a\" data-element_type=\"widget\" data-e-type=\"widget\" data-widget_type=\"divider.default\">\n\t\t\t\t<div class=\"elementor-widget-container\">\n\t\t\t\t\t\t\t<div class=\"elementor-divider\">\n\t\t\t<span class=\"elementor-divider-separator\">\n\t\t\t\t\t\t<\/span>\n\t\t<\/div>\n\t\t\t\t\t\t<\/div>\n\t\t\t\t<\/div>\n\t\t\t\t<div class=\"elementor-element elementor-element-5a905a2 elementor-arrows-position-inside elementor-pagination-position-outside elementor-widget elementor-widget-image-carousel\" data-id=\"5a905a2\" data-element_type=\"widget\" data-e-type=\"widget\" data-settings=\"{&quot;slides_to_show&quot;:&quot;2&quot;,&quot;navigation&quot;:&quot;both&quot;,&quot;autoplay&quot;:&quot;yes&quot;,&quot;pause_on_hover&quot;:&quot;yes&quot;,&quot;pause_on_interaction&quot;:&quot;yes&quot;,&quot;autoplay_speed&quot;:5000,&quot;infinite&quot;:&quot;yes&quot;,&quot;speed&quot;:500}\" data-widget_type=\"image-carousel.default\">\n\t\t\t\t<div class=\"elementor-widget-container\">\n\t\t\t\t\t\t\t<div class=\"elementor-image-carousel-wrapper swiper\" role=\"region\" aria-roledescription=\"carousel\" aria-label=\"Image Carousel\" dir=\"ltr\">\n\t\t\t<div class=\"elementor-image-carousel swiper-wrapper swiper-image-stretch\" aria-live=\"off\">\n\t\t\t\t\t\t\t\t<div class=\"swiper-slide\" role=\"group\" aria-roledescription=\"slide\" aria-label=\"1 of 8\"><figure class=\"swiper-slide-inner\"><img decoding=\"async\" class=\"swiper-slide-image\" src=\"https:\/\/afuegotravel.com\/wp-content\/uploads\/2025\/07\/7.png\" alt=\"7\" \/><\/figure><\/div><div class=\"swiper-slide\" role=\"group\" aria-roledescription=\"slide\" aria-label=\"2 of 8\"><figure class=\"swiper-slide-inner\"><img decoding=\"async\" class=\"swiper-slide-image\" src=\"https:\/\/afuegotravel.com\/wp-content\/uploads\/2025\/07\/8.png\" alt=\"8\" \/><\/figure><\/div><div class=\"swiper-slide\" role=\"group\" aria-roledescription=\"slide\" aria-label=\"3 of 8\"><figure class=\"swiper-slide-inner\"><img decoding=\"async\" class=\"swiper-slide-image\" src=\"https:\/\/afuegotravel.com\/wp-content\/uploads\/2025\/07\/9.png\" alt=\"9\" \/><\/figure><\/div><div class=\"swiper-slide\" role=\"group\" aria-roledescription=\"slide\" aria-label=\"4 of 8\"><figure class=\"swiper-slide-inner\"><img decoding=\"async\" class=\"swiper-slide-image\" src=\"https:\/\/afuegotravel.com\/wp-content\/uploads\/2025\/07\/10.png\" alt=\"10\" \/><\/figure><\/div><div class=\"swiper-slide\" role=\"group\" aria-roledescription=\"slide\" aria-label=\"5 of 8\"><figure class=\"swiper-slide-inner\"><img decoding=\"async\" class=\"swiper-slide-image\" src=\"https:\/\/afuegotravel.com\/wp-content\/uploads\/2025\/07\/11.png\" alt=\"11\" \/><\/figure><\/div><div class=\"swiper-slide\" role=\"group\" aria-roledescription=\"slide\" aria-label=\"6 of 8\"><figure class=\"swiper-slide-inner\"><img decoding=\"async\" class=\"swiper-slide-image\" src=\"https:\/\/afuegotravel.com\/wp-content\/uploads\/2025\/07\/12.png\" alt=\"12\" \/><\/figure><\/div><div class=\"swiper-slide\" role=\"group\" aria-roledescription=\"slide\" aria-label=\"7 of 8\"><figure class=\"swiper-slide-inner\"><img decoding=\"async\" class=\"swiper-slide-image\" src=\"https:\/\/afuegotravel.com\/wp-content\/uploads\/2025\/07\/13.png\" alt=\"13\" \/><\/figure><\/div><div class=\"swiper-slide\" role=\"group\" aria-roledescription=\"slide\" aria-label=\"8 of 8\"><figure class=\"swiper-slide-inner\"><img decoding=\"async\" class=\"swiper-slide-image\" src=\"https:\/\/afuegotravel.com\/wp-content\/uploads\/2025\/07\/14.png\" alt=\"14\" \/><\/figure><\/div>\t\t\t<\/div>\n\t\t\t\t\t\t\t\t\t\t\t\t<div class=\"elementor-swiper-button elementor-swiper-button-prev\" role=\"button\" tabindex=\"0\">\n\t\t\t\t\t\t<i aria-hidden=\"true\" class=\"eicon-chevron-left\"><\/i>\t\t\t\t\t<\/div>\n\t\t\t\t\t<div class=\"elementor-swiper-button elementor-swiper-button-next\" role=\"button\" tabindex=\"0\">\n\t\t\t\t\t\t<i aria-hidden=\"true\" class=\"eicon-chevron-right\"><\/i>\t\t\t\t\t<\/div>\n\t\t\t\t\n\t\t\t\t\t\t\t\t\t<div class=\"swiper-pagination\"><\/div>\n\t\t\t\t\t\t\t\t\t<\/div>\n\t\t\t\t\t\t<\/div>\n\t\t\t\t<\/div>\n\t\t\t\t\t<\/div>\n\t\t<\/div>\n\t\t\t\t\t<\/div>\n\t\t<\/section>\n\t\t\t\t<section class=\"elementor-section elementor-top-section elementor-element elementor-element-238d188 elementor-section-boxed elementor-section-height-default elementor-section-height-default wpr-particle-no wpr-jarallax-no wpr-parallax-no wpr-sticky-section-no wpr-equal-height-no\" data-id=\"238d188\" data-element_type=\"section\" data-e-type=\"section\">\n\t\t\t\t\t\t<div class=\"elementor-container elementor-column-gap-default\">\n\t\t\t\t\t<div class=\"elementor-column elementor-col-100 elementor-top-column elementor-element elementor-element-e66c0c3\" data-id=\"e66c0c3\" data-element_type=\"column\" data-e-type=\"column\">\n\t\t\t<div class=\"elementor-widget-wrap elementor-element-populated\">\n\t\t\t\t\t\t<div class=\"elementor-element elementor-element-1aa0c49 elementor-widget elementor-widget-heading\" data-id=\"1aa0c49\" data-element_type=\"widget\" data-e-type=\"widget\" data-widget_type=\"heading.default\">\n\t\t\t\t<div class=\"elementor-widget-container\">\n\t\t\t\t\t<h2 class=\"elementor-heading-title elementor-size-default\">PROGRAMA\/ITINERARIO<\/h2>\t\t\t\t<\/div>\n\t\t\t\t<\/div>\n\t\t\t\t<div class=\"elementor-element elementor-element-1609386 elementor-widget-divider--view-line elementor-widget elementor-widget-divider\" data-id=\"1609386\" data-element_type=\"widget\" data-e-type=\"widget\" data-widget_type=\"divider.default\">\n\t\t\t\t<div class=\"elementor-widget-container\">\n\t\t\t\t\t\t\t<div class=\"elementor-divider\">\n\t\t\t<span class=\"elementor-divider-separator\">\n\t\t\t\t\t\t<\/span>\n\t\t<\/div>\n\t\t\t\t\t\t<\/div>\n\t\t\t\t<\/div>\n\t\t\t\t\t<\/div>\n\t\t<\/div>\n\t\t\t\t\t<\/div>\n\t\t<\/section>\n\t\t\t\t<section class=\"elementor-section elementor-top-section elementor-element elementor-element-75f1cf4 elementor-section-boxed elementor-section-height-default elementor-section-height-default wpr-particle-no wpr-jarallax-no wpr-parallax-no wpr-sticky-section-no wpr-equal-height-no\" data-id=\"75f1cf4\" data-element_type=\"section\" data-e-type=\"section\">\n\t\t\t\t\t\t<div class=\"elementor-container elementor-column-gap-default\">\n\t\t\t\t\t<div class=\"elementor-column elementor-col-100 elementor-top-column elementor-element elementor-element-5b5b189\" data-id=\"5b5b189\" data-element_type=\"column\" data-e-type=\"column\">\n\t\t\t<div class=\"elementor-widget-wrap elementor-element-populated\">\n\t\t\t\t\t\t<div class=\"elementor-element elementor-element-164db25 elementor-widget elementor-widget-text-editor\" data-id=\"164db25\" data-element_type=\"widget\" data-e-type=\"widget\" data-widget_type=\"text-editor.default\">\n\t\t\t\t<div class=\"elementor-widget-container\">\n\t\t\t\t\t\t\t\t\t<p style=\"outline-color: #ee7121; color: #000000;\"><span style=\"outline-color: #ee7121; color: #ff6600;\"><span style=\"outline-color: #ee7121; font-weight: bold;\">D\u00eda 1 &#8211; Jueves 25\/03<\/span><\/span><\/p><p style=\"outline-color: #ee7121; color: #000000;\">Nuestro equipo te encontrar\u00e1 al\u00a0<span style=\"outline-color: #ee7121; font-weight: bolder;\">mediod\u00eda<\/span>\u00a0en el\u00a0<span style=\"outline-color: #ee7121; font-weight: bolder;\">aeropuerto de Palma de Mallorca<\/span>\u00a0<span style=\"outline-color: #ee7121; font-weight: bolder;\">.<\/span> Traslado al mediodia al Bike Hotel , alojamiento y cena.\u00a0<\/p>\t\t\t\t\t\t\t\t<\/div>\n\t\t\t\t<\/div>\n\t\t\t\t\t<\/div>\n\t\t<\/div>\n\t\t\t\t\t<\/div>\n\t\t<\/section>\n\t\t\t\t<section class=\"elementor-section elementor-top-section elementor-element elementor-element-6437ae2 elementor-section-boxed elementor-section-height-default elementor-section-height-default wpr-particle-no wpr-jarallax-no wpr-parallax-no wpr-sticky-section-no wpr-equal-height-no\" data-id=\"6437ae2\" data-element_type=\"section\" data-e-type=\"section\">\n\t\t\t\t\t\t<div class=\"elementor-container elementor-column-gap-default\">\n\t\t\t\t\t<div class=\"elementor-column elementor-col-100 elementor-top-column elementor-element elementor-element-d6780a6\" data-id=\"d6780a6\" data-element_type=\"column\" data-e-type=\"column\">\n\t\t\t<div class=\"elementor-widget-wrap elementor-element-populated\">\n\t\t\t\t\t\t<div class=\"elementor-element elementor-element-26ea136 elementor-widget elementor-widget-text-editor\" data-id=\"26ea136\" data-element_type=\"widget\" data-e-type=\"widget\" data-widget_type=\"text-editor.default\">\n\t\t\t\t<div class=\"elementor-widget-container\">\n\t\t\t\t\t\t\t\t\t<p style=\"outline-color: #ee7121; color: #000000;\"><span style=\"outline-color: #ee7121; color: #ff6600;\"><span style=\"outline-color: #ee7121; font-weight: bold;\">D\u00eda 2 &#8211; Viernes 26\/03 &#8211; <b>Sineu y Petra<\/b><\/span><\/span><\/p><p data-start=\"81\" data-end=\"140\"><strong>Pedaleando entre historia y encanto rural<\/strong><\/p><p data-start=\"142\" data-end=\"443\">La ruta comienza <strong>entre molinos<\/strong> y campos silenciosos, donde Mallorca muestra su lado m\u00e1s aut\u00e9ntico. <strong>Sineu<\/strong> nos recibe con su encanto rural y sus calles llenas de historia, antes de seguir hacia <strong>Muro<\/strong>, donde el paisaje se abre y la luz dorada acompa\u00f1a cada pedalada.<br data-start=\"351\" data-end=\"354\" \/>Una primera jornada suave y armoniosa para conectar con la esencia de la isla.<\/p><p data-start=\"142\" data-end=\"443\"><strong>Dificultad<\/strong>: Media \u2013\u00a0<strong>Kil\u00f3metros recorridos<\/strong>: 65 \u2013\u00a0<strong>Desnivel acumulado<\/strong>: 390 mt<\/p>\t\t\t\t\t\t\t\t<\/div>\n\t\t\t\t<\/div>\n\t\t\t\t\t<\/div>\n\t\t<\/div>\n\t\t\t\t\t<\/div>\n\t\t<\/section>\n\t\t\t\t<section class=\"elementor-section elementor-top-section elementor-element elementor-element-871885c elementor-section-boxed elementor-section-height-default elementor-section-height-default wpr-particle-no wpr-jarallax-no wpr-parallax-no wpr-sticky-section-no wpr-equal-height-no\" data-id=\"871885c\" data-element_type=\"section\" data-e-type=\"section\">\n\t\t\t\t\t\t<div class=\"elementor-container elementor-column-gap-default\">\n\t\t\t\t\t<div class=\"elementor-column elementor-col-100 elementor-top-column elementor-element elementor-element-e15f950\" data-id=\"e15f950\" data-element_type=\"column\" data-e-type=\"column\">\n\t\t\t<div class=\"elementor-widget-wrap elementor-element-populated\">\n\t\t\t\t\t\t<div class=\"elementor-element elementor-element-cf13dc8 elementor-widget elementor-widget-text-editor\" data-id=\"cf13dc8\" data-element_type=\"widget\" data-e-type=\"widget\" data-widget_type=\"text-editor.default\">\n\t\t\t\t<div class=\"elementor-widget-container\">\n\t\t\t\t\t\t\t\t\t<p style=\"outline-color: #ee7121; color: #000000;\"><span style=\"outline-color: #ee7121; color: #ff6600;\"><span style=\"outline-color: #ee7121; font-weight: bold;\">D\u00eda 3 &#8211; Sabado 27\/03 &#8211; <b>Faro Formentor<\/b><\/span><\/span><\/p><p data-start=\"127\" data-end=\"184\"><strong data-start=\"127\" data-end=\"184\">Faro de Formentor \u2013 Donde el asfalto toca el infinito<\/strong><\/p><p data-start=\"186\" data-end=\"468\">Una de las rutas m\u00e1s espectaculares de Europa. Carretera estrecha, curvas suaves y acantilados que caen al mar: pedalear hasta el Faro de Formentor es un viaje entre cielo y tierra. Cada metro conquistado se transforma en pura emoci\u00f3n, hasta llegar al extremo m\u00e1s m\u00e1gico de la isla.<\/p><p data-start=\"186\" data-end=\"468\"><strong>Dificultad<\/strong>: Media \u2013\u00a0<strong>Kil\u00f3metros recorridos<\/strong>: 70 \u2013 <strong>Desnivel acumulado<\/strong>: 1110 mt<\/p>\t\t\t\t\t\t\t\t<\/div>\n\t\t\t\t<\/div>\n\t\t\t\t\t<\/div>\n\t\t<\/div>\n\t\t\t\t\t<\/div>\n\t\t<\/section>\n\t\t\t\t<section class=\"elementor-section elementor-top-section elementor-element elementor-element-c9e1584 elementor-section-boxed elementor-section-height-default elementor-section-height-default wpr-particle-no wpr-jarallax-no wpr-parallax-no wpr-sticky-section-no wpr-equal-height-no\" data-id=\"c9e1584\" data-element_type=\"section\" data-e-type=\"section\">\n\t\t\t\t\t\t<div class=\"elementor-container elementor-column-gap-default\">\n\t\t\t\t\t<div class=\"elementor-column elementor-col-100 elementor-top-column elementor-element elementor-element-ae123c2\" data-id=\"ae123c2\" data-element_type=\"column\" data-e-type=\"column\">\n\t\t\t<div class=\"elementor-widget-wrap elementor-element-populated\">\n\t\t\t\t\t\t<div class=\"elementor-element elementor-element-ce4d0b1 elementor-widget elementor-widget-text-editor\" data-id=\"ce4d0b1\" data-element_type=\"widget\" data-e-type=\"widget\" data-widget_type=\"text-editor.default\">\n\t\t\t\t<div class=\"elementor-widget-container\">\n\t\t\t\t\t\t\t\t\t<p style=\"outline-color: #ee7121; color: #000000;\">\u00a0<span style=\"outline-color: #ee7121; color: #ff6600;\"><span style=\"outline-color: #ee7121; font-weight: bold;\">D\u00eda 4 &#8211; Domingo 28\/03 &#8211; Coll de Femenia \u00b7 Puig Major \u00b7 Sa Calobra<\/span><\/span><\/p><p><strong>El D\u00eda de las Tres Leyendas<\/strong><\/p><p data-start=\"144\" data-end=\"460\">La jornada empieza ascendiendo el <strong data-start=\"176\" data-end=\"195\">Coll de Femenia<\/strong>, entre paredes de roca y silencio de monta\u00f1a. Desde all\u00ed, el camino se eleva hacia el imponente <strong data-start=\"292\" data-end=\"306\">Puig Major<\/strong>, donde el aire se vuelve m\u00e1s fresco y cada curva regala una vista m\u00e1s amplia.<br data-start=\"384\" data-end=\"387\" \/>El gran desaf\u00edo llega en <strong data-start=\"412\" data-end=\"426\">Sa Calobra<\/strong>, un descenso hipn\u00f3tico que serpentea hasta el mar para luego exigir una subida inolvidable.<br data-start=\"518\" data-end=\"521\" data-is-only-node=\"\" \/>Un d\u00eda \u00e9pico, de esos que se quedan grabados para siempre en las piernas\u2026 y en el coraz\u00f3n.<\/p><p data-start=\"144\" data-end=\"460\"><strong>Dificultad<\/strong>: Dif\u00edcil \u2013 <strong>Kil\u00f3metros recorridos<\/strong>: 124 \u2013 <strong>Desnivel acumulado<\/strong>: 2530 mt<\/p>\t\t\t\t\t\t\t\t<\/div>\n\t\t\t\t<\/div>\n\t\t\t\t\t<\/div>\n\t\t<\/div>\n\t\t\t\t\t<\/div>\n\t\t<\/section>\n\t\t\t\t<section class=\"elementor-section elementor-top-section elementor-element elementor-element-c2e65ed elementor-section-boxed elementor-section-height-default elementor-section-height-default wpr-particle-no wpr-jarallax-no wpr-parallax-no wpr-sticky-section-no wpr-equal-height-no\" data-id=\"c2e65ed\" data-element_type=\"section\" data-e-type=\"section\">\n\t\t\t\t\t\t<div class=\"elementor-container elementor-column-gap-default\">\n\t\t\t\t\t<div class=\"elementor-column elementor-col-100 elementor-top-column elementor-element elementor-element-e6e3cdb\" data-id=\"e6e3cdb\" data-element_type=\"column\" data-e-type=\"column\">\n\t\t\t<div class=\"elementor-widget-wrap elementor-element-populated\">\n\t\t\t\t\t\t<div class=\"elementor-element elementor-element-53162e4 elementor-widget elementor-widget-text-editor\" data-id=\"53162e4\" data-element_type=\"widget\" data-e-type=\"widget\" data-widget_type=\"text-editor.default\">\n\t\t\t\t<div class=\"elementor-widget-container\">\n\t\t\t\t\t\t\t\t\t<p style=\"outline-color: #ee7121; color: #000000;\">\u00a0<span style=\"outline-color: #ee7121; color: #ff6600;\"><span style=\"outline-color: #ee7121; font-weight: bold;\">D\u00eda 5 &#8211; Lunes 29\/03 &#8211; Inca \u00b7 Selva \u00b7 Caimari<\/span><\/span><\/p><p><strong>La Ruta de los Pueblos Aut\u00e9nticos<\/strong><\/p><p data-start=\"73\" data-end=\"140\">La ruta se adentra en el coraz\u00f3n rural de Mallorca. <strong data-start=\"221\" data-end=\"229\">Inca<\/strong> nos recibe con su car\u00e1cter artesano y su vida tranquila, antes de dirigirnos a <strong data-start=\"309\" data-end=\"318\">Selva<\/strong>, un pueblo rodeado de colinas donde el ritmo baja casi de forma natural.<br data-start=\"391\" data-end=\"394\" \/>La jornada culmina en <strong data-start=\"416\" data-end=\"427\">Caimari<\/strong>, puerta de la Serra Tramuntana, con sus calles de piedra y su aroma a aceite de oliva. Para quienes lo deseen, aqu\u00ed nace la opci\u00f3n de conquistar el <strong data-start=\"576\" data-end=\"598\" data-is-only-node=\"\">Coll de Sa Batalla<\/strong>, una subida suave y hermosa entre bosques.<br data-start=\"641\" data-end=\"644\" \/>Un d\u00eda sereno, perfecto para disfrutar de la Mallorca m\u00e1s aut\u00e9ntica.<\/p><p data-start=\"73\" data-end=\"140\"><strong>Dificultad<\/strong>: Media \u2013 <strong>Kil\u00f3metros recorridos<\/strong>: 65 \u2013 <strong>Desnivel acumulado<\/strong>: 410 mt<\/p>\t\t\t\t\t\t\t\t<\/div>\n\t\t\t\t<\/div>\n\t\t\t\t\t<\/div>\n\t\t<\/div>\n\t\t\t\t\t<\/div>\n\t\t<\/section>\n\t\t\t\t<section class=\"elementor-section elementor-top-section elementor-element elementor-element-d43ddfa elementor-section-boxed elementor-section-height-default elementor-section-height-default wpr-particle-no wpr-jarallax-no wpr-parallax-no wpr-sticky-section-no wpr-equal-height-no\" data-id=\"d43ddfa\" data-element_type=\"section\" data-e-type=\"section\">\n\t\t\t\t\t\t<div class=\"elementor-container elementor-column-gap-default\">\n\t\t\t\t\t<div class=\"elementor-column elementor-col-100 elementor-top-column elementor-element elementor-element-488996a\" data-id=\"488996a\" data-element_type=\"column\" data-e-type=\"column\">\n\t\t\t<div class=\"elementor-widget-wrap elementor-element-populated\">\n\t\t\t\t\t\t<div class=\"elementor-element elementor-element-119454e elementor-widget elementor-widget-text-editor\" data-id=\"119454e\" data-element_type=\"widget\" data-e-type=\"widget\" data-widget_type=\"text-editor.default\">\n\t\t\t\t<div class=\"elementor-widget-container\">\n\t\t\t\t\t\t\t\t\t<p style=\"outline-color: #ee7121; color: #000000;\"><span style=\"outline-color: #ee7121; color: #ff6600;\"><span style=\"outline-color: #ee7121; font-weight: bold;\">D\u00eda 6 &#8211; Martes 30\/03 &#8211; <\/span><\/span><span style=\"outline-color: #ee7121; color: #ff6600;\"><span style=\"outline-color: #ee7121;\"><b>Ermita de Betlem<\/b><\/span><\/span><\/p>\n<p data-start=\"73\" data-end=\"140\"><strong data-start=\"73\" data-end=\"140\">Subida a la Ermita de Betlem \u2013 Pedaleando hacia la tranquilidad<\/strong><\/p>\n<p data-start=\"142\" data-end=\"424\">Una ascensi\u00f3n menos conocida pero llena de encanto y serenidad. La subida a la Ermita de Betlem ofrece caminos rodeados de naturaleza, aromas de pino y vistas que invitan a la calma. Perfecta para quienes buscan conectar con el paisaje y disfrutar de una subida pausada y aut\u00e9ntica.<\/p>\n<p data-start=\"142\" data-end=\"424\"><strong>Dificultad<\/strong>: Media \u2013 <strong>Kil\u00f3metros recorridos<\/strong>: 100 \u2013 <strong>Desnivel acumulado<\/strong>: 1190 mt<\/p>\t\t\t\t\t\t\t\t<\/div>\n\t\t\t\t<\/div>\n\t\t\t\t\t<\/div>\n\t\t<\/div>\n\t\t\t\t\t<\/div>\n\t\t<\/section>\n\t\t\t\t<section class=\"elementor-section elementor-top-section elementor-element elementor-element-991a964 elementor-section-boxed elementor-section-height-default elementor-section-height-default wpr-particle-no wpr-jarallax-no wpr-parallax-no wpr-sticky-section-no wpr-equal-height-no\" data-id=\"991a964\" data-element_type=\"section\" data-e-type=\"section\">\n\t\t\t\t\t\t<div class=\"elementor-container elementor-column-gap-default\">\n\t\t\t\t\t<div class=\"elementor-column elementor-col-100 elementor-top-column elementor-element elementor-element-53d448d\" data-id=\"53d448d\" data-element_type=\"column\" data-e-type=\"column\">\n\t\t\t<div class=\"elementor-widget-wrap elementor-element-populated\">\n\t\t\t\t\t\t<div class=\"elementor-element elementor-element-b51b10a elementor-widget elementor-widget-text-editor\" data-id=\"b51b10a\" data-element_type=\"widget\" data-e-type=\"widget\" data-widget_type=\"text-editor.default\">\n\t\t\t\t<div class=\"elementor-widget-container\">\n\t\t\t\t\t\t\t\t\t<p style=\"outline-color: #ee7121; color: #000000;\">\u00a0<span style=\"outline-color: #ee7121; color: #ff6600;\"><span style=\"outline-color: #ee7121; font-weight: bold;\">D\u00eda 7 &#8211; Miercoles 31\/03 &#8211; Cap des Pinar \u00b7 Cala Barques<\/span><\/span><\/p><p data-start=\"82\" data-end=\"119\"><strong>El Camino hacia el Azul Infinito<\/strong><\/p><p data-start=\"121\" data-end=\"400\">La ruta nos lleva hasta <strong data-start=\"145\" data-end=\"162\">Cap des Pinar<\/strong>, un balc\u00f3n natural donde el mar se abre en un azul infinito y el silencio solo lo rompe el viento. El camino es \u00edntimo, salvaje, perfecto para pedalear sintiendo la isla en su estado m\u00e1s puro.<br data-start=\"355\" data-end=\"358\" \/>La jornada contin\u00faa hacia <strong data-start=\"384\" data-end=\"400\">Cala Barques<\/strong>, una joya escondida entre rocas y aguas transparentes, ideal para una pausa frente al Mediterr\u00e1neo.<br data-start=\"500\" data-end=\"503\" \/>Un d\u00eda de luz, mar y calma para despedir Mallorca de la forma m\u00e1s bella.<\/p><p data-start=\"121\" data-end=\"400\"><strong>Dificultad<\/strong>: Media \u2013\u00a0<strong>Kil\u00f3metros recorridos<\/strong>: 51 \u2013 <strong>Desnivel acumulado<\/strong>: 530 mt<\/p>\t\t\t\t\t\t\t\t<\/div>\n\t\t\t\t<\/div>\n\t\t\t\t\t<\/div>\n\t\t<\/div>\n\t\t\t\t\t<\/div>\n\t\t<\/section>\n\t\t\t\t<section class=\"elementor-section elementor-top-section elementor-element elementor-element-be30217 elementor-section-boxed elementor-section-height-default elementor-section-height-default wpr-particle-no wpr-jarallax-no wpr-parallax-no wpr-sticky-section-no wpr-equal-height-no\" data-id=\"be30217\" data-element_type=\"section\" data-e-type=\"section\">\n\t\t\t\t\t\t<div class=\"elementor-container elementor-column-gap-default\">\n\t\t\t\t\t<div class=\"elementor-column elementor-col-100 elementor-top-column elementor-element elementor-element-cb2a9d6\" data-id=\"cb2a9d6\" data-element_type=\"column\" data-e-type=\"column\">\n\t\t\t<div class=\"elementor-widget-wrap elementor-element-populated\">\n\t\t\t\t\t\t<div class=\"elementor-element elementor-element-f99a5ab elementor-widget elementor-widget-text-editor\" data-id=\"f99a5ab\" data-element_type=\"widget\" data-e-type=\"widget\" data-widget_type=\"text-editor.default\">\n\t\t\t\t<div class=\"elementor-widget-container\">\n\t\t\t\t\t\t\t\t\t<p>\u00a0<span style=\"color: #ff6600;\"><b>D\u00eda 8 &#8211; Jueves 01\/04<\/b><\/span><\/p><p data-pm-slice=\"1 1 []\">Tras el desayuno, nuestro equipo te trasladar\u00e1 al aeropuerto de Palma de Mallorca. La llegada est\u00e1 prevista para la 11 a.m., por lo que te recomendamos planificar tu vuelo de salida en consecuencia.<\/p><p data-pm-slice=\"1 1 []\"><strong>Nota:<\/strong> Los itinerarios pueden modificarse por razones meteorol\u00f3gicas o imprevistos ajenos a la organizaci\u00f3n.<\/p>\t\t\t\t\t\t\t\t<\/div>\n\t\t\t\t<\/div>\n\t\t\t\t\t<\/div>\n\t\t<\/div>\n\t\t\t\t\t<\/div>\n\t\t<\/section>\n\t\t\t\t<section class=\"elementor-section elementor-top-section elementor-element elementor-element-b714104 elementor-section-boxed elementor-section-height-default elementor-section-height-default wpr-particle-no wpr-jarallax-no wpr-parallax-no wpr-sticky-section-no wpr-equal-height-no\" data-id=\"b714104\" data-element_type=\"section\" data-e-type=\"section\">\n\t\t\t\t\t\t<div class=\"elementor-container elementor-column-gap-default\">\n\t\t\t\t\t<div class=\"elementor-column elementor-col-100 elementor-top-column elementor-element elementor-element-53ebd6a\" data-id=\"53ebd6a\" data-element_type=\"column\" data-e-type=\"column\">\n\t\t\t<div class=\"elementor-widget-wrap elementor-element-populated\">\n\t\t\t\t\t\t<div class=\"elementor-element elementor-element-653d4f1 elementor-widget-divider--view-line elementor-widget elementor-widget-divider\" data-id=\"653d4f1\" data-element_type=\"widget\" data-e-type=\"widget\" data-widget_type=\"divider.default\">\n\t\t\t\t<div class=\"elementor-widget-container\">\n\t\t\t\t\t\t\t<div class=\"elementor-divider\">\n\t\t\t<span class=\"elementor-divider-separator\">\n\t\t\t\t\t\t<\/span>\n\t\t<\/div>\n\t\t\t\t\t\t<\/div>\n\t\t\t\t<\/div>\n\t\t\t\t<div class=\"elementor-element elementor-element-1a64a8e elementor-widget elementor-widget-heading\" data-id=\"1a64a8e\" data-element_type=\"widget\" data-e-type=\"widget\" data-widget_type=\"heading.default\">\n\t\t\t\t<div class=\"elementor-widget-container\">\n\t\t\t\t\t<h2 class=\"elementor-heading-title elementor-size-default\">PRECIO<\/h2>\t\t\t\t<\/div>\n\t\t\t\t<\/div>\n\t\t\t\t<div class=\"elementor-element elementor-element-1166c50 elementor-widget-divider--view-line elementor-widget elementor-widget-divider\" data-id=\"1166c50\" data-element_type=\"widget\" data-e-type=\"widget\" data-widget_type=\"divider.default\">\n\t\t\t\t<div class=\"elementor-widget-container\">\n\t\t\t\t\t\t\t<div class=\"elementor-divider\">\n\t\t\t<span class=\"elementor-divider-separator\">\n\t\t\t\t\t\t<\/span>\n\t\t<\/div>\n\t\t\t\t\t\t<\/div>\n\t\t\t\t<\/div>\n\t\t\t\t<div class=\"elementor-element elementor-element-755f68c elementor-widget elementor-widget-text-editor\" data-id=\"755f68c\" data-element_type=\"widget\" data-e-type=\"widget\" data-widget_type=\"text-editor.default\">\n\t\t\t\t<div class=\"elementor-widget-container\">\n\t\t\t\t\t\t\t\t\t<p><b>Precio: <\/b>3,150 EUR*<\/p><p>* Precios por ciclista en habitaci\u00f3n doble compartida.<\/p><p>A caso que prefieras una habitaci\u00f3n individual: + 450 EUR<\/p><p>Precio acompa\u00f1ante en habitaci\u00f3n doble : 1,950 EUR<\/p><p><strong>\u00a1 APARTA TU LUGAR!<\/strong><br \/>Aparta tu lugar en Mallorca 2027 ( 25 Marzo &#8211; 1 Abril 2027 ) con 500 dentro del\u00a0 30 octubre EUR y paga el resto 2,650 EUR\u00a0 antes del 30 de Enero 2027:<\/p><p>50% = 1,325 EUR dentro del 30 noviembre 2026<\/p><p>50% = 1,325 EUR dentro del 30 enero 2027<\/p><p class=\"p1\">Aceptamos pagos con transferencias bancarias y tarjetas de credito, o contactanos para definir un plan de pago. afuegotravel@gmail.com o por WhatsApp: (+52) 2214105969.<\/p><p><strong>Cancelaciones:<\/strong><br \/>\u2022 Cancelaciones antes del 30 noviembre, se cobra el costo de inscripci\u00f3n (500 EUR ), y te devolveremos lo dem\u00e1s pagado.<br \/>\u2022 Cancelaciones posteriores al 30 noviembre, se revisar\u00e1n de manera personal<br \/>\u2022 No hay cancelaciones a partir del 30 de enero<\/p><p>En caso que no se llegue al n\u00famero m\u00ednimo de participantes dentro del 30 de enero te devolveremos el anticipo y lo dem\u00e1s pagado. Te sugerimos contratar un seguro de viaje<\/p>\t\t\t\t\t\t\t\t<\/div>\n\t\t\t\t<\/div>\n\t\t\t\t\t<\/div>\n\t\t<\/div>\n\t\t\t\t\t<\/div>\n\t\t<\/section>\n\t\t\t\t<section class=\"elementor-section elementor-top-section elementor-element elementor-element-05c8fd2 elementor-section-boxed elementor-section-height-default elementor-section-height-default wpr-particle-no wpr-jarallax-no wpr-parallax-no wpr-sticky-section-no wpr-equal-height-no\" data-id=\"05c8fd2\" data-element_type=\"section\" data-e-type=\"section\">\n\t\t\t\t\t\t<div class=\"elementor-container elementor-column-gap-default\">\n\t\t\t\t\t<div class=\"elementor-column elementor-col-33 elementor-top-column elementor-element elementor-element-abb7b3e\" data-id=\"abb7b3e\" data-element_type=\"column\" data-e-type=\"column\">\n\t\t\t<div class=\"elementor-widget-wrap\">\n\t\t\t\t\t\t\t<\/div>\n\t\t<\/div>\n\t\t\t\t<div class=\"elementor-column elementor-col-33 elementor-top-column elementor-element elementor-element-6cdf978\" data-id=\"6cdf978\" data-element_type=\"column\" data-e-type=\"column\">\n\t\t\t<div class=\"elementor-widget-wrap elementor-element-populated\">\n\t\t\t\t\t\t<div class=\"elementor-element elementor-element-c404280 elementor-widget elementor-widget-html\" data-id=\"c404280\" data-element_type=\"widget\" data-e-type=\"widget\" data-widget_type=\"html.default\">\n\t\t\t\t<div class=\"elementor-widget-container\">\n\t\t\t\t\t<div style=\"text-align: center;\"><button class=\"wtrvl-checkout_button\" id=\"wetravel_button_widget\" data-env=\"https:\/\/www.wetravel.com\" data-version=\"v0.4\" data-uid=\"1197951\" data-uuid=\"4944299790\" href=\"https:\/\/www.wetravel.com\/checkout_embed?uuid=4944299790\" style=\"background-color:#ee7121;color:#ffffff;border: 0px;border-radius: 5px;font-family: 'Poppins', sans-serif;font-weight: 400;font-size: 14px;-webkit-font-smoothing: antialiased;text-transform: capitalize;padding: 13px 24px;text-decoration: none;text-align: center;line-height: 14px;display: inline-block; cursor: pointer;\">RESERVAR<\/button><\/div> <link href=\"https:\/\/fonts.googleapis.com\/css?family=Poppins\" rel=\"stylesheet\"> <script src=\"https:\/\/cdn.wetravel.com\/widgets\/embed_checkout.js\"><\/script>\t\t\t\t<\/div>\n\t\t\t\t<\/div>\n\t\t\t\t\t<\/div>\n\t\t<\/div>\n\t\t\t\t<div class=\"elementor-column elementor-col-33 elementor-top-column elementor-element elementor-element-e427789\" data-id=\"e427789\" data-element_type=\"column\" data-e-type=\"column\">\n\t\t\t<div class=\"elementor-widget-wrap\">\n\t\t\t\t\t\t\t<\/div>\n\t\t<\/div>\n\t\t\t\t\t<\/div>\n\t\t<\/section>\n\t\t\t\t<section class=\"elementor-section elementor-top-section elementor-element elementor-element-b5c466c elementor-section-boxed elementor-section-height-default elementor-section-height-default wpr-particle-no wpr-jarallax-no wpr-parallax-no wpr-sticky-section-no wpr-equal-height-no\" data-id=\"b5c466c\" data-element_type=\"section\" data-e-type=\"section\">\n\t\t\t\t\t\t<div class=\"elementor-container elementor-column-gap-default\">\n\t\t\t\t\t<div class=\"elementor-column elementor-col-100 elementor-top-column elementor-element elementor-element-eae327b\" data-id=\"eae327b\" data-element_type=\"column\" data-e-type=\"column\">\n\t\t\t<div class=\"elementor-widget-wrap elementor-element-populated\">\n\t\t\t\t\t\t<div class=\"elementor-element elementor-element-5792d22 elementor-widget elementor-widget-text-editor\" data-id=\"5792d22\" data-element_type=\"widget\" data-e-type=\"widget\" data-widget_type=\"text-editor.default\">\n\t\t\t\t<div class=\"elementor-widget-container\">\n\t\t\t\t\t\t\t\t\t<p style=\"text-align: center;\"><a title=\"TERMINOS Y CONDICIONES AFUEGO TRAVEL\" href=\"https:\/\/afuegotravel.com\/index.php\/terminos-y-condiciones-afuego-travel\/\" target=\"_blank\" rel=\"noopener\">T\u00e9rminos y condiciones<\/a><\/p>\t\t\t\t\t\t\t\t<\/div>\n\t\t\t\t<\/div>\n\t\t\t\t\t<\/div>\n\t\t<\/div>\n\t\t\t\t\t<\/div>\n\t\t<\/section>\n\t\t\t\t<\/div>\n\t\t","protected":false},"excerpt":{"rendered":"<p>25 &nbsp;MARZO &#8211; 1 ABRIL 2027 MALLORCA Mallorca en bici: semana santa sobre dos ruedas Del 25 de marzo al 1 de abril, esc\u00e1pate a uno de los destinos ciclistas m\u00e1s emblem\u00e1ticos de Europa. Mallorca te espera con sus carreteras suaves, paisajes mediterr\u00e1neos y puertos legendarios como Sa Calobra o Cap de Formentor. Una semana de sol, mar y bicicleta, en la mejor \u00e9poca del a\u00f1o para rodar. Pedalearemos entre acantilados, campos en flor y pueblos llenos de encanto, combinando esfuerzo, relax y buena compa\u00f1\u00eda. Si te gusta el ciclismo, este viaje es para ti. Informaci\u00f3n de viaje 8 dias &#8211; 7 noches 6,160 metros de desnivel &#8211; 475 km en total . Recorrido medio diario: 79 km Desnivel medio acumulado diario: 1026 mt RESERVAR El Paquete Incluye: Bike Hotel con All inclusive Premium Traslados (ver detalles del tour) Rodadas con guia Staff ratio:\u00a01 staff x 4 clientes\u00a0 Abastecimiento durante las rodadas (refrigerio, snacks, fruta) Veh\u00edculo de apoyo y servicio t\u00e9cnico basico Fotografo profesional Welcome kit valor 200 EUR Informaciones sobre los recorridos, Rutas en GPX Asistencia en espa\u00f1ol Seguro m\u00e9dico plan deportista El Paquete NO Incluye: Boleto de avi\u00f3n Renta de bicicleta Gastos personales y servicios no especificados PROGRAMA\/ITINERARIO D\u00eda 1 &#8211; Jueves 25\/03 Nuestro equipo te encontrar\u00e1 al\u00a0mediod\u00eda\u00a0en el\u00a0aeropuerto de Palma de Mallorca\u00a0. Traslado al mediodia al Bike Hotel , alojamiento y cena.\u00a0 D\u00eda 2 &#8211; Viernes 26\/03 &#8211; Sineu y Petra Pedaleando entre historia y encanto rural La ruta comienza entre molinos y campos silenciosos, donde Mallorca muestra su lado m\u00e1s aut\u00e9ntico. Sineu nos recibe con su encanto rural y sus calles llenas de historia, antes de seguir hacia Muro, donde el paisaje se abre y la luz dorada acompa\u00f1a cada pedalada.Una primera jornada suave y armoniosa para conectar con la esencia de la isla. Dificultad: Media \u2013\u00a0Kil\u00f3metros recorridos: 65 \u2013\u00a0Desnivel acumulado: 390 mt D\u00eda 3 &#8211; Sabado 27\/03 &#8211; Faro Formentor Faro de Formentor \u2013 Donde el asfalto toca el infinito Una de las rutas m\u00e1s espectaculares de Europa. Carretera estrecha, curvas suaves y acantilados que caen al mar: pedalear hasta el Faro de Formentor es un viaje entre cielo y tierra. Cada metro conquistado se transforma en pura emoci\u00f3n, hasta llegar al extremo m\u00e1s m\u00e1gico de la isla. Dificultad: Media \u2013\u00a0Kil\u00f3metros recorridos: 70 \u2013 Desnivel acumulado: 1110 mt \u00a0D\u00eda 4 &#8211; Domingo 28\/03 &#8211; Coll de Femenia \u00b7 Puig Major \u00b7 Sa Calobra El D\u00eda de las Tres Leyendas La jornada empieza ascendiendo el Coll de Femenia, entre paredes de roca y silencio de monta\u00f1a. Desde all\u00ed, el camino se eleva hacia el imponente Puig Major, donde el aire se vuelve m\u00e1s fresco y cada curva regala una vista m\u00e1s amplia.El gran desaf\u00edo llega en Sa Calobra, un descenso hipn\u00f3tico que serpentea hasta el mar para luego exigir una subida inolvidable.Un d\u00eda \u00e9pico, de esos que se quedan grabados para siempre en las piernas\u2026 y en el coraz\u00f3n. Dificultad: Dif\u00edcil \u2013 Kil\u00f3metros recorridos: 124 \u2013 Desnivel acumulado: 2530 mt \u00a0D\u00eda 5 &#8211; Lunes 29\/03 &#8211; Inca \u00b7 Selva \u00b7 Caimari La Ruta de los Pueblos Aut\u00e9nticos La ruta se adentra en el coraz\u00f3n rural de Mallorca. Inca nos recibe con su car\u00e1cter artesano y su vida tranquila, antes de dirigirnos a Selva, un pueblo rodeado de colinas donde el ritmo baja casi de forma natural.La jornada culmina en Caimari, puerta de la Serra Tramuntana, con sus calles de piedra y su aroma a aceite de oliva. Para quienes lo deseen, aqu\u00ed nace la opci\u00f3n de conquistar el Coll de Sa Batalla, una subida suave y hermosa entre bosques.Un d\u00eda sereno, perfecto para disfrutar de la Mallorca m\u00e1s aut\u00e9ntica. Dificultad: Media \u2013 Kil\u00f3metros recorridos: 65 \u2013 Desnivel acumulado: 410 mt D\u00eda 6 &#8211; Martes 30\/03 &#8211; Ermita de Betlem Subida a la Ermita de Betlem \u2013 Pedaleando hacia la tranquilidad Una ascensi\u00f3n menos conocida pero llena de encanto y serenidad. La subida a la Ermita de Betlem ofrece caminos rodeados de naturaleza, aromas de pino y vistas que invitan a la calma. Perfecta para quienes buscan conectar con el paisaje y disfrutar de una subida pausada y aut\u00e9ntica. Dificultad: Media \u2013 Kil\u00f3metros recorridos: 100 \u2013 Desnivel acumulado: 1190 mt \u00a0D\u00eda 7 &#8211; Miercoles 31\/03 &#8211; Cap des Pinar \u00b7 Cala Barques El Camino hacia el Azul Infinito La ruta nos lleva hasta Cap des Pinar, un balc\u00f3n natural donde el mar se abre en un azul infinito y el silencio solo lo rompe el viento. El camino es \u00edntimo, salvaje, perfecto para pedalear sintiendo la isla en su estado m\u00e1s puro.La jornada contin\u00faa hacia Cala Barques, una joya escondida entre rocas y aguas transparentes, ideal para una pausa frente al Mediterr\u00e1neo.Un d\u00eda de luz, mar y calma para despedir Mallorca de la forma m\u00e1s bella. Dificultad: Media \u2013\u00a0Kil\u00f3metros recorridos: 51 \u2013 Desnivel acumulado: 530 mt \u00a0D\u00eda 8 &#8211; Jueves 01\/04 Tras el desayuno, nuestro equipo te trasladar\u00e1 al aeropuerto de Palma de Mallorca. La llegada est\u00e1 prevista para la 11 a.m., por lo que te recomendamos planificar tu vuelo de salida en consecuencia. Nota: Los itinerarios pueden modificarse por razones meteorol\u00f3gicas o imprevistos ajenos a la organizaci\u00f3n. PRECIO Precio: 3,150 EUR* * Precios por ciclista en habitaci\u00f3n doble compartida. A caso que prefieras una habitaci\u00f3n individual: + 450 EUR Precio acompa\u00f1ante en habitaci\u00f3n doble : 1,950 EUR \u00a1 APARTA TU LUGAR!Aparta tu lugar en Mallorca 2027 ( 25 Marzo &#8211; 1 Abril 2027 ) con 500 dentro del\u00a0 30 octubre EUR y paga el resto 2,650 EUR\u00a0 antes del 30 de Enero 2027: 50% = 1,325 EUR dentro del 30 noviembre 2026 50% = 1,325 EUR dentro del 30 enero 2027 Aceptamos pagos con transferencias bancarias y tarjetas de credito, o contactanos para definir un plan de pago. afuegotravel@gmail.com o por WhatsApp: (+52) 2214105969. Cancelaciones:\u2022 Cancelaciones antes del 30 noviembre, se cobra el costo de inscripci\u00f3n (500 EUR ), y te devolveremos lo dem\u00e1s pagado.\u2022 Cancelaciones posteriores al 30 noviembre, se revisar\u00e1n de manera personal\u2022 No hay cancelaciones a partir del 30 de enero En<a class=\"more-link\" href=\"https:\/\/afuegotravel.com\/index.php\/mallorca-2027\/\">Read more  &#10230;<\/a><\/p>\n","protected":false},"author":1,"featured_media":0,"parent":0,"menu_order":0,"comment_status":"closed","ping_status":"closed","template":"","meta":{"_monsterinsights_skip_tracking":false,"_monsterinsights_sitenote_active":false,"_monsterinsights_sitenote_note":"","_monsterinsights_sitenote_category":0,"footnotes":""},"class_list":["post-13786","page","type-page","status-publish","hentry"],"aioseo_notices":[],"_links":{"self":[{"href":"https:\/\/afuegotravel.com\/index.php\/wp-json\/wp\/v2\/pages\/13786","targetHints":{"allow":["GET"]}}],"collection":[{"href":"https:\/\/afuegotravel.com\/index.php\/wp-json\/wp\/v2\/pages"}],"about":[{"href":"https:\/\/afuegotravel.com\/index.php\/wp-json\/wp\/v2\/types\/page"}],"author":[{"embeddable":true,"href":"https:\/\/afuegotravel.com\/index.php\/wp-json\/wp\/v2\/users\/1"}],"replies":[{"embeddable":true,"href":"https:\/\/afuegotravel.com\/index.php\/wp-json\/wp\/v2\/comments?post=13786"}],"version-history":[{"count":58,"href":"https:\/\/afuegotravel.com\/index.php\/wp-json\/wp\/v2\/pages\/13786\/revisions"}],"predecessor-version":[{"id":14015,"href":"https:\/\/afuegotravel.com\/index.php\/wp-json\/wp\/v2\/pages\/13786\/revisions\/14015"}],"wp:attachment":[{"href":"https:\/\/afuegotravel.com\/index.php\/wp-json\/wp\/v2\/media?parent=13786"}],"curies":[{"name":"wp","href":"https:\/\/api.w.org\/{rel}","templated":true}]}}