{"id":13803,"date":"2026-04-22T17:54:36","date_gmt":"2026-04-22T17:54:36","guid":{"rendered":"https:\/\/afuegotravel.com\/?page_id=13803"},"modified":"2026-04-23T02:29:25","modified_gmt":"2026-04-23T02:29:25","slug":"giro-italia-mayo-2027","status":"publish","type":"page","link":"https:\/\/afuegotravel.com\/index.php\/giro-italia-mayo-2027\/","title":{"rendered":"Giro Italia Mayo 2027"},"content":{"rendered":"\t\t<div data-elementor-type=\"wp-page\" data-elementor-id=\"13803\" class=\"elementor elementor-13803\">\n\t\t\t\t\t\t<section class=\"elementor-section elementor-top-section elementor-element elementor-element-f8e716d elementor-section-full_width elementor-section-height-default elementor-section-height-default wpr-particle-no wpr-jarallax-no wpr-parallax-no wpr-sticky-section-no wpr-equal-height-no\" data-id=\"f8e716d\" data-element_type=\"section\" data-e-type=\"section\">\n\t\t\t\t\t\t<div class=\"elementor-container elementor-column-gap-default\">\n\t\t\t\t\t<div class=\"elementor-column elementor-col-100 elementor-top-column elementor-element elementor-element-9afb8f4\" data-id=\"9afb8f4\" data-element_type=\"column\" data-e-type=\"column\">\n\t\t\t<div class=\"elementor-widget-wrap elementor-element-populated\">\n\t\t\t\t\t\t<div class=\"elementor-element elementor-element-f02c488 elementor-widget elementor-widget-shortcode\" data-id=\"f02c488\" data-element_type=\"widget\" data-e-type=\"widget\" data-widget_type=\"shortcode.default\">\n\t\t\t\t<div class=\"elementor-widget-container\">\n\t\t\t\t\t\t\t<div class=\"elementor-shortcode\"><\/div>\n\t\t\t\t\t\t<\/div>\n\t\t\t\t<\/div>\n\t\t\t\t\t<\/div>\n\t\t<\/div>\n\t\t\t\t\t<\/div>\n\t\t<\/section>\n\t\t\t\t<section class=\"elementor-section elementor-top-section elementor-element elementor-element-9d3cf1a elementor-section-boxed elementor-section-height-default elementor-section-height-default wpr-particle-no wpr-jarallax-no wpr-parallax-no wpr-sticky-section-no wpr-equal-height-no\" data-id=\"9d3cf1a\" data-element_type=\"section\" data-e-type=\"section\">\n\t\t\t\t\t\t<div class=\"elementor-container elementor-column-gap-default\">\n\t\t\t\t\t<div class=\"elementor-column elementor-col-100 elementor-top-column elementor-element elementor-element-ed3e4d2\" data-id=\"ed3e4d2\" data-element_type=\"column\" data-e-type=\"column\">\n\t\t\t<div class=\"elementor-widget-wrap elementor-element-populated\">\n\t\t\t\t\t\t<div class=\"elementor-element elementor-element-6517a74 elementor-widget elementor-widget-heading\" data-id=\"6517a74\" data-element_type=\"widget\" data-e-type=\"widget\" data-widget_type=\"heading.default\">\n\t\t\t\t<div class=\"elementor-widget-container\">\n\t\t\t\t\t<h3 class=\"elementor-heading-title elementor-size-default\">22 - 29&nbsp;Mayo<\/h3>\t\t\t\t<\/div>\n\t\t\t\t<\/div>\n\t\t\t\t<div class=\"elementor-element elementor-element-ea13afd elementor-widget elementor-widget-heading\" data-id=\"ea13afd\" data-element_type=\"widget\" data-e-type=\"widget\" data-widget_type=\"heading.default\">\n\t\t\t\t<div class=\"elementor-widget-container\">\n\t\t\t\t\t<h2 class=\"elementor-heading-title elementor-size-default\">GIRO D\u2019ITALIA 2027<\/h2>\t\t\t\t<\/div>\n\t\t\t\t<\/div>\n\t\t\t\t<div class=\"elementor-element elementor-element-599ea18 elementor-widget elementor-widget-text-editor\" data-id=\"599ea18\" data-element_type=\"widget\" data-e-type=\"widget\" data-widget_type=\"text-editor.default\">\n\t\t\t\t<div class=\"elementor-widget-container\">\n\t\t\t\t\t\t\t\t\t<p data-start=\"135\" data-end=\"225\"><strong data-start=\"135\" data-end=\"225\">Vive el Giro de Italia 2027 con nosotros: no es un viaje, es un sue\u00f1o sobre dos ruedas<\/strong><\/p><p data-start=\"227\" data-end=\"546\">Del 22 al 29 de mayo de 2027, te llevamos al coraz\u00f3n de la leyenda: el <span class=\"hover:entity-accent entity-underline inline cursor-pointer align-baseline\"><span class=\"whitespace-normal\">Giro d&#8217;Italia<\/span><\/span>. Una experiencia que va mucho m\u00e1s all\u00e1 de unas vacaciones en bicicleta: es una inmersi\u00f3n total en el ciclismo, entre adrenalina, paisajes de ensue\u00f1o y la magia de una de las carreras m\u00e1s emocionantes del mundo.<\/p><p data-start=\"548\" data-end=\"841\">En cuanto el recorrido oficial sea anunciado por la organizaci\u00f3n, definiremos cada detalle del viaje para seguir de cerca las etapas m\u00e1s espectaculares. Por este motivo, las fechas indicadas podr\u00edan sufrir ligeras variaciones, siempre con el objetivo de ofrecerte la mejor experiencia posible.<\/p><p data-start=\"843\" data-end=\"907\"><strong data-start=\"843\" data-end=\"907\">Una experiencia para todos: tambi\u00e9n para quienes no pedalean<\/strong><\/p><p data-start=\"909\" data-end=\"1378\">Este viaje est\u00e1 abierto tambi\u00e9n a los acompa\u00f1antes que no pedalean. Podr\u00e1n vivir la emoci\u00f3n del Giro de Italia junto al grupo \u2014 animando a los ciclistas en las etapas, disfrutando del ambiente \u00fanico de la carrera \u2014 o elegir actividades alternativas dise\u00f1adas para descubrir el territorio: visitas culturales, experiencias gastron\u00f3micas, pueblos con encanto y momentos de relax.<br data-start=\"1286\" data-end=\"1289\" \/>Una aventura pensada para compartir, cada uno a su ritmo, pero todos con la misma pasi\u00f3n.<\/p><p data-start=\"1380\" data-end=\"1424\"><strong data-start=\"1380\" data-end=\"1404\">Informaci\u00f3n de viaje<\/strong><br data-start=\"1404\" data-end=\"1407\" \/>8 d\u00edas \u2013 7 noches<\/p>\t\t\t\t\t\t\t\t<\/div>\n\t\t\t\t<\/div>\n\t\t\t\t\t<\/div>\n\t\t<\/div>\n\t\t\t\t\t<\/div>\n\t\t<\/section>\n\t\t\t\t<section class=\"elementor-section elementor-top-section elementor-element elementor-element-c02dd1c elementor-section-boxed elementor-section-height-default elementor-section-height-default wpr-particle-no wpr-jarallax-no wpr-parallax-no wpr-sticky-section-no wpr-equal-height-no\" data-id=\"c02dd1c\" data-element_type=\"section\" data-e-type=\"section\">\n\t\t\t\t\t\t<div class=\"elementor-container elementor-column-gap-default\">\n\t\t\t\t\t<div class=\"elementor-column elementor-col-33 elementor-top-column elementor-element elementor-element-ca6ee6b\" data-id=\"ca6ee6b\" data-element_type=\"column\" data-e-type=\"column\">\n\t\t\t<div class=\"elementor-widget-wrap\">\n\t\t\t\t\t\t\t<\/div>\n\t\t<\/div>\n\t\t\t\t<div class=\"elementor-column elementor-col-33 elementor-top-column elementor-element elementor-element-771a968\" data-id=\"771a968\" data-element_type=\"column\" data-e-type=\"column\">\n\t\t\t<div class=\"elementor-widget-wrap elementor-element-populated\">\n\t\t\t\t\t\t<div class=\"elementor-element elementor-element-8cbe3e1 elementor-widget elementor-widget-html\" data-id=\"8cbe3e1\" data-element_type=\"widget\" data-e-type=\"widget\" data-widget_type=\"html.default\">\n\t\t\t\t<div class=\"elementor-widget-container\">\n\t\t\t\t\t<div style=\"text-align: center;\"><button class=\"wtrvl-checkout_button\" id=\"wetravel_button_widget\" data-env=\"https:\/\/www.wetravel.com\" data-version=\"v0.4\" data-uid=\"1197951\" data-uuid=\"3924287186\" href=\"https:\/\/www.wetravel.com\/checkout_embed?uuid=3924287186\" style=\"background-color:#ee7121;color:#ffffff;border: 0px;border-radius: 5px;font-family: 'Poppins', sans-serif;font-weight: 400;font-size: 14px;-webkit-font-smoothing: antialiased;text-transform: capitalize;padding: 13px 24px;text-decoration: none;text-align: center;line-height: 14px;display: inline-block; cursor: pointer;\">RESERVAR<\/button><\/div> <link href=\"https:\/\/fonts.googleapis.com\/css?family=Poppins\" rel=\"stylesheet\"> <script src=\"https:\/\/cdn.wetravel.com\/widgets\/embed_checkout.js\"><\/script>\t\t\t\t<\/div>\n\t\t\t\t<\/div>\n\t\t\t\t\t<\/div>\n\t\t<\/div>\n\t\t\t\t<div class=\"elementor-column elementor-col-33 elementor-top-column elementor-element elementor-element-833e85f\" data-id=\"833e85f\" data-element_type=\"column\" data-e-type=\"column\">\n\t\t\t<div class=\"elementor-widget-wrap\">\n\t\t\t\t\t\t\t<\/div>\n\t\t<\/div>\n\t\t\t\t\t<\/div>\n\t\t<\/section>\n\t\t\t\t<section class=\"elementor-section elementor-top-section elementor-element elementor-element-53c3d60 elementor-section-boxed elementor-section-height-default elementor-section-height-default wpr-particle-no wpr-jarallax-no wpr-parallax-no wpr-sticky-section-no wpr-equal-height-no\" data-id=\"53c3d60\" data-element_type=\"section\" data-e-type=\"section\">\n\t\t\t\t\t\t<div class=\"elementor-container elementor-column-gap-default\">\n\t\t\t\t\t<div class=\"elementor-column elementor-col-100 elementor-top-column elementor-element elementor-element-26a8a84\" data-id=\"26a8a84\" data-element_type=\"column\" data-e-type=\"column\">\n\t\t\t<div class=\"elementor-widget-wrap elementor-element-populated\">\n\t\t\t\t\t\t<div class=\"elementor-element elementor-element-2a40dd7 elementor-widget-divider--view-line elementor-widget elementor-widget-divider\" data-id=\"2a40dd7\" data-element_type=\"widget\" data-e-type=\"widget\" data-widget_type=\"divider.default\">\n\t\t\t\t<div class=\"elementor-widget-container\">\n\t\t\t\t\t\t\t<div class=\"elementor-divider\">\n\t\t\t<span class=\"elementor-divider-separator\">\n\t\t\t\t\t\t<\/span>\n\t\t<\/div>\n\t\t\t\t\t\t<\/div>\n\t\t\t\t<\/div>\n\t\t\t\t\t<\/div>\n\t\t<\/div>\n\t\t\t\t\t<\/div>\n\t\t<\/section>\n\t\t\t\t<section class=\"elementor-section elementor-top-section elementor-element elementor-element-0861e50 elementor-section-boxed elementor-section-height-default elementor-section-height-default wpr-particle-no wpr-jarallax-no wpr-parallax-no wpr-sticky-section-no wpr-equal-height-no\" data-id=\"0861e50\" data-element_type=\"section\" data-e-type=\"section\">\n\t\t\t\t\t\t<div class=\"elementor-container elementor-column-gap-default\">\n\t\t\t\t\t<div class=\"elementor-column elementor-col-50 elementor-top-column elementor-element elementor-element-6d557b6\" data-id=\"6d557b6\" data-element_type=\"column\" data-e-type=\"column\">\n\t\t\t<div class=\"elementor-widget-wrap elementor-element-populated\">\n\t\t\t\t\t\t<div class=\"elementor-element elementor-element-fbf21ac elementor-widget elementor-widget-text-editor\" data-id=\"fbf21ac\" data-element_type=\"widget\" data-e-type=\"widget\" data-widget_type=\"text-editor.default\">\n\t\t\t\t<div class=\"elementor-widget-container\">\n\t\t\t\t\t\t\t\t\t<p class=\" colorActive nd_options_first_font \"><b>El Paquete Incluye:<\/b><\/p>\t\t\t\t\t\t\t\t<\/div>\n\t\t\t\t<\/div>\n\t\t\t\t<div class=\"elementor-element elementor-element-094547b elementor-icon-list--layout-traditional elementor-list-item-link-full_width elementor-widget elementor-widget-icon-list\" data-id=\"094547b\" data-element_type=\"widget\" data-e-type=\"widget\" data-widget_type=\"icon-list.default\">\n\t\t\t\t<div class=\"elementor-widget-container\">\n\t\t\t\t\t\t\t<ul class=\"elementor-icon-list-items\">\n\t\t\t\t\t\t\t<li class=\"elementor-icon-list-item\">\n\t\t\t\t\t\t\t\t\t\t\t<span class=\"elementor-icon-list-icon\">\n\t\t\t\t\t\t\t<i aria-hidden=\"true\" class=\"fas fa-hotel\"><\/i>\t\t\t\t\t\t<\/span>\n\t\t\t\t\t\t\t\t\t\t<span class=\"elementor-icon-list-text\">Hotel con desayuno, almuerzo y cena (bebidas de la cena no incluidas)<\/span>\n\t\t\t\t\t\t\t\t\t<\/li>\n\t\t\t\t\t\t\t\t<li class=\"elementor-icon-list-item\">\n\t\t\t\t\t\t\t\t\t\t\t<span class=\"elementor-icon-list-icon\">\n\t\t\t\t\t\t\t<i aria-hidden=\"true\" class=\"fas fa-bus\"><\/i>\t\t\t\t\t\t<\/span>\n\t\t\t\t\t\t\t\t\t\t<span class=\"elementor-icon-list-text\">Traslados terrestres (ver detalles del tour)<\/span>\n\t\t\t\t\t\t\t\t\t<\/li>\n\t\t\t\t\t\t\t\t<li class=\"elementor-icon-list-item\">\n\t\t\t\t\t\t\t\t\t\t\t<span class=\"elementor-icon-list-icon\">\n\t\t\t\t\t\t\t<i aria-hidden=\"true\" class=\"fas fa-camera\"><\/i>\t\t\t\t\t\t<\/span>\n\t\t\t\t\t\t\t\t\t\t<span class=\"elementor-icon-list-text\">Fotografo profesional<\/span>\n\t\t\t\t\t\t\t\t\t<\/li>\n\t\t\t\t\t\t\t\t<li class=\"elementor-icon-list-item\">\n\t\t\t\t\t\t\t\t\t\t\t<span class=\"elementor-icon-list-icon\">\n\t\t\t\t\t\t\t<i aria-hidden=\"true\" class=\"fas fa-bicycle\"><\/i>\t\t\t\t\t\t<\/span>\n\t\t\t\t\t\t\t\t\t\t<span class=\"elementor-icon-list-text\">Rodadas con guia <\/span>\n\t\t\t\t\t\t\t\t\t<\/li>\n\t\t\t\t\t\t\t\t<li class=\"elementor-icon-list-item\">\n\t\t\t\t\t\t\t\t\t\t\t<span class=\"elementor-icon-list-icon\">\n\t\t\t\t\t\t\t<i aria-hidden=\"true\" class=\"fas fa-wine-bottle\"><\/i>\t\t\t\t\t\t<\/span>\n\t\t\t\t\t\t\t\t\t\t<span class=\"elementor-icon-list-text\">Abastecimiento durante las rodadas<\/span>\n\t\t\t\t\t\t\t\t\t<\/li>\n\t\t\t\t\t\t\t\t<li class=\"elementor-icon-list-item\">\n\t\t\t\t\t\t\t\t\t\t\t<span class=\"elementor-icon-list-icon\">\n\t\t\t\t\t\t\t<i aria-hidden=\"true\" class=\"fas fa-shuttle-van\"><\/i>\t\t\t\t\t\t<\/span>\n\t\t\t\t\t\t\t\t\t\t<span class=\"elementor-icon-list-text\">Van de apoyo y servicio t\u00e9cnico basico<\/span>\n\t\t\t\t\t\t\t\t\t<\/li>\n\t\t\t\t\t\t\t\t<li class=\"elementor-icon-list-item\">\n\t\t\t\t\t\t\t\t\t\t\t<span class=\"elementor-icon-list-icon\">\n\t\t\t\t\t\t\t<i aria-hidden=\"true\" class=\"fas fa-people-arrows\"><\/i>\t\t\t\t\t\t<\/span>\n\t\t\t\t\t\t\t\t\t\t<span class=\"elementor-icon-list-text\">Staff ratio: 1 staff x 4 clientes<\/span>\n\t\t\t\t\t\t\t\t\t<\/li>\n\t\t\t\t\t\t\t\t<li class=\"elementor-icon-list-item\">\n\t\t\t\t\t\t\t\t\t\t\t<span class=\"elementor-icon-list-icon\">\n\t\t\t\t\t\t\t<i aria-hidden=\"true\" class=\"fas fa-gift\"><\/i>\t\t\t\t\t\t<\/span>\n\t\t\t\t\t\t\t\t\t\t<span class=\"elementor-icon-list-text\">Welcome kit valor de 200 EUR<\/span>\n\t\t\t\t\t\t\t\t\t<\/li>\n\t\t\t\t\t\t\t\t<li class=\"elementor-icon-list-item\">\n\t\t\t\t\t\t\t\t\t\t\t<span class=\"elementor-icon-list-icon\">\n\t\t\t\t\t\t\t<i aria-hidden=\"true\" class=\"fas fa-money-check-alt\"><\/i>\t\t\t\t\t\t<\/span>\n\t\t\t\t\t\t\t\t\t\t<span class=\"elementor-icon-list-text\">Impuestos locales<\/span>\n\t\t\t\t\t\t\t\t\t<\/li>\n\t\t\t\t\t\t\t\t<li class=\"elementor-icon-list-item\">\n\t\t\t\t\t\t\t\t\t\t\t<span class=\"elementor-icon-list-icon\">\n\t\t\t\t\t\t\t<i aria-hidden=\"true\" class=\"fas fa-info\"><\/i>\t\t\t\t\t\t<\/span>\n\t\t\t\t\t\t\t\t\t\t<span class=\"elementor-icon-list-text\">Informaciones sobre los recorridos, rutas en GPX<\/span>\n\t\t\t\t\t\t\t\t\t<\/li>\n\t\t\t\t\t\t\t\t<li class=\"elementor-icon-list-item\">\n\t\t\t\t\t\t\t\t\t\t\t<span class=\"elementor-icon-list-icon\">\n\t\t\t\t\t\t\t<i aria-hidden=\"true\" class=\"fas fa-comment\"><\/i>\t\t\t\t\t\t<\/span>\n\t\t\t\t\t\t\t\t\t\t<span class=\"elementor-icon-list-text\">Asistencia en italiano y espa\u00f1ol<\/span>\n\t\t\t\t\t\t\t\t\t<\/li>\n\t\t\t\t\t\t\t\t<li class=\"elementor-icon-list-item\">\n\t\t\t\t\t\t\t\t\t\t\t<span class=\"elementor-icon-list-icon\">\n\t\t\t\t\t\t\t<i aria-hidden=\"true\" class=\"fas fa-check\"><\/i>\t\t\t\t\t\t<\/span>\n\t\t\t\t\t\t\t\t\t\t<span class=\"elementor-icon-list-text\">Seguro m\u00e9dico plan deportista<\/span>\n\t\t\t\t\t\t\t\t\t<\/li>\n\t\t\t\t\t\t<\/ul>\n\t\t\t\t\t\t<\/div>\n\t\t\t\t<\/div>\n\t\t\t\t\t<\/div>\n\t\t<\/div>\n\t\t\t\t<div class=\"elementor-column elementor-col-50 elementor-top-column elementor-element elementor-element-b08357a\" data-id=\"b08357a\" data-element_type=\"column\" data-e-type=\"column\">\n\t\t\t<div class=\"elementor-widget-wrap elementor-element-populated\">\n\t\t\t\t\t\t<div class=\"elementor-element elementor-element-0f80af5 elementor-widget elementor-widget-text-editor\" data-id=\"0f80af5\" data-element_type=\"widget\" data-e-type=\"widget\" data-widget_type=\"text-editor.default\">\n\t\t\t\t<div class=\"elementor-widget-container\">\n\t\t\t\t\t\t\t\t\t<p class=\" colorActive nd_options_first_font \"><strong>El Paquete NO Incluye:<\/strong><\/p>\t\t\t\t\t\t\t\t<\/div>\n\t\t\t\t<\/div>\n\t\t\t\t<div class=\"elementor-element elementor-element-a8599d3 elementor-widget__width-initial elementor-icon-list--layout-traditional elementor-list-item-link-full_width elementor-widget elementor-widget-icon-list\" data-id=\"a8599d3\" data-element_type=\"widget\" data-e-type=\"widget\" data-widget_type=\"icon-list.default\">\n\t\t\t\t<div class=\"elementor-widget-container\">\n\t\t\t\t\t\t\t<ul class=\"elementor-icon-list-items\">\n\t\t\t\t\t\t\t<li class=\"elementor-icon-list-item\">\n\t\t\t\t\t\t\t\t\t\t\t<span class=\"elementor-icon-list-icon\">\n\t\t\t\t\t\t\t<i aria-hidden=\"true\" class=\"fas fa-times\"><\/i>\t\t\t\t\t\t<\/span>\n\t\t\t\t\t\t\t\t\t\t<span class=\"elementor-icon-list-text\">Boleto de avi\u00f3n<\/span>\n\t\t\t\t\t\t\t\t\t<\/li>\n\t\t\t\t\t\t\t\t<li class=\"elementor-icon-list-item\">\n\t\t\t\t\t\t\t\t\t\t\t<span class=\"elementor-icon-list-icon\">\n\t\t\t\t\t\t\t<i aria-hidden=\"true\" class=\"fas fa-times\"><\/i>\t\t\t\t\t\t<\/span>\n\t\t\t\t\t\t\t\t\t\t<span class=\"elementor-icon-list-text\">Renta de bicicleta opcional <\/span>\n\t\t\t\t\t\t\t\t\t<\/li>\n\t\t\t\t\t\t\t\t<li class=\"elementor-icon-list-item\">\n\t\t\t\t\t\t\t\t\t\t\t<span class=\"elementor-icon-list-icon\">\n\t\t\t\t\t\t\t<i aria-hidden=\"true\" class=\"fas fa-times\"><\/i>\t\t\t\t\t\t<\/span>\n\t\t\t\t\t\t\t\t\t\t<span class=\"elementor-icon-list-text\">Gastos personales y servicios no especificados<\/span>\n\t\t\t\t\t\t\t\t\t<\/li>\n\t\t\t\t\t\t<\/ul>\n\t\t\t\t\t\t<\/div>\n\t\t\t\t<\/div>\n\t\t\t\t\t<\/div>\n\t\t<\/div>\n\t\t\t\t\t<\/div>\n\t\t<\/section>\n\t\t\t\t<section class=\"elementor-section elementor-top-section elementor-element elementor-element-9efd079 elementor-section-boxed elementor-section-height-default elementor-section-height-default wpr-particle-no wpr-jarallax-no wpr-parallax-no wpr-sticky-section-no wpr-equal-height-no\" data-id=\"9efd079\" data-element_type=\"section\" data-e-type=\"section\">\n\t\t\t\t\t\t<div class=\"elementor-container elementor-column-gap-default\">\n\t\t\t\t\t<div class=\"elementor-column elementor-col-100 elementor-top-column elementor-element elementor-element-13313bb\" data-id=\"13313bb\" data-element_type=\"column\" data-e-type=\"column\">\n\t\t\t<div class=\"elementor-widget-wrap elementor-element-populated\">\n\t\t\t\t\t\t<div class=\"elementor-element elementor-element-e12683a elementor-widget-divider--view-line elementor-widget elementor-widget-divider\" data-id=\"e12683a\" data-element_type=\"widget\" data-e-type=\"widget\" data-widget_type=\"divider.default\">\n\t\t\t\t<div class=\"elementor-widget-container\">\n\t\t\t\t\t\t\t<div class=\"elementor-divider\">\n\t\t\t<span class=\"elementor-divider-separator\">\n\t\t\t\t\t\t<\/span>\n\t\t<\/div>\n\t\t\t\t\t\t<\/div>\n\t\t\t\t<\/div>\n\t\t\t\t<div class=\"elementor-element elementor-element-1aed9ef elementor-arrows-position-inside elementor-pagination-position-outside elementor-widget elementor-widget-image-carousel\" data-id=\"1aed9ef\" data-element_type=\"widget\" data-e-type=\"widget\" data-settings=\"{&quot;navigation&quot;:&quot;both&quot;,&quot;autoplay&quot;:&quot;yes&quot;,&quot;pause_on_hover&quot;:&quot;yes&quot;,&quot;pause_on_interaction&quot;:&quot;yes&quot;,&quot;autoplay_speed&quot;:5000,&quot;infinite&quot;:&quot;yes&quot;,&quot;speed&quot;:500}\" data-widget_type=\"image-carousel.default\">\n\t\t\t\t<div class=\"elementor-widget-container\">\n\t\t\t\t\t\t\t<div class=\"elementor-image-carousel-wrapper swiper\" role=\"region\" aria-roledescription=\"carousel\" aria-label=\"Image Carousel\" dir=\"ltr\">\n\t\t\t<div class=\"elementor-image-carousel swiper-wrapper\" aria-live=\"off\">\n\t\t\t\t\t\t\t\t<div class=\"swiper-slide\" role=\"group\" aria-roledescription=\"slide\" aria-label=\"1 of 7\"><figure class=\"swiper-slide-inner\"><img decoding=\"async\" class=\"swiper-slide-image\" src=\"https:\/\/afuegotravel.com\/wp-content\/uploads\/2025\/06\/giro1_2025.jpg\" alt=\"giro1_2025\" \/><\/figure><\/div><div class=\"swiper-slide\" role=\"group\" aria-roledescription=\"slide\" aria-label=\"2 of 7\"><figure class=\"swiper-slide-inner\"><img decoding=\"async\" class=\"swiper-slide-image\" src=\"https:\/\/afuegotravel.com\/wp-content\/uploads\/2025\/06\/giro2_2025.jpg\" alt=\"giro2_2025\" \/><\/figure><\/div><div class=\"swiper-slide\" role=\"group\" aria-roledescription=\"slide\" aria-label=\"3 of 7\"><figure class=\"swiper-slide-inner\"><img decoding=\"async\" class=\"swiper-slide-image\" src=\"https:\/\/afuegotravel.com\/wp-content\/uploads\/2025\/06\/giro7_2025.jpeg\" alt=\"giro7_2025\" \/><\/figure><\/div><div class=\"swiper-slide\" role=\"group\" aria-roledescription=\"slide\" aria-label=\"4 of 7\"><figure class=\"swiper-slide-inner\"><img decoding=\"async\" class=\"swiper-slide-image\" src=\"https:\/\/afuegotravel.com\/wp-content\/uploads\/2025\/06\/giro3_2025.jpg\" alt=\"giro3_2025\" \/><\/figure><\/div><div class=\"swiper-slide\" role=\"group\" aria-roledescription=\"slide\" aria-label=\"5 of 7\"><figure class=\"swiper-slide-inner\"><img decoding=\"async\" class=\"swiper-slide-image\" src=\"https:\/\/afuegotravel.com\/wp-content\/uploads\/2025\/06\/giro4_2025.jpg\" alt=\"giro4_2025\" \/><\/figure><\/div><div class=\"swiper-slide\" role=\"group\" aria-roledescription=\"slide\" aria-label=\"6 of 7\"><figure class=\"swiper-slide-inner\"><img decoding=\"async\" class=\"swiper-slide-image\" src=\"https:\/\/afuegotravel.com\/wp-content\/uploads\/2025\/06\/giro5_2025.jpeg\" alt=\"giro5_2025\" \/><\/figure><\/div><div class=\"swiper-slide\" role=\"group\" aria-roledescription=\"slide\" aria-label=\"7 of 7\"><figure class=\"swiper-slide-inner\"><img decoding=\"async\" class=\"swiper-slide-image\" src=\"https:\/\/afuegotravel.com\/wp-content\/uploads\/2025\/06\/giro6_2025.jpeg\" alt=\"giro6_2025\" \/><\/figure><\/div>\t\t\t<\/div>\n\t\t\t\t\t\t\t\t\t\t\t\t<div class=\"elementor-swiper-button elementor-swiper-button-prev\" role=\"button\" tabindex=\"0\">\n\t\t\t\t\t\t<i aria-hidden=\"true\" class=\"eicon-chevron-left\"><\/i>\t\t\t\t\t<\/div>\n\t\t\t\t\t<div class=\"elementor-swiper-button elementor-swiper-button-next\" role=\"button\" tabindex=\"0\">\n\t\t\t\t\t\t<i aria-hidden=\"true\" class=\"eicon-chevron-right\"><\/i>\t\t\t\t\t<\/div>\n\t\t\t\t\n\t\t\t\t\t\t\t\t\t<div class=\"swiper-pagination\"><\/div>\n\t\t\t\t\t\t\t\t\t<\/div>\n\t\t\t\t\t\t<\/div>\n\t\t\t\t<\/div>\n\t\t\t\t\t<\/div>\n\t\t<\/div>\n\t\t\t\t\t<\/div>\n\t\t<\/section>\n\t\t\t\t<section class=\"elementor-section elementor-top-section elementor-element elementor-element-d46c357 elementor-section-boxed elementor-section-height-default elementor-section-height-default wpr-particle-no wpr-jarallax-no wpr-parallax-no wpr-sticky-section-no wpr-equal-height-no\" data-id=\"d46c357\" data-element_type=\"section\" data-e-type=\"section\">\n\t\t\t\t\t\t<div class=\"elementor-container elementor-column-gap-default\">\n\t\t\t\t\t<div class=\"elementor-column elementor-col-100 elementor-top-column elementor-element elementor-element-f52b0aa\" data-id=\"f52b0aa\" data-element_type=\"column\" data-e-type=\"column\">\n\t\t\t<div class=\"elementor-widget-wrap elementor-element-populated\">\n\t\t\t\t\t\t<div class=\"elementor-element elementor-element-224e2bc elementor-hidden-desktop elementor-hidden-tablet elementor-hidden-mobile elementor-widget elementor-widget-heading\" data-id=\"224e2bc\" data-element_type=\"widget\" data-e-type=\"widget\" data-widget_type=\"heading.default\">\n\t\t\t\t<div class=\"elementor-widget-container\">\n\t\t\t\t\t<h2 class=\"elementor-heading-title elementor-size-default\">PROGRAMA\/ITINERARIO<\/h2>\t\t\t\t<\/div>\n\t\t\t\t<\/div>\n\t\t\t\t<div class=\"elementor-element elementor-element-be796b9 elementor-widget-divider--view-line elementor-widget elementor-widget-divider\" data-id=\"be796b9\" data-element_type=\"widget\" data-e-type=\"widget\" data-widget_type=\"divider.default\">\n\t\t\t\t<div class=\"elementor-widget-container\">\n\t\t\t\t\t\t\t<div class=\"elementor-divider\">\n\t\t\t<span class=\"elementor-divider-separator\">\n\t\t\t\t\t\t<\/span>\n\t\t<\/div>\n\t\t\t\t\t\t<\/div>\n\t\t\t\t<\/div>\n\t\t\t\t\t<\/div>\n\t\t<\/div>\n\t\t\t\t\t<\/div>\n\t\t<\/section>\n\t\t\t\t<section class=\"elementor-section elementor-top-section elementor-element elementor-element-4813e99 elementor-section-boxed elementor-section-height-default elementor-section-height-default wpr-particle-no wpr-jarallax-no wpr-parallax-no wpr-sticky-section-no wpr-equal-height-no\" data-id=\"4813e99\" data-element_type=\"section\" data-e-type=\"section\">\n\t\t\t\t\t\t<div class=\"elementor-container elementor-column-gap-default\">\n\t\t\t\t\t<div class=\"elementor-column elementor-col-100 elementor-top-column elementor-element elementor-element-ef0f8f1\" data-id=\"ef0f8f1\" data-element_type=\"column\" data-e-type=\"column\">\n\t\t\t<div class=\"elementor-widget-wrap elementor-element-populated\">\n\t\t\t\t\t\t<div class=\"elementor-element elementor-element-7f7fb86 elementor-hidden-desktop elementor-hidden-tablet elementor-hidden-mobile elementor-widget elementor-widget-text-editor\" data-id=\"7f7fb86\" data-element_type=\"widget\" data-e-type=\"widget\" data-widget_type=\"text-editor.default\">\n\t\t\t\t<div class=\"elementor-widget-container\">\n\t\t\t\t\t\t\t\t\t<p style=\"outline-color: #ee7121; color: #000000;\"><span style=\"outline-color: #ee7121; color: #ff6600;\"><span style=\"outline-color: #ee7121; font-weight: bold;\">D\u00eda 1 &#8211; Sabado 23\/05 &#8211;\u00a0Bienvenidos a Mil\u00e1n<\/span><\/span><\/p><p class=\"p1\">La aventura comienza en una de las capitales m\u00e1s vibrantes de Italia. Nos encontraremos en el punto de encuentro establecido. Ser\u00e1 el primer paso de una semana inolvidable en la que pedalear\u00e1s por escenarios \u00fanicos, vivir\u00e1s el ambiente del Giro d\u2019Italia desde dentro y comenzar\u00e1s a conectar con el esp\u00edritu Afuego: gastronom\u00eda, historia y ciclismo en su m\u00e1xima expresi\u00f3n.<\/p>\t\t\t\t\t\t\t\t<\/div>\n\t\t\t\t<\/div>\n\t\t\t\t\t<\/div>\n\t\t<\/div>\n\t\t\t\t\t<\/div>\n\t\t<\/section>\n\t\t\t\t<section class=\"elementor-section elementor-top-section elementor-element elementor-element-f25b83c elementor-section-boxed elementor-section-height-default elementor-section-height-default wpr-particle-no wpr-jarallax-no wpr-parallax-no wpr-sticky-section-no wpr-equal-height-no\" data-id=\"f25b83c\" data-element_type=\"section\" data-e-type=\"section\">\n\t\t\t\t\t\t<div class=\"elementor-container elementor-column-gap-default\">\n\t\t\t\t\t<div class=\"elementor-column elementor-col-100 elementor-top-column elementor-element elementor-element-92c5cac\" data-id=\"92c5cac\" data-element_type=\"column\" data-e-type=\"column\">\n\t\t\t<div class=\"elementor-widget-wrap elementor-element-populated\">\n\t\t\t\t\t\t<div class=\"elementor-element elementor-element-08d592e elementor-hidden-desktop elementor-hidden-tablet elementor-hidden-mobile elementor-widget elementor-widget-text-editor\" data-id=\"08d592e\" data-element_type=\"widget\" data-e-type=\"widget\" data-widget_type=\"text-editor.default\">\n\t\t\t\t<div class=\"elementor-widget-container\">\n\t\t\t\t\t\t\t\t\t<p style=\"outline-color: #ee7121; color: #000000;\"><span style=\"outline-color: #ee7121; color: #ff6600;\"><span style=\"outline-color: #ee7121; font-weight: bold;\">D\u00eda 2 &#8211; Domingo 24\/05 &#8211; Etapa 15: Voghera \u2013 Mil\u00e1n<\/span><\/span><\/p><p class=\"p1\">Hoy empezamos a vivir el Giro d\u2019Italia desde dentro. Por la ma\u00f1ana, saldremos en bici para descubrir los rincones m\u00e1s aut\u00e9nticos de la zona de Mil\u00e1n: caminos tranquilos, peque\u00f1os pueblos y esa mezcla \u00fanica entre modernidad y tradici\u00f3n que define a esta ciudad. Por la tarde, el ritmo se acelera: nos acercaremos al <strong>emocionante final de la Etapa 15<\/strong>, donde los profesionales volar\u00e1n hacia la meta en pleno coraz\u00f3n de Mil\u00e1n. Sentir\u00e1s la energ\u00eda de la multitud, el sonido de las ruedas y la adrenalina pura del ciclismo. Un cierre perfecto para un d\u00eda lleno de emoci\u00f3n.<\/p><p><strong>Dificultad<\/strong>: F\u00e1cil \u2013 <strong>Kil\u00f3metros recorridos<\/strong>: 60 \u2013\u00a0<strong>Desnivel acumulado<\/strong>: 150 mt<\/p>\t\t\t\t\t\t\t\t<\/div>\n\t\t\t\t<\/div>\n\t\t\t\t\t<\/div>\n\t\t<\/div>\n\t\t\t\t\t<\/div>\n\t\t<\/section>\n\t\t\t\t<section class=\"elementor-section elementor-top-section elementor-element elementor-element-a7c758b elementor-section-boxed elementor-section-height-default elementor-section-height-default wpr-particle-no wpr-jarallax-no wpr-parallax-no wpr-sticky-section-no wpr-equal-height-no\" data-id=\"a7c758b\" data-element_type=\"section\" data-e-type=\"section\">\n\t\t\t\t\t\t<div class=\"elementor-container elementor-column-gap-default\">\n\t\t\t\t\t<div class=\"elementor-column elementor-col-100 elementor-top-column elementor-element elementor-element-1d37fdf\" data-id=\"1d37fdf\" data-element_type=\"column\" data-e-type=\"column\">\n\t\t\t<div class=\"elementor-widget-wrap elementor-element-populated\">\n\t\t\t\t\t\t<div class=\"elementor-element elementor-element-4dc6e51 elementor-hidden-desktop elementor-hidden-tablet elementor-hidden-mobile elementor-widget elementor-widget-text-editor\" data-id=\"4dc6e51\" data-element_type=\"widget\" data-e-type=\"widget\" data-widget_type=\"text-editor.default\">\n\t\t\t\t<div class=\"elementor-widget-container\">\n\t\t\t\t\t\t\t\t\t<p style=\"outline-color: #ee7121; color: #000000;\"><span style=\"outline-color: #ee7121; color: #ff6600;\"><span style=\"outline-color: #ee7121; font-weight: bold;\">D\u00eda 3 &#8211; Lunes 25\/05 &#8211; Mientras el Giro descansa\u2026 nosotros seguimos pedaleando<\/span><\/span><\/p><p class=\"p1\">Aunque hoy el Giro d\u2019Italia tome un respiro, para nosotros la aventura contin\u00faa. Saldremos en bici para recorrer \u2014antes que los profesionales\u2014 <strong>un tramo del recorrido de la Etapa 17<\/strong>: Cassano d\u2019Adda \u2013 Andalo. Pedalearemos entre paisajes cambiantes, desde llanuras tranquilas hasta carreteras que comienzan a insinuar la grandeza de los Alpes. La ruta nos llevar\u00e1 hasta el majestuoso Lago de Garda, donde el azul del agua y las monta\u00f1as que lo abrazan crean uno de los escenarios pi\u00f9 iconici del ciclismo italiano.<\/p><p class=\"p1\">Un d\u00eda para sentir la magia del Giro\u2026 incluso cuando el Giro no corre.<\/p><p><strong>Dificultad<\/strong>: Media \u2013 <strong>Kil\u00f3metros recorridos<\/strong>: 108 \u2013 <strong>Desnivel acumulado<\/strong>: 250 mt<\/p>\t\t\t\t\t\t\t\t<\/div>\n\t\t\t\t<\/div>\n\t\t\t\t\t<\/div>\n\t\t<\/div>\n\t\t\t\t\t<\/div>\n\t\t<\/section>\n\t\t\t\t<section class=\"elementor-section elementor-top-section elementor-element elementor-element-d7b4ef5 elementor-section-boxed elementor-section-height-default elementor-section-height-default wpr-particle-no wpr-jarallax-no wpr-parallax-no wpr-sticky-section-no wpr-equal-height-no\" data-id=\"d7b4ef5\" data-element_type=\"section\" data-e-type=\"section\">\n\t\t\t\t\t\t<div class=\"elementor-container elementor-column-gap-default\">\n\t\t\t\t\t<div class=\"elementor-column elementor-col-100 elementor-top-column elementor-element elementor-element-f9542a6\" data-id=\"f9542a6\" data-element_type=\"column\" data-e-type=\"column\">\n\t\t\t<div class=\"elementor-widget-wrap elementor-element-populated\">\n\t\t\t\t\t\t<div class=\"elementor-element elementor-element-77e2361 elementor-hidden-desktop elementor-hidden-tablet elementor-hidden-mobile elementor-widget elementor-widget-text-editor\" data-id=\"77e2361\" data-element_type=\"widget\" data-e-type=\"widget\" data-widget_type=\"text-editor.default\">\n\t\t\t\t<div class=\"elementor-widget-container\">\n\t\t\t\t\t\t\t\t\t<p style=\"outline-color: #ee7121; color: #000000;\"><span style=\"outline-color: #ee7121; color: #ff6600;\"><span style=\"outline-color: #ee7121; font-weight: bold;\">D\u00eda 4 &#8211; Martes 26\/05 &#8211; De Desenzano del Garda a Riva del Garda<\/span><\/span><\/p><p data-start=\"235\" data-end=\"575\">Hoy pedalearemos junto a uno de los escenarios m\u00e1s sorprendentes de Italia. Desde <strong data-start=\"317\" data-end=\"340\">Desenzano del Garda<\/strong>, avanzaremos entre pueblos vibrantes y paisajes llenos de luz, hasta alcanzar uno de los momentos m\u00e1s emocionantes del d\u00eda: la <strong data-start=\"468\" data-end=\"505\">ciclov\u00eda suspendida sobre el lago<\/strong>, considerada una de las rutas ciclistas m\u00e1s esc\u00e9nicas de toda Europa.<\/p><p data-start=\"577\" data-end=\"787\">Pedalear sobre esta pasarela, literalmente colgada sobre el agua, con el azul profundo del lago bajo nuestros pies y las monta\u00f1as elev\u00e1ndose a nuestro alrededor, ser\u00e1 una experiencia que dif\u00edcilmente olvidar\u00e1s.<\/p><p data-start=\"789\" data-end=\"958\">El recorrido contin\u00faa hacia el norte hasta llegar a <strong data-start=\"841\" data-end=\"859\">Riva del Garda<\/strong>, donde el lago se estrecha entre monta\u00f1as imponentes, regal\u00e1ndonos un final de etapa espectacular.<\/p><p class=\"p1\"><strong>Dificultad<\/strong>: Media \u2013 <strong>Kil\u00f3metros recorridos<\/strong>: 63 \u2013 <strong>Desnivel acumulado<\/strong>: 630 mt<\/p>\t\t\t\t\t\t\t\t<\/div>\n\t\t\t\t<\/div>\n\t\t\t\t\t<\/div>\n\t\t<\/div>\n\t\t\t\t\t<\/div>\n\t\t<\/section>\n\t\t\t\t<section class=\"elementor-section elementor-top-section elementor-element elementor-element-8645b41 elementor-section-boxed elementor-section-height-default elementor-section-height-default wpr-particle-no wpr-jarallax-no wpr-parallax-no wpr-sticky-section-no wpr-equal-height-no\" data-id=\"8645b41\" data-element_type=\"section\" data-e-type=\"section\">\n\t\t\t\t\t\t<div class=\"elementor-container elementor-column-gap-default\">\n\t\t\t\t\t<div class=\"elementor-column elementor-col-100 elementor-top-column elementor-element elementor-element-fcee82b\" data-id=\"fcee82b\" data-element_type=\"column\" data-e-type=\"column\">\n\t\t\t<div class=\"elementor-widget-wrap elementor-element-populated\">\n\t\t\t\t\t\t<div class=\"elementor-element elementor-element-891b11c elementor-hidden-desktop elementor-hidden-tablet elementor-hidden-mobile elementor-widget elementor-widget-text-editor\" data-id=\"891b11c\" data-element_type=\"widget\" data-e-type=\"widget\" data-widget_type=\"text-editor.default\">\n\t\t\t\t<div class=\"elementor-widget-container\">\n\t\t\t\t\t\t\t\t\t<p style=\"outline-color: #ee7121; color: #000000;\"><span style=\"outline-color: #ee7121; color: #ff6600;\"><span style=\"outline-color: #ee7121; font-weight: bold;\">D\u00eda 5 &#8211; Miercoles 27\/05 &#8211; Etapa 17: Cassano d\u2019Adda \u2013 Andalo<\/span><\/span><\/p><p class=\"p1\">Hoy vivimos el Giro d\u2019Italia en su esencia m\u00e1s pura. Partiremos de Riva del Garda para acercarnos progresivamente a las monta\u00f1as del Trentino, hasta alcanzar Andogno. Es aqu\u00ed, en este peque\u00f1o y encantador pueblo, donde <strong>nos uniremos al recorrido<\/strong> oficial de la <strong>Etapa 17<\/strong>. Desde este punto, seguiremos exactamente el mismo trazado que recorrer\u00e1n los profesionales: las carreteras de San Lorenzo Dorsino, los bosques que se abren hacia el imponente Lago di Molveno y las rampas finales que conducen hacia la altitud. Pedalada tras pedalada, sentiremos c\u00f3mo el paisaje y la emoci\u00f3n crecen hasta el momento m\u00e1s esperado del d\u00eda: <strong>la llegada a la meta del Giro en Andalo.<\/strong><\/p><p class=\"p1\"><strong>Dificultad<\/strong>: Media\/Dificil \u2013 <strong>Kil\u00f3metros recorridos<\/strong>: 48 \u2013 <strong>Desnivel acumulado<\/strong>: 1500 mt<\/p>\t\t\t\t\t\t\t\t<\/div>\n\t\t\t\t<\/div>\n\t\t\t\t\t<\/div>\n\t\t<\/div>\n\t\t\t\t\t<\/div>\n\t\t<\/section>\n\t\t\t\t<section class=\"elementor-section elementor-top-section elementor-element elementor-element-732a23e elementor-section-boxed elementor-section-height-default elementor-section-height-default wpr-particle-no wpr-jarallax-no wpr-parallax-no wpr-sticky-section-no wpr-equal-height-no\" data-id=\"732a23e\" data-element_type=\"section\" data-e-type=\"section\">\n\t\t\t\t\t\t<div class=\"elementor-container elementor-column-gap-default\">\n\t\t\t\t\t<div class=\"elementor-column elementor-col-100 elementor-top-column elementor-element elementor-element-1288650\" data-id=\"1288650\" data-element_type=\"column\" data-e-type=\"column\">\n\t\t\t<div class=\"elementor-widget-wrap elementor-element-populated\">\n\t\t\t\t\t\t<div class=\"elementor-element elementor-element-2cf090f elementor-hidden-desktop elementor-hidden-tablet elementor-hidden-mobile elementor-widget elementor-widget-text-editor\" data-id=\"2cf090f\" data-element_type=\"widget\" data-e-type=\"widget\" data-widget_type=\"text-editor.default\">\n\t\t\t\t<div class=\"elementor-widget-container\">\n\t\t\t\t\t\t\t\t\t<p style=\"outline-color: #ee7121; color: #000000;\"><span style=\"outline-color: #ee7121; color: #ff6600;\"><span style=\"outline-color: #ee7121; font-weight: bold;\">D\u00eda 6 &#8211; Jueves 28\/05 &#8211; Etapa 18: Fai della Paganella \u2013 Pieve di Soligo<\/span><\/span><\/p><p class=\"p1\">La jornada comienza con uno de los momentos m\u00e1s especiales del Giro: <strong>la salida oficial de la Etapa 18 desde Fai della Paganella<\/strong>. Estaremos all\u00ed para vivir de cerca la emoci\u00f3n previa, el ambiente del villaggio, los colores, los equipos que se preparan y esa adrenalina \u00fanica que se respira solo en la l\u00ednea de partida. Despu\u00e9s de este arranque vibrante, nos trasladaremos hacia Arabba, en pleno coraz\u00f3n de los Dolomitas. Ser\u00e1 nuestro punto de descanso y el lugar ideal para preparar lo que nos espera ma\u00f1ana: una de las etapas m\u00e1s emocionantes y espectaculares de todo el Giro d\u2019Italia.Arabba nos recibir\u00e1 rodeada de monta\u00f1as legendarias, anticipando un d\u00eda que promette ser epico.<\/p><p class=\"p1\"><strong>Dificultad<\/strong>: F\u00e1cil \u2013 <strong>Kil\u00f3metros recorridos<\/strong>: 20 \u2013 <strong>Desnivel acumulado<\/strong>: 250 mt<\/p>\t\t\t\t\t\t\t\t<\/div>\n\t\t\t\t<\/div>\n\t\t\t\t\t<\/div>\n\t\t<\/div>\n\t\t\t\t\t<\/div>\n\t\t<\/section>\n\t\t\t\t<section class=\"elementor-section elementor-top-section elementor-element elementor-element-ca5f297 elementor-section-boxed elementor-section-height-default elementor-section-height-default wpr-particle-no wpr-jarallax-no wpr-parallax-no wpr-sticky-section-no wpr-equal-height-no\" data-id=\"ca5f297\" data-element_type=\"section\" data-e-type=\"section\">\n\t\t\t\t\t\t<div class=\"elementor-container elementor-column-gap-default\">\n\t\t\t\t\t<div class=\"elementor-column elementor-col-100 elementor-top-column elementor-element elementor-element-9378834\" data-id=\"9378834\" data-element_type=\"column\" data-e-type=\"column\">\n\t\t\t<div class=\"elementor-widget-wrap elementor-element-populated\">\n\t\t\t\t\t\t<div class=\"elementor-element elementor-element-19311a9 elementor-hidden-desktop elementor-hidden-tablet elementor-hidden-mobile elementor-widget elementor-widget-text-editor\" data-id=\"19311a9\" data-element_type=\"widget\" data-e-type=\"widget\" data-widget_type=\"text-editor.default\">\n\t\t\t\t<div class=\"elementor-widget-container\">\n\t\t\t\t\t\t\t\t\t<p style=\"outline-color: #ee7121; color: #000000;\"><span style=\"outline-color: #ee7121; color: #ff6600;\"><span style=\"outline-color: #ee7121; font-weight: bold;\">D\u00eda 7 &#8211; Viernes 29\/05 &#8211; Etapa 19: Feltre \u2013 Piani di Pezz\u00e8<\/span><\/span><\/p><p data-start=\"268\" data-end=\"586\">Hoy viviremos uno de los momentos m\u00e1s \u00e9picos de todo el viaje.<br data-start=\"330\" data-end=\"333\" \/>Mientras esperamos la llegada de la <strong data-start=\"369\" data-end=\"381\">Etapa 19<\/strong>, saldremos en bici para conquistar una cumbre legendaria de los Dolomitas: el <strong data-start=\"460\" data-end=\"474\">Passo Giau<\/strong>, que en el Giro 2026 ser\u00e1 nada menos que la <strong data-start=\"519\" data-end=\"533\">Cima Coppi<\/strong>, el punto m\u00e1s alto y emblem\u00e1tico de toda la carrera.<\/p><p data-start=\"588\" data-end=\"951\">La ascensi\u00f3n al Giau es dura, majestuosa y cargada de historia. Desde su cima, rodeados de picos afilados y de un silencio que solo se rompe con el viento, aguardaremos el <strong data-start=\"760\" data-end=\"777\">paso del Giro<\/strong> en una de las etapas llamadas a decidir al ganador final. Ver al pelot\u00f3n enfrentarse a la futura Cima Coppi desde tan cerca ser\u00e1 una experiencia que pone la piel de gallina.<\/p><p data-start=\"953\" data-end=\"1198\">Una vez que los profesionales sigan su camino, nosotros tambi\u00e9n volveremos a pedalear. Descenderemos y nos dirigiremos en bici hacia <strong data-start=\"1086\" data-end=\"1097\">Caprile<\/strong>, donde tendremos una segunda oportunidad de ver al Giro pasar en un entorno igualmente espectacular.<\/p><p data-start=\"1200\" data-end=\"1283\">Un d\u00eda para sentir la grandeza del ciclismo\u2026 en la cima m\u00e1s m\u00edtica de esta edici\u00f3n.<\/p><p class=\"p1\"><strong>Dificultad<\/strong>: Dificil \u2013 <strong>Kil\u00f3metros recorridos<\/strong>: 63 \u2013 <strong>Desnivel acumulado<\/strong>: 2000 mt<\/p><p class=\"p1\"><strong>Opci\u00f3n 2 \u2013 Para quienes prefieren una ruta m\u00e1s ligera<\/strong><\/p><p class=\"p1\">Para quienes deseen una jornada m\u00e1s suave pero igualmente emocionante, proponemos una alternativa perfecta. En lugar de afrontar la dureza del Passo Giau, realizaremos un recorrido m\u00e1s accesible que nos llevar\u00e1 hacia el Passo Falzarego, uno de los lugares m\u00e1s esc\u00e9nicos de los Dolomitas. Pedalearemos entre paisajes abiertos y vistas majestuosas hasta llegar al puerto, un balc\u00f3n natural donde podremos esperar el paso del Giro d\u2019Italia en plena monta\u00f1a. Ver al pelot\u00f3n abrirse paso por estas carreteras m\u00edticas, rodeados de picos y aire fino, ser\u00e1 una experiencia inolvidable\u2026 sin la exigencia del Giau. Una opci\u00f3n m\u00e1s relajada, pero con toda la magia del Giro y de los Dolomitas.<\/p><p><strong>Dificultad<\/strong>: Media \u2013 <strong>Kil\u00f3metros recorridos<\/strong>: 42 \u2013 <strong>Desnivel acumulado<\/strong>: 1080 mt<\/p>\t\t\t\t\t\t\t\t<\/div>\n\t\t\t\t<\/div>\n\t\t\t\t\t<\/div>\n\t\t<\/div>\n\t\t\t\t\t<\/div>\n\t\t<\/section>\n\t\t\t\t<section class=\"elementor-section elementor-top-section elementor-element elementor-element-c17c6e1 elementor-section-boxed elementor-section-height-default elementor-section-height-default wpr-particle-no wpr-jarallax-no wpr-parallax-no wpr-sticky-section-no wpr-equal-height-no\" data-id=\"c17c6e1\" data-element_type=\"section\" data-e-type=\"section\">\n\t\t\t\t\t\t<div class=\"elementor-container elementor-column-gap-default\">\n\t\t\t\t\t<div class=\"elementor-column elementor-col-100 elementor-top-column elementor-element elementor-element-2f2fbc8\" data-id=\"2f2fbc8\" data-element_type=\"column\" data-e-type=\"column\">\n\t\t\t<div class=\"elementor-widget-wrap elementor-element-populated\">\n\t\t\t\t\t\t<div class=\"elementor-element elementor-element-4f7b15b elementor-hidden-desktop elementor-hidden-tablet elementor-hidden-mobile elementor-widget elementor-widget-text-editor\" data-id=\"4f7b15b\" data-element_type=\"widget\" data-e-type=\"widget\" data-widget_type=\"text-editor.default\">\n\t\t\t\t<div class=\"elementor-widget-container\">\n\t\t\t\t\t\t\t\t\t<p style=\"outline-color: #ee7121; color: #000000;\"><span style=\"outline-color: #ee7121; color: #ff6600;\"><span style=\"outline-color: #ee7121; font-weight: bold;\">D\u00eda 8 &#8211; Sabado 30\/05 &#8211; Arrivederci<\/span><\/span><\/p><p data-pm-slice=\"1 1 []\">Tras el desayuno, nuestro equipo te trasladar\u00e1 al aeropuerto de Venecia Marco Polo. La llegada est\u00e1 prevista para la 13 p.m., por lo que te recomendamos planificar tu vuelo de salida en consecuencia.<\/p><p data-pm-slice=\"1 1 []\"><strong>Nota:<\/strong>\u00a0<strong>Los itinerarios pueden modificarse por razones meteorol\u00f3gicas o imprevistos ajenos a la organizaci\u00f3n.<\/strong><\/p>\t\t\t\t\t\t\t\t<\/div>\n\t\t\t\t<\/div>\n\t\t\t\t\t<\/div>\n\t\t<\/div>\n\t\t\t\t\t<\/div>\n\t\t<\/section>\n\t\t\t\t<section class=\"elementor-section elementor-top-section elementor-element elementor-element-b714104 elementor-section-boxed elementor-section-height-default elementor-section-height-default wpr-particle-no wpr-jarallax-no wpr-parallax-no wpr-sticky-section-no wpr-equal-height-no\" data-id=\"b714104\" data-element_type=\"section\" data-e-type=\"section\">\n\t\t\t\t\t\t<div class=\"elementor-container elementor-column-gap-default\">\n\t\t\t\t\t<div class=\"elementor-column elementor-col-100 elementor-top-column elementor-element elementor-element-53ebd6a\" data-id=\"53ebd6a\" data-element_type=\"column\" data-e-type=\"column\">\n\t\t\t<div class=\"elementor-widget-wrap elementor-element-populated\">\n\t\t\t\t\t\t<div class=\"elementor-element elementor-element-653d4f1 elementor-widget-divider--view-line elementor-widget elementor-widget-divider\" data-id=\"653d4f1\" data-element_type=\"widget\" data-e-type=\"widget\" data-widget_type=\"divider.default\">\n\t\t\t\t<div class=\"elementor-widget-container\">\n\t\t\t\t\t\t\t<div class=\"elementor-divider\">\n\t\t\t<span class=\"elementor-divider-separator\">\n\t\t\t\t\t\t<\/span>\n\t\t<\/div>\n\t\t\t\t\t\t<\/div>\n\t\t\t\t<\/div>\n\t\t\t\t<div class=\"elementor-element elementor-element-1a64a8e elementor-widget elementor-widget-heading\" data-id=\"1a64a8e\" data-element_type=\"widget\" data-e-type=\"widget\" data-widget_type=\"heading.default\">\n\t\t\t\t<div class=\"elementor-widget-container\">\n\t\t\t\t\t<h2 class=\"elementor-heading-title elementor-size-default\">PRECIO<\/h2>\t\t\t\t<\/div>\n\t\t\t\t<\/div>\n\t\t\t\t<div class=\"elementor-element elementor-element-1166c50 elementor-widget-divider--view-line elementor-widget elementor-widget-divider\" data-id=\"1166c50\" data-element_type=\"widget\" data-e-type=\"widget\" data-widget_type=\"divider.default\">\n\t\t\t\t<div class=\"elementor-widget-container\">\n\t\t\t\t\t\t\t<div class=\"elementor-divider\">\n\t\t\t<span class=\"elementor-divider-separator\">\n\t\t\t\t\t\t<\/span>\n\t\t<\/div>\n\t\t\t\t\t\t<\/div>\n\t\t\t\t<\/div>\n\t\t\t\t<div class=\"elementor-element elementor-element-755f68c elementor-widget elementor-widget-text-editor\" data-id=\"755f68c\" data-element_type=\"widget\" data-e-type=\"widget\" data-widget_type=\"text-editor.default\">\n\t\t\t\t<div class=\"elementor-widget-container\">\n\t\t\t\t\t\t\t\t\t<p><b>Precio<\/b> &#8211; 3,350 EUR*<\/p><p>* Precios por ciclista en habitaci\u00f3n doble compartida.<\/p><p>A caso que prefieras una habitaci\u00f3n individual: + 500 EUR<\/p><p>Precio acompa\u00f1ante en habitaci\u00f3n doble : 3,000 EUR<\/p><p><strong>\u00a1 APARTA TU LUGAR!<\/strong><br \/>Aparta tu lugar en el Giro d\u2019Italia Afuego Tour 2027 (22 &#8211; 29 mayo ) con\u00a0 500 EUR dentro del 30 noviembre y paga el resto 2,850 EUR antes 28 febrero del 2027 :<\/p><p>50%\u00a0 1,425 EUR dentro del 30 enero 2027<\/p><p>50%\u00a0 1,425 EUR\u00a0 dentro del 28 febrero 2027<\/p><p>Aceptamos pagos con transferencias bancarias y tarjetas de credito, o contactanos para definir un plan de pago. afuegotravel@gmail.com o por WhatsApp: (+52) 2214105969.<\/p><p><strong>Cancelaciones:<\/strong><br \/>\u2022 Cancelaciones antes del 30 de enero 2027, se cobra el costo de inscripci\u00f3n (500 EUR ), y te devolveremos lo dem\u00e1s pagado.<br \/>\u2022 Cancelaciones posteriores al 30 de enero 2027, se revisar\u00e1n de manera personal<br \/>\u2022 No hay cancelaciones a partir del 28 febrero 2027<\/p><p>En caso que no se llegue al n\u00famero m\u00ednimo de participantes dentro del 30 enero 2027 te devolveremos el anticipo y lo dem\u00e1s pagado.<\/p><p>Te sugerimos contratar un seguro de viaje<\/p>\t\t\t\t\t\t\t\t<\/div>\n\t\t\t\t<\/div>\n\t\t\t\t\t<\/div>\n\t\t<\/div>\n\t\t\t\t\t<\/div>\n\t\t<\/section>\n\t\t\t\t<section class=\"elementor-section elementor-top-section elementor-element elementor-element-bea17ad elementor-section-boxed elementor-section-height-default elementor-section-height-default wpr-particle-no wpr-jarallax-no wpr-parallax-no wpr-sticky-section-no wpr-equal-height-no\" data-id=\"bea17ad\" data-element_type=\"section\" data-e-type=\"section\">\n\t\t\t\t\t\t<div class=\"elementor-container elementor-column-gap-default\">\n\t\t\t\t\t<div class=\"elementor-column elementor-col-33 elementor-top-column elementor-element elementor-element-312b773\" data-id=\"312b773\" data-element_type=\"column\" data-e-type=\"column\">\n\t\t\t<div class=\"elementor-widget-wrap\">\n\t\t\t\t\t\t\t<\/div>\n\t\t<\/div>\n\t\t\t\t<div class=\"elementor-column elementor-col-33 elementor-top-column elementor-element elementor-element-e62072d\" data-id=\"e62072d\" data-element_type=\"column\" data-e-type=\"column\">\n\t\t\t<div class=\"elementor-widget-wrap elementor-element-populated\">\n\t\t\t\t\t\t<div class=\"elementor-element elementor-element-4549232 elementor-widget elementor-widget-html\" data-id=\"4549232\" data-element_type=\"widget\" data-e-type=\"widget\" data-widget_type=\"html.default\">\n\t\t\t\t<div class=\"elementor-widget-container\">\n\t\t\t\t\t<div style=\"text-align: center;\"><button class=\"wtrvl-checkout_button\" id=\"wetravel_button_widget\" data-env=\"https:\/\/www.wetravel.com\" data-version=\"v0.4\" data-uid=\"1197951\" data-uuid=\"3924287186\" href=\"https:\/\/www.wetravel.com\/checkout_embed?uuid=3924287186\" style=\"background-color:#ee7121;color:#ffffff;border: 0px;border-radius: 5px;font-family: 'Poppins', sans-serif;font-weight: 400;font-size: 14px;-webkit-font-smoothing: antialiased;text-transform: capitalize;padding: 13px 24px;text-decoration: none;text-align: center;line-height: 14px;display: inline-block; cursor: pointer;\">RESERVAR<\/button><\/div> <link href=\"https:\/\/fonts.googleapis.com\/css?family=Poppins\" rel=\"stylesheet\"> <script src=\"https:\/\/cdn.wetravel.com\/widgets\/embed_checkout.js\"><\/script>\t\t\t\t<\/div>\n\t\t\t\t<\/div>\n\t\t\t\t\t<\/div>\n\t\t<\/div>\n\t\t\t\t<div class=\"elementor-column elementor-col-33 elementor-top-column elementor-element elementor-element-3ea7053\" data-id=\"3ea7053\" data-element_type=\"column\" data-e-type=\"column\">\n\t\t\t<div class=\"elementor-widget-wrap\">\n\t\t\t\t\t\t\t<\/div>\n\t\t<\/div>\n\t\t\t\t\t<\/div>\n\t\t<\/section>\n\t\t\t\t<section class=\"elementor-section elementor-top-section elementor-element elementor-element-d7bbb89 elementor-section-boxed elementor-section-height-default elementor-section-height-default wpr-particle-no wpr-jarallax-no wpr-parallax-no wpr-sticky-section-no wpr-equal-height-no\" data-id=\"d7bbb89\" data-element_type=\"section\" data-e-type=\"section\">\n\t\t\t\t\t\t<div class=\"elementor-container elementor-column-gap-default\">\n\t\t\t\t\t<div class=\"elementor-column elementor-col-100 elementor-top-column elementor-element elementor-element-6a04b17\" data-id=\"6a04b17\" data-element_type=\"column\" data-e-type=\"column\">\n\t\t\t<div class=\"elementor-widget-wrap elementor-element-populated\">\n\t\t\t\t\t\t<div class=\"elementor-element elementor-element-2aaf4a1 elementor-widget elementor-widget-text-editor\" data-id=\"2aaf4a1\" data-element_type=\"widget\" data-e-type=\"widget\" data-widget_type=\"text-editor.default\">\n\t\t\t\t<div class=\"elementor-widget-container\">\n\t\t\t\t\t\t\t\t\t<p style=\"text-align: center;\"><a title=\"TERMINOS Y CONDICIONES AFUEGO TRAVEL\" href=\"https:\/\/afuegotravel.com\/index.php\/terminos-y-condiciones-afuego-travel\/\" target=\"_blank\" rel=\"noopener\">T\u00e9rminos y condiciones<\/a><\/p>\t\t\t\t\t\t\t\t<\/div>\n\t\t\t\t<\/div>\n\t\t\t\t\t<\/div>\n\t\t<\/div>\n\t\t\t\t\t<\/div>\n\t\t<\/section>\n\t\t\t\t<\/div>\n\t\t","protected":false},"excerpt":{"rendered":"<p>22 &#8211; 29&nbsp;Mayo GIRO D\u2019ITALIA 2027 Vive el Giro de Italia 2027 con nosotros: no es un viaje, es un sue\u00f1o sobre dos ruedas Del 22 al 29 de mayo de 2027, te llevamos al coraz\u00f3n de la leyenda: el Giro d&#8217;Italia. Una experiencia que va mucho m\u00e1s all\u00e1 de unas vacaciones en bicicleta: es una inmersi\u00f3n total en el ciclismo, entre adrenalina, paisajes de ensue\u00f1o y la magia de una de las carreras m\u00e1s emocionantes del mundo. En cuanto el recorrido oficial sea anunciado por la organizaci\u00f3n, definiremos cada detalle del viaje para seguir de cerca las etapas m\u00e1s espectaculares. Por este motivo, las fechas indicadas podr\u00edan sufrir ligeras variaciones, siempre con el objetivo de ofrecerte la mejor experiencia posible. Una experiencia para todos: tambi\u00e9n para quienes no pedalean Este viaje est\u00e1 abierto tambi\u00e9n a los acompa\u00f1antes que no pedalean. Podr\u00e1n vivir la emoci\u00f3n del Giro de Italia junto al grupo \u2014 animando a los ciclistas en las etapas, disfrutando del ambiente \u00fanico de la carrera \u2014 o elegir actividades alternativas dise\u00f1adas para descubrir el territorio: visitas culturales, experiencias gastron\u00f3micas, pueblos con encanto y momentos de relax.Una aventura pensada para compartir, cada uno a su ritmo, pero todos con la misma pasi\u00f3n. Informaci\u00f3n de viaje8 d\u00edas \u2013 7 noches RESERVAR El Paquete Incluye: Hotel con desayuno, almuerzo y cena (bebidas de la cena no incluidas) Traslados terrestres (ver detalles del tour) Fotografo profesional Rodadas con guia Abastecimiento durante las rodadas Van de apoyo y servicio t\u00e9cnico basico Staff ratio: 1 staff x 4 clientes Welcome kit valor de 200 EUR Impuestos locales Informaciones sobre los recorridos, rutas en GPX Asistencia en italiano y espa\u00f1ol Seguro m\u00e9dico plan deportista El Paquete NO Incluye: Boleto de avi\u00f3n Renta de bicicleta opcional Gastos personales y servicios no especificados PROGRAMA\/ITINERARIO D\u00eda 1 &#8211; Sabado 23\/05 &#8211;\u00a0Bienvenidos a Mil\u00e1n La aventura comienza en una de las capitales m\u00e1s vibrantes de Italia. Nos encontraremos en el punto de encuentro establecido. Ser\u00e1 el primer paso de una semana inolvidable en la que pedalear\u00e1s por escenarios \u00fanicos, vivir\u00e1s el ambiente del Giro d\u2019Italia desde dentro y comenzar\u00e1s a conectar con el esp\u00edritu Afuego: gastronom\u00eda, historia y ciclismo en su m\u00e1xima expresi\u00f3n. D\u00eda 2 &#8211; Domingo 24\/05 &#8211; Etapa 15: Voghera \u2013 Mil\u00e1n Hoy empezamos a vivir el Giro d\u2019Italia desde dentro. Por la ma\u00f1ana, saldremos en bici para descubrir los rincones m\u00e1s aut\u00e9nticos de la zona de Mil\u00e1n: caminos tranquilos, peque\u00f1os pueblos y esa mezcla \u00fanica entre modernidad y tradici\u00f3n que define a esta ciudad. Por la tarde, el ritmo se acelera: nos acercaremos al emocionante final de la Etapa 15, donde los profesionales volar\u00e1n hacia la meta en pleno coraz\u00f3n de Mil\u00e1n. Sentir\u00e1s la energ\u00eda de la multitud, el sonido de las ruedas y la adrenalina pura del ciclismo. Un cierre perfecto para un d\u00eda lleno de emoci\u00f3n. Dificultad: F\u00e1cil \u2013 Kil\u00f3metros recorridos: 60 \u2013\u00a0Desnivel acumulado: 150 mt D\u00eda 3 &#8211; Lunes 25\/05 &#8211; Mientras el Giro descansa\u2026 nosotros seguimos pedaleando Aunque hoy el Giro d\u2019Italia tome un respiro, para nosotros la aventura contin\u00faa. Saldremos en bici para recorrer \u2014antes que los profesionales\u2014 un tramo del recorrido de la Etapa 17: Cassano d\u2019Adda \u2013 Andalo. Pedalearemos entre paisajes cambiantes, desde llanuras tranquilas hasta carreteras que comienzan a insinuar la grandeza de los Alpes. La ruta nos llevar\u00e1 hasta el majestuoso Lago de Garda, donde el azul del agua y las monta\u00f1as que lo abrazan crean uno de los escenarios pi\u00f9 iconici del ciclismo italiano. Un d\u00eda para sentir la magia del Giro\u2026 incluso cuando el Giro no corre. Dificultad: Media \u2013 Kil\u00f3metros recorridos: 108 \u2013 Desnivel acumulado: 250 mt D\u00eda 4 &#8211; Martes 26\/05 &#8211; De Desenzano del Garda a Riva del Garda Hoy pedalearemos junto a uno de los escenarios m\u00e1s sorprendentes de Italia. Desde Desenzano del Garda, avanzaremos entre pueblos vibrantes y paisajes llenos de luz, hasta alcanzar uno de los momentos m\u00e1s emocionantes del d\u00eda: la ciclov\u00eda suspendida sobre el lago, considerada una de las rutas ciclistas m\u00e1s esc\u00e9nicas de toda Europa. Pedalear sobre esta pasarela, literalmente colgada sobre el agua, con el azul profundo del lago bajo nuestros pies y las monta\u00f1as elev\u00e1ndose a nuestro alrededor, ser\u00e1 una experiencia que dif\u00edcilmente olvidar\u00e1s. El recorrido contin\u00faa hacia el norte hasta llegar a Riva del Garda, donde el lago se estrecha entre monta\u00f1as imponentes, regal\u00e1ndonos un final de etapa espectacular. Dificultad: Media \u2013 Kil\u00f3metros recorridos: 63 \u2013 Desnivel acumulado: 630 mt D\u00eda 5 &#8211; Miercoles 27\/05 &#8211; Etapa 17: Cassano d\u2019Adda \u2013 Andalo Hoy vivimos el Giro d\u2019Italia en su esencia m\u00e1s pura. Partiremos de Riva del Garda para acercarnos progresivamente a las monta\u00f1as del Trentino, hasta alcanzar Andogno. Es aqu\u00ed, en este peque\u00f1o y encantador pueblo, donde nos uniremos al recorrido oficial de la Etapa 17. Desde este punto, seguiremos exactamente el mismo trazado que recorrer\u00e1n los profesionales: las carreteras de San Lorenzo Dorsino, los bosques que se abren hacia el imponente Lago di Molveno y las rampas finales que conducen hacia la altitud. Pedalada tras pedalada, sentiremos c\u00f3mo el paisaje y la emoci\u00f3n crecen hasta el momento m\u00e1s esperado del d\u00eda: la llegada a la meta del Giro en Andalo. Dificultad: Media\/Dificil \u2013 Kil\u00f3metros recorridos: 48 \u2013 Desnivel acumulado: 1500 mt D\u00eda 6 &#8211; Jueves 28\/05 &#8211; Etapa 18: Fai della Paganella \u2013 Pieve di Soligo La jornada comienza con uno de los momentos m\u00e1s especiales del Giro: la salida oficial de la Etapa 18 desde Fai della Paganella. Estaremos all\u00ed para vivir de cerca la emoci\u00f3n previa, el ambiente del villaggio, los colores, los equipos que se preparan y esa adrenalina \u00fanica que se respira solo en la l\u00ednea de partida. Despu\u00e9s de este arranque vibrante, nos trasladaremos hacia Arabba, en pleno coraz\u00f3n de los Dolomitas. Ser\u00e1 nuestro punto de descanso y el lugar ideal para preparar lo que nos espera ma\u00f1ana: una de las etapas m\u00e1s emocionantes y espectaculares de todo el Giro d\u2019Italia.Arabba nos recibir\u00e1 rodeada de monta\u00f1as legendarias, anticipando un d\u00eda que promette ser epico. Dificultad: F\u00e1cil<a class=\"more-link\" href=\"https:\/\/afuegotravel.com\/index.php\/giro-italia-mayo-2027\/\">Read more  &#10230;<\/a><\/p>\n","protected":false},"author":1,"featured_media":0,"parent":0,"menu_order":0,"comment_status":"closed","ping_status":"closed","template":"","meta":{"om_disable_all_campaigns":false,"_monsterinsights_skip_tracking":false,"_monsterinsights_sitenote_active":false,"_monsterinsights_sitenote_note":"","_monsterinsights_sitenote_category":0,"footnotes":""},"class_list":["post-13803","page","type-page","status-publish","hentry"],"aioseo_notices":[],"_links":{"self":[{"href":"https:\/\/afuegotravel.com\/index.php\/wp-json\/wp\/v2\/pages\/13803","targetHints":{"allow":["GET"]}}],"collection":[{"href":"https:\/\/afuegotravel.com\/index.php\/wp-json\/wp\/v2\/pages"}],"about":[{"href":"https:\/\/afuegotravel.com\/index.php\/wp-json\/wp\/v2\/types\/page"}],"author":[{"embeddable":true,"href":"https:\/\/afuegotravel.com\/index.php\/wp-json\/wp\/v2\/users\/1"}],"replies":[{"embeddable":true,"href":"https:\/\/afuegotravel.com\/index.php\/wp-json\/wp\/v2\/comments?post=13803"}],"version-history":[{"count":25,"href":"https:\/\/afuegotravel.com\/index.php\/wp-json\/wp\/v2\/pages\/13803\/revisions"}],"predecessor-version":[{"id":14012,"href":"https:\/\/afuegotravel.com\/index.php\/wp-json\/wp\/v2\/pages\/13803\/revisions\/14012"}],"wp:attachment":[{"href":"https:\/\/afuegotravel.com\/index.php\/wp-json\/wp\/v2\/media?parent=13803"}],"curies":[{"name":"wp","href":"https:\/\/api.w.org\/{rel}","templated":true}]}}