{"id":7488,"date":"2021-07-03T04:46:38","date_gmt":"2021-07-03T04:46:38","guid":{"rendered":"https:\/\/afuegotravel.com\/?page_id=7488"},"modified":"2021-07-03T04:54:43","modified_gmt":"2021-07-03T04:54:43","slug":"privacy-policy","status":"publish","type":"page","link":"https:\/\/afuegotravel.com\/index.php\/privacy-policy\/","title":{"rendered":"PRIVACY POLICY"},"content":{"rendered":"\t\t<div data-elementor-type=\"wp-page\" data-elementor-id=\"7488\" class=\"elementor elementor-7488\">\n\t\t\t\t\t\t<section class=\"elementor-section elementor-top-section elementor-element elementor-element-913f3a4 elementor-section-boxed elementor-section-height-default elementor-section-height-default wpr-particle-no wpr-jarallax-no wpr-parallax-no wpr-sticky-section-no wpr-equal-height-no\" data-id=\"913f3a4\" data-element_type=\"section\" data-e-type=\"section\">\n\t\t\t\t\t\t<div class=\"elementor-container elementor-column-gap-default\">\n\t\t\t\t\t<div class=\"elementor-column elementor-col-100 elementor-top-column elementor-element elementor-element-a81b240\" data-id=\"a81b240\" data-element_type=\"column\" data-e-type=\"column\">\n\t\t\t<div class=\"elementor-widget-wrap elementor-element-populated\">\n\t\t\t\t\t\t<div class=\"elementor-element elementor-element-152bd05 elementor-widget-divider--view-line elementor-widget elementor-widget-divider\" data-id=\"152bd05\" data-element_type=\"widget\" data-e-type=\"widget\" data-widget_type=\"divider.default\">\n\t\t\t\t<div class=\"elementor-widget-container\">\n\t\t\t\t\t\t\t<div class=\"elementor-divider\">\n\t\t\t<span class=\"elementor-divider-separator\">\n\t\t\t\t\t\t<\/span>\n\t\t<\/div>\n\t\t\t\t\t\t<\/div>\n\t\t\t\t<\/div>\n\t\t\t\t<div class=\"elementor-element elementor-element-2959129 elementor-widget elementor-widget-text-editor\" data-id=\"2959129\" data-element_type=\"widget\" data-e-type=\"widget\" data-widget_type=\"text-editor.default\">\n\t\t\t\t<div class=\"elementor-widget-container\">\n\t\t\t\t\t\t\t\t\t<p>En cumplimiento con lo establecido por la Ley Federal de Protecci\u00f3n de Datos Personales en Posesi\u00f3n de Particulares (en lo sucesivo \u201cla Ley\u201d), cuyas disposiciones claramente coadyuvan con nuestro objetivo de proteger sus datos personales, ITAMEX WEAR SRL de CV (en lo sucesivo \u201cla Empresa\u201d) con domicilio en Paseo de los Albatros 124, San Andr\u00e9s Cholula, Puebla. C.P. 72830, es el responsable del uso, protecci\u00f3n y tratamiento de sus Datos Personales y hace de su conocimiento que los datos proporcionados por usted ser\u00e1n tratados de manera confidencial.<span class=\"Apple-converted-space\">\u00a0<\/span><\/p><p><span class=\"Apple-converted-space\">\u00a0<\/span><b>Finalidades del Tratamiento de sus Datos Personales<span class=\"Apple-converted-space\">\u00a0<\/span><\/b><\/p><p>Los datos que recabamos ser\u00e1n utilizados para las siguientes finalidades primarias tanto para ofertar y brindar nuestros servicios: Contacto para oferta de nuestros servicios, Prestaci\u00f3n de Servicios, Cotizaciones y Facturaci\u00f3n (Registrar la informaci\u00f3n de los clientes para la facturaci\u00f3n de los servicios prestados una vez que se convierten en clientes).<span class=\"Apple-converted-space\">\u00a0<\/span><\/p><p>De manera adicional, utilizaremos su informaci\u00f3n personal para las siguientes finalidades secundarias que no son necesarias para ofertar y\/o brindar nuestros servicios, pero que nos permiten y facilitan brindarle una mejor atenci\u00f3n: Aplicaci\u00f3n de encuestas y evaluaciones del servicio otorgado, Informativos; Hacer reportes sobre los servicios otorgados y Directorio exclusivamente de la Firma.<span class=\"Apple-converted-space\">\u00a0<\/span><\/p><p><span class=\"Apple-converted-space\">\u00a0<\/span>Si no manifiesta dentro de los referidos 5 d\u00edas h\u00e1biles su negativa para el tratamiento de sus datos personales conforme a las finalidades secundarias informadas, se entender\u00e1 que ha otorgado su consentimiento para el tratamiento de los mismos. Sin perjuicio de lo anterior, usted podr\u00e1 en cualquier momento, manifestar su negativa para el tratamiento de sus datos personales conforme a las finalidades secundarias, a trav\u00e9s del siguiente correo electr\u00f3nico direccion@federmut.com<\/p><p>La negativa para el uso de sus datos personales para estas finalidades no podr\u00e1 ser un motivo para que le neguemos los servicios y productos que solicita o contrata con nosotros.<span class=\"Apple-converted-space\">\u00a0<\/span><\/p><p><b>\u00bfQu\u00e9 datos personales utilizaremos para estos fines?<span class=\"Apple-converted-space\">\u00a0<\/span><\/b><\/p><p><span class=\"Apple-converted-space\">\u00a0<\/span>Para las finalidades se\u00f1aladas en el presente Aviso de Privacidad \u201cla Empresa\u201d podr\u00e1 recabar sus datos personales y\/o empresariales de distintas formas:<span class=\"Apple-converted-space\">\u00a0<\/span><\/p><p>Datos que recabamos de otras fuentes como directorios y bases de datos personales reguladas por la ley: nombre o raz\u00f3n social; direcci\u00f3n; e-mail y tel\u00e9fono.<span class=\"Apple-converted-space\">\u00a0<\/span><\/p><p>Datos recabados mediante la visita del titular a nuestro sitio de internet o utiliza nuestros servicios en l\u00ednea: nombre del contacto; puesto, empresa; direcci\u00f3n institucional; e-mail y tel\u00e9fono institucionales.<span class=\"Apple-converted-space\">\u00a0<\/span><\/p><p>Datos que son recabados ya sea directamente y de forma personal del mismo:<span class=\"Apple-converted-space\">\u00a0<\/span><\/p><p>\u2013<b>Titular:\u00a0<\/b>Nombre o Raz\u00f3n Social; Nombre del Contacto; Tel\u00e9fono; Giro Comercial; e-mail.<span class=\"Apple-converted-space\">\u00a0<\/span><\/p><p>\u2013<b>Cliente:\u00a0<\/b>Nombre; N\u00famero de Cuenta Bancaria e Interbancaria; n\u00famero de referencia, Registro Federal de Contribuyentes (RFC); Clave \u00danica de Registro de Poblaci\u00f3n (CURP); Domicilio de Trabajo; Informaci\u00f3n Fiscal y Financiera; Tel\u00e9fono; e-mail institucional; Firma Aut\u00f3grafa; Identificaci\u00f3n Oficial (INE); Puesto, Datos Patrimoniales (Bienes Materiales, Inmuebles y dem\u00e1s relacionados) o alguna otra informaci\u00f3n general interna que sea considerada como privada y exclusiva.<span class=\"Apple-converted-space\">\u00a0<\/span><\/p><p><b>Transferencia de Datos Personales<span class=\"Apple-converted-space\">\u00a0<\/span><\/b><\/p><p>La Empresa\u201d podr\u00e1 dar a conocer los datos personales y\/o empresariales recabados con autoridades competentes y entidades de gobierno con el fin de cooperar y\/o facilitar informaci\u00f3n para investigaciones o necesidades que as\u00ed lo ameriten. Asimismo, se podr\u00e1n llevar a cabo transferencias a empresas y\/o sociedades del mismo grupo de \u201cLa Empresa\u201d, de acuerdo al numeral tercero del art\u00edculo 37 de la LFPDPPP.<span class=\"Apple-converted-space\">\u00a0<\/span><\/p><p><b>Acceso, Rectificaci\u00f3n o Cancelaci\u00f3n de sus datos personales; u Oposici\u00f3n a su uso. (DERECHOS ARCO)<span class=\"Apple-converted-space\">\u00a0<\/span><\/b><\/p><p>Tendr\u00e1 derecho a conocer qu\u00e9 datos personales tenemos, para qu\u00e9 los utilizamos y las condiciones del uso que les damos (Acceso). Asimismo, es su derecho solicitar la correcci\u00f3n de su informaci\u00f3n personal en caso de que est\u00e9 desactualizada, sea inexacta o incompleta (Rectificaci\u00f3n); que la eliminemos de nuestros registros o bases de datos cuando considere que la misma no est\u00e1 siendo utilizada conforme a los principios, deberes y obligaciones previstas en la normativa (Cancelaci\u00f3n); as\u00ed como oponerse al uso de sus datos personales para fines espec\u00edficos (Oposici\u00f3n). Estos derechos se conocen como derechos ARCO.<span class=\"Apple-converted-space\">\u00a0<\/span><\/p><p>Para el ejercicio de cualquiera de los derechos ARCO, deber\u00e1 notificar y solicitarnos por escrito el Acceso, Rectificaci\u00f3n, Cancelaci\u00f3n u Oposici\u00f3n de sus datos personales. Dicha solicitud deber\u00e1 contener:<span class=\"Apple-converted-space\">\u00a0<\/span><\/p><ul><li>El nombre del titular y domicilio u otro medio para comunicarle la respuesta a su solicitud.<span class=\"Apple-converted-space\">\u00a0<\/span><\/li><li>Los documentos que acrediten la identidad o, en su caso, la representaci\u00f3n legal del titular.<span class=\"Apple-converted-space\">\u00a0<\/span><\/li><li>La descripci\u00f3n clara y precisa de los datos personales respecto de los que se busca ejercer alguno de los derechos antes mencionados.<span class=\"Apple-converted-space\">\u00a0<\/span><\/li><li>Cualquier otro elemento o documento que facilite la localizaci\u00f3n de los datos personales.<span class=\"Apple-converted-space\">\u00a0<\/span><\/li><\/ul><p>En caso de solicitar la rectificaci\u00f3n de sus Datos Personales, adicionalmente deber\u00e1 indicar las modificaciones a realizarse y aportar la documentaci\u00f3n oficial necesaria que sustente su petici\u00f3n.<span class=\"Apple-converted-space\">\u00a0<\/span><\/p><p>La temporalidad del manejo de sus datos personales ser\u00e1 por el plazo de tiempo en que subsista la relaci\u00f3n comercial entre el cliente y ITAMEX WEAR SRL de CV, mismo que podr\u00e1 ampliarse cuando as\u00ed lo requiera la Legislaci\u00f3n Mexicana aplicable, pudiendo usted oponerse al manejo de los mismos en cualquier momento que lo considere oportuno seg\u00fan el mecanismo se\u00f1alado en el presente apartado, o en su caso, en el momento en que dichos datos personales hayan dejado de ser necesarios para el cumplimiento de las finalidades previstas en el presente Aviso de Privacidad y las disposiciones legales aplicables.<span class=\"Apple-converted-space\">\u00a0<\/span><\/p><p><b>Revocaci\u00f3n de consentimiento para el uso de sus datos personales.<span class=\"Apple-converted-space\">\u00a0<\/span><\/b><\/p><p>Podr\u00e1 revocar el consentimiento que, en su caso, nos haya otorgado para el tratamiento de sus datos personales. Sin embargo, es importante que tenga en cuenta que no en todos los casos podremos atender su solicitud o concluir el uso de forma inmediata, ya que es posible que por alguna obligaci\u00f3n legal requiramos seguir tratando sus datos personales. Asimismo, deber\u00e1 considerar que para ciertos fines, la revocaci\u00f3n de su consentimiento implicar\u00e1 que no le podamos seguir prestando el servicio que nos solicit\u00f3, o la conclusi\u00f3n de su relaci\u00f3n con nosotros.<span class=\"Apple-converted-space\">\u00a0<\/span><\/p><p>Para revocar su consentimiento deber\u00e1 presentar su solicitud en los t\u00e9rminos contenidos en el inciso DERECHOS ARCO del presente Aviso de Privacidad, por lo que ITAMEX WEAR SRL de CV responder\u00e1 cualquier solicitud de revocaci\u00f3n de consentimiento en un plazo m\u00e1ximo de 20 (veinte) d\u00edas calendario o el m\u00e1ximo permitido por la ley, y ITAMEX WEAR SRL de CV. har\u00e1 efectiva la revocaci\u00f3n dentro de los 15 (quince) d\u00edas calendario siguientes a la fecha en que comunique la respuesta o el m\u00e1ximo permitido por la ley. Los plazos podr\u00e1n ser ampliados en los t\u00e9rminos que se\u00f1ale la Ley aplicable.<span class=\"Apple-converted-space\">\u00a0<\/span><\/p><p><b>Cambios al Aviso de Privacidad.<span class=\"Apple-converted-space\">\u00a0<\/span><\/b><\/p><p>El presente Aviso de Privacidad puede sufrir modificaciones, cambios o actualizaciones en cualquier momento, derivadas de nuevos requerimientos legales; de nuestras propias necesidades por los servicios que ofrecemos; de nuestras pr\u00e1cticas de privacidad; de cambios de modelo de negocio; o por otras causas. En caso que ITAMEX WEAR SRL de CV se viera en la necesidad de hacer alguna modificaci\u00f3n al Aviso de Privacidad, as\u00ed lo har\u00e1 de su conocimiento mediante correo electr\u00f3nico, en el apartado \u201cAviso de Privacidad\u201d, en los espacios y accesos de ITAMEX WEAR SRL de CV, as\u00ed como en cualquier otro medio de comunicaci\u00f3n p\u00fablico o privado que en su momento establezca ITAMEX WEAR SRL de CV<\/p><p><strong>ENGLISH VERSION<\/strong><\/p><p class=\"p1\"><span class=\"s1\">In compliance with the Federal Law on the Protection of Personal Data in Possession of Individuals (hereinafter \u201cthe Law\u201d), whose provisions clearly contribute to our objective of protecting your personal data, ITAMEX WEAR S.R.L de C.V. (hereinafter \u201cthe Company\u201d) domiciled at Paseo de los Albatros 124, closet 11.11.11, 72830 San Andres de Cholula, Puebla, Puebla, Mexico, is responsible for the use, protection and treatment of your Personal Data and makes it known that the data provided by you will be treated confidentially.<\/span><\/p><h5 class=\"p1\"><span class=\"s1\"><b>Purposes of Processing Your Personal Data<\/b><\/span><\/h5><p class=\"p1\"><span class=\"s1\">The data we collect will be used for the following primary purposes both to offer and to provide our services: Contact to offer our services, Provision of Services, Quotations and Billing (Record customer information for billing of services provided once they become customers).<\/span><\/p><p class=\"p1\"><span class=\"s1\">Additionally, we will use your personal information for the following secondary purposes which are not necessary to offer and\/or provide our services, but which allow us and facilitate to provide you with better care: Application of surveys and evaluations of the service granted, Informative;\u00a0To make reports on the services granted and Directory exclusively of the Firm.<\/span><\/p><p class=\"p1\"><span class=\"s1\">If you do not express within these 5 working days your refusal to process your personal data in accordance with the informed secondary purposes, it will be understood that you have given your consent for the processing thereof. Without prejudice to the above, you may, at any time, express your refusal to process your personal data in accordance with the secondary purposes, through the following e-mail address: itamexwear@gmail.com<\/span><\/p><p class=\"p1\"><span class=\"s1\">Refusal to use your personal data for these purposes cannot be a reason for us to refuse you the services and products you request or contract with us.<\/span><\/p><h5 class=\"p1\"><span class=\"s1\"><b>What personal data will we use for these purposes?<\/b><\/span><\/h5><p class=\"p1\"><span class=\"s1\">For the purposes stated in this Privacy Notice \u201cthe Company\u201d may collect your personal and\/or business data in different ways:<\/span><\/p><p class=\"p1\"><span class=\"s1\">Data that we collect from other sources such as directories and personal databases regulated by law: name or business name;\u00a0address;\u00a0e-mail and telephone.<\/span><\/p><p class=\"p1\"><span class=\"s1\">Data collected by visiting our website or using our online services: contact name;\u00a0position, company;\u00a0institutional address;\u00a0e-mail and institutional telephone.<\/span><\/p><p class=\"p1\"><span class=\"s1\">Data that are collected either directly or personally from it:<\/span><\/p><p class=\"p1\"><span class=\"s1\">\u2013 Holder: Name or Business Name;\u00a0Contact Name;\u00a0Telephone;\u00a0Money Order;\u00a0e-mail.<\/span><\/p><p class=\"p1\"><span class=\"s1\">\u2013 Client: Name;\u00a0Bank and Interbank Account Number;\u00a0Reference Number, Federal Taxpayers Registry (RFC);\u00a0Single Population Registry Key (CURP);\u00a0Domicile of Work;\u00a0Tax and Financial Information;\u00a0Telephone;\u00a0Institutional e-mail;\u00a0Signature Autograph;\u00a0Official Identification (INE);\u00a0Post, Patrimonial Data (Material, Real Estate and other related) or some other internal general information that is considered as private and exclusive.<\/span><\/p><h5 class=\"p1\"><span class=\"s1\"><b>Transfer of Personal Data<\/b><\/span><\/h5><p class=\"p1\"><span class=\"s1\">The Company\u201d may disclose personal and\/or business data collected with competent authorities and government entities for the purpose of cooperating and\/or providing information for investigations or needs that warrant it. Transfers may also be made to companies and\/or companies in the same group of \u201cLa Empresa\u201d, according to the third paragraph of Article 37 of the LFPDPPP.<\/span><\/p><p class=\"p1\"><span class=\"s1\">Access, Rectification or Cancellation of your personal data; or Opposition to its use. (ARCO RIGHTS)<\/span><\/p><p class=\"p1\"><span class=\"s1\">You will have the right to know what personal data we have, what we use it for and the conditions of use we give you (Access).\u00a0It is also your right to request the correction of your personal information if it is outdated, inaccurate or incomplete (Rectification);\u00a0that we remove it from our records or databases when we consider that it is not being used in accordance with the principles, duties and obligations laid down in the regulations (Cancellation);\u00a0as well as oppose the use of your personal data for specific purposes (Opposition).\u00a0These rights are known as ARCO rights.<\/span><\/p><p class=\"p1\"><span class=\"s1\">For the exercise of any ARCO rights, you must notify and request in writing the Access, Rectification, Cancellation or Opposition of your personal data.\u00a0The application shall contain:<\/span><\/p><p class=\"p1\"><span class=\"s1\">The name of the owner and address or other means of communicating the reply to your request.<\/span><\/p><p class=\"p1\"><span class=\"s1\">Documents proving the identity or, where appropriate, legal representation of the holder.<\/span><\/p><p class=\"p1\"><span class=\"s1\">A clear and precise description of the personal data in respect of which it is sought to exercise any of the above rights.<\/span><\/p><p class=\"p1\"><span class=\"s1\">Any other element or document that facilitates the location of personal data.<\/span><\/p><p class=\"p1\"><span class=\"s1\">If you request the rectification of your Personal Data, you must also indicate the modifications to be made and provide the necessary official documentation to support your request.<\/span><\/p><p class=\"p1\"><span class=\"s1\">The temporality of the handling of your personal data will be for the period of time in which the commercial relationship between the client and ITAMEX WEAR S.R.L de C.V. subsists, which may be extended when required by the applicable Mexican Legislation, you may object to handling them at any time you deem appropriate under the mechanism referred to in this paragraph, or, where applicable, at the time when such personal data are no longer required for the purposes of this Privacy Notice and the applicable legal provisions.<\/span><\/p><h5 class=\"p1\"><span class=\"s1\"><b>Revocation of consent for the use of your personal data.<\/b><\/span><\/h5><p class=\"p1\"><span class=\"s1\">You may revoke your consent to the processing of your personal data.\u00a0However, it is important to note that we may not in all cases be able to comply with your request or terminate your use immediately, as we may by some legal obligation require further processing of your personal data.\u00a0You must also consider that for certain purposes, the revocation of your consent will mean that we cannot continue to provide you with the service you requested, or the termination of your relationship with us.<\/span><\/p><p class=\"p1\"><span class=\"s1\">To revoke your consent you must submit your request in the terms contained in the RIGHTS ARCO of this Privacy Notice, so<span class=\"Apple-converted-space\">\u00a0\u00a0<\/span>ITAMEX WEAR S.R.L de C.V. will respond to any request for revocation of consent within a maximum time limit of 20 (twenty) calendar days or the maximum permitted by law, and ITAMEX WEAR S.R.L de C.V.shall effect the revocation within 15 (fifteen) calendar days following the date on which it communicates the response or the maximum permitted by law.\u00a0The time limits may be extended in such terms as may be specified by the applicable law.<\/span><\/p><h5 class=\"p1\"><span class=\"s1\"><b>Changes to the Privacy Notice.<\/b><\/span><\/h5><p class=\"p1\"><span class=\"s1\">This Privacy Notice may be subject to modifications, changes or updates at any time, arising from new legal requirements;\u00a0from our own needs for the services we offer;\u00a0from our privacy practices;\u00a0of business model changes;\u00a0or for other reasons.\u00a0Should ITAMEX WEAR S.R.L de C.V. feel the need to make any modification to the Privacy Notice, it will do so by e-mail, in the \u201cPrivacy Notice\u201d section, in the spaces and accesses of ITAMEX WEAR S.R.L de C.V., as well as in any other public or private media that ITAMEX WEAR S.R.L de C.V.<\/span><\/p><p class=\"p1\"><span class=\"s1\"><b>Last modification 01\/06\/2021<\/b><\/span><\/p>\t\t\t\t\t\t\t\t<\/div>\n\t\t\t\t<\/div>\n\t\t\t\t\t<\/div>\n\t\t<\/div>\n\t\t\t\t\t<\/div>\n\t\t<\/section>\n\t\t\t\t<\/div>\n\t\t","protected":false},"excerpt":{"rendered":"<p>En cumplimiento con lo establecido por la Ley Federal de Protecci\u00f3n de Datos Personales en Posesi\u00f3n de Particulares (en lo sucesivo \u201cla Ley\u201d), cuyas disposiciones claramente coadyuvan con nuestro objetivo de proteger sus datos personales, ITAMEX WEAR SRL de CV (en lo sucesivo \u201cla Empresa\u201d) con domicilio en Paseo de los Albatros 124, San Andr\u00e9s Cholula, Puebla. C.P. 72830, es el responsable del uso, protecci\u00f3n y tratamiento de sus Datos Personales y hace de su conocimiento que los datos proporcionados por usted ser\u00e1n tratados de manera confidencial.\u00a0 \u00a0Finalidades del Tratamiento de sus Datos Personales\u00a0 Los datos que recabamos ser\u00e1n utilizados para las siguientes finalidades primarias tanto para ofertar y brindar nuestros servicios: Contacto para oferta de nuestros servicios, Prestaci\u00f3n de Servicios, Cotizaciones y Facturaci\u00f3n (Registrar la informaci\u00f3n de los clientes para la facturaci\u00f3n de los servicios prestados una vez que se convierten en clientes).\u00a0 De manera adicional, utilizaremos su informaci\u00f3n personal para las siguientes finalidades secundarias que no son necesarias para ofertar y\/o brindar nuestros servicios, pero que nos permiten y facilitan brindarle una mejor atenci\u00f3n: Aplicaci\u00f3n de encuestas y evaluaciones del servicio otorgado, Informativos; Hacer reportes sobre los servicios otorgados y Directorio exclusivamente de la Firma.\u00a0 \u00a0Si no manifiesta dentro de los referidos 5 d\u00edas h\u00e1biles su negativa para el tratamiento de sus datos personales conforme a las finalidades secundarias informadas, se entender\u00e1 que ha otorgado su consentimiento para el tratamiento de los mismos. Sin perjuicio de lo anterior, usted podr\u00e1 en cualquier momento, manifestar su negativa para el tratamiento de sus datos personales conforme a las finalidades secundarias, a trav\u00e9s del siguiente correo electr\u00f3nico direccion@federmut.com La negativa para el uso de sus datos personales para estas finalidades no podr\u00e1 ser un motivo para que le neguemos los servicios y productos que solicita o contrata con nosotros.\u00a0 \u00bfQu\u00e9 datos personales utilizaremos para estos fines?\u00a0 \u00a0Para las finalidades se\u00f1aladas en el presente Aviso de Privacidad \u201cla Empresa\u201d podr\u00e1 recabar sus datos personales y\/o empresariales de distintas formas:\u00a0 Datos que recabamos de otras fuentes como directorios y bases de datos personales reguladas por la ley: nombre o raz\u00f3n social; direcci\u00f3n; e-mail y tel\u00e9fono.\u00a0 Datos recabados mediante la visita del titular a nuestro sitio de internet o utiliza nuestros servicios en l\u00ednea: nombre del contacto; puesto, empresa; direcci\u00f3n institucional; e-mail y tel\u00e9fono institucionales.\u00a0 Datos que son recabados ya sea directamente y de forma personal del mismo:\u00a0 \u2013Titular:\u00a0Nombre o Raz\u00f3n Social; Nombre del Contacto; Tel\u00e9fono; Giro Comercial; e-mail.\u00a0 \u2013Cliente:\u00a0Nombre; N\u00famero de Cuenta Bancaria e Interbancaria; n\u00famero de referencia, Registro Federal de Contribuyentes (RFC); Clave \u00danica de Registro de Poblaci\u00f3n (CURP); Domicilio de Trabajo; Informaci\u00f3n Fiscal y Financiera; Tel\u00e9fono; e-mail institucional; Firma Aut\u00f3grafa; Identificaci\u00f3n Oficial (INE); Puesto, Datos Patrimoniales (Bienes Materiales, Inmuebles y dem\u00e1s relacionados) o alguna otra informaci\u00f3n general interna que sea considerada como privada y exclusiva.\u00a0 Transferencia de Datos Personales\u00a0 La Empresa\u201d podr\u00e1 dar a conocer los datos personales y\/o empresariales recabados con autoridades competentes y entidades de gobierno con el fin de cooperar y\/o facilitar informaci\u00f3n para investigaciones o necesidades que as\u00ed lo ameriten. Asimismo, se podr\u00e1n llevar a cabo transferencias a empresas y\/o sociedades del mismo grupo de \u201cLa Empresa\u201d, de acuerdo al numeral tercero del art\u00edculo 37 de la LFPDPPP.\u00a0 Acceso, Rectificaci\u00f3n o Cancelaci\u00f3n de sus datos personales; u Oposici\u00f3n a su uso. (DERECHOS ARCO)\u00a0 Tendr\u00e1 derecho a conocer qu\u00e9 datos personales tenemos, para qu\u00e9 los utilizamos y las condiciones del uso que les damos (Acceso). Asimismo, es su derecho solicitar la correcci\u00f3n de su informaci\u00f3n personal en caso de que est\u00e9 desactualizada, sea inexacta o incompleta (Rectificaci\u00f3n); que la eliminemos de nuestros registros o bases de datos cuando considere que la misma no est\u00e1 siendo utilizada conforme a los principios, deberes y obligaciones previstas en la normativa (Cancelaci\u00f3n); as\u00ed como oponerse al uso de sus datos personales para fines espec\u00edficos (Oposici\u00f3n). Estos derechos se conocen como derechos ARCO.\u00a0 Para el ejercicio de cualquiera de los derechos ARCO, deber\u00e1 notificar y solicitarnos por escrito el Acceso, Rectificaci\u00f3n, Cancelaci\u00f3n u Oposici\u00f3n de sus datos personales. Dicha solicitud deber\u00e1 contener:\u00a0 El nombre del titular y domicilio u otro medio para comunicarle la respuesta a su solicitud.\u00a0 Los documentos que acrediten la identidad o, en su caso, la representaci\u00f3n legal del titular.\u00a0 La descripci\u00f3n clara y precisa de los datos personales respecto de los que se busca ejercer alguno de los derechos antes mencionados.\u00a0 Cualquier otro elemento o documento que facilite la localizaci\u00f3n de los datos personales.\u00a0 En caso de solicitar la rectificaci\u00f3n de sus Datos Personales, adicionalmente deber\u00e1 indicar las modificaciones a realizarse y aportar la documentaci\u00f3n oficial necesaria que sustente su petici\u00f3n.\u00a0 La temporalidad del manejo de sus datos personales ser\u00e1 por el plazo de tiempo en que subsista la relaci\u00f3n comercial entre el cliente y ITAMEX WEAR SRL de CV, mismo que podr\u00e1 ampliarse cuando as\u00ed lo requiera la Legislaci\u00f3n Mexicana aplicable, pudiendo usted oponerse al manejo de los mismos en cualquier momento que lo considere oportuno seg\u00fan el mecanismo se\u00f1alado en el presente apartado, o en su caso, en el momento en que dichos datos personales hayan dejado de ser necesarios para el cumplimiento de las finalidades previstas en el presente Aviso de Privacidad y las disposiciones legales aplicables.\u00a0 Revocaci\u00f3n de consentimiento para el uso de sus datos personales.\u00a0 Podr\u00e1 revocar el consentimiento que, en su caso, nos haya otorgado para el tratamiento de sus datos personales. Sin embargo, es importante que tenga en cuenta que no en todos los casos podremos atender su solicitud o concluir el uso de forma inmediata, ya que es posible que por alguna obligaci\u00f3n legal requiramos seguir tratando sus datos personales. Asimismo, deber\u00e1 considerar que para ciertos fines, la revocaci\u00f3n de su consentimiento implicar\u00e1 que no le podamos seguir prestando el servicio que nos solicit\u00f3, o la conclusi\u00f3n de su relaci\u00f3n con nosotros.\u00a0 Para revocar su consentimiento deber\u00e1 presentar su solicitud en los t\u00e9rminos contenidos en el inciso DERECHOS ARCO del presente Aviso de Privacidad, por lo que ITAMEX WEAR SRL de CV responder\u00e1 cualquier solicitud de revocaci\u00f3n de consentimiento en<a class=\"more-link\" href=\"https:\/\/afuegotravel.com\/index.php\/privacy-policy\/\">Read more  &#10230;<\/a><\/p>\n","protected":false},"author":1,"featured_media":0,"parent":0,"menu_order":0,"comment_status":"closed","ping_status":"closed","template":"","meta":{"_monsterinsights_skip_tracking":false,"_monsterinsights_sitenote_active":false,"_monsterinsights_sitenote_note":"","_monsterinsights_sitenote_category":0,"footnotes":""},"class_list":["post-7488","page","type-page","status-publish","hentry"],"aioseo_notices":[],"_links":{"self":[{"href":"https:\/\/afuegotravel.com\/index.php\/wp-json\/wp\/v2\/pages\/7488","targetHints":{"allow":["GET"]}}],"collection":[{"href":"https:\/\/afuegotravel.com\/index.php\/wp-json\/wp\/v2\/pages"}],"about":[{"href":"https:\/\/afuegotravel.com\/index.php\/wp-json\/wp\/v2\/types\/page"}],"author":[{"embeddable":true,"href":"https:\/\/afuegotravel.com\/index.php\/wp-json\/wp\/v2\/users\/1"}],"replies":[{"embeddable":true,"href":"https:\/\/afuegotravel.com\/index.php\/wp-json\/wp\/v2\/comments?post=7488"}],"version-history":[{"count":0,"href":"https:\/\/afuegotravel.com\/index.php\/wp-json\/wp\/v2\/pages\/7488\/revisions"}],"wp:attachment":[{"href":"https:\/\/afuegotravel.com\/index.php\/wp-json\/wp\/v2\/media?parent=7488"}],"curies":[{"name":"wp","href":"https:\/\/api.w.org\/{rel}","templated":true}]}}